{"id":1070,"date":"2022-04-26T09:13:48","date_gmt":"2022-04-26T07:13:48","guid":{"rendered":"https:\/\/phsg-forschungsbericht.ch\/24-25\/?page_id=1070"},"modified":"2024-05-06T11:08:44","modified_gmt":"2024-05-06T09:08:44","slug":"institut-paedagogische-psychologie","status":"publish","type":"page","link":"https:\/\/phsg-forschungsbericht.ch\/2022-2023\/fokus\/institut-paedagogische-psychologie\/","title":{"rendered":"Institut P\u00e4dagogische Psychologie"},"content":{"rendered":"\t\t<div data-elementor-type=\"wp-page\" data-elementor-id=\"1070\" class=\"elementor elementor-1070\" data-elementor-post-type=\"page\">\n\t\t\t\t<div class=\"elementor-element elementor-element-54e3be8 e-flex e-con-boxed e-con e-parent\" data-id=\"54e3be8\" data-element_type=\"container\" data-settings=\"{&quot;jet_parallax_layout_list&quot;:[]}\">\n\t\t\t\t\t<div class=\"e-con-inner\">\n\t\t<div class=\"elementor-element elementor-element-41495e1 e-con-full e-flex e-con e-child\" data-id=\"41495e1\" data-element_type=\"container\" data-settings=\"{&quot;jet_parallax_layout_list&quot;:[]}\">\n\t\t\t\t<div class=\"elementor-element elementor-element-760698c elementor-widget elementor-widget-heading\" data-id=\"760698c\" data-element_type=\"widget\" data-widget_type=\"heading.default\">\n\t\t\t\t<div class=\"elementor-widget-container\">\n\t\t\t<h3 class=\"elementor-heading-title elementor-size-default\">Fokus<\/h3>\t\t<\/div>\n\t\t\t\t<\/div>\n\t\t\t\t<div class=\"elementor-element elementor-element-48049af elementor-widget-divider--view-line elementor-widget elementor-widget-divider\" data-id=\"48049af\" data-element_type=\"widget\" data-widget_type=\"divider.default\">\n\t\t\t\t<div class=\"elementor-widget-container\">\n\t\t\t\t\t<div class=\"elementor-divider\">\n\t\t\t<span class=\"elementor-divider-separator\">\n\t\t\t\t\t\t<\/span>\n\t\t<\/div>\n\t\t\t\t<\/div>\n\t\t\t\t<\/div>\n\t\t\t\t<div class=\"elementor-element elementor-element-fb7ca0d elementor-widget elementor-widget-heading\" data-id=\"fb7ca0d\" data-element_type=\"widget\" data-widget_type=\"heading.default\">\n\t\t\t\t<div class=\"elementor-widget-container\">\n\t\t\t<h3 class=\"elementor-heading-title elementor-size-default\">Das Institut P\u00e4dagogische Psychologie (IPP-PHSG) befasst sich mit der Diagnostik und der F\u00f6rderung von Kompetenzen bei Sch\u00fclerinnen und Sch\u00fclern mit vielf\u00e4ltigen Lernvoraussetzungen, und dies prim\u00e4r mit digitalen Instrumenten. In der Ausbildung werden Grundlagen des Lernens und der Entwicklung im Kindes- und Jugendalter vermittelt. In Forschungs- und Dienstleistungsprojekten ist das Institut unter anderem an der Entwicklung digitaler Lernf\u00f6rdersysteme und an Studien zum Bildungsmonitoring beteiligt.<\/h3>\t\t<\/div>\n\t\t\t\t<\/div>\n\t\t\t\t<\/div>\n\t\t\t\t\t<\/div>\n\t\t\t\t<\/div>\n\t\t<div class=\"elementor-element elementor-element-a29c908 e-con-full e-flex e-con e-parent\" data-id=\"a29c908\" data-element_type=\"container\" data-settings=\"{&quot;jet_parallax_layout_list&quot;:[],&quot;background_background&quot;:&quot;classic&quot;}\">\n\t\t<div class=\"elementor-element elementor-element-edc0f8a e-con-full e-flex e-con e-child\" data-id=\"edc0f8a\" data-element_type=\"container\" data-settings=\"{&quot;jet_parallax_layout_list&quot;:[]}\">\n\t\t\t\t<\/div>\n\t\t\t\t<\/div>\n\t\t<div class=\"elementor-element elementor-element-92780cb e-flex e-con-boxed e-con e-parent\" data-id=\"92780cb\" data-element_type=\"container\" data-settings=\"{&quot;jet_parallax_layout_list&quot;:[]}\">\n\t\t\t\t\t<div class=\"e-con-inner\">\n\t\t<div class=\"elementor-element elementor-element-64b3dc2 e-con-full e-flex e-con e-child\" data-id=\"64b3dc2\" data-element_type=\"container\" data-settings=\"{&quot;jet_parallax_layout_list&quot;:[]}\">\n\t\t\t\t<div class=\"elementor-element elementor-element-6851353 elementor-widget elementor-widget-heading\" data-id=\"6851353\" data-element_type=\"widget\" data-widget_type=\"heading.default\">\n\t\t\t\t<div class=\"elementor-widget-container\">\n\t\t\t<h2 class=\"elementor-heading-title elementor-size-default\">CircularFutures \u2013 Co-Kreation einer zirkul\u00e4ren Zukunft <\/h2>\t\t<\/div>\n\t\t\t\t<\/div>\n\t\t\t\t<div class=\"elementor-element elementor-element-de5116e elementor-widget elementor-widget-text-editor\" data-id=\"de5116e\" data-element_type=\"widget\" data-widget_type=\"text-editor.default\">\n\t\t\t\t<div class=\"elementor-widget-container\">\n\t\t\t\t\t\t\t<p>Visionen f\u00fcr eine w\u00fcnschenswerte Zukunft werden mit Primarschulkindern der Begabtenf\u00f6rderung und Forschenden der Empa in einem kollaborativen Designansatz entwickelt und in einem Kinderbuch zu einer nachhaltigeren, kreislauff\u00e4higen Zukunft umgesetzt. Das Projekt soll einen Beitrag zur Kommunikation von wissenschaftlichen Erkenntnissen leisten.<\/p><p>Die Forschung zeigt auf, welche planetaren Grenzen \u00fcberschritten sind und welcher Wandel f\u00fcr eine nachhaltige Gesellschaft n\u00f6tig ist. Wie wir in Zukunft wohnen, uns bewegen, zusammenleben und arbeiten m\u00f6chten, kann die Forschung nicht allein beantworten. Die Entscheidungstragenden von morgen k\u00f6nnen kreative Visionen beisteuern, die nicht durch alte Weltanschauungen eingeschr\u00e4nkt sind.<\/p><p>Die an der Empa im SNF-Projekt \u00abLaboratory for Applied Circular Economy\u00bb entwickelten nachhaltigen Materialkreisl\u00e4ufe bilden die wissenschaftliche Grundlage f\u00fcr die Co-Kreation. Mittels Design Thinking werden Visionen aus der Vorstellungskraft von Primarschulkindern aus Rorschach und Rorschacherberg mit der biophysikalischen Perspektive von Wissenschaftlerinnen und Wissenschaftlern der Empa verbunden. Der gew\u00e4hlte kollaborative Ansatz gibt den Bildungsexpertinnen und Bildungsexperten der PHSG und den begabten Primarschulkindern die M\u00f6glichkeit, einerseits in die wichtigsten wissenschaftlichen Erkenntnisse einzutauchen und andererseits gemeinsam an innovativen Ideen zu arbeiten. Mit ihrer Fantasie und Offenheit k\u00f6nnen die Kinder einen zentralen Beitrag zu einer f\u00fcr sie w\u00fcnschenswerten Zukunft leisten.<\/p><p>Der Prozess des Design Thinking basiert auf vier Hauptschritten (Entdecken, Definieren, Entwickeln und Evaluieren), die den Ablauf des Projekts bestimmen. Kern der Co-Kreation waren zwei Halbtage mit Empa-Forschenden. Vor diesen gemeinsamen Workshops waren die Primarschulkinder bereits an zehn Halbtagen in Themen zu Umwelt, Energie und nachhaltigen Kreisl\u00e4ufen eingetaucht. Dazu gab es an der PHSG Spiele, Experimente, fachliche Inputs, einen Ausflug an die Empa und Theaterszenen. Zudem hielt jedes Kind seine Zukunftsvisionen skizzenhaft in einem Tagebuch fest. W\u00e4hrend der Workshops entstanden Pl\u00e4ne einer Zukunftsstadt und vier konkrete Geschichten, die auf die \u00dcberschreitung von je einer planetaren Grenze aufmerksam machen und L\u00f6sungsans\u00e4tze aufzeigen. Diese Geschichten werden von einer Designerin f\u00fcr ein Kinderbuch aufbereitet und von PHSG-Dozierenden mit Begleitmaterial f\u00fcr den Schulunterricht erg\u00e4nzt.<\/p>\t\t\t\t\t\t<\/div>\n\t\t\t\t<\/div>\n\t\t\t\t<div class=\"elementor-element elementor-element-4c7cc34 elementor-widget elementor-widget-spacer\" data-id=\"4c7cc34\" data-element_type=\"widget\" data-widget_type=\"spacer.default\">\n\t\t\t\t<div class=\"elementor-widget-container\">\n\t\t\t\t\t<div class=\"elementor-spacer\">\n\t\t\t<div class=\"elementor-spacer-inner\"><\/div>\n\t\t<\/div>\n\t\t\t\t<\/div>\n\t\t\t\t<\/div>\n\t\t\t\t<div class=\"elementor-element elementor-element-caba21e elementor-widget elementor-widget-text-editor\" data-id=\"caba21e\" data-element_type=\"widget\" data-widget_type=\"text-editor.default\">\n\t\t\t\t<div class=\"elementor-widget-container\">\n\t\t\t\t\t\t\t<p class=\"p1\">Methodik: Umsetzung nach Design Thinking mit vier Hauptschritten: Entdecken, Definieren, Entwickeln und Evaluieren.<\/p>\t\t\t\t\t\t<\/div>\n\t\t\t\t<\/div>\n\t\t\t\t<div class=\"elementor-element elementor-element-a604c78 elementor-widget elementor-widget-spacer\" data-id=\"a604c78\" data-element_type=\"widget\" data-widget_type=\"spacer.default\">\n\t\t\t\t<div class=\"elementor-widget-container\">\n\t\t\t\t\t<div class=\"elementor-spacer\">\n\t\t\t<div class=\"elementor-spacer-inner\"><\/div>\n\t\t<\/div>\n\t\t\t\t<\/div>\n\t\t\t\t<\/div>\n\t\t\t\t<div class=\"elementor-element elementor-element-07bebcb elementor-widget elementor-widget-text-editor\" data-id=\"07bebcb\" data-element_type=\"widget\" data-widget_type=\"text-editor.default\">\n\t\t\t\t<div class=\"elementor-widget-container\">\n\t\t\t\t\t\t\t<p><strong>Kooperation<\/strong><br \/>Empa St.Gallen<\/p>\t\t\t\t\t\t<\/div>\n\t\t\t\t<\/div>\n\t\t\t\t<div class=\"elementor-element elementor-element-f4ba7af elementor-widget elementor-widget-text-editor\" data-id=\"f4ba7af\" data-element_type=\"widget\" data-widget_type=\"text-editor.default\">\n\t\t\t\t<div class=\"elementor-widget-container\">\n\t\t\t\t\t\t\t<p><strong>Laufzeit<br \/><\/strong>2022 bis 2024<\/p>\t\t\t\t\t\t<\/div>\n\t\t\t\t<\/div>\n\t\t\t\t<div class=\"elementor-element elementor-element-1fabd7d elementor-widget elementor-widget-text-editor\" data-id=\"1fabd7d\" data-element_type=\"widget\" data-widget_type=\"text-editor.default\">\n\t\t\t\t<div class=\"elementor-widget-container\">\n\t\t\t\t\t\t\t<p><strong>Finanzierung<\/strong><br \/>Schweizerischer Nationalfonds, SWICO, V-ZUG<\/p>\t\t\t\t\t\t<\/div>\n\t\t\t\t<\/div>\n\t\t\t\t<div class=\"elementor-element elementor-element-8099ecd elementor-widget elementor-widget-text-editor\" data-id=\"8099ecd\" data-element_type=\"widget\" data-widget_type=\"text-editor.default\">\n\t\t\t\t<div class=\"elementor-widget-container\">\n\t\t\t\t\t\t\t<p><strong>Leitung<\/strong><br \/>Harald Desing (Empa), Roland Hischier (Empa), Marion Rogalla (PHSG)<\/p>\t\t\t\t\t\t<\/div>\n\t\t\t\t<\/div>\n\t\t\t\t<div class=\"elementor-element elementor-element-ceebf8a elementor-widget elementor-widget-text-editor\" data-id=\"ceebf8a\" data-element_type=\"widget\" data-widget_type=\"text-editor.default\">\n\t\t\t\t<div class=\"elementor-widget-container\">\n\t\t\t\t\t\t\t<p><strong>Team<br \/><\/strong>Robert Furrer (PHSG), Maya Ivanova (PHSG), Michael Zingg (PHSG)<\/p>\t\t\t\t\t\t<\/div>\n\t\t\t\t<\/div>\n\t\t\t\t<div class=\"elementor-element elementor-element-893feb8 elementor-widget elementor-widget-text-editor\" data-id=\"893feb8\" data-element_type=\"widget\" data-widget_type=\"text-editor.default\">\n\t\t\t\t<div class=\"elementor-widget-container\">\n\t\t\t\t\t\t\t<p><strong>Literaturhinweise\/Publikationen<br \/><\/strong><\/p><p>Brown, T.B. (o.J.). <em>IDEO Design Thinking<\/em>.<br \/><span style=\"color: #62a8e5;\"><a style=\"color: #62a8e5;\" href=\"https:\/\/designthinking.ideo.com\/\" target=\"_blank\" rel=\"noopener\">Zur Publikation<\/a><\/span><\/p><p>Ball, B.J. (o.J.). <em>The Double Diamond: A universally accepted depiction of the design process<\/em>.<br \/><span style=\"color: #62a8e5;\"><a style=\"color: #62a8e5;\" href=\"https:\/\/www.designcouncil.org.uk\/our-resources\/archive\/articles\/double-diamond-universally-accepted-depiction-design-process\" target=\"_blank\" rel=\"noopener\">Zur Publikation<\/a><\/span><\/p><p>Desing, H., Braun, G., &amp; Hischier, R. (2021). Resource pressure\u2013a circular design method.\u00a0<em>Resources, Conservation and Recycling<\/em>,\u00a0<em>164<\/em>, 105179.<\/p><p>Desing, H., Braun, G., &amp; Hischier, R. (2021). The Resource Reduction Index\u2014Evaluating Product Design\u2019s Contribution to a Sustainable Circular Economy. <em>Proceedings of the 20th European roundtable on sustainable consumption and production.<\/em> Presented at the ERSCP 2021, Graz, Austria, September 8-10, 2021.<\/p><p>Desing, H., Widmer, R., Beloin-Saint-Pierre, D., Hischier, R., &amp; W\u00e4ger, P. (2019). Powering a sustainable and circular economy\u2014an engineering approach to estimating renewable energy potentials within earth system boundaries.\u00a0<em>Energies<\/em>,\u00a0<em>12<\/em>(24), 4723.<\/p>\t\t\t\t\t\t<\/div>\n\t\t\t\t<\/div>\n\t\t\t\t<div class=\"elementor-element elementor-element-505b202 elementor-widget elementor-widget-heading\" data-id=\"505b202\" data-element_type=\"widget\" data-widget_type=\"heading.default\">\n\t\t\t\t<div class=\"elementor-widget-container\">\n\t\t\t<p class=\"elementor-heading-title elementor-size-default\"><a href=\"https:\/\/www.phsg.ch\/de\/forschung-entwicklung\/projekte\/co-kreation-einer-zirkulaeren-zukunft-circularfutures\" target=\"_blank\">Zum Projekt<\/a><\/p>\t\t<\/div>\n\t\t\t\t<\/div>\n\t\t\t\t<\/div>\n\t\t\t\t\t<\/div>\n\t\t\t\t<\/div>\n\t\t<div class=\"elementor-element elementor-element-bd130ac e-flex e-con-boxed e-con e-parent\" data-id=\"bd130ac\" data-element_type=\"container\" data-settings=\"{&quot;jet_parallax_layout_list&quot;:[]}\">\n\t\t\t\t\t<div class=\"e-con-inner\">\n\t\t<div class=\"elementor-element elementor-element-665ddb1 e-con-full e-flex e-con e-child\" data-id=\"665ddb1\" data-element_type=\"container\" data-settings=\"{&quot;jet_parallax_layout_list&quot;:[]}\">\n\t\t\t\t<div class=\"elementor-element elementor-element-014775b elementor-widget elementor-widget-image\" data-id=\"014775b\" data-element_type=\"widget\" data-widget_type=\"image.default\">\n\t\t\t\t<div class=\"elementor-widget-container\">\n\t\t\t\t\t\t\t\t\t\t\t\t\t<img fetchpriority=\"high\" decoding=\"async\" width=\"438\" height=\"796\" src=\"https:\/\/phsg-forschungsbericht.ch\/2022-2023\/wp-content\/uploads\/sites\/3\/phsg-forschungsbericht-fokus-ipp-bild-01.jpg\" class=\"attachment-large size-large wp-image-3291\" alt=\"\" \/>\t\t\t\t\t\t\t\t\t\t\t\t\t<\/div>\n\t\t\t\t<\/div>\n\t\t\t\t<\/div>\n\t\t\t\t\t<\/div>\n\t\t\t\t<\/div>\n\t\t<div class=\"elementor-element elementor-element-04047f1 e-flex e-con-boxed e-con e-parent\" data-id=\"04047f1\" data-element_type=\"container\" data-settings=\"{&quot;jet_parallax_layout_list&quot;:[]}\">\n\t\t\t\t\t<div class=\"e-con-inner\">\n\t\t<div class=\"elementor-element elementor-element-60cf38a e-con-full e-flex e-con e-child\" data-id=\"60cf38a\" data-element_type=\"container\" data-settings=\"{&quot;jet_parallax_layout_list&quot;:[]}\">\n\t\t\t\t<div class=\"elementor-element elementor-element-b7364da elementor-widget elementor-widget-heading\" data-id=\"b7364da\" data-element_type=\"widget\" data-widget_type=\"heading.default\">\n\t\t\t\t<div class=\"elementor-widget-container\">\n\t\t\t<h2 class=\"elementor-heading-title elementor-size-default\">PISA 2022 \u2013 Die Schweiz im Fokus<\/h2>\t\t<\/div>\n\t\t\t\t<\/div>\n\t\t\t\t<div class=\"elementor-element elementor-element-0d7222f elementor-widget elementor-widget-text-editor\" data-id=\"0d7222f\" data-element_type=\"widget\" data-widget_type=\"text-editor.default\">\n\t\t\t\t<div class=\"elementor-widget-container\">\n\t\t\t\t\t\t\t<p>PISA ist eine periodisch durchgef\u00fchrte internationale Studie, die die F\u00e4higkeiten 15-j\u00e4hriger Jugendlicher in den Bereichen \u00abLesen\u00bb, \u00abMathematik\u00bb und \u00abNaturwissenschaften\u00bb bewertet. Neben den Leistungstests umfasst sie auch die Erfassung von Hintergrundinformationen durch Kontextfrageb\u00f6gen. Hauptziel ist die Bereitstellung von Steuerungswissen f\u00fcr die Bildungspolitik.<\/p><p>Die Entwicklung von Schweizer Sch\u00fclerinnen und Sch\u00fclern in den getesteten Bereichen und die Position der Schweiz im internationalen Vergleich sind zwei wesentliche Aspekte, die auf der Grundlage der PISA-Daten beleuchtet werden.<\/p><p>Seit 2000 nimmt die Schweiz mit etwa 7000 Sch\u00fclerinnen und Sch\u00fclern aus \u00fcber 200 Schulen an der PISA-Studie teil. Die nationale Koordination liegt beim Interfaculty Centre for Educational Research (ICER) der Universit\u00e4t Bern. F\u00fcr die Erhebungen in der deutschsprachigen Schweiz, an denen rund 5000 Sch\u00fclerinnen und Sch\u00fcler aus \u00fcber 160 Schulen teilnehmen, ist das Team \u00abBildungsmonitoring\u00bb des Instituts f\u00fcr P\u00e4dagogische Psychologie der PHSG verantwortlich. Das Team tr\u00e4gt auch zur nationalen Berichterstattung und zu weiterf\u00fchrenden Analysen sowie wissenschaftlichen Publikationen zu PISA bei. Die neusten Berichte zu den PISA-Ergebnissen 2022 wurden am 5. Dezember 2023 ver\u00f6ffentlicht.<\/p><p>Die PISA-Ergebnisse 2022 zeigen, dass die Schweiz in Lesen, Mathematik und Naturwissenschaften besser abschneidet als der OECD-Durchschnitt. Seit 2015 ist in Mathematik ein leichter Abw\u00e4rtstrend zu beobachten, w\u00e4hrend der Abw\u00e4rtstrend in den Naturwissenschaften seit 2018 gestoppt wurde. Die Lesekompetenz bleibt konstant. Der Leistungsunterschied in Mathematik zwischen Sch\u00fclerinnen und Sch\u00fclern aus sozial benachteiligten Familien und solchen aus privilegierten Familien hat weiter zugenommen. Zwischen der Dauer der Schulschliessungen w\u00e4hrend der Covid-19-Pandemie und den Leistungen wurde kein negativer Zusammenhang festgestellt, obwohl die Lernmotivation bei etwa der H\u00e4lfte der Sch\u00fclerinnen und Sch\u00fcler abgenommen hatte. Letztere h\u00e4ngt positiv mit der Erreichbarkeit der Lehrpersonen zusammen. Der Anteil an Schulen mit Unterrichtsbeeintr\u00e4chtigungen durch Lehrpersonenmangel ist seit 2018 gestiegen, was mit schlechteren Leistungen in allen Bereichen korrelierte.<\/p>\t\t\t\t\t\t<\/div>\n\t\t\t\t<\/div>\n\t\t\t\t<div class=\"elementor-element elementor-element-ad86a2e elementor-widget elementor-widget-spacer\" data-id=\"ad86a2e\" data-element_type=\"widget\" data-widget_type=\"spacer.default\">\n\t\t\t\t<div class=\"elementor-widget-container\">\n\t\t\t\t\t<div class=\"elementor-spacer\">\n\t\t\t<div class=\"elementor-spacer-inner\"><\/div>\n\t\t<\/div>\n\t\t\t\t<\/div>\n\t\t\t\t<\/div>\n\t\t\t\t<div class=\"elementor-element elementor-element-9e1002a elementor-widget elementor-widget-text-editor\" data-id=\"9e1002a\" data-element_type=\"widget\" data-widget_type=\"text-editor.default\">\n\t\t\t\t<div class=\"elementor-widget-container\">\n\t\t\t\t\t\t\t<p class=\"p1\">Methodik: Alle Ergebnisse wurden mithilfe von Stichprobengewichten und \u00abreplicate weights\u00bb berechnet.<\/p>\t\t\t\t\t\t<\/div>\n\t\t\t\t<\/div>\n\t\t\t\t<div class=\"elementor-element elementor-element-1b190d7 elementor-widget elementor-widget-spacer\" data-id=\"1b190d7\" data-element_type=\"widget\" data-widget_type=\"spacer.default\">\n\t\t\t\t<div class=\"elementor-widget-container\">\n\t\t\t\t\t<div class=\"elementor-spacer\">\n\t\t\t<div class=\"elementor-spacer-inner\"><\/div>\n\t\t<\/div>\n\t\t\t\t<\/div>\n\t\t\t\t<\/div>\n\t\t\t\t<div class=\"elementor-element elementor-element-32aa258 elementor-widget elementor-widget-text-editor\" data-id=\"32aa258\" data-element_type=\"widget\" data-widget_type=\"text-editor.default\">\n\t\t\t\t<div class=\"elementor-widget-container\">\n\t\t\t\t\t\t\t<p><strong>Kooperation<br \/><\/strong>Interfaculty Centre for Educational Research Universit\u00e4t Bern (ICER), Service de la recherche en \u00e9ducation (SRED), Centro innovazione e ricerca sui sistemi educativi (CIRSE), SUPSI \u2013 Dipartimento formazione e apprendimento, Institut f\u00fcr Erziehungswissenschaft Universit\u00e4t Z\u00fcrich<\/p>\t\t\t\t\t\t<\/div>\n\t\t\t\t<\/div>\n\t\t\t\t<div class=\"elementor-element elementor-element-3c1e33c elementor-widget elementor-widget-text-editor\" data-id=\"3c1e33c\" data-element_type=\"widget\" data-widget_type=\"text-editor.default\">\n\t\t\t\t<div class=\"elementor-widget-container\">\n\t\t\t\t\t\t\t<p><strong>Laufzeit<br \/><\/strong>Seit 1999<\/p>\t\t\t\t\t\t<\/div>\n\t\t\t\t<\/div>\n\t\t\t\t<div class=\"elementor-element elementor-element-5142c0b elementor-widget elementor-widget-text-editor\" data-id=\"5142c0b\" data-element_type=\"widget\" data-widget_type=\"text-editor.default\">\n\t\t\t\t<div class=\"elementor-widget-container\">\n\t\t\t\t\t\t\t<p><strong>Finanzierung<\/strong><br \/>EDK, Staatssekretariat f\u00fcr Bildung, Forschung und Innovation<\/p>\t\t\t\t\t\t<\/div>\n\t\t\t\t<\/div>\n\t\t\t\t<div class=\"elementor-element elementor-element-a7a2259 elementor-widget elementor-widget-text-editor\" data-id=\"a7a2259\" data-element_type=\"widget\" data-widget_type=\"text-editor.default\">\n\t\t\t\t<div class=\"elementor-widget-container\">\n\t\t\t\t\t\t\t<p><strong>Leitung<\/strong><br \/>Andrea Erzinger (Universit\u00e4t Bern, nationale Projektmanagerin), Giang Pham (PHSG, Projektleiterin in der deutschsprachigen Schweiz) <\/p>\t\t\t\t\t\t<\/div>\n\t\t\t\t<\/div>\n\t\t\t\t<div class=\"elementor-element elementor-element-1f5337d elementor-widget elementor-widget-text-editor\" data-id=\"1f5337d\" data-element_type=\"widget\" data-widget_type=\"text-editor.default\">\n\t\t\t\t<div class=\"elementor-widget-container\">\n\t\t\t\t\t\t\t<p><strong>Team<br \/><\/strong>Eliane Arnold (PHSG), Daniela D\u00fctsch (PHSG), Alina Hegelbach (PHSG), Armon H\u00f6hener (PHSG), Dimitra Kolovou (PHSG), Franziska Locher (PHSG), Giang Pham (PHSG)<\/p>\t\t\t\t\t\t<\/div>\n\t\t\t\t<\/div>\n\t\t\t\t<div class=\"elementor-element elementor-element-1ecc6f4 elementor-widget elementor-widget-text-editor\" data-id=\"1ecc6f4\" data-element_type=\"widget\" data-widget_type=\"text-editor.default\">\n\t\t\t\t<div class=\"elementor-widget-container\">\n\t\t\t\t\t\t\t<p><strong>Literaturhinweise\/Publikationen<br \/><\/strong><\/p><p>Arnold, E., Prosperi, O., Salvisberg, M. &amp; Kis, P. (2023). Rahmenkonzeption f\u00fcr Mathematik. In A.\u00a0B. Erzinger, G. Pham, O. Prosperi &amp; M. Salvisberg (Hrsg.), <em>PISA\u00a02022. Die Schweiz im Fokus<\/em> (S.\u00a012\u201314). Bern: Universit\u00e4t Bern.<\/p><p>Bollmann, S., Prosperi, O., Kolovou, D. &amp; Salvisberg, M. (2023). Mathematikbezogene Emotionen und Einstellungen. In A.\u00a0B. Erzinger, G. Pham, O. Prosperi &amp; M. Salvisberg (Hrsg.), <em>PISA\u00a02022. Die Schweiz im Fokus <\/em>(S.\u00a035\u201343). Bern: Universit\u00e4t Bern.<\/p><p>Erzinger, A.\u00a0B., Pham, G., Prosperi, O. &amp; Salvisberg, M. (2023). Diskussion der ersten Ergebnisse aus PISA 2022. In A.\u00a0B. Erzinger, G. Pham, O. Prosperi &amp; M. Salvisberg (Hrsg.), <em>PISA\u00a02022. Die Schweiz im Fokus <\/em>(S.\u00a099\u2013105). Bern: Universit\u00e4t Bern.<\/p><p>Erzinger, A.\u00a0B., Pham, G., Prosperi, O. &amp; Salvisberg, M. (2023). Hintergrundinformationen zu PISA 2022. In A.\u00a0B. Erzinger, G. Pham, O. Prosperi &amp; M. Salvisberg (Hrsg.), <em>PISA\u00a02022. Die Schweiz im Fokus<\/em> (S.\u00a06\u201310). Bern: Universit\u00e4t Bern.<\/p><p>Erzinger, A.\u00a0B., Pham, G., Prosperi, O. &amp; Salvisberg, M. (Hrsg.). (2023). <em>PISA\u00a02022. Die Schweiz im Fokus.<\/em> Bern: Universit\u00e4t Bern. https:\/\/dx.doi.org\/10.48350\/187037<\/p><p>Erzinger, A.\u00a0B., Pham, G., Salvisberg, M. &amp; Prosperi, O. (2023). Umgang mit den Herausforderungen aufgrund der COVID-19-Pandemie. In A.\u00a0B. Erzinger, G. Pham, O. Prosperi &amp; M. Salvisberg (Hrsg.), <em>PISA\u00a02022. Die Schweiz im Fokus<\/em> (S.\u00a053\u201366). Bern: Universit\u00e4t Bern.<\/p><p>Locher, F.\u00a0M., Pham, G., Ambrosetti, A. &amp; Denecker, C. (2023). Lehrpersonenmangel von 2015 bis 2022 aus Sicht der Schulleitungen. In A.\u00a0B. Erzinger, G. Pham, O. Prosperi &amp; M. Salvisberg (Hrsg.), <em>PISA\u00a02022. Die Schweiz im Fokus<\/em> (S.\u00a068\u201375). Bern: Universit\u00e4t Bern.<\/p><p>Roos, E., Locher, F.\u00a0M. &amp; Mazzoni, P. (2023). Ergebnisse in Mathematik, Lesen und Naturwissenschaften. In A.\u00a0B. Erzinger, G. Pham, O. Prosperi &amp; M. Salvisberg (Hrsg.), <em>PISA\u00a02022. Die Schweiz im Fokus<\/em> (S.\u00a017\u201332). Bern: Universit\u00e4t Bern.<\/p>\t\t\t\t\t\t<\/div>\n\t\t\t\t<\/div>\n\t\t\t\t<div class=\"elementor-element elementor-element-543c08a elementor-widget elementor-widget-heading\" data-id=\"543c08a\" data-element_type=\"widget\" data-widget_type=\"heading.default\">\n\t\t\t\t<div class=\"elementor-widget-container\">\n\t\t\t<p class=\"elementor-heading-title elementor-size-default\"><a href=\"https:\/\/www.pisa-schweiz.ch\/\" target=\"_blank\">Zum Projekt<\/a><\/p>\t\t<\/div>\n\t\t\t\t<\/div>\n\t\t\t\t<\/div>\n\t\t\t\t\t<\/div>\n\t\t\t\t<\/div>\n\t\t<div class=\"elementor-element elementor-element-80c69cc e-flex e-con-boxed e-con e-parent\" data-id=\"80c69cc\" data-element_type=\"container\" data-settings=\"{&quot;jet_parallax_layout_list&quot;:[]}\">\n\t\t\t\t\t<div class=\"e-con-inner\">\n\t\t<div class=\"elementor-element elementor-element-8c82764 e-con-full e-flex e-con e-child\" data-id=\"8c82764\" data-element_type=\"container\" data-settings=\"{&quot;jet_parallax_layout_list&quot;:[]}\">\n\t\t\t\t<div class=\"elementor-element elementor-element-b599874 elementor-widget elementor-widget-jet-accordion\" data-id=\"b599874\" data-element_type=\"widget\" data-widget_type=\"jet-accordion.default\">\n\t\t\t\t<div class=\"elementor-widget-container\">\n\t\t\t\t\t<div class=\"jet-accordion\" data-settings=\"{&quot;collapsible&quot;:false,&quot;ajaxTemplate&quot;:false,&quot;switchScrolling&quot;:false,&quot;switchScrollingOffset&quot;:0,&quot;switchScrollingDelay&quot;:500}\">\n\t\t\t<div class=\"jet-accordion__inner\">\n\t\t\t\t<div class=\"jet-accordion__item jet-toggle jet-toggle-move-up-effect \">\n\t\t\t\t\t\t\t<div id=\"jet-toggle-control-1901\" class=\"jet-toggle__control elementor-menu-anchor\" data-toggle=\"1\" role=\"button\" tabindex=\"0\" aria-controls=\"jet-toggle-content-1901\" aria-expanded=\"false\" data-template-id=\"1882\">\n\t\t\t\t\t\t\t\t<div class=\"jet-toggle__label-icon jet-toggle-icon-position-left\"><span class=\"jet-toggle__icon icon-normal jet-tabs-icon\"><i class=\"fas fa-plus\"><\/i><\/span><span class=\"jet-toggle__icon icon-active jet-tabs-icon\"><i class=\"fas fa-minus\"><\/i><\/span><\/div><div class=\"jet-toggle__label-text\">COINS \u2013 Konstruktion instruktionssensitiver Testitems<\/div>\t\t\t\t\t\t\t<\/div>\n\t\t\t\t\t\t\t<div id=\"jet-toggle-content-1901\" class=\"jet-toggle__content\" data-toggle=\"1\" role=\"region\" data-template-id=\"1882\">\n\t\t\t\t\t\t\t\t<div class=\"jet-toggle__content-inner\">\t\t<div data-elementor-type=\"page\" data-elementor-id=\"1882\" class=\"elementor elementor-1882\" data-elementor-post-type=\"elementor_library\">\n\t\t\t\t\t\t<section class=\"elementor-section elementor-top-section elementor-element elementor-element-3bd2024 elementor-section-boxed elementor-section-height-default elementor-section-height-default\" data-id=\"3bd2024\" data-element_type=\"section\" data-settings=\"{&quot;jet_parallax_layout_list&quot;:[],&quot;background_background&quot;:&quot;classic&quot;}\">\n\t\t\t\t\t\t<div class=\"elementor-container elementor-column-gap-default\">\n\t\t\t\t\t<div class=\"elementor-column elementor-col-100 elementor-top-column elementor-element elementor-element-7853b75\" data-id=\"7853b75\" data-element_type=\"column\">\n\t\t\t<div class=\"elementor-widget-wrap elementor-element-populated\">\n\t\t\t\t\t\t<div class=\"elementor-element elementor-element-93146ba elementor-widget elementor-widget-text-editor\" data-id=\"93146ba\" data-element_type=\"widget\" data-widget_type=\"text-editor.default\">\n\t\t\t\t<div class=\"elementor-widget-container\">\n\t\t\t\t\t\t\t<p>Ergebnisse aus standardisierten Leistungstests werden unter anderem dazu genutzt, den individuellen Lernstand zu erfassen, die Qualit\u00e4t von Schule und Unterricht zu beurteilen oder Bildungssysteme zu vergleichen. Die Sicherstellung der Instruktionssensitivit\u00e4t von Tests bzw. Testitems ist eine wichtige Voraussetzung, um g\u00fcltige R\u00fcckschl\u00fcsse \u00fcber Schule und Unterricht ziehen zu k\u00f6nnen. Das Projekt zielt darauf, Erkenntnisse zur Konstruktion instruktionssensitiver Testitems zu gewinnen, um diese zur Entwicklung von standardisierten Leistungstests zu nutzen. An der Haupterhebung des Projekts haben \u00fcber 800\u00a0Sch\u00fclerinnen und Sch\u00fcler teilgenommen.<\/p>\t\t\t\t\t\t<\/div>\n\t\t\t\t<\/div>\n\t\t\t\t<div class=\"elementor-element elementor-element-c6d6ec5 elementor-widget elementor-widget-text-editor\" data-id=\"c6d6ec5\" data-element_type=\"widget\" data-widget_type=\"text-editor.default\">\n\t\t\t\t<div class=\"elementor-widget-container\">\n\t\t\t\t\t\t\t<p class=\"p1\"><strong>Laufzeit<\/strong><br \/>2020 bis 2024<\/p>\t\t\t\t\t\t<\/div>\n\t\t\t\t<\/div>\n\t\t\t\t<div class=\"elementor-element elementor-element-040f904 elementor-widget elementor-widget-text-editor\" data-id=\"040f904\" data-element_type=\"widget\" data-widget_type=\"text-editor.default\">\n\t\t\t\t<div class=\"elementor-widget-container\">\n\t\t\t\t\t\t\t<p><strong>Finanzierung<\/strong><br \/>Schweizerischer Nationalfonds, Deutsche Forschungsgemeinschaft<\/p>\t\t\t\t\t\t<\/div>\n\t\t\t\t<\/div>\n\t\t\t\t<div class=\"elementor-element elementor-element-8edbfc4 elementor-widget elementor-widget-text-editor\" data-id=\"8edbfc4\" data-element_type=\"widget\" data-widget_type=\"text-editor.default\">\n\t\t\t\t<div class=\"elementor-widget-container\">\n\t\t\t\t\t\t\t<p><strong>Leitung<\/strong><br \/>Johannes Hartig (DIPF\u00a0|\u00a0Leibniz-Institut f\u00fcr Bildungsforschung und Bildungsinformation), Jan Hochweber (PHSG)<\/p>\t\t\t\t\t\t<\/div>\n\t\t\t\t<\/div>\n\t\t\t\t<div class=\"elementor-element elementor-element-5912812 elementor-widget elementor-widget-heading\" data-id=\"5912812\" data-element_type=\"widget\" data-widget_type=\"heading.default\">\n\t\t\t\t<div class=\"elementor-widget-container\">\n\t\t\t<p class=\"elementor-heading-title elementor-size-default\"><a href=\"https:\/\/www.phsg.ch\/de\/forschung-entwicklung\/projekte\/konstruktion-von-instruktionssensitiven-testitems-coins\" target=\"_blank\">Zum Projekt<\/a><\/p>\t\t<\/div>\n\t\t\t\t<\/div>\n\t\t\t\t\t<\/div>\n\t\t<\/div>\n\t\t\t\t\t<\/div>\n\t\t<\/section>\n\t\t\t\t<\/div>\n\t\t<\/div>\n\t\t\t\t\t\t\t<\/div>\n\t\t\t\t\t\t<\/div><div class=\"jet-accordion__item jet-toggle jet-toggle-move-up-effect \">\n\t\t\t\t\t\t\t<div id=\"jet-toggle-control-1902\" class=\"jet-toggle__control elementor-menu-anchor\" data-toggle=\"2\" role=\"button\" tabindex=\"0\" aria-controls=\"jet-toggle-content-1902\" aria-expanded=\"false\" data-template-id=\"1876\">\n\t\t\t\t\t\t\t\t<div class=\"jet-toggle__label-icon jet-toggle-icon-position-left\"><span class=\"jet-toggle__icon icon-normal jet-tabs-icon\"><i class=\"fas fa-plus\"><\/i><\/span><span class=\"jet-toggle__icon icon-active jet-tabs-icon\"><i class=\"fas fa-minus\"><\/i><\/span><\/div><div class=\"jet-toggle__label-text\">EU-FairPlay<\/div>\t\t\t\t\t\t\t<\/div>\n\t\t\t\t\t\t\t<div id=\"jet-toggle-content-1902\" class=\"jet-toggle__content\" data-toggle=\"2\" role=\"region\" data-template-id=\"1876\">\n\t\t\t\t\t\t\t\t<div class=\"jet-toggle__content-inner\">\t\t<div data-elementor-type=\"page\" data-elementor-id=\"1876\" class=\"elementor elementor-1876\" data-elementor-post-type=\"elementor_library\">\n\t\t\t\t\t\t<section class=\"elementor-section elementor-top-section elementor-element elementor-element-3bd2024 elementor-section-boxed elementor-section-height-default elementor-section-height-default\" data-id=\"3bd2024\" data-element_type=\"section\" data-settings=\"{&quot;jet_parallax_layout_list&quot;:[],&quot;background_background&quot;:&quot;classic&quot;}\">\n\t\t\t\t\t\t<div class=\"elementor-container elementor-column-gap-default\">\n\t\t\t\t\t<div class=\"elementor-column elementor-col-100 elementor-top-column elementor-element elementor-element-7853b75\" data-id=\"7853b75\" data-element_type=\"column\">\n\t\t\t<div class=\"elementor-widget-wrap elementor-element-populated\">\n\t\t\t\t\t\t<div class=\"elementor-element elementor-element-93146ba elementor-widget elementor-widget-text-editor\" data-id=\"93146ba\" data-element_type=\"widget\" data-widget_type=\"text-editor.default\">\n\t\t\t\t<div class=\"elementor-widget-container\">\n\t\t\t\t\t\t\t<p>Das Verbundprojekt \u00abEU-FairPlay\u00bb leistet einen substanziellen Beitrag zur St\u00e4rkung der Bildungsforschung und der Bildungspraxis im Bereich des digitalen spielbasierten Lernens unter besonderer Ber\u00fccksichtigung der Bildungsgerechtigkeit. Dazu erfolgen eine strategische Vernetzung von Akteurinnen und Akteuren aus verschiedenen Disziplinen und eine inhaltliche Weiterentwicklung des Kenntnisstands im Themenbereich. In diesem Rahmen findet ein europaweiter Austausch statt und es werden gemeinsame Forschungs- und Entwicklungsprojekte angeregt.<\/p>\t\t\t\t\t\t<\/div>\n\t\t\t\t<\/div>\n\t\t\t\t<div class=\"elementor-element elementor-element-c6d6ec5 elementor-widget elementor-widget-text-editor\" data-id=\"c6d6ec5\" data-element_type=\"widget\" data-widget_type=\"text-editor.default\">\n\t\t\t\t<div class=\"elementor-widget-container\">\n\t\t\t\t\t\t\t<p class=\"p1\"><strong>Laufzeit<\/strong><br \/>2022 bis 2024<\/p>\t\t\t\t\t\t<\/div>\n\t\t\t\t<\/div>\n\t\t\t\t<div class=\"elementor-element elementor-element-040f904 elementor-widget elementor-widget-text-editor\" data-id=\"040f904\" data-element_type=\"widget\" data-widget_type=\"text-editor.default\">\n\t\t\t\t<div class=\"elementor-widget-container\">\n\t\t\t\t\t\t\t<p><strong>Finanzierung<\/strong><br \/>Deutsches Bundesministerium f\u00fcr Bildung und Forschung<\/p>\t\t\t\t\t\t<\/div>\n\t\t\t\t<\/div>\n\t\t\t\t<div class=\"elementor-element elementor-element-8edbfc4 elementor-widget elementor-widget-text-editor\" data-id=\"8edbfc4\" data-element_type=\"widget\" data-widget_type=\"text-editor.default\">\n\t\t\t\t<div class=\"elementor-widget-container\">\n\t\t\t\t\t\t\t<p><strong>Leitung<\/strong><br \/>Michael Kickmeier-Rust (PHSG)<\/p>\t\t\t\t\t\t<\/div>\n\t\t\t\t<\/div>\n\t\t\t\t<div class=\"elementor-element elementor-element-5912812 elementor-widget elementor-widget-heading\" data-id=\"5912812\" data-element_type=\"widget\" data-widget_type=\"heading.default\">\n\t\t\t\t<div class=\"elementor-widget-container\">\n\t\t\t<p class=\"elementor-heading-title elementor-size-default\"><a href=\"https:\/\/www.phsg.ch\/de\/forschung-entwicklung\/projekte\/eu-fairplay-netzwerk\" target=\"_blank\">Zum Projekt<\/a><\/p>\t\t<\/div>\n\t\t\t\t<\/div>\n\t\t\t\t\t<\/div>\n\t\t<\/div>\n\t\t\t\t\t<\/div>\n\t\t<\/section>\n\t\t\t\t<\/div>\n\t\t<\/div>\n\t\t\t\t\t\t\t<\/div>\n\t\t\t\t\t\t<\/div><div class=\"jet-accordion__item jet-toggle jet-toggle-move-up-effect \">\n\t\t\t\t\t\t\t<div id=\"jet-toggle-control-1903\" class=\"jet-toggle__control elementor-menu-anchor\" data-toggle=\"3\" role=\"button\" tabindex=\"0\" aria-controls=\"jet-toggle-content-1903\" aria-expanded=\"false\" data-template-id=\"1872\">\n\t\t\t\t\t\t\t\t<div class=\"jet-toggle__label-icon jet-toggle-icon-position-left\"><span class=\"jet-toggle__icon icon-normal jet-tabs-icon\"><i class=\"fas fa-plus\"><\/i><\/span><span class=\"jet-toggle__icon icon-active jet-tabs-icon\"><i class=\"fas fa-minus\"><\/i><\/span><\/div><div class=\"jet-toggle__label-text\">Game-based Assessment of Physics Competencies, Misconceptions, and Temporal Progressions (GAPCo)<\/div>\t\t\t\t\t\t\t<\/div>\n\t\t\t\t\t\t\t<div id=\"jet-toggle-content-1903\" class=\"jet-toggle__content\" data-toggle=\"3\" role=\"region\" data-template-id=\"1872\">\n\t\t\t\t\t\t\t\t<div class=\"jet-toggle__content-inner\">\t\t<div data-elementor-type=\"page\" data-elementor-id=\"1872\" class=\"elementor elementor-1872\" data-elementor-post-type=\"elementor_library\">\n\t\t\t\t\t\t<section class=\"elementor-section elementor-top-section elementor-element elementor-element-3bd2024 elementor-section-boxed elementor-section-height-default elementor-section-height-default\" data-id=\"3bd2024\" data-element_type=\"section\" data-settings=\"{&quot;jet_parallax_layout_list&quot;:[],&quot;background_background&quot;:&quot;classic&quot;}\">\n\t\t\t\t\t\t<div class=\"elementor-container elementor-column-gap-default\">\n\t\t\t\t\t<div class=\"elementor-column elementor-col-100 elementor-top-column elementor-element elementor-element-7853b75\" data-id=\"7853b75\" data-element_type=\"column\">\n\t\t\t<div class=\"elementor-widget-wrap elementor-element-populated\">\n\t\t\t\t\t\t<div class=\"elementor-element elementor-element-93146ba elementor-widget elementor-widget-text-editor\" data-id=\"93146ba\" data-element_type=\"widget\" data-widget_type=\"text-editor.default\">\n\t\t\t\t<div class=\"elementor-widget-container\">\n\t\t\t\t\t\t\t<p>Computerspiele sind ausserordentlich beliebt und ein wesentliches Element einer digitalisierten Lebenswelt. Gleichzeitig sind Spiele in all ihren unterschiedlichen Facetten ein funktionaler Bestandteil menschlichen Lernens. Zu den zentralen Gelingensfaktoren beim Einsatz von immersiven Bildungstechnologien geh\u00f6rt die Personalisierung von Lern- und Spielinhalten. Das Projekt greift den Ansatz kognitiver Diagnosemodelle auf und erweitert den Ansatz um die Diagnose von Fehlkonzepten und Vergessensprozessen. Inhaltlich konzentriert sich das Projekt auf das Fach Physik.<\/p>\t\t\t\t\t\t<\/div>\n\t\t\t\t<\/div>\n\t\t\t\t<div class=\"elementor-element elementor-element-c6d6ec5 elementor-widget elementor-widget-text-editor\" data-id=\"c6d6ec5\" data-element_type=\"widget\" data-widget_type=\"text-editor.default\">\n\t\t\t\t<div class=\"elementor-widget-container\">\n\t\t\t\t\t\t\t<p class=\"p1\"><strong>Laufzeit<\/strong><br \/>2023 bis 2026<\/p>\t\t\t\t\t\t<\/div>\n\t\t\t\t<\/div>\n\t\t\t\t<div class=\"elementor-element elementor-element-040f904 elementor-widget elementor-widget-text-editor\" data-id=\"040f904\" data-element_type=\"widget\" data-widget_type=\"text-editor.default\">\n\t\t\t\t<div class=\"elementor-widget-container\">\n\t\t\t\t\t\t\t<p><strong>Finanzierung<\/strong><br \/>Schweizerischer Nationalfonds<\/p>\t\t\t\t\t\t<\/div>\n\t\t\t\t<\/div>\n\t\t\t\t<div class=\"elementor-element elementor-element-8edbfc4 elementor-widget elementor-widget-text-editor\" data-id=\"8edbfc4\" data-element_type=\"widget\" data-widget_type=\"text-editor.default\">\n\t\t\t\t<div class=\"elementor-widget-container\">\n\t\t\t\t\t\t\t<p><strong>Leitung<\/strong><br \/>Michael Kickmeier-Rust (PHSG)<\/p>\t\t\t\t\t\t<\/div>\n\t\t\t\t<\/div>\n\t\t\t\t<div class=\"elementor-element elementor-element-5912812 elementor-widget elementor-widget-heading\" data-id=\"5912812\" data-element_type=\"widget\" data-widget_type=\"heading.default\">\n\t\t\t\t<div class=\"elementor-widget-container\">\n\t\t\t<p class=\"elementor-heading-title elementor-size-default\"><a href=\"https:\/\/www.phsg.ch\/de\/forschung-entwicklung\/projekte\/gapco-game-based-assessment-physics-competencies\" target=\"_blank\">Zum Projekt<\/a><\/p>\t\t<\/div>\n\t\t\t\t<\/div>\n\t\t\t\t\t<\/div>\n\t\t<\/div>\n\t\t\t\t\t<\/div>\n\t\t<\/section>\n\t\t\t\t<\/div>\n\t\t<\/div>\n\t\t\t\t\t\t\t<\/div>\n\t\t\t\t\t\t<\/div><div class=\"jet-accordion__item jet-toggle jet-toggle-move-up-effect \">\n\t\t\t\t\t\t\t<div id=\"jet-toggle-control-1904\" class=\"jet-toggle__control elementor-menu-anchor\" data-toggle=\"4\" role=\"button\" tabindex=\"0\" aria-controls=\"jet-toggle-content-1904\" aria-expanded=\"false\" data-template-id=\"1869\">\n\t\t\t\t\t\t\t\t<div class=\"jet-toggle__label-icon jet-toggle-icon-position-left\"><span class=\"jet-toggle__icon icon-normal jet-tabs-icon\"><i class=\"fas fa-plus\"><\/i><\/span><span class=\"jet-toggle__icon icon-active jet-tabs-icon\"><i class=\"fas fa-minus\"><\/i><\/span><\/div><div class=\"jet-toggle__label-text\">Vergleichbarkeit und G\u00fcltigkeit der internationalen Leistungsbewertung des kritischen Denkens (iPAL)<\/div>\t\t\t\t\t\t\t<\/div>\n\t\t\t\t\t\t\t<div id=\"jet-toggle-content-1904\" class=\"jet-toggle__content\" data-toggle=\"4\" role=\"region\" data-template-id=\"1869\">\n\t\t\t\t\t\t\t\t<div class=\"jet-toggle__content-inner\">\t\t<div data-elementor-type=\"page\" data-elementor-id=\"1869\" class=\"elementor elementor-1869\" data-elementor-post-type=\"elementor_library\">\n\t\t\t\t\t\t<section class=\"elementor-section elementor-top-section elementor-element elementor-element-3bd2024 elementor-section-boxed elementor-section-height-default elementor-section-height-default\" data-id=\"3bd2024\" data-element_type=\"section\" data-settings=\"{&quot;jet_parallax_layout_list&quot;:[],&quot;background_background&quot;:&quot;classic&quot;}\">\n\t\t\t\t\t\t<div class=\"elementor-container elementor-column-gap-default\">\n\t\t\t\t\t<div class=\"elementor-column elementor-col-100 elementor-top-column elementor-element elementor-element-7853b75\" data-id=\"7853b75\" data-element_type=\"column\">\n\t\t\t<div class=\"elementor-widget-wrap elementor-element-populated\">\n\t\t\t\t\t\t<div class=\"elementor-element elementor-element-93146ba elementor-widget elementor-widget-text-editor\" data-id=\"93146ba\" data-element_type=\"widget\" data-widget_type=\"text-editor.default\">\n\t\t\t\t<div class=\"elementor-widget-container\">\n\t\t\t\t\t\t\t<p>Kritisches Denken geh\u00f6rt zu den wichtigsten Lernergebnissen in der Hochschulbildung. Bislang gibt es jedoch keine internationalen Vergleichsdaten zum kritischen Denken von Hochschulstudierenden. Im Rahmen des Projekts wird die Machbarkeit eines internationalen Vergleichs des kritischen Denkens anhand von Leistungsbewertungen untersucht. Im Jahr 2023 hat das Projekt erhebliche Fortschritte erzielt, indem das Instrument zur Messung des kritischen Denkens in einem iterativen Design- und Verbesserungsprozess finalisiert werden konnte und die erforderlichen Daten zur weiteren Analyse gesammelt wurden.<\/p>\t\t\t\t\t\t<\/div>\n\t\t\t\t<\/div>\n\t\t\t\t<div class=\"elementor-element elementor-element-c6d6ec5 elementor-widget elementor-widget-text-editor\" data-id=\"c6d6ec5\" data-element_type=\"widget\" data-widget_type=\"text-editor.default\">\n\t\t\t\t<div class=\"elementor-widget-container\">\n\t\t\t\t\t\t\t<p class=\"p1\"><strong>Laufzeit<\/strong><br \/>2021 bis 2023<\/p>\t\t\t\t\t\t<\/div>\n\t\t\t\t<\/div>\n\t\t\t\t<div class=\"elementor-element elementor-element-040f904 elementor-widget elementor-widget-text-editor\" data-id=\"040f904\" data-element_type=\"widget\" data-widget_type=\"text-editor.default\">\n\t\t\t\t<div class=\"elementor-widget-container\">\n\t\t\t\t\t\t\t<p><strong>Finanzierung<\/strong><br \/>Spencer Foundation<\/p>\t\t\t\t\t\t<\/div>\n\t\t\t\t<\/div>\n\t\t\t\t<div class=\"elementor-element elementor-element-8edbfc4 elementor-widget elementor-widget-text-editor\" data-id=\"8edbfc4\" data-element_type=\"widget\" data-widget_type=\"text-editor.default\">\n\t\t\t\t<div class=\"elementor-widget-container\">\n\t\t\t\t\t\t\t<p><strong>Leitung<\/strong><br \/>Henry Braun (Boston College), Richard Shavelson (Stanford University)<\/p>\t\t\t\t\t\t<\/div>\n\t\t\t\t<\/div>\n\t\t\t\t<div class=\"elementor-element elementor-element-5912812 elementor-widget elementor-widget-heading\" data-id=\"5912812\" data-element_type=\"widget\" data-widget_type=\"heading.default\">\n\t\t\t\t<div class=\"elementor-widget-container\">\n\t\t\t<p class=\"elementor-heading-title elementor-size-default\"><a href=\"https:\/\/www.phsg.ch\/de\/forschung-entwicklung\/projekte\/ipal\" target=\"_blank\">Zum Projekt<\/a><\/p>\t\t<\/div>\n\t\t\t\t<\/div>\n\t\t\t\t\t<\/div>\n\t\t<\/div>\n\t\t\t\t\t<\/div>\n\t\t<\/section>\n\t\t\t\t<\/div>\n\t\t<\/div>\n\t\t\t\t\t\t\t<\/div>\n\t\t\t\t\t\t<\/div><div class=\"jet-accordion__item jet-toggle jet-toggle-move-up-effect \">\n\t\t\t\t\t\t\t<div id=\"jet-toggle-control-1905\" class=\"jet-toggle__control elementor-menu-anchor\" data-toggle=\"5\" role=\"button\" tabindex=\"0\" aria-controls=\"jet-toggle-content-1905\" aria-expanded=\"false\" data-template-id=\"1866\">\n\t\t\t\t\t\t\t\t<div class=\"jet-toggle__label-icon jet-toggle-icon-position-left\"><span class=\"jet-toggle__icon icon-normal jet-tabs-icon\"><i class=\"fas fa-plus\"><\/i><\/span><span class=\"jet-toggle__icon icon-active jet-tabs-icon\"><i class=\"fas fa-minus\"><\/i><\/span><\/div><div class=\"jet-toggle__label-text\">Lernf\u00f6rdersysteme \u00abLernpass plus\u00bb und \u00abLernlupe\u00bb<\/div>\t\t\t\t\t\t\t<\/div>\n\t\t\t\t\t\t\t<div id=\"jet-toggle-content-1905\" class=\"jet-toggle__content\" data-toggle=\"5\" role=\"region\" data-template-id=\"1866\">\n\t\t\t\t\t\t\t\t<div class=\"jet-toggle__content-inner\">\t\t<div data-elementor-type=\"page\" data-elementor-id=\"1866\" class=\"elementor elementor-1866\" data-elementor-post-type=\"elementor_library\">\n\t\t\t\t\t\t<section class=\"elementor-section elementor-top-section elementor-element elementor-element-3bd2024 elementor-section-boxed elementor-section-height-default elementor-section-height-default\" data-id=\"3bd2024\" data-element_type=\"section\" data-settings=\"{&quot;jet_parallax_layout_list&quot;:[],&quot;background_background&quot;:&quot;classic&quot;}\">\n\t\t\t\t\t\t<div class=\"elementor-container elementor-column-gap-default\">\n\t\t\t\t\t<div class=\"elementor-column elementor-col-100 elementor-top-column elementor-element elementor-element-7853b75\" data-id=\"7853b75\" data-element_type=\"column\">\n\t\t\t<div class=\"elementor-widget-wrap elementor-element-populated\">\n\t\t\t\t\t\t<div class=\"elementor-element elementor-element-93146ba elementor-widget elementor-widget-text-editor\" data-id=\"93146ba\" data-element_type=\"widget\" data-widget_type=\"text-editor.default\">\n\t\t\t\t<div class=\"elementor-widget-container\">\n\t\t\t\t\t\t\t<p>Die Ostschweizer Lernf\u00f6rdersysteme \u00abLernpass plus\u00bb und \u00abLernlupe\u00bb erm\u00f6glichen eine digitalisierte individuelle F\u00f6rderung von Sch\u00fclerinnen und Sch\u00fclern des\u00a02.\u00a0und 3.\u00a0Zyklus in schulischen Kernkompetenzen. Die Lernf\u00f6rdersysteme stellen ein \u00fcberinstitutionelles Projekt der PHSG dar. Die Kompetenzen des Instituts Fachdidaktik Sprachen, des Instituts Fachdidaktik Naturwissenschaften und Mathematik sowie des Instituts P\u00e4dagogische Psychologie werden geb\u00fcndelt, um die Qualit\u00e4t der Inhalte zu erh\u00f6hen, die Aufgabenpools auszubauen und psychometrisch zu begleiten und die konzeptuelle Weiterentwicklung auf einer soliden wissenschaftlichen Basis fortzuf\u00fchren.<\/p>\t\t\t\t\t\t<\/div>\n\t\t\t\t<\/div>\n\t\t\t\t<div class=\"elementor-element elementor-element-c6d6ec5 elementor-widget elementor-widget-text-editor\" data-id=\"c6d6ec5\" data-element_type=\"widget\" data-widget_type=\"text-editor.default\">\n\t\t\t\t<div class=\"elementor-widget-container\">\n\t\t\t\t\t\t\t<p class=\"p1\"><strong>Laufzeit<\/strong><br \/>2021 bis 2024<\/p>\t\t\t\t\t\t<\/div>\n\t\t\t\t<\/div>\n\t\t\t\t<div class=\"elementor-element elementor-element-040f904 elementor-widget elementor-widget-text-editor\" data-id=\"040f904\" data-element_type=\"widget\" data-widget_type=\"text-editor.default\">\n\t\t\t\t<div class=\"elementor-widget-container\">\n\t\t\t\t\t\t\t<p><strong>Finanzierung<\/strong><br \/>Lehrmittelverlag St.Gallen<\/p>\t\t\t\t\t\t<\/div>\n\t\t\t\t<\/div>\n\t\t\t\t<div class=\"elementor-element elementor-element-8edbfc4 elementor-widget elementor-widget-text-editor\" data-id=\"8edbfc4\" data-element_type=\"widget\" data-widget_type=\"text-editor.default\">\n\t\t\t\t<div class=\"elementor-widget-container\">\n\t\t\t\t\t\t\t<p><strong>Leitung<\/strong><br \/>Michael Kickmeier-Rust (PHSG), Mathias Picenoni (PHSG)<\/p>\t\t\t\t\t\t<\/div>\n\t\t\t\t<\/div>\n\t\t\t\t<div class=\"elementor-element elementor-element-5912812 elementor-widget elementor-widget-heading\" data-id=\"5912812\" data-element_type=\"widget\" data-widget_type=\"heading.default\">\n\t\t\t\t<div class=\"elementor-widget-container\">\n\t\t\t<p class=\"elementor-heading-title elementor-size-default\"><a href=\"https:\/\/www.phsg.ch\/de\/forschung-entwicklung\/lernfoerdersysteme-lernlupe-und-lernpass-plus\" target=\"_blank\">Zum Projekt<\/a><\/p>\t\t<\/div>\n\t\t\t\t<\/div>\n\t\t\t\t\t<\/div>\n\t\t<\/div>\n\t\t\t\t\t<\/div>\n\t\t<\/section>\n\t\t\t\t<\/div>\n\t\t<\/div>\n\t\t\t\t\t\t\t<\/div>\n\t\t\t\t\t\t<\/div><div class=\"jet-accordion__item jet-toggle jet-toggle-move-up-effect \">\n\t\t\t\t\t\t\t<div id=\"jet-toggle-control-1906\" class=\"jet-toggle__control elementor-menu-anchor\" data-toggle=\"6\" role=\"button\" tabindex=\"0\" aria-controls=\"jet-toggle-content-1906\" aria-expanded=\"false\" data-template-id=\"1863\">\n\t\t\t\t\t\t\t\t<div class=\"jet-toggle__label-icon jet-toggle-icon-position-left\"><span class=\"jet-toggle__icon icon-normal jet-tabs-icon\"><i class=\"fas fa-plus\"><\/i><\/span><span class=\"jet-toggle__icon icon-active jet-tabs-icon\"><i class=\"fas fa-minus\"><\/i><\/span><\/div><div class=\"jet-toggle__label-text\">Mangelhafte Deutsch- und Mathematik&shy;kompetenzen am Ende der Volksschulzeit?<\/div>\t\t\t\t\t\t\t<\/div>\n\t\t\t\t\t\t\t<div id=\"jet-toggle-content-1906\" class=\"jet-toggle__content\" data-toggle=\"6\" role=\"region\" data-template-id=\"1863\">\n\t\t\t\t\t\t\t\t<div class=\"jet-toggle__content-inner\">\t\t<div data-elementor-type=\"page\" data-elementor-id=\"1863\" class=\"elementor elementor-1863\" data-elementor-post-type=\"elementor_library\">\n\t\t\t\t\t\t<section class=\"elementor-section elementor-top-section elementor-element elementor-element-3bd2024 elementor-section-boxed elementor-section-height-default elementor-section-height-default\" data-id=\"3bd2024\" data-element_type=\"section\" data-settings=\"{&quot;jet_parallax_layout_list&quot;:[],&quot;background_background&quot;:&quot;classic&quot;}\">\n\t\t\t\t\t\t<div class=\"elementor-container elementor-column-gap-default\">\n\t\t\t\t\t<div class=\"elementor-column elementor-col-100 elementor-top-column elementor-element elementor-element-7853b75\" data-id=\"7853b75\" data-element_type=\"column\">\n\t\t\t<div class=\"elementor-widget-wrap elementor-element-populated\">\n\t\t\t\t\t\t<div class=\"elementor-element elementor-element-93146ba elementor-widget elementor-widget-text-editor\" data-id=\"93146ba\" data-element_type=\"widget\" data-widget_type=\"text-editor.default\">\n\t\t\t\t<div class=\"elementor-widget-container\">\n\t\t\t\t\t\t\t<p>\u00dcbergreifendes Ziel des Projekts ist die Generierung von empirischen Hinweisen zur Bearbeitung eines Postulats, das sich auf die Deutsch- und Mathematikkompetenzen am Ende der Volksschulzeit bezieht. In diesem Zusammenhang intendiert die Studie, differenzierte Einsch\u00e4tzungen zum Stand der Deutsch- und Mathematikkompetenzen der St.Galler Sch\u00fclerinnen und Sch\u00fcler am Ende der Volksschule und mit Blick auf den \u00dcbergang in die Sekundarstufe\u00a0II und dessen Anforderungen zu gewinnen. Das Projekt ist in vier Teilstudien gegliedert.<\/p>\t\t\t\t\t\t<\/div>\n\t\t\t\t<\/div>\n\t\t\t\t<div class=\"elementor-element elementor-element-c6d6ec5 elementor-widget elementor-widget-text-editor\" data-id=\"c6d6ec5\" data-element_type=\"widget\" data-widget_type=\"text-editor.default\">\n\t\t\t\t<div class=\"elementor-widget-container\">\n\t\t\t\t\t\t\t<p class=\"p1\"><strong>Laufzeit<\/strong><br \/>2022 bis 2023<\/p>\t\t\t\t\t\t<\/div>\n\t\t\t\t<\/div>\n\t\t\t\t<div class=\"elementor-element elementor-element-040f904 elementor-widget elementor-widget-text-editor\" data-id=\"040f904\" data-element_type=\"widget\" data-widget_type=\"text-editor.default\">\n\t\t\t\t<div class=\"elementor-widget-container\">\n\t\t\t\t\t\t\t<p><strong>Finanzierung<\/strong><br \/>Bildungsdepartement Kanton St.Gallen<\/p>\t\t\t\t\t\t<\/div>\n\t\t\t\t<\/div>\n\t\t\t\t<div class=\"elementor-element elementor-element-8edbfc4 elementor-widget elementor-widget-text-editor\" data-id=\"8edbfc4\" data-element_type=\"widget\" data-widget_type=\"text-editor.default\">\n\t\t\t\t<div class=\"elementor-widget-container\">\n\t\t\t\t\t\t\t<p><strong>Leitung<\/strong><br \/>Anja Gebhardt (PHSG), Jan Hochweber (PHSG)<\/p>\t\t\t\t\t\t<\/div>\n\t\t\t\t<\/div>\n\t\t\t\t<div class=\"elementor-element elementor-element-5912812 elementor-widget elementor-widget-heading\" data-id=\"5912812\" data-element_type=\"widget\" data-widget_type=\"heading.default\">\n\t\t\t\t<div class=\"elementor-widget-container\">\n\t\t\t<p class=\"elementor-heading-title elementor-size-default\"><a href=\"https:\/\/www.phsg.ch\/de\/forschung-entwicklung\/projekte\/mangelhafte-deutsch-und-mathematikkompetenzen-am-ende-der-volksschulzeit\" target=\"_blank\">Zum Projekt<\/a><\/p>\t\t<\/div>\n\t\t\t\t<\/div>\n\t\t\t\t\t<\/div>\n\t\t<\/div>\n\t\t\t\t\t<\/div>\n\t\t<\/section>\n\t\t\t\t<\/div>\n\t\t<\/div>\n\t\t\t\t\t\t\t<\/div>\n\t\t\t\t\t\t<\/div><div class=\"jet-accordion__item jet-toggle jet-toggle-move-up-effect \">\n\t\t\t\t\t\t\t<div id=\"jet-toggle-control-1907\" class=\"jet-toggle__control elementor-menu-anchor\" data-toggle=\"7\" role=\"button\" tabindex=\"0\" aria-controls=\"jet-toggle-content-1907\" aria-expanded=\"false\" data-template-id=\"1858\">\n\t\t\t\t\t\t\t\t<div class=\"jet-toggle__label-icon jet-toggle-icon-position-left\"><span class=\"jet-toggle__icon icon-normal jet-tabs-icon\"><i class=\"fas fa-plus\"><\/i><\/span><span class=\"jet-toggle__icon icon-active jet-tabs-icon\"><i class=\"fas fa-minus\"><\/i><\/span><\/div><div class=\"jet-toggle__label-text\">Mehrsprachig&shy;keits&shy;didaktik im Fran&shy;z\u00f6sisch&shy;unterricht der Schweizer Gymnasial&shy;stufe (Sek II) durch Professiona&shy;lisierung von Lehrpersonen (MSDFranzGym)<\/div>\t\t\t\t\t\t\t<\/div>\n\t\t\t\t\t\t\t<div id=\"jet-toggle-content-1907\" class=\"jet-toggle__content\" data-toggle=\"7\" role=\"region\" data-template-id=\"1858\">\n\t\t\t\t\t\t\t\t<div class=\"jet-toggle__content-inner\">\t\t<div data-elementor-type=\"page\" data-elementor-id=\"1858\" class=\"elementor elementor-1858\" data-elementor-post-type=\"elementor_library\">\n\t\t\t\t\t\t<section class=\"elementor-section elementor-top-section elementor-element elementor-element-3bd2024 elementor-section-boxed elementor-section-height-default elementor-section-height-default\" data-id=\"3bd2024\" data-element_type=\"section\" data-settings=\"{&quot;jet_parallax_layout_list&quot;:[],&quot;background_background&quot;:&quot;classic&quot;}\">\n\t\t\t\t\t\t<div class=\"elementor-container elementor-column-gap-default\">\n\t\t\t\t\t<div class=\"elementor-column elementor-col-100 elementor-top-column elementor-element elementor-element-7853b75\" data-id=\"7853b75\" data-element_type=\"column\">\n\t\t\t<div class=\"elementor-widget-wrap elementor-element-populated\">\n\t\t\t\t\t\t<div class=\"elementor-element elementor-element-93146ba elementor-widget elementor-widget-text-editor\" data-id=\"93146ba\" data-element_type=\"widget\" data-widget_type=\"text-editor.default\">\n\t\t\t\t<div class=\"elementor-widget-container\">\n\t\t\t\t\t\t\t<p>Das Forschungsprojekt untersucht die Wirksamkeit von sprachen\u00fcbergreifenden Unterrichtseinheiten im Franz\u00f6sischunterricht hinsichtlich der rezeptiven (H\u00f6ren) und der produktiven (Schreiben) Franz\u00f6sischkompetenzen sowie die Sprachlernmotivation und die Sprachlernbewusstheit der Sch\u00fclerinnen und Sch\u00fcler. Des Weiteren werden die \u00dcberzeugungen und das fachdidaktische Wissen der Lehrpersonen untersucht. Das IPP-PHSG ist unter anderem an der Konzeption der empirischen Erhebungen und an den Datenauswertungen beteiligt.<\/p>\t\t\t\t\t\t<\/div>\n\t\t\t\t<\/div>\n\t\t\t\t<div class=\"elementor-element elementor-element-c6d6ec5 elementor-widget elementor-widget-text-editor\" data-id=\"c6d6ec5\" data-element_type=\"widget\" data-widget_type=\"text-editor.default\">\n\t\t\t\t<div class=\"elementor-widget-container\">\n\t\t\t\t\t\t\t<p class=\"p1\"><strong>Laufzeit<\/strong><br \/>2022 bis 2026<\/p>\t\t\t\t\t\t<\/div>\n\t\t\t\t<\/div>\n\t\t\t\t<div class=\"elementor-element elementor-element-8345822 elementor-widget elementor-widget-text-editor\" data-id=\"8345822\" data-element_type=\"widget\" data-widget_type=\"text-editor.default\">\n\t\t\t\t<div class=\"elementor-widget-container\">\n\t\t\t\t\t\t\t<p><strong>Finanzierung<\/strong><br \/>Schweizerischer Nationalfonds<\/p>\t\t\t\t\t\t<\/div>\n\t\t\t\t<\/div>\n\t\t\t\t<div class=\"elementor-element elementor-element-8edbfc4 elementor-widget elementor-widget-text-editor\" data-id=\"8edbfc4\" data-element_type=\"widget\" data-widget_type=\"text-editor.default\">\n\t\t\t\t<div class=\"elementor-widget-container\">\n\t\t\t\t\t\t\t<p><strong>Leitung<\/strong><br \/>Sybille Heinzmann Agten (PH FHNW), Giuseppe Manno (PH FHNW)<\/p>\t\t\t\t\t\t<\/div>\n\t\t\t\t<\/div>\n\t\t\t\t<div class=\"elementor-element elementor-element-5912812 elementor-widget elementor-widget-heading\" data-id=\"5912812\" data-element_type=\"widget\" data-widget_type=\"heading.default\">\n\t\t\t\t<div class=\"elementor-widget-container\">\n\t\t\t<p class=\"elementor-heading-title elementor-size-default\"><a href=\"https:\/\/www.phsg.ch\/de\/forschung-entwicklung\/projekte\/mehrsprachigkeitsdidaktik-im-franzoesischunterricht-der-schweizer-gymnasialstufe-sek-ii-durch\" target=\"_blank\">Zum Projekt<\/a><\/p>\t\t<\/div>\n\t\t\t\t<\/div>\n\t\t\t\t\t<\/div>\n\t\t<\/div>\n\t\t\t\t\t<\/div>\n\t\t<\/section>\n\t\t\t\t<\/div>\n\t\t<\/div>\n\t\t\t\t\t\t\t<\/div>\n\t\t\t\t\t\t<\/div><div class=\"jet-accordion__item jet-toggle jet-toggle-move-up-effect \">\n\t\t\t\t\t\t\t<div id=\"jet-toggle-control-1908\" class=\"jet-toggle__control elementor-menu-anchor\" data-toggle=\"8\" role=\"button\" tabindex=\"0\" aria-controls=\"jet-toggle-content-1908\" aria-expanded=\"false\" data-template-id=\"1854\">\n\t\t\t\t\t\t\t\t<div class=\"jet-toggle__label-icon jet-toggle-icon-position-left\"><span class=\"jet-toggle__icon icon-normal jet-tabs-icon\"><i class=\"fas fa-plus\"><\/i><\/span><span class=\"jet-toggle__icon icon-active jet-tabs-icon\"><i class=\"fas fa-minus\"><\/i><\/span><\/div><div class=\"jet-toggle__label-text\">Von den Aus&shy;wirk&shy;ungen von Covid-19 auf die Bildungspraxis lernen (\u00abLearning from the Impact of Covid-19 on Educational Practice to Expedite Pedagogically Meaningful Digitization\u00bb)<\/div>\t\t\t\t\t\t\t<\/div>\n\t\t\t\t\t\t\t<div id=\"jet-toggle-content-1908\" class=\"jet-toggle__content\" data-toggle=\"8\" role=\"region\" data-template-id=\"1854\">\n\t\t\t\t\t\t\t\t<div class=\"jet-toggle__content-inner\">\t\t<div data-elementor-type=\"page\" data-elementor-id=\"1854\" class=\"elementor elementor-1854\" data-elementor-post-type=\"elementor_library\">\n\t\t\t\t\t\t<section class=\"elementor-section elementor-top-section elementor-element elementor-element-3bd2024 elementor-section-boxed elementor-section-height-default elementor-section-height-default\" data-id=\"3bd2024\" data-element_type=\"section\" data-settings=\"{&quot;jet_parallax_layout_list&quot;:[],&quot;background_background&quot;:&quot;classic&quot;}\">\n\t\t\t\t\t\t<div class=\"elementor-container elementor-column-gap-default\">\n\t\t\t\t\t<div class=\"elementor-column elementor-col-100 elementor-top-column elementor-element elementor-element-7853b75\" data-id=\"7853b75\" data-element_type=\"column\">\n\t\t\t<div class=\"elementor-widget-wrap elementor-element-populated\">\n\t\t\t\t\t\t<div class=\"elementor-element elementor-element-93146ba elementor-widget elementor-widget-text-editor\" data-id=\"93146ba\" data-element_type=\"widget\" data-widget_type=\"text-editor.default\">\n\t\t\t\t<div class=\"elementor-widget-container\">\n\t\t\t\t\t\t\t<p>Die Auswirkungen der Covid-19-bedingten Schulschliessungen werden intensiv diskutiert. Es gibt Hinweise darauf, dass die Leistungen der Sch\u00fclerinnen und Sch\u00fcler abnahmen oder stagnierten und psychische Beschwerden zunahmen. Die Erfahrungen aus den Schulschliessungen k\u00f6nnen aber auch genutzt werden, um die Digitalisierung des Bildungswesens zu f\u00f6rdern. Das Projekt erforscht daher die Auswirkungen der Schulschliessungen in der Schweiz und liefert Erkenntnisse zur weiteren Digitalisierung des Bildungswesens. Das Projekt ist Teil des Nationalen Forschungsprogramms\u00a080 \u00abCovid-19 in der Gesellschaft\u00bb und wird von einem internationalen Beirat begleitet.<\/p>\t\t\t\t\t\t<\/div>\n\t\t\t\t<\/div>\n\t\t\t\t<div class=\"elementor-element elementor-element-c6d6ec5 elementor-widget elementor-widget-text-editor\" data-id=\"c6d6ec5\" data-element_type=\"widget\" data-widget_type=\"text-editor.default\">\n\t\t\t\t<div class=\"elementor-widget-container\">\n\t\t\t\t\t\t\t<p class=\"p1\"><strong>Laufzeit<\/strong><br \/>2023 bis 2026<\/p>\t\t\t\t\t\t<\/div>\n\t\t\t\t<\/div>\n\t\t\t\t<div class=\"elementor-element elementor-element-040f904 elementor-widget elementor-widget-text-editor\" data-id=\"040f904\" data-element_type=\"widget\" data-widget_type=\"text-editor.default\">\n\t\t\t\t<div class=\"elementor-widget-container\">\n\t\t\t\t\t\t\t<p><strong>Finanzierung<\/strong><br \/>Schweizerischer Nationalfonds, NFP80<\/p>\t\t\t\t\t\t<\/div>\n\t\t\t\t<\/div>\n\t\t\t\t<div class=\"elementor-element elementor-element-8edbfc4 elementor-widget elementor-widget-text-editor\" data-id=\"8edbfc4\" data-element_type=\"widget\" data-widget_type=\"text-editor.default\">\n\t\t\t\t<div class=\"elementor-widget-container\">\n\t\t\t\t\t\t\t<p><strong>Leitung<\/strong><br \/>Michael Kickmeier-Rust (PHSG), Valentin Unger (PHSG)<\/p>\t\t\t\t\t\t<\/div>\n\t\t\t\t<\/div>\n\t\t\t\t<div class=\"elementor-element elementor-element-5912812 elementor-widget elementor-widget-heading\" data-id=\"5912812\" data-element_type=\"widget\" data-widget_type=\"heading.default\">\n\t\t\t\t<div class=\"elementor-widget-container\">\n\t\t\t<p class=\"elementor-heading-title elementor-size-default\"><a href=\"https:\/\/www.phsg.ch\/de\/forschung-entwicklung\/projekte\/von-den-auswirkungen-von-covid-19-auf-die-bildungspraxis-lernen\" target=\"_blank\">Zum Projekt<\/a><\/p>\t\t<\/div>\n\t\t\t\t<\/div>\n\t\t\t\t\t<\/div>\n\t\t<\/div>\n\t\t\t\t\t<\/div>\n\t\t<\/section>\n\t\t\t\t<\/div>\n\t\t<\/div>\n\t\t\t\t\t\t\t<\/div>\n\t\t\t\t\t\t<\/div><div class=\"jet-accordion__item jet-toggle jet-toggle-move-up-effect \">\n\t\t\t\t\t\t\t<div id=\"jet-toggle-control-1909\" class=\"jet-toggle__control elementor-menu-anchor\" data-toggle=\"9\" role=\"button\" tabindex=\"0\" aria-controls=\"jet-toggle-content-1909\" aria-expanded=\"false\" data-template-id=\"1851\">\n\t\t\t\t\t\t\t\t<div class=\"jet-toggle__label-icon jet-toggle-icon-position-left\"><span class=\"jet-toggle__icon icon-normal jet-tabs-icon\"><i class=\"fas fa-plus\"><\/i><\/span><span class=\"jet-toggle__icon icon-active jet-tabs-icon\"><i class=\"fas fa-minus\"><\/i><\/span><\/div><div class=\"jet-toggle__label-text\">Soziokulturelle Merkmale Kids (SoMeKids)<\/div>\t\t\t\t\t\t\t<\/div>\n\t\t\t\t\t\t\t<div id=\"jet-toggle-content-1909\" class=\"jet-toggle__content\" data-toggle=\"9\" role=\"region\" data-template-id=\"1851\">\n\t\t\t\t\t\t\t\t<div class=\"jet-toggle__content-inner\">\t\t<div data-elementor-type=\"page\" data-elementor-id=\"1851\" class=\"elementor elementor-1851\" data-elementor-post-type=\"elementor_library\">\n\t\t\t\t\t\t<section class=\"elementor-section elementor-top-section elementor-element elementor-element-3bd2024 elementor-section-boxed elementor-section-height-default elementor-section-height-default\" data-id=\"3bd2024\" data-element_type=\"section\" data-settings=\"{&quot;jet_parallax_layout_list&quot;:[],&quot;background_background&quot;:&quot;classic&quot;}\">\n\t\t\t\t\t\t<div class=\"elementor-container elementor-column-gap-default\">\n\t\t\t\t\t<div class=\"elementor-column elementor-col-100 elementor-top-column elementor-element elementor-element-7853b75\" data-id=\"7853b75\" data-element_type=\"column\">\n\t\t\t<div class=\"elementor-widget-wrap elementor-element-populated\">\n\t\t\t\t\t\t<div class=\"elementor-element elementor-element-93146ba elementor-widget elementor-widget-text-editor\" data-id=\"93146ba\" data-element_type=\"widget\" data-widget_type=\"text-editor.default\">\n\t\t\t\t<div class=\"elementor-widget-container\">\n\t\t\t\t\t\t\t<p>Das Projekt, das von der PHSG mit Unterst\u00fctzung des Bildungsdepartements des Kantons St.Gallen durchgef\u00fchrt wurde, zielte darauf ab, einen altersgerechten Fragebogen zur Erfassung soziokultureller Merkmale von Sch\u00fclerinnen und Sch\u00fclern der 2.\u00a0Klasse zu entwickeln und empirisch zu validieren. Neben traditionellen Indikatoren wie Beruf und Bildung der Eltern wurden weitere Indikatoren untersucht, die inhaltlich relevant sind und von Kindern dieser Altersstufe eingesch\u00e4tzt werden k\u00f6nnen (z.B. Ern\u00e4hrungsverhalten, Freizeitaktivit\u00e4ten, Leselust). Zur Validierung wurden dieselben Fragen den Eltern gestellt und die zwei Datenquellen miteinander verglichen.<\/p>\t\t\t\t\t\t<\/div>\n\t\t\t\t<\/div>\n\t\t\t\t<div class=\"elementor-element elementor-element-c6d6ec5 elementor-widget elementor-widget-text-editor\" data-id=\"c6d6ec5\" data-element_type=\"widget\" data-widget_type=\"text-editor.default\">\n\t\t\t\t<div class=\"elementor-widget-container\">\n\t\t\t\t\t\t\t<p class=\"p1\"><strong>Laufzeit<\/strong><br \/>2020 bis 2022<\/p>\t\t\t\t\t\t<\/div>\n\t\t\t\t<\/div>\n\t\t\t\t<div class=\"elementor-element elementor-element-040f904 elementor-widget elementor-widget-text-editor\" data-id=\"040f904\" data-element_type=\"widget\" data-widget_type=\"text-editor.default\">\n\t\t\t\t<div class=\"elementor-widget-container\">\n\t\t\t\t\t\t\t<p><strong>Finanzierung<\/strong><br \/>PHSG<\/p>\t\t\t\t\t\t<\/div>\n\t\t\t\t<\/div>\n\t\t\t\t<div class=\"elementor-element elementor-element-8edbfc4 elementor-widget elementor-widget-text-editor\" data-id=\"8edbfc4\" data-element_type=\"widget\" data-widget_type=\"text-editor.default\">\n\t\t\t\t<div class=\"elementor-widget-container\">\n\t\t\t\t\t\t\t<p><strong>Leitung<\/strong><br \/>Manuela Hauser (Generalsekretariat Departement f\u00fcr Erziehung und Kultur Kanton Thurgau)<\/p>\t\t\t\t\t\t<\/div>\n\t\t\t\t<\/div>\n\t\t\t\t<div class=\"elementor-element elementor-element-5912812 elementor-widget elementor-widget-heading\" data-id=\"5912812\" data-element_type=\"widget\" data-widget_type=\"heading.default\">\n\t\t\t\t<div class=\"elementor-widget-container\">\n\t\t\t<p class=\"elementor-heading-title elementor-size-default\"><a href=\"https:\/\/www.phsg.ch\/de\/forschung-entwicklung\/projekte\/soziokulturelle-merkmale-kids-somekids\" target=\"_blank\">Zum Projekt<\/a><\/p>\t\t<\/div>\n\t\t\t\t<\/div>\n\t\t\t\t\t<\/div>\n\t\t<\/div>\n\t\t\t\t\t<\/div>\n\t\t<\/section>\n\t\t\t\t<\/div>\n\t\t<\/div>\n\t\t\t\t\t\t\t<\/div>\n\t\t\t\t\t\t<\/div><div class=\"jet-accordion__item jet-toggle jet-toggle-move-up-effect \">\n\t\t\t\t\t\t\t<div id=\"jet-toggle-control-19010\" class=\"jet-toggle__control elementor-menu-anchor\" data-toggle=\"10\" role=\"button\" tabindex=\"0\" aria-controls=\"jet-toggle-content-19010\" aria-expanded=\"false\" data-template-id=\"1817\">\n\t\t\t\t\t\t\t\t<div class=\"jet-toggle__label-icon jet-toggle-icon-position-left\"><span class=\"jet-toggle__icon icon-normal jet-tabs-icon\"><i class=\"fas fa-plus\"><\/i><\/span><span class=\"jet-toggle__icon icon-active jet-tabs-icon\"><i class=\"fas fa-minus\"><\/i><\/span><\/div><div class=\"jet-toggle__label-text\">TipAdult<\/div>\t\t\t\t\t\t\t<\/div>\n\t\t\t\t\t\t\t<div id=\"jet-toggle-content-19010\" class=\"jet-toggle__content\" data-toggle=\"10\" role=\"region\" data-template-id=\"1817\">\n\t\t\t\t\t\t\t\t<div class=\"jet-toggle__content-inner\">\t\t<div data-elementor-type=\"page\" data-elementor-id=\"1817\" class=\"elementor elementor-1817\" data-elementor-post-type=\"elementor_library\">\n\t\t\t\t\t\t<section class=\"elementor-section elementor-top-section elementor-element elementor-element-3bd2024 elementor-section-boxed elementor-section-height-default elementor-section-height-default\" data-id=\"3bd2024\" data-element_type=\"section\" data-settings=\"{&quot;jet_parallax_layout_list&quot;:[],&quot;background_background&quot;:&quot;classic&quot;}\">\n\t\t\t\t\t\t<div class=\"elementor-container elementor-column-gap-default\">\n\t\t\t\t\t<div class=\"elementor-column elementor-col-100 elementor-top-column elementor-element elementor-element-7853b75\" data-id=\"7853b75\" data-element_type=\"column\">\n\t\t\t<div class=\"elementor-widget-wrap elementor-element-populated\">\n\t\t\t\t\t\t<div class=\"elementor-element elementor-element-93146ba elementor-widget elementor-widget-text-editor\" data-id=\"93146ba\" data-element_type=\"widget\" data-widget_type=\"text-editor.default\">\n\t\t\t\t<div class=\"elementor-widget-container\">\n\t\t\t\t\t\t\t<p>Lebenslanges Lernen ist eine der Priorit\u00e4ten der Europ\u00e4ischen Union. Der strategische Rahmen f\u00fcr die europ\u00e4ische Zusammenarbeit auf dem Gebiet der allgemeinen und der beruflichen Bildung (ET\u00a02020) zielt darauf ab, das lebenslange Lernen zu f\u00f6rdern. Qualit\u00e4t und Effizienz der allgemeinen und der beruflichen Bildung sollen dadurch verbessert werden. Zudem soll der Unternehmergeist gest\u00e4rkt werden. Ebenso sollen Innovation und Kreativit\u00e4t auf allen Ebenen der allgemeinen und der beruflichen Bildung gef\u00f6rdert werden.<\/p>\t\t\t\t\t\t<\/div>\n\t\t\t\t<\/div>\n\t\t\t\t<div class=\"elementor-element elementor-element-c6d6ec5 elementor-widget elementor-widget-text-editor\" data-id=\"c6d6ec5\" data-element_type=\"widget\" data-widget_type=\"text-editor.default\">\n\t\t\t\t<div class=\"elementor-widget-container\">\n\t\t\t\t\t\t\t<p class=\"p1\"><strong>Laufzeit<\/strong><br \/>2019 bis 2022<\/p>\t\t\t\t\t\t<\/div>\n\t\t\t\t<\/div>\n\t\t\t\t<div class=\"elementor-element elementor-element-040f904 elementor-widget elementor-widget-text-editor\" data-id=\"040f904\" data-element_type=\"widget\" data-widget_type=\"text-editor.default\">\n\t\t\t\t<div class=\"elementor-widget-container\">\n\t\t\t\t\t\t\t<p><strong>Finanzierung<\/strong><br \/>Erasmus+<\/p>\t\t\t\t\t\t<\/div>\n\t\t\t\t<\/div>\n\t\t\t\t<div class=\"elementor-element elementor-element-8edbfc4 elementor-widget elementor-widget-text-editor\" data-id=\"8edbfc4\" data-element_type=\"widget\" data-widget_type=\"text-editor.default\">\n\t\t\t\t<div class=\"elementor-widget-container\">\n\t\t\t\t\t\t\t<p><strong>Leitung<\/strong><br \/>Michael Kickmeier-Rust (PHSG)<\/p>\t\t\t\t\t\t<\/div>\n\t\t\t\t<\/div>\n\t\t\t\t<div class=\"elementor-element elementor-element-5912812 elementor-widget elementor-widget-heading\" data-id=\"5912812\" data-element_type=\"widget\" data-widget_type=\"heading.default\">\n\t\t\t\t<div class=\"elementor-widget-container\">\n\t\t\t<p class=\"elementor-heading-title elementor-size-default\"><a href=\"https:\/\/www.phsg.ch\/de\/forschung-entwicklung\/projekte\/tip-adult\" target=\"_blank\">Zum Projekt<\/a><\/p>\t\t<\/div>\n\t\t\t\t<\/div>\n\t\t\t\t\t<\/div>\n\t\t<\/div>\n\t\t\t\t\t<\/div>\n\t\t<\/section>\n\t\t\t\t<\/div>\n\t\t<\/div>\n\t\t\t\t\t\t\t<\/div>\n\t\t\t\t\t\t<\/div><div class=\"jet-accordion__item jet-toggle jet-toggle-move-up-effect \">\n\t\t\t\t\t\t\t<div id=\"jet-toggle-control-19011\" class=\"jet-toggle__control elementor-menu-anchor\" data-toggle=\"11\" role=\"button\" tabindex=\"0\" aria-controls=\"jet-toggle-content-19011\" aria-expanded=\"false\" data-template-id=\"3163\">\n\t\t\t\t\t\t\t\t<div class=\"jet-toggle__label-icon jet-toggle-icon-position-left\"><span class=\"jet-toggle__icon icon-normal jet-tabs-icon\"><i class=\"fas fa-plus\"><\/i><\/span><span class=\"jet-toggle__icon icon-active jet-tabs-icon\"><i class=\"fas fa-minus\"><\/i><\/span><\/div><div class=\"jet-toggle__label-text\">\u00dcberpr\u00fcfung des Erreichens der Grundkompetenzen (\u00dcGK)<\/div>\t\t\t\t\t\t\t<\/div>\n\t\t\t\t\t\t\t<div id=\"jet-toggle-content-19011\" class=\"jet-toggle__content\" data-toggle=\"11\" role=\"region\" data-template-id=\"3163\">\n\t\t\t\t\t\t\t\t<div class=\"jet-toggle__content-inner\">\t\t<div data-elementor-type=\"page\" data-elementor-id=\"3163\" class=\"elementor elementor-3163\" data-elementor-post-type=\"elementor_library\">\n\t\t\t\t\t\t<section class=\"elementor-section elementor-top-section elementor-element elementor-element-3bd2024 elementor-section-boxed elementor-section-height-default elementor-section-height-default\" data-id=\"3bd2024\" data-element_type=\"section\" data-settings=\"{&quot;jet_parallax_layout_list&quot;:[],&quot;background_background&quot;:&quot;classic&quot;}\">\n\t\t\t\t\t\t<div class=\"elementor-container elementor-column-gap-default\">\n\t\t\t\t\t<div class=\"elementor-column elementor-col-100 elementor-top-column elementor-element elementor-element-7853b75\" data-id=\"7853b75\" data-element_type=\"column\">\n\t\t\t<div class=\"elementor-widget-wrap elementor-element-populated\">\n\t\t\t\t\t\t<div class=\"elementor-element elementor-element-93146ba elementor-widget elementor-widget-text-editor\" data-id=\"93146ba\" data-element_type=\"widget\" data-widget_type=\"text-editor.default\">\n\t\t\t\t<div class=\"elementor-widget-container\">\n\t\t\t\t\t\t\t<p>Die \u00dcberpr\u00fcfung des Erreichens der Grundkompetenzen (\u00dcGK) ist eine zyklisch stattfindende Leistungsuntersuchung f\u00fcr das Schweizer Bildungsmonitoring. Anhand von Leistungstests wird abgekl\u00e4rt, inwieweit die nationalen Bildungsziele in den Kantonen erreicht werden. Erg\u00e4nzend werden mithilfe von Frageb\u00f6gen Kontextinformationen \u00fcber die Sch\u00fclerinnen und Sch\u00fcler und ihr Umfeld erfasst. Die zuk\u00fcnftigen Haupterhebungen der \u00dcGK finden auf der Schulstufe HarmoS\u00a04 voraussichtlich im Fr\u00fchjahr 2024 statt.<\/p>\t\t\t\t\t\t<\/div>\n\t\t\t\t<\/div>\n\t\t\t\t<div class=\"elementor-element elementor-element-c6d6ec5 elementor-widget elementor-widget-text-editor\" data-id=\"c6d6ec5\" data-element_type=\"widget\" data-widget_type=\"text-editor.default\">\n\t\t\t\t<div class=\"elementor-widget-container\">\n\t\t\t\t\t\t\t<p class=\"p1\"><strong>Laufzeit<\/strong><br \/>2014 bis 2026<\/p>\t\t\t\t\t\t<\/div>\n\t\t\t\t<\/div>\n\t\t\t\t<div class=\"elementor-element elementor-element-040f904 elementor-widget elementor-widget-text-editor\" data-id=\"040f904\" data-element_type=\"widget\" data-widget_type=\"text-editor.default\">\n\t\t\t\t<div class=\"elementor-widget-container\">\n\t\t\t\t\t\t\t<p><strong>Finanzierung<\/strong><br \/>EDK<\/p>\t\t\t\t\t\t<\/div>\n\t\t\t\t<\/div>\n\t\t\t\t<div class=\"elementor-element elementor-element-8edbfc4 elementor-widget elementor-widget-text-editor\" data-id=\"8edbfc4\" data-element_type=\"widget\" data-widget_type=\"text-editor.default\">\n\t\t\t\t<div class=\"elementor-widget-container\">\n\t\t\t\t\t\t\t<p><strong>Leitung<\/strong><br \/>Eliane Arnold (PHSG), Andrea Erzinger (ICER), Franziska Maria Locher (PHSG), Giang Hong Pham (PHSG) <\/p>\t\t\t\t\t\t<\/div>\n\t\t\t\t<\/div>\n\t\t\t\t<div class=\"elementor-element elementor-element-5912812 elementor-widget elementor-widget-heading\" data-id=\"5912812\" data-element_type=\"widget\" data-widget_type=\"heading.default\">\n\t\t\t\t<div class=\"elementor-widget-container\">\n\t\t\t<p class=\"elementor-heading-title elementor-size-default\"><a href=\"https:\/\/www.phsg.ch\/de\/forschung-entwicklung\/projekte\/die-ueberpruefung-des-erreichens-der-grundkompetenzen-der-schweiz-uegkcofovecof\" target=\"_blank\">Zum Projekt<\/a><\/p>\t\t<\/div>\n\t\t\t\t<\/div>\n\t\t\t\t\t<\/div>\n\t\t<\/div>\n\t\t\t\t\t<\/div>\n\t\t<\/section>\n\t\t\t\t<\/div>\n\t\t<\/div>\n\t\t\t\t\t\t\t<\/div>\n\t\t\t\t\t\t<\/div>\t\t\t\t\t\t\t\t<\/div>\n\t\t<\/div>\n\t\t\t\t<\/div>\n\t\t\t\t<\/div>\n\t\t\t\t<div class=\"elementor-element elementor-element-11c3b39 elementor-widget elementor-widget-spacer\" data-id=\"11c3b39\" data-element_type=\"widget\" data-widget_type=\"spacer.default\">\n\t\t\t\t<div class=\"elementor-widget-container\">\n\t\t\t\t\t<div class=\"elementor-spacer\">\n\t\t\t<div class=\"elementor-spacer-inner\"><\/div>\n\t\t<\/div>\n\t\t\t\t<\/div>\n\t\t\t\t<\/div>\n\t\t\t\t<\/div>\n\t\t\t\t\t<\/div>\n\t\t\t\t<\/div>\n\t\t<div class=\"elementor-element elementor-element-cb7d12e e-flex e-con-boxed e-con e-parent\" data-id=\"cb7d12e\" data-element_type=\"container\" data-settings=\"{&quot;jet_parallax_layout_list&quot;:[]}\">\n\t\t\t\t\t<div class=\"e-con-inner\">\n\t\t<div class=\"elementor-element elementor-element-2d95507 e-con-full e-flex e-con e-child\" data-id=\"2d95507\" data-element_type=\"container\" data-settings=\"{&quot;jet_parallax_layout_list&quot;:[]}\">\n\t\t\t\t<div class=\"elementor-element elementor-element-0e64d1d elementor-widget elementor-widget-template\" data-id=\"0e64d1d\" data-element_type=\"widget\" data-widget_type=\"template.default\">\n\t\t\t\t<div class=\"elementor-widget-container\">\n\t\t\t\t\t<div class=\"elementor-template\">\n\t\t\t\t\t<div data-elementor-type=\"section\" data-elementor-id=\"725\" class=\"elementor elementor-725\" data-elementor-post-type=\"elementor_library\">\n\t\t\t<div class=\"elementor-element elementor-element-e3892ea e-flex e-con-boxed e-con e-child\" data-id=\"e3892ea\" data-element_type=\"container\" data-settings=\"{&quot;jet_parallax_layout_list&quot;:[]}\">\n\t\t\t\t\t<div class=\"e-con-inner\">\n\t\t\t\t<div class=\"elementor-element elementor-element-887b501 elementor-widget elementor-widget-spacer\" data-id=\"887b501\" data-element_type=\"widget\" data-widget_type=\"spacer.default\">\n\t\t\t\t<div class=\"elementor-widget-container\">\n\t\t\t\t\t<div class=\"elementor-spacer\">\n\t\t\t<div class=\"elementor-spacer-inner\"><\/div>\n\t\t<\/div>\n\t\t\t\t<\/div>\n\t\t\t\t<\/div>\n\t\t\t\t<div class=\"elementor-element elementor-element-db30c76 elementor-widget elementor-widget-heading\" data-id=\"db30c76\" data-element_type=\"widget\" data-widget_type=\"heading.default\">\n\t\t\t\t<div class=\"elementor-widget-container\">\n\t\t\t<h3 class=\"elementor-heading-title elementor-size-default\">Weitere Themen, die Sie interessieren k\u00f6nnten<\/h3>\t\t<\/div>\n\t\t\t\t<\/div>\n\t\t\t\t<div class=\"elementor-element elementor-element-7d3c3e5 elementor-hidden-tablet elementor-widget elementor-widget-raven-posts\" data-id=\"7d3c3e5\" data-element_type=\"widget\" data-settings=\"{&quot;classic_columns&quot;:&quot;4&quot;,&quot;query_posts_per_page&quot;:4,&quot;classic_columns_tablet&quot;:&quot;3&quot;,&quot;_skin&quot;:&quot;classic&quot;,&quot;classic_layout&quot;:&quot;grid&quot;,&quot;classic_columns_mobile&quot;:&quot;1&quot;,&quot;query_offset&quot;:0}\" data-widget_type=\"raven-posts.classic\">\n\t\t\t\t<div class=\"elementor-widget-container\">\n\t\t\t\t\t<div class=\"raven-posts raven-grid raven-grid-4 raven-grid-mobile-1 raven-grid-tablet-3\" data-post-id=\"725\" data-archive-query=\"\" data-lang=\"\">\n\t\t\t\t<div class=\"raven-grid-item raven-post-item post-2920 page type-page status-publish has-post-thumbnail hentry\">\n\t\t\t<div class=\"raven-post elementor-animation-grow\">\n\t\t\t\t\t\t<div class=\"raven-post-image-wrap\">\n\t\t\t<a class=\"raven-post-image raven-image-fit\" href=\"https:\/\/phsg-forschungsbericht.ch\/2022-2023\/fokus\/institut-fruehe-bildung-0-bis-8\/\"><img decoding=\"async\" width=\"1200\" height=\"630\" src=\"https:\/\/phsg-forschungsbericht.ch\/2022-2023\/wp-content\/uploads\/sites\/3\/phsg-forschungsbericht-weitere-themen-fokus-ifb.jpg\" class=\"attachment-large size-large wp-image-4049\" alt=\"\" srcset=\"https:\/\/phsg-forschungsbericht.ch\/2022-2023\/wp-content\/uploads\/sites\/3\/phsg-forschungsbericht-weitere-themen-fokus-ifb.jpg 1200w, https:\/\/phsg-forschungsbericht.ch\/2022-2023\/wp-content\/uploads\/sites\/3\/phsg-forschungsbericht-weitere-themen-fokus-ifb-768x403.jpg 768w\" sizes=\"(max-width: 1200px) 100vw, 1200px\" \/> <span class=\"raven-post-image-overlay\"><\/span><\/a>\t\t<\/div>\n\t\t\t\t\t\t<div class=\"raven-post-content\">\n\t\t\t\t\t<h3 class=\"raven-post-title\"><a class=\"raven-post-title-link\" href=\"https:\/\/phsg-forschungsbericht.ch\/2022-2023\/fokus\/institut-fruehe-bildung-0-bis-8\/\">Institut Fr\u00fche Bildung 0 bis 8<\/a><\/h3>\t\t\t\t<\/div>\n\t\t\t<\/div>\n\t\t<\/div>\n\t\t\t\t<div class=\"raven-grid-item raven-post-item post-1285 page type-page status-publish has-post-thumbnail hentry\">\n\t\t\t<div class=\"raven-post elementor-animation-grow\">\n\t\t\t\t\t\t<div class=\"raven-post-image-wrap\">\n\t\t\t<a class=\"raven-post-image raven-image-fit\" href=\"https:\/\/phsg-forschungsbericht.ch\/2022-2023\/beteiligung-am-wissenschaftlichen-diskurs\/\"><img decoding=\"async\" width=\"1200\" height=\"630\" src=\"https:\/\/phsg-forschungsbericht.ch\/2022-2023\/wp-content\/uploads\/sites\/3\/phsg-forschungsbericht-weitere-themen-beteiligung-am-wissenschaftlichen-diskurs.jpg\" class=\"attachment-large size-large wp-image-4048\" alt=\"\" srcset=\"https:\/\/phsg-forschungsbericht.ch\/2022-2023\/wp-content\/uploads\/sites\/3\/phsg-forschungsbericht-weitere-themen-beteiligung-am-wissenschaftlichen-diskurs.jpg 1200w, https:\/\/phsg-forschungsbericht.ch\/2022-2023\/wp-content\/uploads\/sites\/3\/phsg-forschungsbericht-weitere-themen-beteiligung-am-wissenschaftlichen-diskurs-768x403.jpg 768w\" sizes=\"(max-width: 1200px) 100vw, 1200px\" \/> <span class=\"raven-post-image-overlay\"><\/span><\/a>\t\t<\/div>\n\t\t\t\t\t\t<div class=\"raven-post-content\">\n\t\t\t\t\t<h3 class=\"raven-post-title\"><a class=\"raven-post-title-link\" href=\"https:\/\/phsg-forschungsbericht.ch\/2022-2023\/beteiligung-am-wissenschaftlichen-diskurs\/\">Beteiligung am wissenschaftlichen Diskurs<\/a><\/h3>\t\t\t\t<\/div>\n\t\t\t<\/div>\n\t\t<\/div>\n\t\t\t\t<div class=\"raven-grid-item raven-post-item post-2987 page type-page status-publish has-post-thumbnail hentry\">\n\t\t\t<div class=\"raven-post elementor-animation-grow\">\n\t\t\t\t\t\t<div class=\"raven-post-image-wrap\">\n\t\t\t<a class=\"raven-post-image raven-image-fit\" href=\"https:\/\/phsg-forschungsbericht.ch\/2022-2023\/wissenschaftlicher-nachwuchs\/\"><img loading=\"lazy\" decoding=\"async\" width=\"1200\" height=\"630\" src=\"https:\/\/phsg-forschungsbericht.ch\/2022-2023\/wp-content\/uploads\/sites\/3\/phsg-forschungsbericht-weitere-themen-wissenschaftlicher-nachwuchs.jpg\" class=\"attachment-large size-large wp-image-4054\" alt=\"\" srcset=\"https:\/\/phsg-forschungsbericht.ch\/2022-2023\/wp-content\/uploads\/sites\/3\/phsg-forschungsbericht-weitere-themen-wissenschaftlicher-nachwuchs.jpg 1200w, https:\/\/phsg-forschungsbericht.ch\/2022-2023\/wp-content\/uploads\/sites\/3\/phsg-forschungsbericht-weitere-themen-wissenschaftlicher-nachwuchs-768x403.jpg 768w\" sizes=\"(max-width: 1200px) 100vw, 1200px\" \/> <span class=\"raven-post-image-overlay\"><\/span><\/a>\t\t<\/div>\n\t\t\t\t\t\t<div class=\"raven-post-content\">\n\t\t\t\t\t<h3 class=\"raven-post-title\"><a class=\"raven-post-title-link\" href=\"https:\/\/phsg-forschungsbericht.ch\/2022-2023\/wissenschaftlicher-nachwuchs\/\">Wissenschaftlicher Nachwuchs<\/a><\/h3>\t\t\t\t<\/div>\n\t\t\t<\/div>\n\t\t<\/div>\n\t\t\t\t<div class=\"raven-grid-item raven-post-item post-3044 page type-page status-publish has-post-thumbnail hentry\">\n\t\t\t<div class=\"raven-post elementor-animation-grow\">\n\t\t\t\t\t\t<div class=\"raven-post-image-wrap\">\n\t\t\t<a class=\"raven-post-image raven-image-fit\" href=\"https:\/\/phsg-forschungsbericht.ch\/2022-2023\/fokus\/institut-kulturelle-und-aesthetische-bildung\/\"><img loading=\"lazy\" decoding=\"async\" width=\"1200\" height=\"630\" src=\"https:\/\/phsg-forschungsbericht.ch\/2022-2023\/wp-content\/uploads\/sites\/3\/phsg-forschungsbericht-weitere-themen-fokus-ikaeb.jpg\" class=\"attachment-large size-large wp-image-4051\" alt=\"\" srcset=\"https:\/\/phsg-forschungsbericht.ch\/2022-2023\/wp-content\/uploads\/sites\/3\/phsg-forschungsbericht-weitere-themen-fokus-ikaeb.jpg 1200w, https:\/\/phsg-forschungsbericht.ch\/2022-2023\/wp-content\/uploads\/sites\/3\/phsg-forschungsbericht-weitere-themen-fokus-ikaeb-768x403.jpg 768w\" sizes=\"(max-width: 1200px) 100vw, 1200px\" \/> <span class=\"raven-post-image-overlay\"><\/span><\/a>\t\t<\/div>\n\t\t\t\t\t\t<div class=\"raven-post-content\">\n\t\t\t\t\t<h3 class=\"raven-post-title\"><a class=\"raven-post-title-link\" href=\"https:\/\/phsg-forschungsbericht.ch\/2022-2023\/fokus\/institut-kulturelle-und-aesthetische-bildung\/\">Institut Kulturelle und \u00c4sthetische Bildung<\/a><\/h3>\t\t\t\t<\/div>\n\t\t\t<\/div>\n\t\t<\/div>\n\t\t\t\t<\/div>\n\t\t\t\t<\/div>\n\t\t\t\t<\/div>\n\t\t\t\t<div class=\"elementor-element elementor-element-e933b79 elementor-hidden-desktop elementor-hidden-mobile elementor-widget elementor-widget-raven-posts\" data-id=\"e933b79\" data-element_type=\"widget\" data-settings=\"{&quot;classic_columns&quot;:&quot;4&quot;,&quot;query_posts_per_page&quot;:3,&quot;classic_columns_tablet&quot;:&quot;3&quot;,&quot;_skin&quot;:&quot;classic&quot;,&quot;classic_layout&quot;:&quot;grid&quot;,&quot;classic_columns_mobile&quot;:&quot;1&quot;,&quot;query_offset&quot;:0}\" data-widget_type=\"raven-posts.classic\">\n\t\t\t\t<div class=\"elementor-widget-container\">\n\t\t\t\t\t<div class=\"raven-posts raven-grid raven-grid-4 raven-grid-mobile-1 raven-grid-tablet-3\" data-post-id=\"725\" data-archive-query=\"\" data-lang=\"\">\n\t\t\t\t<div class=\"raven-grid-item raven-post-item post-2885 page type-page status-publish has-post-thumbnail hentry\">\n\t\t\t<div class=\"raven-post elementor-animation-grow\">\n\t\t\t\t\t\t<div class=\"raven-post-image-wrap\">\n\t\t\t<a class=\"raven-post-image raven-image-fit\" href=\"https:\/\/phsg-forschungsbericht.ch\/2022-2023\/fokus\/institut-sprachliche-und-literarische-bildung\/\"><img loading=\"lazy\" decoding=\"async\" width=\"1200\" height=\"630\" src=\"https:\/\/phsg-forschungsbericht.ch\/2022-2023\/wp-content\/uploads\/sites\/3\/Institut-Fachdidaktik-Sprachen-Weitere-Themen-PHSG-Forschungsbericht-20202021.jpg\" class=\"attachment-large size-large wp-image-2514\" alt=\"\" srcset=\"https:\/\/phsg-forschungsbericht.ch\/2022-2023\/wp-content\/uploads\/sites\/3\/Institut-Fachdidaktik-Sprachen-Weitere-Themen-PHSG-Forschungsbericht-20202021.jpg 1200w, https:\/\/phsg-forschungsbericht.ch\/2022-2023\/wp-content\/uploads\/sites\/3\/Institut-Fachdidaktik-Sprachen-Weitere-Themen-PHSG-Forschungsbericht-20202021-768x403.jpg 768w\" sizes=\"(max-width: 1200px) 100vw, 1200px\" \/> <span class=\"raven-post-image-overlay\"><\/span><\/a>\t\t<\/div>\n\t\t\t\t\t\t<div class=\"raven-post-content\">\n\t\t\t\t\t<h3 class=\"raven-post-title\"><a class=\"raven-post-title-link\" href=\"https:\/\/phsg-forschungsbericht.ch\/2022-2023\/fokus\/institut-sprachliche-und-literarische-bildung\/\">Institut Sprachliche und Literarische Bildung<\/a><\/h3>\t\t\t\t<\/div>\n\t\t\t<\/div>\n\t\t<\/div>\n\t\t\t\t<div class=\"raven-grid-item raven-post-item post-2904 page type-page status-publish has-post-thumbnail hentry\">\n\t\t\t<div class=\"raven-post elementor-animation-grow\">\n\t\t\t\t\t\t<div class=\"raven-post-image-wrap\">\n\t\t\t<a class=\"raven-post-image raven-image-fit\" href=\"https:\/\/phsg-forschungsbericht.ch\/2022-2023\/fokus\/institut-digitale-und-informatische-bildung\/\"><img loading=\"lazy\" decoding=\"async\" width=\"583\" height=\"306\" src=\"https:\/\/phsg-forschungsbericht.ch\/2022-2023\/wp-content\/uploads\/sites\/3\/phsg-forschungsbericht-weitere-themen-fokus-idib.jpg\" class=\"attachment-large size-large wp-image-4059\" alt=\"\" \/> <span class=\"raven-post-image-overlay\"><\/span><\/a>\t\t<\/div>\n\t\t\t\t\t\t<div class=\"raven-post-content\">\n\t\t\t\t\t<h3 class=\"raven-post-title\"><a class=\"raven-post-title-link\" href=\"https:\/\/phsg-forschungsbericht.ch\/2022-2023\/fokus\/institut-digitale-und-informatische-bildung\/\">Institut Digitale und Informatische Bildung<\/a><\/h3>\t\t\t\t<\/div>\n\t\t\t<\/div>\n\t\t<\/div>\n\t\t\t\t<div class=\"raven-grid-item raven-post-item post-1285 page type-page status-publish has-post-thumbnail hentry\">\n\t\t\t<div class=\"raven-post elementor-animation-grow\">\n\t\t\t\t\t\t<div class=\"raven-post-image-wrap\">\n\t\t\t<a class=\"raven-post-image raven-image-fit\" href=\"https:\/\/phsg-forschungsbericht.ch\/2022-2023\/beteiligung-am-wissenschaftlichen-diskurs\/\"><img decoding=\"async\" width=\"1200\" height=\"630\" src=\"https:\/\/phsg-forschungsbericht.ch\/2022-2023\/wp-content\/uploads\/sites\/3\/phsg-forschungsbericht-weitere-themen-beteiligung-am-wissenschaftlichen-diskurs.jpg\" class=\"attachment-large size-large wp-image-4048\" alt=\"\" srcset=\"https:\/\/phsg-forschungsbericht.ch\/2022-2023\/wp-content\/uploads\/sites\/3\/phsg-forschungsbericht-weitere-themen-beteiligung-am-wissenschaftlichen-diskurs.jpg 1200w, https:\/\/phsg-forschungsbericht.ch\/2022-2023\/wp-content\/uploads\/sites\/3\/phsg-forschungsbericht-weitere-themen-beteiligung-am-wissenschaftlichen-diskurs-768x403.jpg 768w\" sizes=\"(max-width: 1200px) 100vw, 1200px\" \/> <span class=\"raven-post-image-overlay\"><\/span><\/a>\t\t<\/div>\n\t\t\t\t\t\t<div class=\"raven-post-content\">\n\t\t\t\t\t<h3 class=\"raven-post-title\"><a class=\"raven-post-title-link\" href=\"https:\/\/phsg-forschungsbericht.ch\/2022-2023\/beteiligung-am-wissenschaftlichen-diskurs\/\">Beteiligung am wissenschaftlichen Diskurs<\/a><\/h3>\t\t\t\t<\/div>\n\t\t\t<\/div>\n\t\t<\/div>\n\t\t\t\t<\/div>\n\t\t\t\t<\/div>\n\t\t\t\t<\/div>\n\t\t\t\t<div class=\"elementor-element elementor-element-80ca684 elementor-widget elementor-widget-spacer\" data-id=\"80ca684\" data-element_type=\"widget\" data-widget_type=\"spacer.default\">\n\t\t\t\t<div class=\"elementor-widget-container\">\n\t\t\t\t\t<div class=\"elementor-spacer\">\n\t\t\t<div class=\"elementor-spacer-inner\"><\/div>\n\t\t<\/div>\n\t\t\t\t<\/div>\n\t\t\t\t<\/div>\n\t\t\t\t\t<\/div>\n\t\t\t\t<\/div>\n\t\t\t\t<\/div>\n\t\t\t\t<\/div>\n\t\t\t\t<\/div>\n\t\t\t\t<\/div>\n\t\t\t\t<\/div>\n\t\t\t\t\t<\/div>\n\t\t\t\t<\/div>\n\t\t\t\t<\/div>\n\t\t","protected":false},"excerpt":{"rendered":"<p>Fokus Das Institut P\u00e4dagogische Psychologie (IPP-PHSG) befasst sich mit der Diagnostik und der F\u00f6rderung von Kompetenzen bei Sch\u00fclerinnen und Sch\u00fclern mit vielf\u00e4ltigen Lernvoraussetzungen, und dies prim\u00e4r mit digitalen Instrumenten. In der Ausbildung werden Grundlagen des Lernens und der Entwicklung im Kindes- und Jugendalter vermittelt. In Forschungs- und Dienstleistungsprojekten ist das Institut unter anderem an der [&hellip;]<\/p>\n","protected":false},"author":1,"featured_media":4060,"parent":302,"menu_order":0,"comment_status":"closed","ping_status":"closed","template":"elementor_header_footer","meta":{"_acf_changed":false,"footnotes":""},"acf":[],"yoast_head":"<!-- This site is optimized with the Yoast SEO plugin v22.5 - https:\/\/yoast.com\/wordpress\/plugins\/seo\/ -->\n<title>Institut P\u00e4dagogische Psychologie - PHSG Forschungsbericht 2022\/23<\/title>\n<meta name=\"robots\" content=\"index, follow, max-snippet:-1, max-image-preview:large, max-video-preview:-1\" \/>\n<link rel=\"canonical\" href=\"https:\/\/phsg-forschungsbericht.ch\/2022-2023\/fokus\/institut-paedagogische-psychologie\/\" \/>\n<meta property=\"og:locale\" content=\"de_DE\" \/>\n<meta property=\"og:type\" content=\"article\" \/>\n<meta property=\"og:title\" content=\"Institut P\u00e4dagogische Psychologie - PHSG Forschungsbericht 2022\/23\" \/>\n<meta property=\"og:description\" content=\"Fokus Das Institut P\u00e4dagogische Psychologie (IPP-PHSG) befasst sich mit der Diagnostik und der F\u00f6rderung von Kompetenzen bei Sch\u00fclerinnen und Sch\u00fclern mit vielf\u00e4ltigen Lernvoraussetzungen, und dies prim\u00e4r mit digitalen Instrumenten. In der Ausbildung werden Grundlagen des Lernens und der Entwicklung im Kindes- und Jugendalter vermittelt. In Forschungs- und Dienstleistungsprojekten ist das Institut unter anderem an der [&hellip;]\" \/>\n<meta property=\"og:url\" content=\"https:\/\/phsg-forschungsbericht.ch\/2022-2023\/fokus\/institut-paedagogische-psychologie\/\" \/>\n<meta property=\"og:site_name\" content=\"PHSG Forschungsbericht 2022\/23\" \/>\n<meta property=\"article:modified_time\" content=\"2024-05-06T09:08:44+00:00\" \/>\n<meta property=\"og:image\" content=\"https:\/\/phsg-forschungsbericht.ch\/2022-2023\/wp-content\/uploads\/sites\/3\/phsg-forschungsbericht-weitere-themen-fokus-ipp.jpg\" \/>\n\t<meta property=\"og:image:width\" content=\"1200\" \/>\n\t<meta property=\"og:image:height\" content=\"630\" \/>\n\t<meta property=\"og:image:type\" content=\"image\/jpeg\" \/>\n<meta name=\"twitter:card\" content=\"summary_large_image\" \/>\n<meta name=\"twitter:label1\" content=\"Gesch\u00e4tzte Lesezeit\" \/>\n\t<meta name=\"twitter:data1\" content=\"22\u00a0Minuten\" \/>\n<script type=\"application\/ld+json\" class=\"yoast-schema-graph\">{\"@context\":\"https:\/\/schema.org\",\"@graph\":[{\"@type\":\"WebPage\",\"@id\":\"https:\/\/phsg-forschungsbericht.ch\/2022-2023\/fokus\/institut-paedagogische-psychologie\/\",\"url\":\"https:\/\/phsg-forschungsbericht.ch\/2022-2023\/fokus\/institut-paedagogische-psychologie\/\",\"name\":\"Institut P\u00e4dagogische Psychologie - PHSG Forschungsbericht 2022\/23\",\"isPartOf\":{\"@id\":\"https:\/\/phsg-forschungsbericht.ch\/2022-2023\/#website\"},\"primaryImageOfPage\":{\"@id\":\"https:\/\/phsg-forschungsbericht.ch\/2022-2023\/fokus\/institut-paedagogische-psychologie\/#primaryimage\"},\"image\":{\"@id\":\"https:\/\/phsg-forschungsbericht.ch\/2022-2023\/fokus\/institut-paedagogische-psychologie\/#primaryimage\"},\"thumbnailUrl\":\"https:\/\/phsg-forschungsbericht.ch\/2022-2023\/wp-content\/uploads\/sites\/3\/phsg-forschungsbericht-weitere-themen-fokus-ipp.jpg\",\"datePublished\":\"2022-04-26T07:13:48+00:00\",\"dateModified\":\"2024-05-06T09:08:44+00:00\",\"breadcrumb\":{\"@id\":\"https:\/\/phsg-forschungsbericht.ch\/2022-2023\/fokus\/institut-paedagogische-psychologie\/#breadcrumb\"},\"inLanguage\":\"de\",\"potentialAction\":[{\"@type\":\"ReadAction\",\"target\":[\"https:\/\/phsg-forschungsbericht.ch\/2022-2023\/fokus\/institut-paedagogische-psychologie\/\"]}]},{\"@type\":\"ImageObject\",\"inLanguage\":\"de\",\"@id\":\"https:\/\/phsg-forschungsbericht.ch\/2022-2023\/fokus\/institut-paedagogische-psychologie\/#primaryimage\",\"url\":\"https:\/\/phsg-forschungsbericht.ch\/2022-2023\/wp-content\/uploads\/sites\/3\/phsg-forschungsbericht-weitere-themen-fokus-ipp.jpg\",\"contentUrl\":\"https:\/\/phsg-forschungsbericht.ch\/2022-2023\/wp-content\/uploads\/sites\/3\/phsg-forschungsbericht-weitere-themen-fokus-ipp.jpg\",\"width\":1200,\"height\":630},{\"@type\":\"BreadcrumbList\",\"@id\":\"https:\/\/phsg-forschungsbericht.ch\/2022-2023\/fokus\/institut-paedagogische-psychologie\/#breadcrumb\",\"itemListElement\":[{\"@type\":\"ListItem\",\"position\":1,\"name\":\"Startseite\",\"item\":\"https:\/\/phsg-forschungsbericht.ch\/2022-2023\/\"},{\"@type\":\"ListItem\",\"position\":2,\"name\":\"Fokus\",\"item\":\"https:\/\/phsg-forschungsbericht.ch\/2022-2023\/fokus\/\"},{\"@type\":\"ListItem\",\"position\":3,\"name\":\"Institut P\u00e4dagogische Psychologie\"}]},{\"@type\":\"WebSite\",\"@id\":\"https:\/\/phsg-forschungsbericht.ch\/2022-2023\/#website\",\"url\":\"https:\/\/phsg-forschungsbericht.ch\/2022-2023\/\",\"name\":\"PHSG Forschungsbericht 2022\/23\",\"description\":\"\",\"potentialAction\":[{\"@type\":\"SearchAction\",\"target\":{\"@type\":\"EntryPoint\",\"urlTemplate\":\"https:\/\/phsg-forschungsbericht.ch\/2022-2023\/?s={search_term_string}\"},\"query-input\":\"required name=search_term_string\"}],\"inLanguage\":\"de\"}]}<\/script>\n<!-- \/ Yoast SEO plugin. -->","yoast_head_json":{"title":"Institut P\u00e4dagogische Psychologie - PHSG Forschungsbericht 2022\/23","robots":{"index":"index","follow":"follow","max-snippet":"max-snippet:-1","max-image-preview":"max-image-preview:large","max-video-preview":"max-video-preview:-1"},"canonical":"https:\/\/phsg-forschungsbericht.ch\/2022-2023\/fokus\/institut-paedagogische-psychologie\/","og_locale":"de_DE","og_type":"article","og_title":"Institut P\u00e4dagogische Psychologie - PHSG Forschungsbericht 2022\/23","og_description":"Fokus Das Institut P\u00e4dagogische Psychologie (IPP-PHSG) befasst sich mit der Diagnostik und der F\u00f6rderung von Kompetenzen bei Sch\u00fclerinnen und Sch\u00fclern mit vielf\u00e4ltigen Lernvoraussetzungen, und dies prim\u00e4r mit digitalen Instrumenten. In der Ausbildung werden Grundlagen des Lernens und der Entwicklung im Kindes- und Jugendalter vermittelt. In Forschungs- und Dienstleistungsprojekten ist das Institut unter anderem an der [&hellip;]","og_url":"https:\/\/phsg-forschungsbericht.ch\/2022-2023\/fokus\/institut-paedagogische-psychologie\/","og_site_name":"PHSG Forschungsbericht 2022\/23","article_modified_time":"2024-05-06T09:08:44+00:00","og_image":[{"width":1200,"height":630,"url":"https:\/\/phsg-forschungsbericht.ch\/2022-2023\/wp-content\/uploads\/sites\/3\/phsg-forschungsbericht-weitere-themen-fokus-ipp.jpg","type":"image\/jpeg"}],"twitter_card":"summary_large_image","twitter_misc":{"Gesch\u00e4tzte Lesezeit":"22\u00a0Minuten"},"schema":{"@context":"https:\/\/schema.org","@graph":[{"@type":"WebPage","@id":"https:\/\/phsg-forschungsbericht.ch\/2022-2023\/fokus\/institut-paedagogische-psychologie\/","url":"https:\/\/phsg-forschungsbericht.ch\/2022-2023\/fokus\/institut-paedagogische-psychologie\/","name":"Institut P\u00e4dagogische Psychologie - PHSG Forschungsbericht 2022\/23","isPartOf":{"@id":"https:\/\/phsg-forschungsbericht.ch\/2022-2023\/#website"},"primaryImageOfPage":{"@id":"https:\/\/phsg-forschungsbericht.ch\/2022-2023\/fokus\/institut-paedagogische-psychologie\/#primaryimage"},"image":{"@id":"https:\/\/phsg-forschungsbericht.ch\/2022-2023\/fokus\/institut-paedagogische-psychologie\/#primaryimage"},"thumbnailUrl":"https:\/\/phsg-forschungsbericht.ch\/2022-2023\/wp-content\/uploads\/sites\/3\/phsg-forschungsbericht-weitere-themen-fokus-ipp.jpg","datePublished":"2022-04-26T07:13:48+00:00","dateModified":"2024-05-06T09:08:44+00:00","breadcrumb":{"@id":"https:\/\/phsg-forschungsbericht.ch\/2022-2023\/fokus\/institut-paedagogische-psychologie\/#breadcrumb"},"inLanguage":"de","potentialAction":[{"@type":"ReadAction","target":["https:\/\/phsg-forschungsbericht.ch\/2022-2023\/fokus\/institut-paedagogische-psychologie\/"]}]},{"@type":"ImageObject","inLanguage":"de","@id":"https:\/\/phsg-forschungsbericht.ch\/2022-2023\/fokus\/institut-paedagogische-psychologie\/#primaryimage","url":"https:\/\/phsg-forschungsbericht.ch\/2022-2023\/wp-content\/uploads\/sites\/3\/phsg-forschungsbericht-weitere-themen-fokus-ipp.jpg","contentUrl":"https:\/\/phsg-forschungsbericht.ch\/2022-2023\/wp-content\/uploads\/sites\/3\/phsg-forschungsbericht-weitere-themen-fokus-ipp.jpg","width":1200,"height":630},{"@type":"BreadcrumbList","@id":"https:\/\/phsg-forschungsbericht.ch\/2022-2023\/fokus\/institut-paedagogische-psychologie\/#breadcrumb","itemListElement":[{"@type":"ListItem","position":1,"name":"Startseite","item":"https:\/\/phsg-forschungsbericht.ch\/2022-2023\/"},{"@type":"ListItem","position":2,"name":"Fokus","item":"https:\/\/phsg-forschungsbericht.ch\/2022-2023\/fokus\/"},{"@type":"ListItem","position":3,"name":"Institut P\u00e4dagogische Psychologie"}]},{"@type":"WebSite","@id":"https:\/\/phsg-forschungsbericht.ch\/2022-2023\/#website","url":"https:\/\/phsg-forschungsbericht.ch\/2022-2023\/","name":"PHSG Forschungsbericht 2022\/23","description":"","potentialAction":[{"@type":"SearchAction","target":{"@type":"EntryPoint","urlTemplate":"https:\/\/phsg-forschungsbericht.ch\/2022-2023\/?s={search_term_string}"},"query-input":"required name=search_term_string"}],"inLanguage":"de"}]}},"_links":{"self":[{"href":"https:\/\/phsg-forschungsbericht.ch\/2022-2023\/wp-json\/wp\/v2\/pages\/1070"}],"collection":[{"href":"https:\/\/phsg-forschungsbericht.ch\/2022-2023\/wp-json\/wp\/v2\/pages"}],"about":[{"href":"https:\/\/phsg-forschungsbericht.ch\/2022-2023\/wp-json\/wp\/v2\/types\/page"}],"author":[{"embeddable":true,"href":"https:\/\/phsg-forschungsbericht.ch\/2022-2023\/wp-json\/wp\/v2\/users\/1"}],"replies":[{"embeddable":true,"href":"https:\/\/phsg-forschungsbericht.ch\/2022-2023\/wp-json\/wp\/v2\/comments?post=1070"}],"version-history":[{"count":112,"href":"https:\/\/phsg-forschungsbericht.ch\/2022-2023\/wp-json\/wp\/v2\/pages\/1070\/revisions"}],"predecessor-version":[{"id":4766,"href":"https:\/\/phsg-forschungsbericht.ch\/2022-2023\/wp-json\/wp\/v2\/pages\/1070\/revisions\/4766"}],"up":[{"embeddable":true,"href":"https:\/\/phsg-forschungsbericht.ch\/2022-2023\/wp-json\/wp\/v2\/pages\/302"}],"wp:featuredmedia":[{"embeddable":true,"href":"https:\/\/phsg-forschungsbericht.ch\/2022-2023\/wp-json\/wp\/v2\/media\/4060"}],"wp:attachment":[{"href":"https:\/\/phsg-forschungsbericht.ch\/2022-2023\/wp-json\/wp\/v2\/media?parent=1070"}],"curies":[{"name":"wp","href":"https:\/\/api.w.org\/{rel}","templated":true}]}}