{"id":1100,"date":"2022-04-26T10:34:50","date_gmt":"2022-04-26T08:34:50","guid":{"rendered":"https:\/\/phsg-forschungsbericht.ch\/24-25\/?page_id=1100"},"modified":"2024-04-26T09:30:31","modified_gmt":"2024-04-26T07:30:31","slug":"institut-mathematische-naturwissenschaftliche-und-technische-bildung","status":"publish","type":"page","link":"https:\/\/phsg-forschungsbericht.ch\/2022-2023\/fokus\/institut-mathematische-naturwissenschaftliche-und-technische-bildung\/","title":{"rendered":"Institut Mathematische, Naturwissenschaftliche und Technische Bildung"},"content":{"rendered":"\t\t<div data-elementor-type=\"wp-page\" data-elementor-id=\"1100\" class=\"elementor elementor-1100\" data-elementor-post-type=\"page\">\n\t\t\t\t<div class=\"elementor-element elementor-element-c2cee97 e-flex e-con-boxed e-con e-parent\" data-id=\"c2cee97\" data-element_type=\"container\" data-settings=\"{&quot;jet_parallax_layout_list&quot;:[]}\">\n\t\t\t\t\t<div class=\"e-con-inner\">\n\t\t<div class=\"elementor-element elementor-element-721850e e-con-full e-flex e-con e-child\" data-id=\"721850e\" data-element_type=\"container\" data-settings=\"{&quot;jet_parallax_layout_list&quot;:[]}\">\n\t\t\t\t<div class=\"elementor-element elementor-element-49ef5bf elementor-widget elementor-widget-heading\" data-id=\"49ef5bf\" data-element_type=\"widget\" data-widget_type=\"heading.default\">\n\t\t\t\t<div class=\"elementor-widget-container\">\n\t\t\t<h3 class=\"elementor-heading-title elementor-size-default\">Fokus<\/h3>\t\t<\/div>\n\t\t\t\t<\/div>\n\t\t\t\t<div class=\"elementor-element elementor-element-0651dc7 elementor-widget-divider--view-line elementor-widget elementor-widget-divider\" data-id=\"0651dc7\" data-element_type=\"widget\" data-widget_type=\"divider.default\">\n\t\t\t\t<div class=\"elementor-widget-container\">\n\t\t\t\t\t<div class=\"elementor-divider\">\n\t\t\t<span class=\"elementor-divider-separator\">\n\t\t\t\t\t\t<\/span>\n\t\t<\/div>\n\t\t\t\t<\/div>\n\t\t\t\t<\/div>\n\t\t\t\t<div class=\"elementor-element elementor-element-11e67eb elementor-widget elementor-widget-heading\" data-id=\"11e67eb\" data-element_type=\"widget\" data-widget_type=\"heading.default\">\n\t\t\t\t<div class=\"elementor-widget-container\">\n\t\t\t<h1 class=\"elementor-heading-title elementor-size-default\">Institut Mathematische, Naturwissen&shy;schaftliche und Technische Bildung<\/h1>\t\t<\/div>\n\t\t\t\t<\/div>\n\t\t\t\t<div class=\"elementor-element elementor-element-4bdef4b elementor-widget elementor-widget-heading\" data-id=\"4bdef4b\" data-element_type=\"widget\" data-widget_type=\"heading.default\">\n\t\t\t\t<div class=\"elementor-widget-container\">\n\t\t\t<h3 class=\"elementor-heading-title elementor-size-default\">Das Institut Mathematische, Naturwissenschaftliche und Technische Bildung (IMNT) ist die Anlaufstelle f\u00fcr Themen der F\u00e4cher Mathematik, NT (Natur und Technik) und NMG (Natur, Mensch, Gesellschaft). Neben der Aus- und Weiterbildung von Lehrpersonen der Volksschule besch\u00e4ftigt sich das Institut in diversen und vielf\u00e4ltigen Projekten mit praxisrelevanten Fragen der entsprechenden Fachdidaktiken. Dabei werden Umwelt- und Inklusionsthemen ebenso fokussiert wie innovative MINT-Ans\u00e4tze. Das IMNT achtet auf einen stark ausgepr\u00e4gten Praxisbezug, hohe fachliche und methodische Qualit\u00e4t und eine fundierte Wissenschaftskommunikation.<\/h3>\t\t<\/div>\n\t\t\t\t<\/div>\n\t\t\t\t<\/div>\n\t\t\t\t\t<\/div>\n\t\t\t\t<\/div>\n\t\t<div class=\"elementor-element elementor-element-38b1583 e-con-full e-flex e-con e-parent\" data-id=\"38b1583\" data-element_type=\"container\" data-settings=\"{&quot;jet_parallax_layout_list&quot;:[],&quot;background_background&quot;:&quot;classic&quot;}\">\n\t\t<div class=\"elementor-element elementor-element-35df02c e-con-full e-flex e-con e-child\" data-id=\"35df02c\" data-element_type=\"container\" data-settings=\"{&quot;jet_parallax_layout_list&quot;:[]}\">\n\t\t\t\t<\/div>\n\t\t\t\t<\/div>\n\t\t<div class=\"elementor-element elementor-element-98afcf1 e-flex e-con-boxed e-con e-parent\" data-id=\"98afcf1\" data-element_type=\"container\" data-settings=\"{&quot;jet_parallax_layout_list&quot;:[]}\">\n\t\t\t\t\t<div class=\"e-con-inner\">\n\t\t<div class=\"elementor-element elementor-element-5d058fc e-con-full e-flex e-con e-child\" data-id=\"5d058fc\" data-element_type=\"container\" data-settings=\"{&quot;jet_parallax_layout_list&quot;:[]}\">\n\t\t\t\t<div class=\"elementor-element elementor-element-86f40c8 elementor-widget elementor-widget-heading\" data-id=\"86f40c8\" data-element_type=\"widget\" data-widget_type=\"heading.default\">\n\t\t\t\t<div class=\"elementor-widget-container\">\n\t\t\t<h2 class=\"elementor-heading-title elementor-size-default\">Verst\u00e4ndnis von Aspekten der Nature of Science und Umgang mit Fehlern<\/h2>\t\t<\/div>\n\t\t\t\t<\/div>\n\t\t\t\t<div class=\"elementor-element elementor-element-7d14f43 elementor-widget elementor-widget-text-editor\" data-id=\"7d14f43\" data-element_type=\"widget\" data-widget_type=\"text-editor.default\">\n\t\t\t\t<div class=\"elementor-widget-container\">\n\t\t\t\t\t\t\t<p>Fehlermachen ist Teil der naturwissenschaftlichen Erkenntnisgewinnung und damit der Nature of Science (NOS). NOS wird mit dem Kompetenzbereich \u00abNT1\u00bb im Lehrplan\u00a021 ber\u00fccksichtigt. Deshalb werden Fehler und ein ad\u00e4quater Umgang damit f\u00fcr Lehrpersonen bedeutsam.<\/p><p>Fehler in NOS werden noch immer unzureichend beachtet. Empirische Ergebnisse zum Zusammenhang zwischen NOS und dem Umgang mit Fehlern im Kontext des MINT-Unterrichts fehlen. Daher wurde untersucht, inwiefern das Verst\u00e4ndnis der Sch\u00fclerinnen und Sch\u00fcler von NOS-Aspekten deren Umgang mit Fehlern beeinflusst.<\/p><p>Zur Kl\u00e4rung dieser Forschungsfrage wurden 269\u00a0Sch\u00fclerinnen und Sch\u00fcler der Sekundarstufe\u00a0I im Rahmen des Smartfeld-Tagesworkshops \u00abKreativit\u00e4t in Natur und Technik \u2013 Smarte Textilien\u00bb mit einem Fragebogen zum Verst\u00e4ndnis von NOS-Aspekten und zum Umgang mit Fehlern befragt. Beim Verst\u00e4ndnis von NOS-Aspekten wurden die NOS-Aspekte \u00abWissen ist vorl\u00e4ufig, aber best\u00e4ndig\u00bb, \u00abBedeutung des Fehlermachens beim Experimentieren\u00bb sowie \u00abKreativit\u00e4t\u00bb erfragt. Der Umgang mit Fehlern wurde mit den Skalen \u00abFehlerlernorientierung\u00bb und \u00abAffektiv-motivationale Reaktionen auf Fehler\u00bb erhoben.<\/p><p>Zur Auswertung der Daten wurden verschiedene Strukturgleichungsmodelle berechnet. Das Verst\u00e4ndnis von NOS-Aspekten wurde als unabh\u00e4ngige Variable betrachtet, w\u00e4hrend die Fehlerlernorientierung und die affektiv-motivationalen Reaktionen auf Fehler als abh\u00e4ngige Variablen dienten. Die Ergebnisse zeigten, dass Sch\u00fclerinnen und Sch\u00fcler mit einem ad\u00e4quaten Verst\u00e4ndnis der untersuchten NOS-Aspekte Fehler als Lernchance betrachten und positive affektiv-motivationale Reaktionen berichtet hatten. Zudem fungierte die Fehlerlernorientierung als Vermittlerin zwischen dem NOS-Verst\u00e4ndnis und den affektiv-motivationalen Reaktionen auf Fehler. Die Erkenntnisse deuten darauf hin, dass eine st\u00e4rkere Verbindung zwischen allgemeiner und fachspezifischer Didaktik entscheidend ist, um die Lehr- und Lernprozesse im MINT-Unterricht zu optimieren.<\/p>\t\t\t\t\t\t<\/div>\n\t\t\t\t<\/div>\n\t\t\t\t<div class=\"elementor-element elementor-element-ff87a50 elementor-widget elementor-widget-spacer\" data-id=\"ff87a50\" data-element_type=\"widget\" data-widget_type=\"spacer.default\">\n\t\t\t\t<div class=\"elementor-widget-container\">\n\t\t\t\t\t<div class=\"elementor-spacer\">\n\t\t\t<div class=\"elementor-spacer-inner\"><\/div>\n\t\t<\/div>\n\t\t\t\t<\/div>\n\t\t\t\t<\/div>\n\t\t\t\t<div class=\"elementor-element elementor-element-8e7222d elementor-widget elementor-widget-text-editor\" data-id=\"8e7222d\" data-element_type=\"widget\" data-widget_type=\"text-editor.default\">\n\t\t\t\t<div class=\"elementor-widget-container\">\n\t\t\t\t\t\t\t<p class=\"p1\">Methodik: Fragebogenerhebung<\/p>\t\t\t\t\t\t<\/div>\n\t\t\t\t<\/div>\n\t\t\t\t<div class=\"elementor-element elementor-element-57ffbba elementor-widget elementor-widget-spacer\" data-id=\"57ffbba\" data-element_type=\"widget\" data-widget_type=\"spacer.default\">\n\t\t\t\t<div class=\"elementor-widget-container\">\n\t\t\t\t\t<div class=\"elementor-spacer\">\n\t\t\t<div class=\"elementor-spacer-inner\"><\/div>\n\t\t<\/div>\n\t\t\t\t<\/div>\n\t\t\t\t<\/div>\n\t\t\t\t<div class=\"elementor-element elementor-element-3db0da7 elementor-widget elementor-widget-text-editor\" data-id=\"3db0da7\" data-element_type=\"widget\" data-widget_type=\"text-editor.default\">\n\t\t\t\t<div class=\"elementor-widget-container\">\n\t\t\t\t\t\t\t<p><strong>Kooperation<br \/><\/strong>Universit\u00e4t Salzburg<\/p>\t\t\t\t\t\t<\/div>\n\t\t\t\t<\/div>\n\t\t\t\t<div class=\"elementor-element elementor-element-c103a82 elementor-widget elementor-widget-text-editor\" data-id=\"c103a82\" data-element_type=\"widget\" data-widget_type=\"text-editor.default\">\n\t\t\t\t<div class=\"elementor-widget-container\">\n\t\t\t\t\t\t\t<p><strong>Laufzeit<br \/><\/strong>2019 bis 2023<\/p>\t\t\t\t\t\t<\/div>\n\t\t\t\t<\/div>\n\t\t\t\t<div class=\"elementor-element elementor-element-b878b28 elementor-widget elementor-widget-text-editor\" data-id=\"b878b28\" data-element_type=\"widget\" data-widget_type=\"text-editor.default\">\n\t\t\t\t<div class=\"elementor-widget-container\">\n\t\t\t\t\t\t\t<p><strong>Finanzierung<\/strong><br \/>PHSG, Smartfeld<\/p>\t\t\t\t\t\t<\/div>\n\t\t\t\t<\/div>\n\t\t\t\t<div class=\"elementor-element elementor-element-b385559 elementor-widget elementor-widget-text-editor\" data-id=\"b385559\" data-element_type=\"widget\" data-widget_type=\"text-editor.default\">\n\t\t\t\t<div class=\"elementor-widget-container\">\n\t\t\t\t\t\t\t<p><strong>Leitung<\/strong><br \/>Rahel Schmid (PHSG)<\/p>\t\t\t\t\t\t<\/div>\n\t\t\t\t<\/div>\n\t\t\t\t<div class=\"elementor-element elementor-element-724c76f elementor-widget elementor-widget-text-editor\" data-id=\"724c76f\" data-element_type=\"widget\" data-widget_type=\"text-editor.default\">\n\t\t\t\t<div class=\"elementor-widget-container\">\n\t\t\t\t\t\t\t<p><strong>Team<br \/><\/strong>Nicolas Robin (PHSG), Alexander Strahl (Uni Salzburg)<\/p>\t\t\t\t\t\t<\/div>\n\t\t\t\t<\/div>\n\t\t\t\t<div class=\"elementor-element elementor-element-7a9d0d7 elementor-widget elementor-widget-text-editor\" data-id=\"7a9d0d7\" data-element_type=\"widget\" data-widget_type=\"text-editor.default\">\n\t\t\t\t<div class=\"elementor-widget-container\">\n\t\t\t\t\t\t\t<p><strong>Literaturhinweise\/Publikationen<br \/><\/strong>Schmid, R. (im Druck). <em>Verst\u00e4ndnis von Nature of Science-Aspekten und Umgang mit Fehlern von Sch\u00fcler*innen der Sekundarstufe\u00a0I \u2013 Am Beispiel von digital-basierten Lernprozessen im informellen Lernsetting Smartfeld<\/em> (Studien zum Physik- und Chemielernen). Berlin: Logos.<\/p><p>Schmid, R., Robin, N., Smit, R. &amp; Strahl, A. (2022). The influence of error learning orientation on intrinsic motivation for visual programming in STEM Education. <em>European Journal of STEM Education, 7<\/em>(1), Artikel\u00a005.<br \/><span style=\"color: #62a8e5;\"><a style=\"color: #62a8e5;\" href=\"https:\/\/doi.org\/10.20897\/ejsteme\/12477\" target=\"_blank\" rel=\"noopener\">Zur Publikation<\/a><\/span><\/p>\t\t\t\t\t\t<\/div>\n\t\t\t\t<\/div>\n\t\t\t\t<div class=\"elementor-element elementor-element-36bd387 elementor-widget elementor-widget-heading\" data-id=\"36bd387\" data-element_type=\"widget\" data-widget_type=\"heading.default\">\n\t\t\t\t<div class=\"elementor-widget-container\">\n\t\t\t<p class=\"elementor-heading-title elementor-size-default\"><a href=\"https:\/\/www.phsg.ch\/de\/forschung-entwicklung\/projekte\/nos-verstaendnis-und-umgang-mit-fehlern-von-schuelerinnen-der-sekundarstufe-i\" target=\"_blank\">Zum Projekt<\/a><\/p>\t\t<\/div>\n\t\t\t\t<\/div>\n\t\t\t\t<\/div>\n\t\t\t\t\t<\/div>\n\t\t\t\t<\/div>\n\t\t<div class=\"elementor-element elementor-element-095b388 e-flex e-con-boxed e-con e-parent\" data-id=\"095b388\" data-element_type=\"container\" data-settings=\"{&quot;jet_parallax_layout_list&quot;:[]}\">\n\t\t\t\t\t<div class=\"e-con-inner\">\n\t\t<div class=\"elementor-element elementor-element-d31595d e-con-full e-flex e-con e-child\" data-id=\"d31595d\" data-element_type=\"container\" data-settings=\"{&quot;jet_parallax_layout_list&quot;:[]}\">\n\t\t\t\t<div class=\"elementor-element elementor-element-10d2439 elementor-widget elementor-widget-image\" data-id=\"10d2439\" data-element_type=\"widget\" data-widget_type=\"image.default\">\n\t\t\t\t<div class=\"elementor-widget-container\">\n\t\t\t\t\t\t\t\t\t\t\t\t\t<img fetchpriority=\"high\" decoding=\"async\" width=\"2000\" height=\"1333\" src=\"https:\/\/phsg-forschungsbericht.ch\/2022-2023\/wp-content\/uploads\/sites\/3\/phsg-forschungsbericht-fokus-imnt-workshop.jpg\" class=\"attachment-large size-large wp-image-4139\" alt=\"\" srcset=\"https:\/\/phsg-forschungsbericht.ch\/2022-2023\/wp-content\/uploads\/sites\/3\/phsg-forschungsbericht-fokus-imnt-workshop.jpg 2000w, https:\/\/phsg-forschungsbericht.ch\/2022-2023\/wp-content\/uploads\/sites\/3\/phsg-forschungsbericht-fokus-imnt-workshop-768x512.jpg 768w, https:\/\/phsg-forschungsbericht.ch\/2022-2023\/wp-content\/uploads\/sites\/3\/phsg-forschungsbericht-fokus-imnt-workshop-1536x1024.jpg 1536w\" sizes=\"(max-width: 2000px) 100vw, 2000px\" \/>\t\t\t\t\t\t\t\t\t\t\t\t\t<\/div>\n\t\t\t\t<\/div>\n\t\t\t\t<\/div>\n\t\t<div class=\"elementor-element elementor-element-c9d6207 e-flex e-con-boxed e-con e-child\" data-id=\"c9d6207\" data-element_type=\"container\" data-settings=\"{&quot;jet_parallax_layout_list&quot;:[]}\">\n\t\t\t\t\t<div class=\"e-con-inner\">\n\t\t\t\t<div class=\"elementor-element elementor-element-cca89c1 elementor-widget elementor-widget-text-editor\" data-id=\"cca89c1\" data-element_type=\"widget\" data-widget_type=\"text-editor.default\">\n\t\t\t\t<div class=\"elementor-widget-container\">\n\t\t\t\t\t\t\t<p class=\"p1\">(Fotograf: Leo Boesinger)<\/p>\t\t\t\t\t\t<\/div>\n\t\t\t\t<\/div>\n\t\t\t\t\t<\/div>\n\t\t\t\t<\/div>\n\t\t\t\t\t<\/div>\n\t\t\t\t<\/div>\n\t\t<div class=\"elementor-element elementor-element-011801f e-flex e-con-boxed e-con e-parent\" data-id=\"011801f\" data-element_type=\"container\" data-settings=\"{&quot;jet_parallax_layout_list&quot;:[]}\">\n\t\t\t\t\t<div class=\"e-con-inner\">\n\t\t<div class=\"elementor-element elementor-element-38124a3 e-con-full e-flex e-con e-child\" data-id=\"38124a3\" data-element_type=\"container\" data-settings=\"{&quot;jet_parallax_layout_list&quot;:[]}\">\n\t\t\t\t<div class=\"elementor-element elementor-element-3938ace elementor-widget elementor-widget-jet-accordion\" data-id=\"3938ace\" data-element_type=\"widget\" data-widget_type=\"jet-accordion.default\">\n\t\t\t\t<div class=\"elementor-widget-container\">\n\t\t\t\t\t<div class=\"jet-accordion\" data-settings=\"{&quot;collapsible&quot;:false,&quot;ajaxTemplate&quot;:false,&quot;switchScrolling&quot;:false,&quot;switchScrollingOffset&quot;:0,&quot;switchScrollingDelay&quot;:500}\">\n\t\t\t<div class=\"jet-accordion__inner\">\n\t\t\t\t<div class=\"jet-accordion__item jet-toggle jet-toggle-move-up-effect \">\n\t\t\t\t\t\t\t<div id=\"jet-toggle-control-6001\" class=\"jet-toggle__control elementor-menu-anchor\" data-toggle=\"1\" role=\"button\" tabindex=\"0\" aria-controls=\"jet-toggle-content-6001\" aria-expanded=\"false\" data-template-id=\"1434\">\n\t\t\t\t\t\t\t\t<div class=\"jet-toggle__label-icon jet-toggle-icon-position-left\"><span class=\"jet-toggle__icon icon-normal jet-tabs-icon\"><i class=\"fas fa-plus\"><\/i><\/span><span class=\"jet-toggle__icon icon-active jet-tabs-icon\"><i class=\"fas fa-minus\"><\/i><\/span><\/div><div class=\"jet-toggle__label-text\">BioDivSchool-WebApp: Biodiversit\u00e4t mit einer WebApp auf Schulgel\u00e4nden f\u00f6rdern<\/div>\t\t\t\t\t\t\t<\/div>\n\t\t\t\t\t\t\t<div id=\"jet-toggle-content-6001\" class=\"jet-toggle__content\" data-toggle=\"1\" role=\"region\" data-template-id=\"1434\">\n\t\t\t\t\t\t\t\t<div class=\"jet-toggle__content-inner\">\t\t<div data-elementor-type=\"page\" data-elementor-id=\"1434\" class=\"elementor elementor-1434\" data-elementor-post-type=\"elementor_library\">\n\t\t\t\t\t\t<section class=\"elementor-section elementor-top-section elementor-element elementor-element-3bd2024 elementor-section-boxed elementor-section-height-default elementor-section-height-default\" data-id=\"3bd2024\" data-element_type=\"section\" data-settings=\"{&quot;jet_parallax_layout_list&quot;:[],&quot;background_background&quot;:&quot;classic&quot;}\">\n\t\t\t\t\t\t<div class=\"elementor-container elementor-column-gap-default\">\n\t\t\t\t\t<div class=\"elementor-column elementor-col-100 elementor-top-column elementor-element elementor-element-7853b75\" data-id=\"7853b75\" data-element_type=\"column\">\n\t\t\t<div class=\"elementor-widget-wrap elementor-element-populated\">\n\t\t\t\t\t\t<div class=\"elementor-element elementor-element-93146ba elementor-widget elementor-widget-text-editor\" data-id=\"93146ba\" data-element_type=\"widget\" data-widget_type=\"text-editor.default\">\n\t\t\t\t<div class=\"elementor-widget-container\">\n\t\t\t\t\t\t\t<p>Die BioDivSchool-WebApp zur Erfassung des \u00f6kologischen Potenzials einer Untersuchungsfl\u00e4che ist nun in vier Sprachen verf\u00fcgbar. Ein kurzes Manual erkl\u00e4rt die verschiedenen Funktionen. Die BioDivSchool-WebApp l\u00e4sst sich mithilfe der dazugeh\u00f6rigen, neu erstellten Unterrichtsmaterialien f\u00fcr die Zyklen\u00a02b und\u00a03 (Lektionsplanung, Arbeitsmaterial, Dossier inklusive L\u00f6sungen f\u00fcr Sch\u00fclerinnen und Sch\u00fcler) in den Unterricht einbetten. Diese Unterlagen sind auf Deutsch auch von der entsprechenden GLOBE-Angebotsseite abrufbar. Ein ebenfalls im Rahmen des Projekts erstellter Leitfaden soll Lehrpersonen bei Aufwertungsvorhaben auf dem Schulareal unterst\u00fctzen.<\/p>\t\t\t\t\t\t<\/div>\n\t\t\t\t<\/div>\n\t\t\t\t<div class=\"elementor-element elementor-element-c6d6ec5 elementor-widget elementor-widget-text-editor\" data-id=\"c6d6ec5\" data-element_type=\"widget\" data-widget_type=\"text-editor.default\">\n\t\t\t\t<div class=\"elementor-widget-container\">\n\t\t\t\t\t\t\t<p class=\"p1\"><strong>Kooperation<\/strong><br \/>Verein GLOBE Schweiz, smartTrip<\/p>\t\t\t\t\t\t<\/div>\n\t\t\t\t<\/div>\n\t\t\t\t<div class=\"elementor-element elementor-element-f0e421f elementor-widget elementor-widget-text-editor\" data-id=\"f0e421f\" data-element_type=\"widget\" data-widget_type=\"text-editor.default\">\n\t\t\t\t<div class=\"elementor-widget-container\">\n\t\t\t\t\t\t\t<p class=\"p1\"><strong>Laufzeit<\/strong><br \/>2021 bis 2024<\/p>\t\t\t\t\t\t<\/div>\n\t\t\t\t<\/div>\n\t\t\t\t<div class=\"elementor-element elementor-element-040f904 elementor-widget elementor-widget-text-editor\" data-id=\"040f904\" data-element_type=\"widget\" data-widget_type=\"text-editor.default\">\n\t\t\t\t<div class=\"elementor-widget-container\">\n\t\t\t\t\t\t\t<p><b>Finanzierung<br \/><\/b>MINT Schweiz (Akademien der Wissenschaften Schweiz), Hamasil-Stiftung, Somaha-Stiftung<\/p>\t\t\t\t\t\t<\/div>\n\t\t\t\t<\/div>\n\t\t\t\t<div class=\"elementor-element elementor-element-8edbfc4 elementor-widget elementor-widget-text-editor\" data-id=\"8edbfc4\" data-element_type=\"widget\" data-widget_type=\"text-editor.default\">\n\t\t\t\t<div class=\"elementor-widget-container\">\n\t\t\t\t\t\t\t<p><strong>Leitung<\/strong><br \/>Patrick Kunz (PHSG)<\/p>\t\t\t\t\t\t<\/div>\n\t\t\t\t<\/div>\n\t\t\t\t<div class=\"elementor-element elementor-element-8104739 elementor-widget elementor-widget-text-editor\" data-id=\"8104739\" data-element_type=\"widget\" data-widget_type=\"text-editor.default\">\n\t\t\t\t<div class=\"elementor-widget-container\">\n\t\t\t\t\t\t\t<p><strong>Team<\/strong><br \/>Christian Seiler (smartTrip), Eric Wyss (Verein GLOBE Schweiz)<\/p>\t\t\t\t\t\t<\/div>\n\t\t\t\t<\/div>\n\t\t\t\t<div class=\"elementor-element elementor-element-5912812 elementor-widget elementor-widget-heading\" data-id=\"5912812\" data-element_type=\"widget\" data-widget_type=\"heading.default\">\n\t\t\t\t<div class=\"elementor-widget-container\">\n\t\t\t<p class=\"elementor-heading-title elementor-size-default\"><a href=\"https:\/\/globe-swiss.ch\/de\/Angebote\/BioDivSchool\/\" target=\"_blank\">Zum Projekt<\/a><\/p>\t\t<\/div>\n\t\t\t\t<\/div>\n\t\t\t\t\t<\/div>\n\t\t<\/div>\n\t\t\t\t\t<\/div>\n\t\t<\/section>\n\t\t\t\t<\/div>\n\t\t<\/div>\n\t\t\t\t\t\t\t<\/div>\n\t\t\t\t\t\t<\/div><div class=\"jet-accordion__item jet-toggle jet-toggle-move-up-effect \">\n\t\t\t\t\t\t\t<div id=\"jet-toggle-control-6002\" class=\"jet-toggle__control elementor-menu-anchor\" data-toggle=\"2\" role=\"button\" tabindex=\"0\" aria-controls=\"jet-toggle-content-6002\" aria-expanded=\"false\" data-template-id=\"1430\">\n\t\t\t\t\t\t\t\t<div class=\"jet-toggle__label-icon jet-toggle-icon-position-left\"><span class=\"jet-toggle__icon icon-normal jet-tabs-icon\"><i class=\"fas fa-plus\"><\/i><\/span><span class=\"jet-toggle__icon icon-active jet-tabs-icon\"><i class=\"fas fa-minus\"><\/i><\/span><\/div><div class=\"jet-toggle__label-text\">Gendersensibilisierung in der Ausbildung von Natur- und Technik&shy;lehrpersonen<\/div>\t\t\t\t\t\t\t<\/div>\n\t\t\t\t\t\t\t<div id=\"jet-toggle-content-6002\" class=\"jet-toggle__content\" data-toggle=\"2\" role=\"region\" data-template-id=\"1430\">\n\t\t\t\t\t\t\t\t<div class=\"jet-toggle__content-inner\">\t\t<div data-elementor-type=\"page\" data-elementor-id=\"1430\" class=\"elementor elementor-1430\" data-elementor-post-type=\"elementor_library\">\n\t\t\t\t\t\t<section class=\"elementor-section elementor-top-section elementor-element elementor-element-3bd2024 elementor-section-boxed elementor-section-height-default elementor-section-height-default\" data-id=\"3bd2024\" data-element_type=\"section\" data-settings=\"{&quot;jet_parallax_layout_list&quot;:[],&quot;background_background&quot;:&quot;classic&quot;}\">\n\t\t\t\t\t\t<div class=\"elementor-container elementor-column-gap-default\">\n\t\t\t\t\t<div class=\"elementor-column elementor-col-100 elementor-top-column elementor-element elementor-element-7853b75\" data-id=\"7853b75\" data-element_type=\"column\">\n\t\t\t<div class=\"elementor-widget-wrap elementor-element-populated\">\n\t\t\t\t\t\t<div class=\"elementor-element elementor-element-93146ba elementor-widget elementor-widget-text-editor\" data-id=\"93146ba\" data-element_type=\"widget\" data-widget_type=\"text-editor.default\">\n\t\t\t\t<div class=\"elementor-widget-container\">\n\t\t\t\t\t\t\t<p>In diesem Projekt wurden verschiedene Sensibilisierungsmassnahmen in die Ausbildung von Lehrpersonen des Fachbereichs \u00abNatur und Technik\u00bb integriert. So wird in einem laborpraktischen Modul mit Rollenkarten gearbeitet. In einem anderen Modul wird ein Vignettentest als Ausgangspunkt f\u00fcr eine Diskussion der Genderrollen in Berufswelt und Gesellschaft bearbeitet. Zudem erstellten Studierende eine permanente Posterausstellung mit Portr\u00e4ts zu Frauen in der Wissenschaft. Intern wurde das Projekt mit einer Befragung von Naturwissenschaftsdozierenden abgeschlossen, die von der Gender- und Diversity-Fachstelle durchgef\u00fchrt wurde.<\/p>\t\t\t\t\t\t<\/div>\n\t\t\t\t<\/div>\n\t\t\t\t<div class=\"elementor-element elementor-element-c6d6ec5 elementor-widget elementor-widget-text-editor\" data-id=\"c6d6ec5\" data-element_type=\"widget\" data-widget_type=\"text-editor.default\">\n\t\t\t\t<div class=\"elementor-widget-container\">\n\t\t\t\t\t\t\t<p class=\"p1\"><strong>Kooperation<\/strong><br \/>PHBE, PH FHNW, PHLU, PHSG, PHZH<\/p>\t\t\t\t\t\t<\/div>\n\t\t\t\t<\/div>\n\t\t\t\t<div class=\"elementor-element elementor-element-f850f85 elementor-widget elementor-widget-text-editor\" data-id=\"f850f85\" data-element_type=\"widget\" data-widget_type=\"text-editor.default\">\n\t\t\t\t<div class=\"elementor-widget-container\">\n\t\t\t\t\t\t\t<p class=\"p1\"><strong>Laufzeit<\/strong><br \/>2020 bis 2022 (aufgrund von Covid-19 verl\u00e4ngert bis August 2023)<\/p>\t\t\t\t\t\t<\/div>\n\t\t\t\t<\/div>\n\t\t\t\t<div class=\"elementor-element elementor-element-040f904 elementor-widget elementor-widget-text-editor\" data-id=\"040f904\" data-element_type=\"widget\" data-widget_type=\"text-editor.default\">\n\t\t\t\t<div class=\"elementor-widget-container\">\n\t\t\t\t\t\t\t<p><b>Finanzierung<br \/><\/b>Eidgen\u00f6ssisches B\u00fcro f\u00fcr die Gleichstellung von Frau und Mann<\/p>\t\t\t\t\t\t<\/div>\n\t\t\t\t<\/div>\n\t\t\t\t<div class=\"elementor-element elementor-element-8edbfc4 elementor-widget elementor-widget-text-editor\" data-id=\"8edbfc4\" data-element_type=\"widget\" data-widget_type=\"text-editor.default\">\n\t\t\t\t<div class=\"elementor-widget-container\">\n\t\t\t\t\t\t\t<p><strong>Leitung<\/strong><br \/>Dorothee Brovelli (PHLU), Patrick Kunz (PHSG)<\/p>\t\t\t\t\t\t<\/div>\n\t\t\t\t<\/div>\n\t\t\t\t<div class=\"elementor-element elementor-element-7b35e66 elementor-widget elementor-widget-text-editor\" data-id=\"7b35e66\" data-element_type=\"widget\" data-widget_type=\"text-editor.default\">\n\t\t\t\t<div class=\"elementor-widget-container\">\n\t\t\t\t\t\t\t<p><strong>Team<\/strong><br \/>Sanja Atanasova (PHSG), Matthias Bigler (PHBE), Dorothee Brovelli (PHLU), Karin G\u00fcdel (PH FHNW), Christoph Gut-Glanzmann (PHZH), Tibor Gyalog (PH FHNW), Daniel Gysin (PHLU), Patrick Kunz (PHSG), Josiane Tardent (PHZH), Urs Wagner (PHBE)<\/p>\t\t\t\t\t\t<\/div>\n\t\t\t\t<\/div>\n\t\t\t\t<div class=\"elementor-element elementor-element-5912812 elementor-widget elementor-widget-heading\" data-id=\"5912812\" data-element_type=\"widget\" data-widget_type=\"heading.default\">\n\t\t\t\t<div class=\"elementor-widget-container\">\n\t\t\t<p class=\"elementor-heading-title elementor-size-default\"><a href=\"https:\/\/www.ph-gendersensibilisierung.ch\/\" target=\"_blank\">Zum Projekt<\/a><\/p>\t\t<\/div>\n\t\t\t\t<\/div>\n\t\t\t\t<div class=\"elementor-element elementor-element-67374ab elementor-widget elementor-widget-heading\" data-id=\"67374ab\" data-element_type=\"widget\" data-widget_type=\"heading.default\">\n\t\t\t\t<div class=\"elementor-widget-container\">\n\t\t\t<p class=\"elementor-heading-title elementor-size-default\"><a href=\"https:\/\/www.ph-gendersensibilisierung.ch\/blog.html\" target=\"_blank\">Zur Publikation<\/a><\/p>\t\t<\/div>\n\t\t\t\t<\/div>\n\t\t\t\t\t<\/div>\n\t\t<\/div>\n\t\t\t\t\t<\/div>\n\t\t<\/section>\n\t\t\t\t<\/div>\n\t\t<\/div>\n\t\t\t\t\t\t\t<\/div>\n\t\t\t\t\t\t<\/div><div class=\"jet-accordion__item jet-toggle jet-toggle-move-up-effect \">\n\t\t\t\t\t\t\t<div id=\"jet-toggle-control-6003\" class=\"jet-toggle__control elementor-menu-anchor\" data-toggle=\"3\" role=\"button\" tabindex=\"0\" aria-controls=\"jet-toggle-content-6003\" aria-expanded=\"false\" data-template-id=\"1427\">\n\t\t\t\t\t\t\t\t<div class=\"jet-toggle__label-icon jet-toggle-icon-position-left\"><span class=\"jet-toggle__icon icon-normal jet-tabs-icon\"><i class=\"fas fa-plus\"><\/i><\/span><span class=\"jet-toggle__icon icon-active jet-tabs-icon\"><i class=\"fas fa-minus\"><\/i><\/span><\/div><div class=\"jet-toggle__label-text\">mobiLLab \u2013 das Hightech-Labor f\u00fcr die Sekundarstufe I<\/div>\t\t\t\t\t\t\t<\/div>\n\t\t\t\t\t\t\t<div id=\"jet-toggle-content-6003\" class=\"jet-toggle__content\" data-toggle=\"3\" role=\"region\" data-template-id=\"1427\">\n\t\t\t\t\t\t\t\t<div class=\"jet-toggle__content-inner\">\t\t<div data-elementor-type=\"page\" data-elementor-id=\"1427\" class=\"elementor elementor-1427\" data-elementor-post-type=\"elementor_library\">\n\t\t\t\t\t\t<section class=\"elementor-section elementor-top-section elementor-element elementor-element-3bd2024 elementor-section-boxed elementor-section-height-default elementor-section-height-default\" data-id=\"3bd2024\" data-element_type=\"section\" data-settings=\"{&quot;jet_parallax_layout_list&quot;:[],&quot;background_background&quot;:&quot;classic&quot;}\">\n\t\t\t\t\t\t<div class=\"elementor-container elementor-column-gap-default\">\n\t\t\t\t\t<div class=\"elementor-column elementor-col-100 elementor-top-column elementor-element elementor-element-7853b75\" data-id=\"7853b75\" data-element_type=\"column\">\n\t\t\t<div class=\"elementor-widget-wrap elementor-element-populated\">\n\t\t\t\t\t\t<div class=\"elementor-element elementor-element-93146ba elementor-widget elementor-widget-text-editor\" data-id=\"93146ba\" data-element_type=\"widget\" data-widget_type=\"text-editor.default\">\n\t\t\t\t<div class=\"elementor-widget-container\">\n\t\t\t\t\t\t\t<p>Das mobiLLab ist ein Hightech-Labor, das Lehrpersonen wahlweise an ihre Schule holen oder mit ihrer Klasse an der PHSG besuchen k\u00f6nnen. Das Projekt soll bei den Jugendlichen das Interesse an Naturwissenschaften und Technik f\u00f6rdern. Mit modernsten Instrumenten und Methoden untersuchen sie an 12\u00a0Stationen alltagsnahe Fragestellungen und erhalten so einen Einblick in die aktuelle Forschungs-, Industrie- und Arbeitswelt. Die Jugendlichen werden bei ihrer Arbeit mit den Hightech-Ger\u00e4ten von Studierenden der PHSG unterst\u00fctzt, die im Technik-Modul daf\u00fcr ausgebildet werden. Zur Vorbereitung steht umfangreiches multimediales Unterrichtsmaterial zur Verf\u00fcgung.<\/p>\t\t\t\t\t\t<\/div>\n\t\t\t\t<\/div>\n\t\t\t\t<div class=\"elementor-element elementor-element-c6d6ec5 elementor-widget elementor-widget-text-editor\" data-id=\"c6d6ec5\" data-element_type=\"widget\" data-widget_type=\"text-editor.default\">\n\t\t\t\t<div class=\"elementor-widget-container\">\n\t\t\t\t\t\t\t<p class=\"p1\"><strong>Laufzeit<\/strong><br \/>2008 bis 2025<\/p>\t\t\t\t\t\t<\/div>\n\t\t\t\t<\/div>\n\t\t\t\t<div class=\"elementor-element elementor-element-040f904 elementor-widget elementor-widget-text-editor\" data-id=\"040f904\" data-element_type=\"widget\" data-widget_type=\"text-editor.default\">\n\t\t\t\t<div class=\"elementor-widget-container\">\n\t\t\t\t\t\t\t<p><b>Finanzierung<br \/><\/b>Metrohm-Stiftung<\/p>\t\t\t\t\t\t<\/div>\n\t\t\t\t<\/div>\n\t\t\t\t<div class=\"elementor-element elementor-element-8edbfc4 elementor-widget elementor-widget-text-editor\" data-id=\"8edbfc4\" data-element_type=\"widget\" data-widget_type=\"text-editor.default\">\n\t\t\t\t<div class=\"elementor-widget-container\">\n\t\t\t\t\t\t\t<p><strong>Leitung<\/strong><br \/>Ulrich Sch\u00fctz (PHSG)<\/p>\t\t\t\t\t\t<\/div>\n\t\t\t\t<\/div>\n\t\t\t\t<div class=\"elementor-element elementor-element-5912812 elementor-widget elementor-widget-heading\" data-id=\"5912812\" data-element_type=\"widget\" data-widget_type=\"heading.default\">\n\t\t\t\t<div class=\"elementor-widget-container\">\n\t\t\t<p class=\"elementor-heading-title elementor-size-default\"><a href=\"https:\/\/www.mobillab.ch\/\" target=\"_blank\">Zum Projekt<\/a><\/p>\t\t<\/div>\n\t\t\t\t<\/div>\n\t\t\t\t<div class=\"elementor-element elementor-element-b269388 elementor-widget elementor-widget-image\" data-id=\"b269388\" data-element_type=\"widget\" data-widget_type=\"image.default\">\n\t\t\t\t<div class=\"elementor-widget-container\">\n\t\t\t\t\t\t\t\t\t\t\t\t\t<img decoding=\"async\" width=\"1386\" height=\"923\" src=\"https:\/\/phsg-forschungsbericht.ch\/2022-2023\/wp-content\/uploads\/sites\/3\/phsg-forschungsbericht-fokus-imnt-bild-01.jpg\" class=\"attachment-large size-large wp-image-3604\" alt=\"\" srcset=\"https:\/\/phsg-forschungsbericht.ch\/2022-2023\/wp-content\/uploads\/sites\/3\/phsg-forschungsbericht-fokus-imnt-bild-01.jpg 1386w, https:\/\/phsg-forschungsbericht.ch\/2022-2023\/wp-content\/uploads\/sites\/3\/phsg-forschungsbericht-fokus-imnt-bild-01-768x511.jpg 768w\" sizes=\"(max-width: 1386px) 100vw, 1386px\" \/>\t\t\t\t\t\t\t\t\t\t\t\t\t<\/div>\n\t\t\t\t<\/div>\n\t\t\t\t\t<\/div>\n\t\t<\/div>\n\t\t\t\t\t<\/div>\n\t\t<\/section>\n\t\t\t\t<\/div>\n\t\t<\/div>\n\t\t\t\t\t\t\t<\/div>\n\t\t\t\t\t\t<\/div><div class=\"jet-accordion__item jet-toggle jet-toggle-move-up-effect \">\n\t\t\t\t\t\t\t<div id=\"jet-toggle-control-6004\" class=\"jet-toggle__control elementor-menu-anchor\" data-toggle=\"4\" role=\"button\" tabindex=\"0\" aria-controls=\"jet-toggle-content-6004\" aria-expanded=\"false\" data-template-id=\"1424\">\n\t\t\t\t\t\t\t\t<div class=\"jet-toggle__label-icon jet-toggle-icon-position-left\"><span class=\"jet-toggle__icon icon-normal jet-tabs-icon\"><i class=\"fas fa-plus\"><\/i><\/span><span class=\"jet-toggle__icon icon-active jet-tabs-icon\"><i class=\"fas fa-minus\"><\/i><\/span><\/div><div class=\"jet-toggle__label-text\">Enabling outdoor-based teaching (EOT)<\/div>\t\t\t\t\t\t\t<\/div>\n\t\t\t\t\t\t\t<div id=\"jet-toggle-content-6004\" class=\"jet-toggle__content\" data-toggle=\"4\" role=\"region\" data-template-id=\"1424\">\n\t\t\t\t\t\t\t\t<div class=\"jet-toggle__content-inner\">\t\t<div data-elementor-type=\"page\" data-elementor-id=\"1424\" class=\"elementor elementor-1424\" data-elementor-post-type=\"elementor_library\">\n\t\t\t\t\t\t<section class=\"elementor-section elementor-top-section elementor-element elementor-element-3bd2024 elementor-section-boxed elementor-section-height-default elementor-section-height-default\" data-id=\"3bd2024\" data-element_type=\"section\" data-settings=\"{&quot;jet_parallax_layout_list&quot;:[],&quot;background_background&quot;:&quot;classic&quot;}\">\n\t\t\t\t\t\t<div class=\"elementor-container elementor-column-gap-default\">\n\t\t\t\t\t<div class=\"elementor-column elementor-col-100 elementor-top-column elementor-element elementor-element-7853b75\" data-id=\"7853b75\" data-element_type=\"column\">\n\t\t\t<div class=\"elementor-widget-wrap elementor-element-populated\">\n\t\t\t\t\t\t<div class=\"elementor-element elementor-element-93146ba elementor-widget elementor-widget-text-editor\" data-id=\"93146ba\" data-element_type=\"widget\" data-widget_type=\"text-editor.default\">\n\t\t\t\t<div class=\"elementor-widget-container\">\n\t\t\t\t\t\t\t<p>Im Oktober 2023 fand die zweite fach\u00fcbergreifende Tagung zum Thema \u00abDraussenlernen f\u00fcr eine zukunftsf\u00e4hige Hochschule\u00bb statt. Neben Dozierenden nahmen erstmals auch Studierende teil. An einer internationalen Tagung zu MINT und BNE wurde der Transfer Praxis-Lehre-Praxis diskutiert. In einem Freifach von Bewegung und Sport konnten Studierende Draussenlernen als Methode kennenlernen. Erstmals fanden 2022 und 2023 Blockwochen zum Unterrichtsansatz \u00abDraussenlernen\u00bb statt. Im Bereich der Forschung wurden Studierende wie auch Dozierende zu ihren Erfahrungen und Vorstellungen \u00fcber Unterrichten im Freien befragt. Zurzeit wird an der ersten Publikation gearbeitet.<\/p>\t\t\t\t\t\t<\/div>\n\t\t\t\t<\/div>\n\t\t\t\t<div class=\"elementor-element elementor-element-c6d6ec5 elementor-widget elementor-widget-text-editor\" data-id=\"c6d6ec5\" data-element_type=\"widget\" data-widget_type=\"text-editor.default\">\n\t\t\t\t<div class=\"elementor-widget-container\">\n\t\t\t\t\t\t\t<p class=\"p1\"><strong>Kooperation<br \/><\/strong>PH FHNW, PHFR, PHLU, PHSH, PHTG, HEP Vaud, SUPSI<\/p>\t\t\t\t\t\t<\/div>\n\t\t\t\t<\/div>\n\t\t\t\t<div class=\"elementor-element elementor-element-d53e2aa elementor-widget elementor-widget-text-editor\" data-id=\"d53e2aa\" data-element_type=\"widget\" data-widget_type=\"text-editor.default\">\n\t\t\t\t<div class=\"elementor-widget-container\">\n\t\t\t\t\t\t\t<p class=\"p1\"><strong>Laufzeit<\/strong><br \/>2019 bis 2024<\/p>\t\t\t\t\t\t<\/div>\n\t\t\t\t<\/div>\n\t\t\t\t<div class=\"elementor-element elementor-element-040f904 elementor-widget elementor-widget-text-editor\" data-id=\"040f904\" data-element_type=\"widget\" data-widget_type=\"text-editor.default\">\n\t\t\t\t<div class=\"elementor-widget-container\">\n\t\t\t\t\t\t\t<p><b>Finanzierung<br \/><\/b>Stiftung Mercator Schweiz, Fondation Salvia, Stiftung SILVIVA<\/p>\t\t\t\t\t\t<\/div>\n\t\t\t\t<\/div>\n\t\t\t\t<div class=\"elementor-element elementor-element-8edbfc4 elementor-widget elementor-widget-text-editor\" data-id=\"8edbfc4\" data-element_type=\"widget\" data-widget_type=\"text-editor.default\">\n\t\t\t\t<div class=\"elementor-widget-container\">\n\t\t\t\t\t\t\t<p><strong>Leitung<\/strong><br \/>Christina Wolf (PHSG)<\/p>\t\t\t\t\t\t<\/div>\n\t\t\t\t<\/div>\n\t\t\t\t<div class=\"elementor-element elementor-element-4f12460 elementor-widget elementor-widget-text-editor\" data-id=\"4f12460\" data-element_type=\"widget\" data-widget_type=\"text-editor.default\">\n\t\t\t\t<div class=\"elementor-widget-container\">\n\t\t\t\t\t\t\t<p><strong>Team<\/strong><br \/>Patrick Kunz (PHSG, 2019 bis 2021), Lydia Tatjana Nitzsche (PHSG, 2022 bis 2024), Michelle Porchet (PHSG, 2019 bis 2020), Malin Wiget (PHSG)<\/p>\t\t\t\t\t\t<\/div>\n\t\t\t\t<\/div>\n\t\t\t\t<div class=\"elementor-element elementor-element-2988fe7 elementor-widget elementor-widget-text-editor\" data-id=\"2988fe7\" data-element_type=\"widget\" data-widget_type=\"text-editor.default\">\n\t\t\t\t<div class=\"elementor-widget-container\">\n\t\t\t\t\t\t\t<p><strong>Literaturhinweise\/Publikationen<br \/><\/strong>Obendrauf, M. &amp; Wolf, C. (2022). \u00abLernen am Ph\u00e4nomen: Forschen, Entdecken, Experimentieren\u00bb \u2013 Ein Beispiel zur Integration von Unterrichten im Freien in der Ausbildung von Kindergarten- und Primarlehrpersonen. <em>Progress in Science Education,<\/em> <em>5<\/em>(3), 64\u201376.\u00a0<br \/><span style=\"color: #62a8e5;\"><a style=\"color: #62a8e5;\" href=\"https:\/\/doi.org\/10.25321\/prise.2022.1365\" target=\"_blank\" rel=\"noopener\">Zur Publikation<\/a><\/span><\/p><p>Wolf, C., Kunz, P. &amp; Robin, N. (2022). Emerging themes of research into outdoor teaching in initial formal teacher training from early childhood to secondary education \u2013 A literature review. <em>The Journal of Environmental Education, 53<\/em>(4), 199\u2013220.<br \/><span style=\"color: #62a8e5;\"><a style=\"color: #62a8e5;\" href=\"https:\/\/doi.org\/10.1080\/00958964.2022.2090889\" target=\"_blank\" rel=\"noopener\">Zur Publikation<\/a><\/span><\/p><p>Wolf, C., Kunz, P. &amp; Robin, N. (2022). Research and documentation of outdoor-based teaching in teacher education \u2013 The EOT project. In R. Jucker &amp; J. von Au (Hrsg.), <em>High-Quality Outdoor Learning<\/em> (S. 257\u2013267). Cham: Springer.<br \/><span style=\"color: #62a8e5;\"><a style=\"color: #62a8e5;\" href=\"https:\/\/doi.org\/10.1007\/978-3-031-04108-2_14\" target=\"_blank\" rel=\"noopener\">Zur Publikation<\/a><\/span><\/p><p>Wolf, C. &amp; Monti Jermini, L. (2023). How outdoor learning can support STEM and sustainability education in initial teacher training. In M. Doorman &amp; K. Maa\u00df (Hrsg.),<em> Conference book Educating the Educators\u00a0IV<\/em> (S.\u00a072\u201375). Freiburg: ICSE.<\/p>\t\t\t\t\t\t<\/div>\n\t\t\t\t<\/div>\n\t\t\t\t<div class=\"elementor-element elementor-element-5912812 elementor-widget elementor-widget-heading\" data-id=\"5912812\" data-element_type=\"widget\" data-widget_type=\"heading.default\">\n\t\t\t\t<div class=\"elementor-widget-container\">\n\t\t\t<p class=\"elementor-heading-title elementor-size-default\"><a href=\"http:\/\/www.outdoorteaching.ch\" target=\"_blank\">Zum Projekt<\/a><\/p>\t\t<\/div>\n\t\t\t\t<\/div>\n\t\t\t\t\t<\/div>\n\t\t<\/div>\n\t\t\t\t\t<\/div>\n\t\t<\/section>\n\t\t\t\t<\/div>\n\t\t<\/div>\n\t\t\t\t\t\t\t<\/div>\n\t\t\t\t\t\t<\/div><div class=\"jet-accordion__item jet-toggle jet-toggle-move-up-effect \">\n\t\t\t\t\t\t\t<div id=\"jet-toggle-control-6005\" class=\"jet-toggle__control elementor-menu-anchor\" data-toggle=\"5\" role=\"button\" tabindex=\"0\" aria-controls=\"jet-toggle-content-6005\" aria-expanded=\"false\" data-template-id=\"1420\">\n\t\t\t\t\t\t\t\t<div class=\"jet-toggle__label-icon jet-toggle-icon-position-left\"><span class=\"jet-toggle__icon icon-normal jet-tabs-icon\"><i class=\"fas fa-plus\"><\/i><\/span><span class=\"jet-toggle__icon icon-active jet-tabs-icon\"><i class=\"fas fa-minus\"><\/i><\/span><\/div><div class=\"jet-toggle__label-text\">Begabungs- und Begabtenf\u00f6rderung \u00abSankt forscht \u2013 clever + kreativ\u00bb<\/div>\t\t\t\t\t\t\t<\/div>\n\t\t\t\t\t\t\t<div id=\"jet-toggle-content-6005\" class=\"jet-toggle__content\" data-toggle=\"5\" role=\"region\" data-template-id=\"1420\">\n\t\t\t\t\t\t\t\t<div class=\"jet-toggle__content-inner\">\t\t<div data-elementor-type=\"page\" data-elementor-id=\"1420\" class=\"elementor elementor-1420\" data-elementor-post-type=\"elementor_library\">\n\t\t\t\t\t\t<section class=\"elementor-section elementor-top-section elementor-element elementor-element-3bd2024 elementor-section-boxed elementor-section-height-default elementor-section-height-default\" data-id=\"3bd2024\" data-element_type=\"section\" data-settings=\"{&quot;jet_parallax_layout_list&quot;:[],&quot;background_background&quot;:&quot;classic&quot;}\">\n\t\t\t\t\t\t<div class=\"elementor-container elementor-column-gap-default\">\n\t\t\t\t\t<div class=\"elementor-column elementor-col-100 elementor-top-column elementor-element elementor-element-7853b75\" data-id=\"7853b75\" data-element_type=\"column\">\n\t\t\t<div class=\"elementor-widget-wrap elementor-element-populated\">\n\t\t\t\t\t\t<div class=\"elementor-element elementor-element-93146ba elementor-widget elementor-widget-text-editor\" data-id=\"93146ba\" data-element_type=\"widget\" data-widget_type=\"text-editor.default\">\n\t\t\t\t<div class=\"elementor-widget-container\">\n\t\t\t\t\t\t\t<p>Im MINT-Zentrum im Hochschulgeb\u00e4ude Hadwig wird in Kooperation mit ausserschulischen Kooperationspartnerinnen und Kooperationspartnern der Stadt St.Gallen (z.B. Naturmuseum St.Gallen) ein MINT-Begabungs- und Begabtenf\u00f6rderungsprogramm f\u00fcr (hoch)begabte Sch\u00fclerinnen und Sch\u00fcler der 4.\u00a0bis 9.\u00a0Klasse der Stadt St.Gallen angeboten. Die Kinder und Jugendlichen arbeiten w\u00e4hrend eines Jahres an einem oder mehreren selbst gew\u00e4hlten Projekten (z.B. Entwicklung eines experimentellen Designs zu einer aktuellen MINT-Frage), die unter Ber\u00fccksichtigung des ausserschulischen Lernorts festgelegt werden.<\/p>\t\t\t\t\t\t<\/div>\n\t\t\t\t<\/div>\n\t\t\t\t<div class=\"elementor-element elementor-element-c6d6ec5 elementor-widget elementor-widget-text-editor\" data-id=\"c6d6ec5\" data-element_type=\"widget\" data-widget_type=\"text-editor.default\">\n\t\t\t\t<div class=\"elementor-widget-container\">\n\t\t\t\t\t\t\t<p class=\"p1\"><strong>Kooperation<\/strong><br \/>Stadt St.Gallen, Dienststelle Schule und Musik<\/p>\t\t\t\t\t\t<\/div>\n\t\t\t\t<\/div>\n\t\t\t\t<div class=\"elementor-element elementor-element-386f2ac elementor-widget elementor-widget-text-editor\" data-id=\"386f2ac\" data-element_type=\"widget\" data-widget_type=\"text-editor.default\">\n\t\t\t\t<div class=\"elementor-widget-container\">\n\t\t\t\t\t\t\t<p class=\"p1\"><strong>Laufzeit<\/strong><br \/>2023 bis 2025<\/p>\t\t\t\t\t\t<\/div>\n\t\t\t\t<\/div>\n\t\t\t\t<div class=\"elementor-element elementor-element-040f904 elementor-widget elementor-widget-text-editor\" data-id=\"040f904\" data-element_type=\"widget\" data-widget_type=\"text-editor.default\">\n\t\t\t\t<div class=\"elementor-widget-container\">\n\t\t\t\t\t\t\t<p><b>Finanzierung<br \/><\/b>Stadt St.Gallen, Dienststelle Schule und Musik, PHSG<\/p>\t\t\t\t\t\t<\/div>\n\t\t\t\t<\/div>\n\t\t\t\t<div class=\"elementor-element elementor-element-8edbfc4 elementor-widget elementor-widget-text-editor\" data-id=\"8edbfc4\" data-element_type=\"widget\" data-widget_type=\"text-editor.default\">\n\t\t\t\t<div class=\"elementor-widget-container\">\n\t\t\t\t\t\t\t<p><strong>Leitung<\/strong><br \/>Nicolas Robin (PHSG), Rahel Schmid (PHSG)<\/p>\t\t\t\t\t\t<\/div>\n\t\t\t\t<\/div>\n\t\t\t\t<div class=\"elementor-element elementor-element-1b99a97 elementor-widget elementor-widget-text-editor\" data-id=\"1b99a97\" data-element_type=\"widget\" data-widget_type=\"text-editor.default\">\n\t\t\t\t<div class=\"elementor-widget-container\">\n\t\t\t\t\t\t\t<p><strong>Team<\/strong><br \/>Monika Guler (PHSG)<\/p>\t\t\t\t\t\t<\/div>\n\t\t\t\t<\/div>\n\t\t\t\t<div class=\"elementor-element elementor-element-5912812 elementor-widget elementor-widget-heading\" data-id=\"5912812\" data-element_type=\"widget\" data-widget_type=\"heading.default\">\n\t\t\t\t<div class=\"elementor-widget-container\">\n\t\t\t<p class=\"elementor-heading-title elementor-size-default\"><a href=\"https:\/\/www.phsg.ch\/de\/forschung-entwicklung\/projekte\/begabungs-und-begabtenfoerderung-sankt-forscht-clever-kreativ\" target=\"_blank\">Zum Projekt<\/a><\/p>\t\t<\/div>\n\t\t\t\t<\/div>\n\t\t\t\t\t<\/div>\n\t\t<\/div>\n\t\t\t\t\t<\/div>\n\t\t<\/section>\n\t\t\t\t<\/div>\n\t\t<\/div>\n\t\t\t\t\t\t\t<\/div>\n\t\t\t\t\t\t<\/div><div class=\"jet-accordion__item jet-toggle jet-toggle-move-up-effect \">\n\t\t\t\t\t\t\t<div id=\"jet-toggle-control-6006\" class=\"jet-toggle__control elementor-menu-anchor\" data-toggle=\"6\" role=\"button\" tabindex=\"0\" aria-controls=\"jet-toggle-content-6006\" aria-expanded=\"false\" data-template-id=\"1418\">\n\t\t\t\t\t\t\t\t<div class=\"jet-toggle__label-icon jet-toggle-icon-position-left\"><span class=\"jet-toggle__icon icon-normal jet-tabs-icon\"><i class=\"fas fa-plus\"><\/i><\/span><span class=\"jet-toggle__icon icon-active jet-tabs-icon\"><i class=\"fas fa-minus\"><\/i><\/span><\/div><div class=\"jet-toggle__label-text\">Jugend- und Klassenlabore Naturmuseum St.Gallen <\/div>\t\t\t\t\t\t\t<\/div>\n\t\t\t\t\t\t\t<div id=\"jet-toggle-content-6006\" class=\"jet-toggle__content\" data-toggle=\"6\" role=\"region\" data-template-id=\"1418\">\n\t\t\t\t\t\t\t\t<div class=\"jet-toggle__content-inner\">\t\t<div data-elementor-type=\"page\" data-elementor-id=\"1418\" class=\"elementor elementor-1418\" data-elementor-post-type=\"elementor_library\">\n\t\t\t\t\t\t<section class=\"elementor-section elementor-top-section elementor-element elementor-element-3bd2024 elementor-section-boxed elementor-section-height-default elementor-section-height-default\" data-id=\"3bd2024\" data-element_type=\"section\" data-settings=\"{&quot;jet_parallax_layout_list&quot;:[],&quot;background_background&quot;:&quot;classic&quot;}\">\n\t\t\t\t\t\t<div class=\"elementor-container elementor-column-gap-default\">\n\t\t\t\t\t<div class=\"elementor-column elementor-col-100 elementor-top-column elementor-element elementor-element-7853b75\" data-id=\"7853b75\" data-element_type=\"column\">\n\t\t\t<div class=\"elementor-widget-wrap elementor-element-populated\">\n\t\t\t\t\t\t<div class=\"elementor-element elementor-element-93146ba elementor-widget elementor-widget-text-editor\" data-id=\"93146ba\" data-element_type=\"widget\" data-widget_type=\"text-editor.default\">\n\t\t\t\t<div class=\"elementor-widget-container\">\n\t\t\t\t\t\t\t<p>Im Naturmuseum St.Gallen (NMSG) werden in Zusammenarbeit mit der PHSG in Jugend- und Klassenlaboren unterschiedliche Experimentiernachmittage f\u00fcr Kinder und Jugendliche verschiedener Zielstufen angeboten. Die Inhalte werden von Fachpersonen aus PHSG und NMSG entwickelt, w\u00e4hrend Studierende der PHSG die Leitung \u00fcbernehmen. Die Jugendlabore richten sich an Sch\u00fclerinnen und Sch\u00fcler, die die Angebote zu Themen wie \u00ab\u00dcberwintern\u00bb, \u00abAllerlei rund ums Ei\u00bb oder \u00abWelt der Steine\u00bb in ihrer Freizeit am Mittwochnachmittag besuchen. Die Klassenlabore bieten ab der 3.\u00a0Klasse unterschiedliche thematische Labore zu Fossilien, Bionik, erneuerbaren Energien oder Genetik an.<\/p>\t\t\t\t\t\t<\/div>\n\t\t\t\t<\/div>\n\t\t\t\t<div class=\"elementor-element elementor-element-c6d6ec5 elementor-widget elementor-widget-text-editor\" data-id=\"c6d6ec5\" data-element_type=\"widget\" data-widget_type=\"text-editor.default\">\n\t\t\t\t<div class=\"elementor-widget-container\">\n\t\t\t\t\t\t\t<p class=\"p1\"><strong>Kooperation<\/strong><br \/>Naturmuseum St.Gallen (NMSG)<\/p>\t\t\t\t\t\t<\/div>\n\t\t\t\t<\/div>\n\t\t\t\t<div class=\"elementor-element elementor-element-b0cccce elementor-widget elementor-widget-text-editor\" data-id=\"b0cccce\" data-element_type=\"widget\" data-widget_type=\"text-editor.default\">\n\t\t\t\t<div class=\"elementor-widget-container\">\n\t\t\t\t\t\t\t<p class=\"p1\"><strong>Laufzeit<\/strong><br \/>2021 bis 2024<\/p>\t\t\t\t\t\t<\/div>\n\t\t\t\t<\/div>\n\t\t\t\t<div class=\"elementor-element elementor-element-040f904 elementor-widget elementor-widget-text-editor\" data-id=\"040f904\" data-element_type=\"widget\" data-widget_type=\"text-editor.default\">\n\t\t\t\t<div class=\"elementor-widget-container\">\n\t\t\t\t\t\t\t<p><b>Finanzierung<br \/><\/b>NMSG<\/p>\t\t\t\t\t\t<\/div>\n\t\t\t\t<\/div>\n\t\t\t\t<div class=\"elementor-element elementor-element-8edbfc4 elementor-widget elementor-widget-text-editor\" data-id=\"8edbfc4\" data-element_type=\"widget\" data-widget_type=\"text-editor.default\">\n\t\t\t\t<div class=\"elementor-widget-container\">\n\t\t\t\t\t\t\t<p><strong>Leitung<\/strong><br \/>Nicolas Robin (PHSG), Rahel Schmid (PHSG)<\/p>\t\t\t\t\t\t<\/div>\n\t\t\t\t<\/div>\n\t\t\t\t<div class=\"elementor-element elementor-element-4a20c94 elementor-widget elementor-widget-text-editor\" data-id=\"4a20c94\" data-element_type=\"widget\" data-widget_type=\"text-editor.default\">\n\t\t\t\t<div class=\"elementor-widget-container\">\n\t\t\t\t\t\t\t<p><strong>Team<\/strong><br \/>Matthias Meier (NMSG), Lea Moser (NMSG), Claudia Stucki (NMSG), studentische Mitarbeitende (PHSG)<\/p>\t\t\t\t\t\t<\/div>\n\t\t\t\t<\/div>\n\t\t\t\t<div class=\"elementor-element elementor-element-5912812 elementor-widget elementor-widget-heading\" data-id=\"5912812\" data-element_type=\"widget\" data-widget_type=\"heading.default\">\n\t\t\t\t<div class=\"elementor-widget-container\">\n\t\t\t<p class=\"elementor-heading-title elementor-size-default\"><a href=\"https:\/\/www.phsg.ch\/de\/jugend-und-klassenlabore-naturmuseum-stgallen\" target=\"_blank\">Zum Projekt<\/a><\/p>\t\t<\/div>\n\t\t\t\t<\/div>\n\t\t\t\t\t<\/div>\n\t\t<\/div>\n\t\t\t\t\t<\/div>\n\t\t<\/section>\n\t\t\t\t<\/div>\n\t\t<\/div>\n\t\t\t\t\t\t\t<\/div>\n\t\t\t\t\t\t<\/div><div class=\"jet-accordion__item jet-toggle jet-toggle-move-up-effect \">\n\t\t\t\t\t\t\t<div id=\"jet-toggle-control-6007\" class=\"jet-toggle__control elementor-menu-anchor\" data-toggle=\"7\" role=\"button\" tabindex=\"0\" aria-controls=\"jet-toggle-content-6007\" aria-expanded=\"false\" data-template-id=\"1415\">\n\t\t\t\t\t\t\t\t<div class=\"jet-toggle__label-icon jet-toggle-icon-position-left\"><span class=\"jet-toggle__icon icon-normal jet-tabs-icon\"><i class=\"fas fa-plus\"><\/i><\/span><span class=\"jet-toggle__icon icon-active jet-tabs-icon\"><i class=\"fas fa-minus\"><\/i><\/span><\/div><div class=\"jet-toggle__label-text\">Nutzungsanalyse von F\u00f6rderinitiativen im MINT-Bereich im schweizerischen Bildungskontext<\/div>\t\t\t\t\t\t\t<\/div>\n\t\t\t\t\t\t\t<div id=\"jet-toggle-content-6007\" class=\"jet-toggle__content\" data-toggle=\"7\" role=\"region\" data-template-id=\"1415\">\n\t\t\t\t\t\t\t\t<div class=\"jet-toggle__content-inner\">\t\t<div data-elementor-type=\"page\" data-elementor-id=\"1415\" class=\"elementor elementor-1415\" data-elementor-post-type=\"elementor_library\">\n\t\t\t\t\t\t<section class=\"elementor-section elementor-top-section elementor-element elementor-element-3bd2024 elementor-section-boxed elementor-section-height-default elementor-section-height-default\" data-id=\"3bd2024\" data-element_type=\"section\" data-settings=\"{&quot;jet_parallax_layout_list&quot;:[],&quot;background_background&quot;:&quot;classic&quot;}\">\n\t\t\t\t\t\t<div class=\"elementor-container elementor-column-gap-default\">\n\t\t\t\t\t<div class=\"elementor-column elementor-col-100 elementor-top-column elementor-element elementor-element-7853b75\" data-id=\"7853b75\" data-element_type=\"column\">\n\t\t\t<div class=\"elementor-widget-wrap elementor-element-populated\">\n\t\t\t\t\t\t<div class=\"elementor-element elementor-element-93146ba elementor-widget elementor-widget-text-editor\" data-id=\"93146ba\" data-element_type=\"widget\" data-widget_type=\"text-editor.default\">\n\t\t\t\t<div class=\"elementor-widget-container\">\n\t\t\t\t\t\t\t<p>In diesem Projekt wird der Nutzung von MINT-Angeboten wie zum Beispiel Smartfeld, mobiLLab oder Klassenlaboren im Naturmuseum St.Gallen nachgegangen. Das Ziel besteht darin, im Laufe der kommenden Jahre einen Rahmen f\u00fcr eine zielgerichtete Weiterentwicklung von MINT-Initiativen festzulegen. Zu diesem Zweck werden die Einstellungen und die Nutzung der Lehrpersonen und der Sch\u00fclerinnen und Sch\u00fcler erfasst und dokumentiert. Auf dieser Basis sollen Massnahmen f\u00fcr die Weiterentwicklung der bestehenden Initiativen formuliert werden.<\/p>\t\t\t\t\t\t<\/div>\n\t\t\t\t<\/div>\n\t\t\t\t<div class=\"elementor-element elementor-element-c6d6ec5 elementor-widget elementor-widget-text-editor\" data-id=\"c6d6ec5\" data-element_type=\"widget\" data-widget_type=\"text-editor.default\">\n\t\t\t\t<div class=\"elementor-widget-container\">\n\t\t\t\t\t\t\t<p class=\"p1\"><strong>Kooperation<\/strong><br \/>Schweizerische Akademie der Technischen Wissenschaften (SATW)<\/p>\t\t\t\t\t\t<\/div>\n\t\t\t\t<\/div>\n\t\t\t\t<div class=\"elementor-element elementor-element-92139e7 elementor-widget elementor-widget-text-editor\" data-id=\"92139e7\" data-element_type=\"widget\" data-widget_type=\"text-editor.default\">\n\t\t\t\t<div class=\"elementor-widget-container\">\n\t\t\t\t\t\t\t<p class=\"p1\"><strong>Laufzeit<\/strong><br \/>2021 bis 2024<\/p>\t\t\t\t\t\t<\/div>\n\t\t\t\t<\/div>\n\t\t\t\t<div class=\"elementor-element elementor-element-040f904 elementor-widget elementor-widget-text-editor\" data-id=\"040f904\" data-element_type=\"widget\" data-widget_type=\"text-editor.default\">\n\t\t\t\t<div class=\"elementor-widget-container\">\n\t\t\t\t\t\t\t<p><b>Finanzierung<br \/><\/b>Metrohm-Stiftung<\/p>\t\t\t\t\t\t<\/div>\n\t\t\t\t<\/div>\n\t\t\t\t<div class=\"elementor-element elementor-element-8edbfc4 elementor-widget elementor-widget-text-editor\" data-id=\"8edbfc4\" data-element_type=\"widget\" data-widget_type=\"text-editor.default\">\n\t\t\t\t<div class=\"elementor-widget-container\">\n\t\t\t\t\t\t\t<p><strong>Leitung<\/strong><br \/>Nicolas Robin (PHSG), Rahel Schmid (PHSG)<\/p>\t\t\t\t\t\t<\/div>\n\t\t\t\t<\/div>\n\t\t\t\t<div class=\"elementor-element elementor-element-b6ae4e8 elementor-widget elementor-widget-text-editor\" data-id=\"b6ae4e8\" data-element_type=\"widget\" data-widget_type=\"text-editor.default\">\n\t\t\t\t<div class=\"elementor-widget-container\">\n\t\t\t\t\t\t\t<p><strong>Team<\/strong><br \/>Sanja Atanasova (PHSG), Edith Schnapper (SATW), Robbert Smit (PHSG), Belinda Weidmann (SATW), studentische Mitarbeitende (PHSG)<\/p>\t\t\t\t\t\t<\/div>\n\t\t\t\t<\/div>\n\t\t\t\t<div class=\"elementor-element elementor-element-5912812 elementor-widget elementor-widget-heading\" data-id=\"5912812\" data-element_type=\"widget\" data-widget_type=\"heading.default\">\n\t\t\t\t<div class=\"elementor-widget-container\">\n\t\t\t<p class=\"elementor-heading-title elementor-size-default\"><a href=\"https:\/\/www.phsg.ch\/de\/forschung-entwicklung\/projekte\/nutzungsanalyse-mint\" target=\"_blank\">Zum Projekt<\/a><\/p>\t\t<\/div>\n\t\t\t\t<\/div>\n\t\t\t\t\t<\/div>\n\t\t<\/div>\n\t\t\t\t\t<\/div>\n\t\t<\/section>\n\t\t\t\t<\/div>\n\t\t<\/div>\n\t\t\t\t\t\t\t<\/div>\n\t\t\t\t\t\t<\/div><div class=\"jet-accordion__item jet-toggle jet-toggle-move-up-effect \">\n\t\t\t\t\t\t\t<div id=\"jet-toggle-control-6008\" class=\"jet-toggle__control elementor-menu-anchor\" data-toggle=\"8\" role=\"button\" tabindex=\"0\" aria-controls=\"jet-toggle-content-6008\" aria-expanded=\"false\" data-template-id=\"1409\">\n\t\t\t\t\t\t\t\t<div class=\"jet-toggle__label-icon jet-toggle-icon-position-left\"><span class=\"jet-toggle__icon icon-normal jet-tabs-icon\"><i class=\"fas fa-plus\"><\/i><\/span><span class=\"jet-toggle__icon icon-active jet-tabs-icon\"><i class=\"fas fa-minus\"><\/i><\/span><\/div><div class=\"jet-toggle__label-text\">Smartfeld \u2013 Technologie + Kreativit\u00e4t<\/div>\t\t\t\t\t\t\t<\/div>\n\t\t\t\t\t\t\t<div id=\"jet-toggle-content-6008\" class=\"jet-toggle__content\" data-toggle=\"8\" role=\"region\" data-template-id=\"1409\">\n\t\t\t\t\t\t\t\t<div class=\"jet-toggle__content-inner\">\t\t<div data-elementor-type=\"page\" data-elementor-id=\"1409\" class=\"elementor elementor-1409\" data-elementor-post-type=\"elementor_library\">\n\t\t\t\t\t\t<section class=\"elementor-section elementor-top-section elementor-element elementor-element-3bd2024 elementor-section-boxed elementor-section-height-default elementor-section-height-default\" data-id=\"3bd2024\" data-element_type=\"section\" data-settings=\"{&quot;jet_parallax_layout_list&quot;:[],&quot;background_background&quot;:&quot;classic&quot;}\">\n\t\t\t\t\t\t<div class=\"elementor-container elementor-column-gap-default\">\n\t\t\t\t\t<div class=\"elementor-column elementor-col-100 elementor-top-column elementor-element elementor-element-7853b75\" data-id=\"7853b75\" data-element_type=\"column\">\n\t\t\t<div class=\"elementor-widget-wrap elementor-element-populated\">\n\t\t\t\t\t\t<div class=\"elementor-element elementor-element-93146ba elementor-widget elementor-widget-text-editor\" data-id=\"93146ba\" data-element_type=\"widget\" data-widget_type=\"text-editor.default\">\n\t\t\t\t<div class=\"elementor-widget-container\">\n\t\t\t\t\t\t\t<p>Smartfeld, eine Leadorganisation der IT-Bildungsoffensive des Kantons St.Gallen, ist eine interdisziplin\u00e4re Initiative mit dem Ziel, Kreativit\u00e4t und Zukunftskompetenzen zu f\u00f6rdern sowie Kinder und Jugendliche f\u00fcr das digitale Zeitalter fit zu machen. Unter dem Credo \u00abTechnologie\u00a0+\u00a0Kreativit\u00e4t\u00bb sollen MINT-F\u00e4cher gef\u00f6rdert werden. Das Angebot umfasst verschiedene Workshops f\u00fcr alle Stufen. 2023 wurden rund 230\u00a0Workshops mit insgesamt \u00fcber 4000\u00a0Sch\u00fclerinnen und Sch\u00fclern durchgef\u00fchrt. Zudem bietet Smartfeld ein Freizeitangebot f\u00fcr Kinder und Jugendliche, die Vortragsreihe \u00abInnovationsgeist in der Bildung\u00bb und ein Weiterbildungsangebot f\u00fcr Lehrpersonen.<\/p>\t\t\t\t\t\t<\/div>\n\t\t\t\t<\/div>\n\t\t\t\t<div class=\"elementor-element elementor-element-c6d6ec5 elementor-widget elementor-widget-text-editor\" data-id=\"c6d6ec5\" data-element_type=\"widget\" data-widget_type=\"text-editor.default\">\n\t\t\t\t<div class=\"elementor-widget-container\">\n\t\t\t\t\t\t\t<p class=\"p1\"><strong>Kooperation<\/strong><br \/>Berufs- und Weiterbildungszentrum Buchs Sargans, Empa, Gewerbliches Berufs- und Weiterbildungszentrum St.Gallen, OST, PHSG, Startfeld, Switzerland Innovation Park Ost, Universit\u00e4t St.Gallen<\/p>\t\t\t\t\t\t<\/div>\n\t\t\t\t<\/div>\n\t\t\t\t<div class=\"elementor-element elementor-element-ee935ac elementor-widget elementor-widget-text-editor\" data-id=\"ee935ac\" data-element_type=\"widget\" data-widget_type=\"text-editor.default\">\n\t\t\t\t<div class=\"elementor-widget-container\">\n\t\t\t\t\t\t\t<p class=\"p1\"><strong>Laufzeit<br \/><\/strong>Start Smartfeld: 2017<br \/>Smartfeld ITBO 1. Phase 2020 bis 2023<br \/>Smartfeld ITBO 2. Phase 2024 bis 2026<\/p>\t\t\t\t\t\t<\/div>\n\t\t\t\t<\/div>\n\t\t\t\t<div class=\"elementor-element elementor-element-040f904 elementor-widget elementor-widget-text-editor\" data-id=\"040f904\" data-element_type=\"widget\" data-widget_type=\"text-editor.default\">\n\t\t\t\t<div class=\"elementor-widget-container\">\n\t\t\t\t\t\t\t<p><b>Finanzierung<br \/><\/b>Eigenleistung Kooperationspartnerinnen und Kooperationspartner, IT-Bildungsoffensive (ITBO), Wirtschaftspartnerinnen und Wirtschaftspartner, Verbund von Stiftungen, G\u00f6nnerinnen und G\u00f6nnern <\/p>\t\t\t\t\t\t<\/div>\n\t\t\t\t<\/div>\n\t\t\t\t<div class=\"elementor-element elementor-element-8edbfc4 elementor-widget elementor-widget-text-editor\" data-id=\"8edbfc4\" data-element_type=\"widget\" data-widget_type=\"text-editor.default\">\n\t\t\t\t<div class=\"elementor-widget-container\">\n\t\t\t\t\t\t\t<p><strong>Leitung<\/strong><br \/>Cornelia Gut-Villa (Gesch\u00e4ftsf\u00fchrerin Smartfeld), Mathias Kirf (Projektleiter, PHSG)<\/p>\t\t\t\t\t\t<\/div>\n\t\t\t\t<\/div>\n\t\t\t\t<div class=\"elementor-element elementor-element-ee55f09 elementor-widget elementor-widget-text-editor\" data-id=\"ee55f09\" data-element_type=\"widget\" data-widget_type=\"text-editor.default\">\n\t\t\t\t<div class=\"elementor-widget-container\">\n\t\t\t\t\t\t\t<p><strong>Team<\/strong><br \/>Michael Aeschbacher (OST), Martin Amberg (Empa), Pascal Eberhard (Smartfeld), Stephanie Eugster (PHSG), Sofia Victoria F\u00e4ssler (Universit\u00e4t St.Gallen), Verena Fastenbauer (BZBS), Cornelia Gut-Villa (Smartfeld), Atilla G\u00fcven (Smartfeld), Daria H\u00f6hener (Universit\u00e4t St.Gallen), Danilo Just (PHSG, OST), Mathias Kirf (PHSG), Julius Lang (Universit\u00e4t St.Gallen), Manuel Lenz (Smartfeld), Deborah Lingenh\u00f6le (Smartfeld), Benjamin Lizinger (Smartfeld), Maria Mannai (Smartfeld), Fatmir Racipi (PHSG), Thomas Rastija (Smartfeld), Fabian Reifler (GBS), Robert Sch\u00f6ch (OST), Clemens Waibel (PHSG), Leonie Zellweger (OST), rund 30\u00a0Studierende, die als Kursleitende t\u00e4tig sind.<\/p>\t\t\t\t\t\t<\/div>\n\t\t\t\t<\/div>\n\t\t\t\t<div class=\"elementor-element elementor-element-5912812 elementor-widget elementor-widget-heading\" data-id=\"5912812\" data-element_type=\"widget\" data-widget_type=\"heading.default\">\n\t\t\t\t<div class=\"elementor-widget-container\">\n\t\t\t<p class=\"elementor-heading-title elementor-size-default\"><a href=\"http:\/\/www.smartfeld.ch\/\" target=\"_blank\">Zum Projekt<\/a><\/p>\t\t<\/div>\n\t\t\t\t<\/div>\n\t\t\t\t\t<\/div>\n\t\t<\/div>\n\t\t\t\t\t<\/div>\n\t\t<\/section>\n\t\t\t\t<\/div>\n\t\t<\/div>\n\t\t\t\t\t\t\t<\/div>\n\t\t\t\t\t\t<\/div><div class=\"jet-accordion__item jet-toggle jet-toggle-move-up-effect \">\n\t\t\t\t\t\t\t<div id=\"jet-toggle-control-6009\" class=\"jet-toggle__control elementor-menu-anchor\" data-toggle=\"9\" role=\"button\" tabindex=\"0\" aria-controls=\"jet-toggle-content-6009\" aria-expanded=\"false\" data-template-id=\"1406\">\n\t\t\t\t\t\t\t\t<div class=\"jet-toggle__label-icon jet-toggle-icon-position-left\"><span class=\"jet-toggle__icon icon-normal jet-tabs-icon\"><i class=\"fas fa-plus\"><\/i><\/span><span class=\"jet-toggle__icon icon-active jet-tabs-icon\"><i class=\"fas fa-minus\"><\/i><\/span><\/div><div class=\"jet-toggle__label-text\">Progress in Science Education (PriSE)<\/div>\t\t\t\t\t\t\t<\/div>\n\t\t\t\t\t\t\t<div id=\"jet-toggle-content-6009\" class=\"jet-toggle__content\" data-toggle=\"9\" role=\"region\" data-template-id=\"1406\">\n\t\t\t\t\t\t\t\t<div class=\"jet-toggle__content-inner\">\t\t<div data-elementor-type=\"page\" data-elementor-id=\"1406\" class=\"elementor elementor-1406\" data-elementor-post-type=\"elementor_library\">\n\t\t\t\t\t\t<section class=\"elementor-section elementor-top-section elementor-element elementor-element-3bd2024 elementor-section-boxed elementor-section-height-default elementor-section-height-default\" data-id=\"3bd2024\" data-element_type=\"section\" data-settings=\"{&quot;jet_parallax_layout_list&quot;:[],&quot;background_background&quot;:&quot;classic&quot;}\">\n\t\t\t\t\t\t<div class=\"elementor-container elementor-column-gap-default\">\n\t\t\t\t\t<div class=\"elementor-column elementor-col-100 elementor-top-column elementor-element elementor-element-7853b75\" data-id=\"7853b75\" data-element_type=\"column\">\n\t\t\t<div class=\"elementor-widget-wrap elementor-element-populated\">\n\t\t\t\t\t\t<div class=\"elementor-element elementor-element-93146ba elementor-widget elementor-widget-text-editor\" data-id=\"93146ba\" data-element_type=\"widget\" data-widget_type=\"text-editor.default\">\n\t\t\t\t<div class=\"elementor-widget-container\">\n\t\t\t\t\t\t\t<p>Das Open-Access-Journal \u00abProgress in Science Education\u00bb (PriSE) bietet nicht nur etablierten Forschenden, sondern auch Nachwuchsforschenden die M\u00f6glichkeit, ihre Beitr\u00e4ge (inklusive erster Ergebnisse) zu ver\u00f6ffentlichen. Dadurch wird ein Austausch zwischen Forschenden, Lehrpersonen und anderen Interessierten aus dem Bereich \u00abscience and education\u00bb erm\u00f6glicht. Durch qualitativ hochstehende Beitr\u00e4ge und als Kommunikationsorgan von DiNat und Netzwerk BNE der Dozierenden (\u00e9ducation21) hat sich PriSE sowohl national als auch international etabliert.<\/p>\t\t\t\t\t\t<\/div>\n\t\t\t\t<\/div>\n\t\t\t\t<div class=\"elementor-element elementor-element-c6d6ec5 elementor-widget elementor-widget-text-editor\" data-id=\"c6d6ec5\" data-element_type=\"widget\" data-widget_type=\"text-editor.default\">\n\t\t\t\t<div class=\"elementor-widget-container\">\n\t\t\t\t\t\t\t<p class=\"p1\"><strong>Kooperation<\/strong><br \/>Universit\u00e4t Genf, PHLU, PHZH, SUPSI, CERN<\/p>\t\t\t\t\t\t<\/div>\n\t\t\t\t<\/div>\n\t\t\t\t<div class=\"elementor-element elementor-element-43f7580 elementor-widget elementor-widget-text-editor\" data-id=\"43f7580\" data-element_type=\"widget\" data-widget_type=\"text-editor.default\">\n\t\t\t\t<div class=\"elementor-widget-container\">\n\t\t\t\t\t\t\t<p class=\"p1\"><strong>Laufzeit<\/strong><br \/>2021 bis 2024<\/p>\t\t\t\t\t\t<\/div>\n\t\t\t\t<\/div>\n\t\t\t\t<div class=\"elementor-element elementor-element-040f904 elementor-widget elementor-widget-text-editor\" data-id=\"040f904\" data-element_type=\"widget\" data-widget_type=\"text-editor.default\">\n\t\t\t\t<div class=\"elementor-widget-container\">\n\t\t\t\t\t\t\t<p><b>Finanzierung<br \/><\/b>swissuniversities<\/p>\t\t\t\t\t\t<\/div>\n\t\t\t\t<\/div>\n\t\t\t\t<div class=\"elementor-element elementor-element-8edbfc4 elementor-widget elementor-widget-text-editor\" data-id=\"8edbfc4\" data-element_type=\"widget\" data-widget_type=\"text-editor.default\">\n\t\t\t\t<div class=\"elementor-widget-container\">\n\t\t\t\t\t\t\t<p><strong>Leitung<\/strong><br \/>Nicolas Robin (PHSG)<\/p>\t\t\t\t\t\t<\/div>\n\t\t\t\t<\/div>\n\t\t\t\t<div class=\"elementor-element elementor-element-65e8062 elementor-widget elementor-widget-text-editor\" data-id=\"65e8062\" data-element_type=\"widget\" data-widget_type=\"text-editor.default\">\n\t\t\t\t<div class=\"elementor-widget-container\">\n\t\t\t\t\t\t\t<p><strong>Team<\/strong><br \/>Julia Arnold (PH\u00a0FHNW), Sanja Atanasova (PHSG), Katrin B\u00f6lsterli Bardy (PHLU), Markus Emden (PHZH), Catherine Ferris (PHSG), Dshamilja Maurer (PHSG), Luana Monti (SUPSI), Andreas Nehring (Universit\u00e4t Hannover), Nicolas Robin (PHSG), Sascha Schmeling (CERN)<\/p>\t\t\t\t\t\t<\/div>\n\t\t\t\t<\/div>\n\t\t\t\t<div class=\"elementor-element elementor-element-21d0d13 elementor-widget elementor-widget-text-editor\" data-id=\"21d0d13\" data-element_type=\"widget\" data-widget_type=\"text-editor.default\">\n\t\t\t\t<div class=\"elementor-widget-container\">\n\t\t\t\t\t\t\t<p><strong>Literaturhinweise\/Publikationen<br \/><\/strong>Aktuelles PriSE-Heft: <em>Progress in Science Education, 7<\/em>(1).<br \/><span style=\"color: #62a8e5;\"><a style=\"color: #62a8e5;\" href=\"https:\/\/e-publishing.cern.ch\/index.php\/prise\/issue\/archive\" target=\"_blank\" rel=\"noopener\">Zur Publikation<\/a><\/span><\/p>\t\t\t\t\t\t<\/div>\n\t\t\t\t<\/div>\n\t\t\t\t<div class=\"elementor-element elementor-element-5912812 elementor-widget elementor-widget-heading\" data-id=\"5912812\" data-element_type=\"widget\" data-widget_type=\"heading.default\">\n\t\t\t\t<div class=\"elementor-widget-container\">\n\t\t\t<p class=\"elementor-heading-title elementor-size-default\"><a href=\"https:\/\/e-publishing.cern.ch\/index.php\/prise\/index\" target=\"_blank\">Zum Projekt<\/a><\/p>\t\t<\/div>\n\t\t\t\t<\/div>\n\t\t\t\t\t<\/div>\n\t\t<\/div>\n\t\t\t\t\t<\/div>\n\t\t<\/section>\n\t\t\t\t<\/div>\n\t\t<\/div>\n\t\t\t\t\t\t\t<\/div>\n\t\t\t\t\t\t<\/div><div class=\"jet-accordion__item jet-toggle jet-toggle-move-up-effect \">\n\t\t\t\t\t\t\t<div id=\"jet-toggle-control-60010\" class=\"jet-toggle__control elementor-menu-anchor\" data-toggle=\"10\" role=\"button\" tabindex=\"0\" aria-controls=\"jet-toggle-content-60010\" aria-expanded=\"false\" data-template-id=\"1398\">\n\t\t\t\t\t\t\t\t<div class=\"jet-toggle__label-icon jet-toggle-icon-position-left\"><span class=\"jet-toggle__icon icon-normal jet-tabs-icon\"><i class=\"fas fa-plus\"><\/i><\/span><span class=\"jet-toggle__icon icon-active jet-tabs-icon\"><i class=\"fas fa-minus\"><\/i><\/span><\/div><div class=\"jet-toggle__label-text\">MATHEsprechen im Kindergarten: Sprachliche Repertoires in Mathematik von Anfang an produktiv nutzen<\/div>\t\t\t\t\t\t\t<\/div>\n\t\t\t\t\t\t\t<div id=\"jet-toggle-content-60010\" class=\"jet-toggle__content\" data-toggle=\"10\" role=\"region\" data-template-id=\"1398\">\n\t\t\t\t\t\t\t\t<div class=\"jet-toggle__content-inner\">\t\t<div data-elementor-type=\"page\" data-elementor-id=\"1398\" class=\"elementor elementor-1398\" data-elementor-post-type=\"elementor_library\">\n\t\t\t\t\t\t<section class=\"elementor-section elementor-top-section elementor-element elementor-element-3bd2024 elementor-section-boxed elementor-section-height-default elementor-section-height-default\" data-id=\"3bd2024\" data-element_type=\"section\" data-settings=\"{&quot;jet_parallax_layout_list&quot;:[],&quot;background_background&quot;:&quot;classic&quot;}\">\n\t\t\t\t\t\t<div class=\"elementor-container elementor-column-gap-default\">\n\t\t\t\t\t<div class=\"elementor-column elementor-col-100 elementor-top-column elementor-element elementor-element-7853b75\" data-id=\"7853b75\" data-element_type=\"column\">\n\t\t\t<div class=\"elementor-widget-wrap elementor-element-populated\">\n\t\t\t\t\t\t<div class=\"elementor-element elementor-element-93146ba elementor-widget elementor-widget-text-editor\" data-id=\"93146ba\" data-element_type=\"widget\" data-widget_type=\"text-editor.default\">\n\t\t\t\t<div class=\"elementor-widget-container\">\n\t\t\t\t\t\t\t<p>Im Projekt \u00abMATHEsprechen im Kindergarten\u00bb wird mit Design-based-Research der Frage nachgegangen, wie sprachliche Ressourcen mehrsprachiger Kinder f\u00fcr das Mathematiklernen im Kindergarten fruchtbar gemacht werden k\u00f6nnen. Dazu wurde eine Lernumgebung entwickelt, die es den Kindern erm\u00f6glicht, ihre Mehrsprachigkeit beim Thema \u00abStrukturnutzende Anzahlbestimmung\u00bb zu aktivieren. Die Lernumgebung besteht aus einem Kindergartenteil in deutscher Sprache und einem Familienteil, bei dem Eltern und Kinder durch mehrsprachige Videos mit zwei interagierenden Handpuppen Anregungen erhalten. Im Zentrum der Lernumgebung stehen reichhaltige Aktivit\u00e4ten mit Material.<\/p>\t\t\t\t\t\t<\/div>\n\t\t\t\t<\/div>\n\t\t\t\t<div class=\"elementor-element elementor-element-c6d6ec5 elementor-widget elementor-widget-text-editor\" data-id=\"c6d6ec5\" data-element_type=\"widget\" data-widget_type=\"text-editor.default\">\n\t\t\t\t<div class=\"elementor-widget-container\">\n\t\t\t\t\t\t\t<p class=\"p1\"><strong>Laufzeit<\/strong><br \/>2022 bis 2024<\/p>\t\t\t\t\t\t<\/div>\n\t\t\t\t<\/div>\n\t\t\t\t<div class=\"elementor-element elementor-element-040f904 elementor-widget elementor-widget-text-editor\" data-id=\"040f904\" data-element_type=\"widget\" data-widget_type=\"text-editor.default\">\n\t\t\t\t<div class=\"elementor-widget-container\">\n\t\t\t\t\t\t\t<p><b>Finanzierung<br \/><\/b>MOVETIA<\/p>\t\t\t\t\t\t<\/div>\n\t\t\t\t<\/div>\n\t\t\t\t<div class=\"elementor-element elementor-element-8edbfc4 elementor-widget elementor-widget-text-editor\" data-id=\"8edbfc4\" data-element_type=\"widget\" data-widget_type=\"text-editor.default\">\n\t\t\t\t<div class=\"elementor-widget-container\">\n\t\t\t\t\t\t\t<p><strong>Leitung<\/strong><br \/>\u00c1ngela Uribe (PHSG)<\/p>\t\t\t\t\t\t<\/div>\n\t\t\t\t<\/div>\n\t\t\t\t<div class=\"elementor-element elementor-element-5912812 elementor-widget elementor-widget-heading\" data-id=\"5912812\" data-element_type=\"widget\" data-widget_type=\"heading.default\">\n\t\t\t\t<div class=\"elementor-widget-container\">\n\t\t\t<p class=\"elementor-heading-title elementor-size-default\"><a href=\"https:\/\/www.phsg.ch\/de\/forschung-entwicklung\/projekte\/mathesprechen-im-kindergarten-sprachliche-repertoires-mathematik-von-anfang-produktiv-nutzen\" target=\"_blank\">Zum Projekt<\/a><\/p>\t\t<\/div>\n\t\t\t\t<\/div>\n\t\t\t\t\t<\/div>\n\t\t<\/div>\n\t\t\t\t\t<\/div>\n\t\t<\/section>\n\t\t\t\t<\/div>\n\t\t<\/div>\n\t\t\t\t\t\t\t<\/div>\n\t\t\t\t\t\t<\/div><div class=\"jet-accordion__item jet-toggle jet-toggle-move-up-effect \">\n\t\t\t\t\t\t\t<div id=\"jet-toggle-control-60011\" class=\"jet-toggle__control elementor-menu-anchor\" data-toggle=\"11\" role=\"button\" tabindex=\"0\" aria-controls=\"jet-toggle-content-60011\" aria-expanded=\"false\" data-template-id=\"1394\">\n\t\t\t\t\t\t\t\t<div class=\"jet-toggle__label-icon jet-toggle-icon-position-left\"><span class=\"jet-toggle__icon icon-normal jet-tabs-icon\"><i class=\"fas fa-plus\"><\/i><\/span><span class=\"jet-toggle__icon icon-active jet-tabs-icon\"><i class=\"fas fa-minus\"><\/i><\/span><\/div><div class=\"jet-toggle__label-text\">Berzelius 2023: Von Lehrpersonen&shy;weiter&shy;bildungen \u00fcber Maturaarbeiten bis hin zu Scientainment und Gamification<\/div>\t\t\t\t\t\t\t<\/div>\n\t\t\t\t\t\t\t<div id=\"jet-toggle-content-60011\" class=\"jet-toggle__content\" data-toggle=\"11\" role=\"region\" data-template-id=\"1394\">\n\t\t\t\t\t\t\t\t<div class=\"jet-toggle__content-inner\">\t\t<div data-elementor-type=\"page\" data-elementor-id=\"1394\" class=\"elementor elementor-1394\" data-elementor-post-type=\"elementor_library\">\n\t\t\t\t\t\t<section class=\"elementor-section elementor-top-section elementor-element elementor-element-3bd2024 elementor-section-boxed elementor-section-height-default elementor-section-height-default\" data-id=\"3bd2024\" data-element_type=\"section\" data-settings=\"{&quot;jet_parallax_layout_list&quot;:[],&quot;background_background&quot;:&quot;classic&quot;}\">\n\t\t\t\t\t\t<div class=\"elementor-container elementor-column-gap-default\">\n\t\t\t\t\t<div class=\"elementor-column elementor-col-100 elementor-top-column elementor-element elementor-element-7853b75\" data-id=\"7853b75\" data-element_type=\"column\">\n\t\t\t<div class=\"elementor-widget-wrap elementor-element-populated\">\n\t\t\t\t\t\t<div class=\"elementor-element elementor-element-93146ba elementor-widget elementor-widget-text-editor\" data-id=\"93146ba\" data-element_type=\"widget\" data-widget_type=\"text-editor.default\">\n\t\t\t\t<div class=\"elementor-widget-container\">\n\t\t\t\t\t\t\t<p>Das Berzelius-Projekt umfasst ca.\u00a030\u00a0ausleihbare Hightech-Ger\u00e4te und multimediale Laborjournale. Ein interdisziplin\u00e4res Team soll Lernende f\u00fcr das Experimentieren und die MINT-F\u00e4cher begeistern. Nach Workshops, TecDays, Konferenzbeitr\u00e4gen und Lehrpersonenweiterbildungen stieg die Zahl der auf den Ger\u00e4ten durchgef\u00fchrten Maturaarbeiten stark an. Ausgew\u00e4hlte Ergebnisse aus den Maturaarbeiten fliessen in die Multimedia-Laborjournale zur\u00fcck. Auch niederschwellige Formate der Wissenschaftskommunikation wie Motion Comics werden entwickelt. Zudem sollen die Hightech-Ger\u00e4te in Escape-R\u00e4ume migriert und in ein Netz von R\u00e4tseln und Aufgaben verwoben werden.<\/p>\t\t\t\t\t\t<\/div>\n\t\t\t\t<\/div>\n\t\t\t\t<div class=\"elementor-element elementor-element-c6d6ec5 elementor-widget elementor-widget-text-editor\" data-id=\"c6d6ec5\" data-element_type=\"widget\" data-widget_type=\"text-editor.default\">\n\t\t\t\t<div class=\"elementor-widget-container\">\n\t\t\t\t\t\t\t<p class=\"p1\"><strong>Laufzeit<\/strong><br \/>2016 bis 2026<\/p>\t\t\t\t\t\t<\/div>\n\t\t\t\t<\/div>\n\t\t\t\t<div class=\"elementor-element elementor-element-040f904 elementor-widget elementor-widget-text-editor\" data-id=\"040f904\" data-element_type=\"widget\" data-widget_type=\"text-editor.default\">\n\t\t\t\t<div class=\"elementor-widget-container\">\n\t\t\t\t\t\t\t<p><b>Finanzierung<br \/><\/b>Metrohm-Stiftung, ITBO<\/p>\t\t\t\t\t\t<\/div>\n\t\t\t\t<\/div>\n\t\t\t\t<div class=\"elementor-element elementor-element-8edbfc4 elementor-widget elementor-widget-text-editor\" data-id=\"8edbfc4\" data-element_type=\"widget\" data-widget_type=\"text-editor.default\">\n\t\t\t\t<div class=\"elementor-widget-container\">\n\t\t\t\t\t\t\t<p><strong>Leitung<\/strong><br \/>Alfred Steinbach (PHSG)<\/p>\t\t\t\t\t\t<\/div>\n\t\t\t\t<\/div>\n\t\t\t\t<div class=\"elementor-element elementor-element-c93f516 elementor-widget elementor-widget-text-editor\" data-id=\"c93f516\" data-element_type=\"widget\" data-widget_type=\"text-editor.default\">\n\t\t\t\t<div class=\"elementor-widget-container\">\n\t\t\t\t\t\t\t<p><strong>Team<\/strong><br \/>Adrian Brugger (PHSG), Claudia Buser (PHSG), Marianne Leuenberger Ferrari (PHSG), Patrick Massen (PHSG), Martin Novotny (PHSG), Markus Roth (PHSG), Dominik Tschirky (PHSG)<\/p>\t\t\t\t\t\t<\/div>\n\t\t\t\t<\/div>\n\t\t\t\t<div class=\"elementor-element elementor-element-0cd38d4 elementor-widget elementor-widget-text-editor\" data-id=\"0cd38d4\" data-element_type=\"widget\" data-widget_type=\"text-editor.default\">\n\t\t\t\t<div class=\"elementor-widget-container\">\n\t\t\t\t\t\t\t<p><strong>Literaturhinweise\/Publikationen<\/strong><\/p><p>Multimedia-Publikationen:<strong><br \/><\/strong>Brugger, A. &amp; Berzelius-Team. (2023). <em>Schwingungsspektroskopie \u2013 Fingerabdruck der Molek\u00fcle. Teil\u00a02: Raman-Spektroskopie <\/em>(Berzelius-Laborjournal 7.01). St.Gallen: PHSG.<br \/><a style=\"color: #62a8e5;\" href=\"https:\/\/phsg-berzelius-labor-journal.pageflow.io\/raman-spektroskopie#352806\" target=\"_blank\" rel=\"noopener\">Zur Publikation<\/a><\/p><p>Sch\u00f6bi, B. &amp; Berzelius-Team. (2023). <em>Verdauung der Pantoffeltierchen \u2013 neue Farbe f\u00fcr den Durchblick <\/em>(Multimediale Berzelius-Maturaarbeit 1.01). Heerbrugg: Kantonsschule Heerbrugg.<br \/><a style=\"color: #62a8e5;\" href=\"https:\/\/phsg-berzelius-labor-journal.pageflow.io\/pantoffeltierchen#328085\" target=\"_blank\" rel=\"noopener\">Zur Publikation<\/a><\/p><p>Konferenzbeitrag:<br \/>Steinbach, A. &amp; Berzelius-Team. (2023, 23.\u00a0November). <em>Together we stand, divided we fall: High-tech instruments and multimedia in escape rooms.<\/em> Fallstudienpr\u00e4sentation, EAPRIL\u00a02023, Belfast.<\/p>\t\t\t\t\t\t<\/div>\n\t\t\t\t<\/div>\n\t\t\t\t<div class=\"elementor-element elementor-element-5912812 elementor-widget elementor-widget-heading\" data-id=\"5912812\" data-element_type=\"widget\" data-widget_type=\"heading.default\">\n\t\t\t\t<div class=\"elementor-widget-container\">\n\t\t\t<p class=\"elementor-heading-title elementor-size-default\"><a href=\"https:\/\/www.phsg.ch\/de\/forschung-entwicklung\/projekte\/berzelius\" target=\"_blank\">Zum Projekt<\/a><\/p>\t\t<\/div>\n\t\t\t\t<\/div>\n\t\t\t\t\t<\/div>\n\t\t<\/div>\n\t\t\t\t\t<\/div>\n\t\t<\/section>\n\t\t\t\t<\/div>\n\t\t<\/div>\n\t\t\t\t\t\t\t<\/div>\n\t\t\t\t\t\t<\/div><div class=\"jet-accordion__item jet-toggle jet-toggle-move-up-effect \">\n\t\t\t\t\t\t\t<div id=\"jet-toggle-control-60012\" class=\"jet-toggle__control elementor-menu-anchor\" data-toggle=\"12\" role=\"button\" tabindex=\"0\" aria-controls=\"jet-toggle-content-60012\" aria-expanded=\"false\" data-template-id=\"1391\">\n\t\t\t\t\t\t\t\t<div class=\"jet-toggle__label-icon jet-toggle-icon-position-left\"><span class=\"jet-toggle__icon icon-normal jet-tabs-icon\"><i class=\"fas fa-plus\"><\/i><\/span><span class=\"jet-toggle__icon icon-active jet-tabs-icon\"><i class=\"fas fa-minus\"><\/i><\/span><\/div><div class=\"jet-toggle__label-text\">Gesellschaftliche Probleme mit natur&shy;wissen&shy;schaft&shy;lichen Argumenten diskutieren (ProNatArg)<\/div>\t\t\t\t\t\t\t<\/div>\n\t\t\t\t\t\t\t<div id=\"jet-toggle-content-60012\" class=\"jet-toggle__content\" data-toggle=\"12\" role=\"region\" data-template-id=\"1391\">\n\t\t\t\t\t\t\t\t<div class=\"jet-toggle__content-inner\">\t\t<div data-elementor-type=\"page\" data-elementor-id=\"1391\" class=\"elementor elementor-1391\" data-elementor-post-type=\"elementor_library\">\n\t\t\t\t\t\t<section class=\"elementor-section elementor-top-section elementor-element elementor-element-3bd2024 elementor-section-boxed elementor-section-height-default elementor-section-height-default\" data-id=\"3bd2024\" data-element_type=\"section\" data-settings=\"{&quot;jet_parallax_layout_list&quot;:[],&quot;background_background&quot;:&quot;classic&quot;}\">\n\t\t\t\t\t\t<div class=\"elementor-container elementor-column-gap-default\">\n\t\t\t\t\t<div class=\"elementor-column elementor-col-100 elementor-top-column elementor-element elementor-element-7853b75\" data-id=\"7853b75\" data-element_type=\"column\">\n\t\t\t<div class=\"elementor-widget-wrap elementor-element-populated\">\n\t\t\t\t\t\t<div class=\"elementor-element elementor-element-93146ba elementor-widget elementor-widget-text-editor\" data-id=\"93146ba\" data-element_type=\"widget\" data-widget_type=\"text-editor.default\">\n\t\t\t\t<div class=\"elementor-widget-container\">\n\t\t\t\t\t\t\t<p>Das Ziel des Projekts besteht darin, bei Sekundarsch\u00fclerinnen und Sekundarsch\u00fclern die Diskursf\u00e4higkeiten zu st\u00e4rken, indem mit fundierten naturwissenschaftlichen Argumenten gesellschaftliche Probleme l\u00f6sungsorientiert diskutiert werden. Das Unterrichtsentwicklungsprojekt folgt dem neu entwickelten Socio-Scientific-Issues-Ansatz (SSI), der als didaktischer Rahmen zur Entwicklung des Unterrichts dient.<\/p>\t\t\t\t\t\t<\/div>\n\t\t\t\t<\/div>\n\t\t\t\t<div class=\"elementor-element elementor-element-c6d6ec5 elementor-widget elementor-widget-text-editor\" data-id=\"c6d6ec5\" data-element_type=\"widget\" data-widget_type=\"text-editor.default\">\n\t\t\t\t<div class=\"elementor-widget-container\">\n\t\t\t\t\t\t\t<p class=\"p1\"><strong>Laufzeit<\/strong><br \/>Schuljahr 2023\/24<\/p>\t\t\t\t\t\t<\/div>\n\t\t\t\t<\/div>\n\t\t\t\t<div class=\"elementor-element elementor-element-040f904 elementor-widget elementor-widget-text-editor\" data-id=\"040f904\" data-element_type=\"widget\" data-widget_type=\"text-editor.default\">\n\t\t\t\t<div class=\"elementor-widget-container\">\n\t\t\t\t\t\t\t<p><b>Finanzierung<br \/><\/b>Stiftung Wegweiser<\/p>\t\t\t\t\t\t<\/div>\n\t\t\t\t<\/div>\n\t\t\t\t<div class=\"elementor-element elementor-element-8edbfc4 elementor-widget elementor-widget-text-editor\" data-id=\"8edbfc4\" data-element_type=\"widget\" data-widget_type=\"text-editor.default\">\n\t\t\t\t<div class=\"elementor-widget-container\">\n\t\t\t\t\t\t\t<p><strong>Leitung<\/strong><br \/>D\u00e9sir\u00e9e B\u00fcchel (PHSG), Florian Rietz (PHSG), Robbert Smit (PHSG)<\/p>\t\t\t\t\t\t<\/div>\n\t\t\t\t<\/div>\n\t\t\t\t<div class=\"elementor-element elementor-element-5912812 elementor-widget elementor-widget-heading\" data-id=\"5912812\" data-element_type=\"widget\" data-widget_type=\"heading.default\">\n\t\t\t\t<div class=\"elementor-widget-container\">\n\t\t\t<p class=\"elementor-heading-title elementor-size-default\"><a href=\"https:\/\/www.phsg.ch\/de\/forschung-entwicklung\/projekte\/gesellschaftliche-probleme-mit-naturwissenschaftlichen-argumenten-diskutieren-pronatarg\" target=\"_blank\">Zum Projekt<\/a><\/p>\t\t<\/div>\n\t\t\t\t<\/div>\n\t\t\t\t\t<\/div>\n\t\t<\/div>\n\t\t\t\t\t<\/div>\n\t\t<\/section>\n\t\t\t\t<\/div>\n\t\t<\/div>\n\t\t\t\t\t\t\t<\/div>\n\t\t\t\t\t\t<\/div>\t\t\t\t\t\t\t\t<\/div>\n\t\t<\/div>\n\t\t\t\t<\/div>\n\t\t\t\t<\/div>\n\t\t\t\t<div class=\"elementor-element elementor-element-0b07b49 elementor-widget elementor-widget-spacer\" data-id=\"0b07b49\" data-element_type=\"widget\" data-widget_type=\"spacer.default\">\n\t\t\t\t<div class=\"elementor-widget-container\">\n\t\t\t\t\t<div class=\"elementor-spacer\">\n\t\t\t<div class=\"elementor-spacer-inner\"><\/div>\n\t\t<\/div>\n\t\t\t\t<\/div>\n\t\t\t\t<\/div>\n\t\t\t\t<\/div>\n\t\t\t\t\t<\/div>\n\t\t\t\t<\/div>\n\t\t<div class=\"elementor-element elementor-element-03003fb e-flex e-con-boxed e-con e-parent\" data-id=\"03003fb\" data-element_type=\"container\" data-settings=\"{&quot;jet_parallax_layout_list&quot;:[]}\">\n\t\t\t\t\t<div class=\"e-con-inner\">\n\t\t<div class=\"elementor-element elementor-element-19c0cb9 e-con-full e-flex e-con e-child\" data-id=\"19c0cb9\" data-element_type=\"container\" data-settings=\"{&quot;jet_parallax_layout_list&quot;:[]}\">\n\t\t\t\t<div class=\"elementor-element elementor-element-eb990be elementor-widget elementor-widget-template\" data-id=\"eb990be\" data-element_type=\"widget\" data-widget_type=\"template.default\">\n\t\t\t\t<div class=\"elementor-widget-container\">\n\t\t\t\t\t<div class=\"elementor-template\">\n\t\t\t\t\t<div data-elementor-type=\"section\" data-elementor-id=\"725\" class=\"elementor elementor-725\" data-elementor-post-type=\"elementor_library\">\n\t\t\t<div class=\"elementor-element elementor-element-e3892ea e-flex e-con-boxed e-con e-child\" data-id=\"e3892ea\" data-element_type=\"container\" data-settings=\"{&quot;jet_parallax_layout_list&quot;:[]}\">\n\t\t\t\t\t<div class=\"e-con-inner\">\n\t\t\t\t<div class=\"elementor-element elementor-element-887b501 elementor-widget elementor-widget-spacer\" data-id=\"887b501\" data-element_type=\"widget\" data-widget_type=\"spacer.default\">\n\t\t\t\t<div class=\"elementor-widget-container\">\n\t\t\t\t\t<div class=\"elementor-spacer\">\n\t\t\t<div class=\"elementor-spacer-inner\"><\/div>\n\t\t<\/div>\n\t\t\t\t<\/div>\n\t\t\t\t<\/div>\n\t\t\t\t<div class=\"elementor-element elementor-element-db30c76 elementor-widget elementor-widget-heading\" data-id=\"db30c76\" data-element_type=\"widget\" data-widget_type=\"heading.default\">\n\t\t\t\t<div class=\"elementor-widget-container\">\n\t\t\t<h3 class=\"elementor-heading-title elementor-size-default\">Weitere Themen, die Sie interessieren k\u00f6nnten<\/h3>\t\t<\/div>\n\t\t\t\t<\/div>\n\t\t\t\t<div class=\"elementor-element elementor-element-7d3c3e5 elementor-hidden-tablet elementor-widget elementor-widget-raven-posts\" data-id=\"7d3c3e5\" data-element_type=\"widget\" data-settings=\"{&quot;classic_columns&quot;:&quot;4&quot;,&quot;query_posts_per_page&quot;:4,&quot;classic_columns_tablet&quot;:&quot;3&quot;,&quot;_skin&quot;:&quot;classic&quot;,&quot;classic_layout&quot;:&quot;grid&quot;,&quot;classic_columns_mobile&quot;:&quot;1&quot;,&quot;query_offset&quot;:0}\" data-widget_type=\"raven-posts.classic\">\n\t\t\t\t<div class=\"elementor-widget-container\">\n\t\t\t\t\t<div class=\"raven-posts raven-grid raven-grid-4 raven-grid-mobile-1 raven-grid-tablet-3\" data-post-id=\"725\" data-archive-query=\"\" data-lang=\"\">\n\t\t\t\t<div class=\"raven-grid-item raven-post-item post-3027 page type-page status-publish has-post-thumbnail hentry\">\n\t\t\t<div class=\"raven-post elementor-animation-grow\">\n\t\t\t\t\t\t<div class=\"raven-post-image-wrap\">\n\t\t\t<a class=\"raven-post-image raven-image-fit\" href=\"https:\/\/phsg-forschungsbericht.ch\/2022-2023\/wissenschaftssupport\/gemeinsames-grants-office-der-st-galler-hochschulen\/\"><img decoding=\"async\" width=\"1200\" height=\"630\" src=\"https:\/\/phsg-forschungsbericht.ch\/2022-2023\/wp-content\/uploads\/sites\/3\/phsg-forschungsbericht-weitere-themen-wissenschaftssuport-grants-office.jpg\" class=\"attachment-large size-large wp-image-4104\" alt=\"\" srcset=\"https:\/\/phsg-forschungsbericht.ch\/2022-2023\/wp-content\/uploads\/sites\/3\/phsg-forschungsbericht-weitere-themen-wissenschaftssuport-grants-office.jpg 1200w, https:\/\/phsg-forschungsbericht.ch\/2022-2023\/wp-content\/uploads\/sites\/3\/phsg-forschungsbericht-weitere-themen-wissenschaftssuport-grants-office-768x403.jpg 768w\" sizes=\"(max-width: 1200px) 100vw, 1200px\" \/> <span class=\"raven-post-image-overlay\"><\/span><\/a>\t\t<\/div>\n\t\t\t\t\t\t<div class=\"raven-post-content\">\n\t\t\t\t\t<h3 class=\"raven-post-title\"><a class=\"raven-post-title-link\" href=\"https:\/\/phsg-forschungsbericht.ch\/2022-2023\/wissenschaftssupport\/gemeinsames-grants-office-der-st-galler-hochschulen\/\">Gemeinsames Grants Office der St.Galler Hochschulen<\/a><\/h3>\t\t\t\t<\/div>\n\t\t\t<\/div>\n\t\t<\/div>\n\t\t\t\t<div class=\"raven-grid-item raven-post-item post-2987 page type-page status-publish has-post-thumbnail hentry\">\n\t\t\t<div class=\"raven-post elementor-animation-grow\">\n\t\t\t\t\t\t<div class=\"raven-post-image-wrap\">\n\t\t\t<a class=\"raven-post-image raven-image-fit\" href=\"https:\/\/phsg-forschungsbericht.ch\/2022-2023\/wissenschaftlicher-nachwuchs\/\"><img loading=\"lazy\" decoding=\"async\" width=\"1200\" height=\"630\" src=\"https:\/\/phsg-forschungsbericht.ch\/2022-2023\/wp-content\/uploads\/sites\/3\/phsg-forschungsbericht-weitere-themen-wissenschaftlicher-nachwuchs.jpg\" class=\"attachment-large size-large wp-image-4054\" alt=\"\" srcset=\"https:\/\/phsg-forschungsbericht.ch\/2022-2023\/wp-content\/uploads\/sites\/3\/phsg-forschungsbericht-weitere-themen-wissenschaftlicher-nachwuchs.jpg 1200w, https:\/\/phsg-forschungsbericht.ch\/2022-2023\/wp-content\/uploads\/sites\/3\/phsg-forschungsbericht-weitere-themen-wissenschaftlicher-nachwuchs-768x403.jpg 768w\" sizes=\"(max-width: 1200px) 100vw, 1200px\" \/> <span class=\"raven-post-image-overlay\"><\/span><\/a>\t\t<\/div>\n\t\t\t\t\t\t<div class=\"raven-post-content\">\n\t\t\t\t\t<h3 class=\"raven-post-title\"><a class=\"raven-post-title-link\" href=\"https:\/\/phsg-forschungsbericht.ch\/2022-2023\/wissenschaftlicher-nachwuchs\/\">Wissenschaftlicher Nachwuchs<\/a><\/h3>\t\t\t\t<\/div>\n\t\t\t<\/div>\n\t\t<\/div>\n\t\t\t\t<div class=\"raven-grid-item raven-post-item post-302 page type-page status-publish has-post-thumbnail hentry\">\n\t\t\t<div class=\"raven-post elementor-animation-grow\">\n\t\t\t\t\t\t<div class=\"raven-post-image-wrap\">\n\t\t\t<a class=\"raven-post-image raven-image-fit\" href=\"https:\/\/phsg-forschungsbericht.ch\/2022-2023\/fokus\/\"><img loading=\"lazy\" decoding=\"async\" width=\"1200\" height=\"630\" src=\"https:\/\/phsg-forschungsbericht.ch\/2022-2023\/wp-content\/uploads\/sites\/3\/phsg-forschungsbericht-weitere-themen-fokus.jpg\" class=\"attachment-large size-large wp-image-4095\" alt=\"\" srcset=\"https:\/\/phsg-forschungsbericht.ch\/2022-2023\/wp-content\/uploads\/sites\/3\/phsg-forschungsbericht-weitere-themen-fokus.jpg 1200w, https:\/\/phsg-forschungsbericht.ch\/2022-2023\/wp-content\/uploads\/sites\/3\/phsg-forschungsbericht-weitere-themen-fokus-768x403.jpg 768w\" sizes=\"(max-width: 1200px) 100vw, 1200px\" \/> <span class=\"raven-post-image-overlay\"><\/span><\/a>\t\t<\/div>\n\t\t\t\t\t\t<div class=\"raven-post-content\">\n\t\t\t\t\t<h3 class=\"raven-post-title\"><a class=\"raven-post-title-link\" href=\"https:\/\/phsg-forschungsbericht.ch\/2022-2023\/fokus\/\">Fokus<\/a><\/h3>\t\t\t\t<\/div>\n\t\t\t<\/div>\n\t\t<\/div>\n\t\t\t\t<div class=\"raven-grid-item raven-post-item post-3095 page type-page status-publish has-post-thumbnail hentry\">\n\t\t\t<div class=\"raven-post elementor-animation-grow\">\n\t\t\t\t\t\t<div class=\"raven-post-image-wrap\">\n\t\t\t<a class=\"raven-post-image raven-image-fit\" href=\"https:\/\/phsg-forschungsbericht.ch\/2022-2023\/wissenschaftssupport\/fundraising-office-der-phsg\/\"><img loading=\"lazy\" decoding=\"async\" width=\"1200\" height=\"630\" src=\"https:\/\/phsg-forschungsbericht.ch\/2022-2023\/wp-content\/uploads\/sites\/3\/phsg-forschungsbericht-weitere-themen-wissenschaftssuport-fundraising-office.jpg\" class=\"attachment-large size-large wp-image-4055\" alt=\"\" srcset=\"https:\/\/phsg-forschungsbericht.ch\/2022-2023\/wp-content\/uploads\/sites\/3\/phsg-forschungsbericht-weitere-themen-wissenschaftssuport-fundraising-office.jpg 1200w, https:\/\/phsg-forschungsbericht.ch\/2022-2023\/wp-content\/uploads\/sites\/3\/phsg-forschungsbericht-weitere-themen-wissenschaftssuport-fundraising-office-768x403.jpg 768w\" sizes=\"(max-width: 1200px) 100vw, 1200px\" \/> <span class=\"raven-post-image-overlay\"><\/span><\/a>\t\t<\/div>\n\t\t\t\t\t\t<div class=\"raven-post-content\">\n\t\t\t\t\t<h3 class=\"raven-post-title\"><a class=\"raven-post-title-link\" href=\"https:\/\/phsg-forschungsbericht.ch\/2022-2023\/wissenschaftssupport\/fundraising-office-der-phsg\/\">Fundraising Office der PHSG<\/a><\/h3>\t\t\t\t<\/div>\n\t\t\t<\/div>\n\t\t<\/div>\n\t\t\t\t<\/div>\n\t\t\t\t<\/div>\n\t\t\t\t<\/div>\n\t\t\t\t<div class=\"elementor-element elementor-element-e933b79 elementor-hidden-desktop elementor-hidden-mobile elementor-widget elementor-widget-raven-posts\" data-id=\"e933b79\" data-element_type=\"widget\" data-settings=\"{&quot;classic_columns&quot;:&quot;4&quot;,&quot;query_posts_per_page&quot;:3,&quot;classic_columns_tablet&quot;:&quot;3&quot;,&quot;_skin&quot;:&quot;classic&quot;,&quot;classic_layout&quot;:&quot;grid&quot;,&quot;classic_columns_mobile&quot;:&quot;1&quot;,&quot;query_offset&quot;:0}\" data-widget_type=\"raven-posts.classic\">\n\t\t\t\t<div class=\"elementor-widget-container\">\n\t\t\t\t\t<div class=\"raven-posts raven-grid raven-grid-4 raven-grid-mobile-1 raven-grid-tablet-3\" data-post-id=\"725\" data-archive-query=\"\" data-lang=\"\">\n\t\t\t\t<div class=\"raven-grid-item raven-post-item post-3091 page type-page status-publish has-post-thumbnail hentry\">\n\t\t\t<div class=\"raven-post elementor-animation-grow\">\n\t\t\t\t\t\t<div class=\"raven-post-image-wrap\">\n\t\t\t<a class=\"raven-post-image raven-image-fit\" href=\"https:\/\/phsg-forschungsbericht.ch\/2022-2023\/wissenschaftssupport\/\"><img loading=\"lazy\" decoding=\"async\" width=\"1200\" height=\"630\" src=\"https:\/\/phsg-forschungsbericht.ch\/2022-2023\/wp-content\/uploads\/sites\/3\/phsg-forschungsbericht-weitere-themen-wissenschaftssuport.jpg\" class=\"attachment-large size-large wp-image-4056\" alt=\"\" srcset=\"https:\/\/phsg-forschungsbericht.ch\/2022-2023\/wp-content\/uploads\/sites\/3\/phsg-forschungsbericht-weitere-themen-wissenschaftssuport.jpg 1200w, https:\/\/phsg-forschungsbericht.ch\/2022-2023\/wp-content\/uploads\/sites\/3\/phsg-forschungsbericht-weitere-themen-wissenschaftssuport-768x403.jpg 768w\" sizes=\"(max-width: 1200px) 100vw, 1200px\" \/> <span class=\"raven-post-image-overlay\"><\/span><\/a>\t\t<\/div>\n\t\t\t\t\t\t<div class=\"raven-post-content\">\n\t\t\t\t\t<h3 class=\"raven-post-title\"><a class=\"raven-post-title-link\" href=\"https:\/\/phsg-forschungsbericht.ch\/2022-2023\/wissenschaftssupport\/\">Wissenschaftssupport<\/a><\/h3>\t\t\t\t<\/div>\n\t\t\t<\/div>\n\t\t<\/div>\n\t\t\t\t<div class=\"raven-grid-item raven-post-item post-3093 page type-page status-publish has-post-thumbnail hentry\">\n\t\t\t<div class=\"raven-post elementor-animation-grow\">\n\t\t\t\t\t\t<div class=\"raven-post-image-wrap\">\n\t\t\t<a class=\"raven-post-image raven-image-fit\" href=\"https:\/\/phsg-forschungsbericht.ch\/2022-2023\/zahlen-fakten\/\"><img loading=\"lazy\" decoding=\"async\" width=\"1200\" height=\"630\" src=\"https:\/\/phsg-forschungsbericht.ch\/2022-2023\/wp-content\/uploads\/sites\/3\/phsg-forschungsbericht-weitere-themen-zahlen-fakten.jpg\" class=\"attachment-large size-large wp-image-4057\" alt=\"\" srcset=\"https:\/\/phsg-forschungsbericht.ch\/2022-2023\/wp-content\/uploads\/sites\/3\/phsg-forschungsbericht-weitere-themen-zahlen-fakten.jpg 1200w, https:\/\/phsg-forschungsbericht.ch\/2022-2023\/wp-content\/uploads\/sites\/3\/phsg-forschungsbericht-weitere-themen-zahlen-fakten-768x403.jpg 768w\" sizes=\"(max-width: 1200px) 100vw, 1200px\" \/> <span class=\"raven-post-image-overlay\"><\/span><\/a>\t\t<\/div>\n\t\t\t\t\t\t<div class=\"raven-post-content\">\n\t\t\t\t\t<h3 class=\"raven-post-title\"><a class=\"raven-post-title-link\" href=\"https:\/\/phsg-forschungsbericht.ch\/2022-2023\/zahlen-fakten\/\">Zahlen &#038; Fakten<\/a><\/h3>\t\t\t\t<\/div>\n\t\t\t<\/div>\n\t\t<\/div>\n\t\t\t\t<div class=\"raven-grid-item raven-post-item post-1070 page type-page status-publish has-post-thumbnail hentry\">\n\t\t\t<div class=\"raven-post elementor-animation-grow\">\n\t\t\t\t\t\t<div class=\"raven-post-image-wrap\">\n\t\t\t<a class=\"raven-post-image raven-image-fit\" href=\"https:\/\/phsg-forschungsbericht.ch\/2022-2023\/fokus\/institut-paedagogische-psychologie\/\"><img loading=\"lazy\" decoding=\"async\" width=\"1200\" height=\"630\" src=\"https:\/\/phsg-forschungsbericht.ch\/2022-2023\/wp-content\/uploads\/sites\/3\/phsg-forschungsbericht-weitere-themen-fokus-ipp.jpg\" class=\"attachment-large size-large wp-image-4060\" alt=\"\" srcset=\"https:\/\/phsg-forschungsbericht.ch\/2022-2023\/wp-content\/uploads\/sites\/3\/phsg-forschungsbericht-weitere-themen-fokus-ipp.jpg 1200w, https:\/\/phsg-forschungsbericht.ch\/2022-2023\/wp-content\/uploads\/sites\/3\/phsg-forschungsbericht-weitere-themen-fokus-ipp-768x403.jpg 768w\" sizes=\"(max-width: 1200px) 100vw, 1200px\" \/> <span class=\"raven-post-image-overlay\"><\/span><\/a>\t\t<\/div>\n\t\t\t\t\t\t<div class=\"raven-post-content\">\n\t\t\t\t\t<h3 class=\"raven-post-title\"><a class=\"raven-post-title-link\" href=\"https:\/\/phsg-forschungsbericht.ch\/2022-2023\/fokus\/institut-paedagogische-psychologie\/\">Institut P\u00e4dagogische Psychologie<\/a><\/h3>\t\t\t\t<\/div>\n\t\t\t<\/div>\n\t\t<\/div>\n\t\t\t\t<\/div>\n\t\t\t\t<\/div>\n\t\t\t\t<\/div>\n\t\t\t\t<div class=\"elementor-element elementor-element-80ca684 elementor-widget elementor-widget-spacer\" data-id=\"80ca684\" data-element_type=\"widget\" data-widget_type=\"spacer.default\">\n\t\t\t\t<div class=\"elementor-widget-container\">\n\t\t\t\t\t<div class=\"elementor-spacer\">\n\t\t\t<div class=\"elementor-spacer-inner\"><\/div>\n\t\t<\/div>\n\t\t\t\t<\/div>\n\t\t\t\t<\/div>\n\t\t\t\t\t<\/div>\n\t\t\t\t<\/div>\n\t\t\t\t<\/div>\n\t\t\t\t<\/div>\n\t\t\t\t<\/div>\n\t\t\t\t<\/div>\n\t\t\t\t<\/div>\n\t\t\t\t\t<\/div>\n\t\t\t\t<\/div>\n\t\t\t\t<\/div>\n\t\t","protected":false},"excerpt":{"rendered":"<p>Fokus Institut Mathematische, Naturwissen&shy;schaftliche und Technische Bildung Das Institut Mathematische, Naturwissenschaftliche und Technische Bildung (IMNT) ist die Anlaufstelle f\u00fcr Themen der F\u00e4cher Mathematik, NT (Natur und Technik) und NMG (Natur, Mensch, Gesellschaft). Neben der Aus- und Weiterbildung von Lehrpersonen der Volksschule besch\u00e4ftigt sich das Institut in diversen und vielf\u00e4ltigen Projekten mit praxisrelevanten Fragen der entsprechenden [&hellip;]<\/p>\n","protected":false},"author":1,"featured_media":4097,"parent":302,"menu_order":0,"comment_status":"closed","ping_status":"closed","template":"elementor_header_footer","meta":{"_acf_changed":false,"footnotes":""},"acf":[],"yoast_head":"<!-- This site is optimized with the Yoast SEO plugin v22.5 - https:\/\/yoast.com\/wordpress\/plugins\/seo\/ -->\n<title>Institut Mathematische, Naturwissenschaftliche und Technische Bildung - PHSG Forschungsbericht 2022\/23<\/title>\n<meta name=\"robots\" content=\"index, follow, max-snippet:-1, max-image-preview:large, max-video-preview:-1\" \/>\n<link rel=\"canonical\" href=\"https:\/\/phsg-forschungsbericht.ch\/2022-2023\/fokus\/institut-mathematische-naturwissenschaftliche-und-technische-bildung\/\" \/>\n<meta property=\"og:locale\" content=\"de_DE\" \/>\n<meta property=\"og:type\" content=\"article\" \/>\n<meta property=\"og:title\" content=\"Institut Mathematische, Naturwissenschaftliche und Technische Bildung - PHSG Forschungsbericht 2022\/23\" \/>\n<meta property=\"og:description\" content=\"Fokus Institut Mathematische, Naturwissen&shy;schaftliche und Technische Bildung Das Institut Mathematische, Naturwissenschaftliche und Technische Bildung (IMNT) ist die Anlaufstelle f\u00fcr Themen der F\u00e4cher Mathematik, NT (Natur und Technik) und NMG (Natur, Mensch, Gesellschaft). Neben der Aus- und Weiterbildung von Lehrpersonen der Volksschule besch\u00e4ftigt sich das Institut in diversen und vielf\u00e4ltigen Projekten mit praxisrelevanten Fragen der entsprechenden [&hellip;]\" \/>\n<meta property=\"og:url\" content=\"https:\/\/phsg-forschungsbericht.ch\/2022-2023\/fokus\/institut-mathematische-naturwissenschaftliche-und-technische-bildung\/\" \/>\n<meta property=\"og:site_name\" content=\"PHSG Forschungsbericht 2022\/23\" \/>\n<meta property=\"article:modified_time\" content=\"2024-04-26T07:30:31+00:00\" \/>\n<meta property=\"og:image\" content=\"https:\/\/phsg-forschungsbericht.ch\/2022-2023\/wp-content\/uploads\/sites\/3\/phsg-forschungsbericht-weitere-themen-fokus-imnt.jpg\" \/>\n\t<meta property=\"og:image:width\" content=\"1200\" \/>\n\t<meta property=\"og:image:height\" content=\"630\" \/>\n\t<meta property=\"og:image:type\" content=\"image\/jpeg\" \/>\n<meta name=\"twitter:card\" content=\"summary_large_image\" \/>\n<meta name=\"twitter:label1\" content=\"Gesch\u00e4tzte Lesezeit\" \/>\n\t<meta name=\"twitter:data1\" content=\"11\u00a0Minuten\" \/>\n<script type=\"application\/ld+json\" class=\"yoast-schema-graph\">{\"@context\":\"https:\/\/schema.org\",\"@graph\":[{\"@type\":\"WebPage\",\"@id\":\"https:\/\/phsg-forschungsbericht.ch\/2022-2023\/fokus\/institut-mathematische-naturwissenschaftliche-und-technische-bildung\/\",\"url\":\"https:\/\/phsg-forschungsbericht.ch\/2022-2023\/fokus\/institut-mathematische-naturwissenschaftliche-und-technische-bildung\/\",\"name\":\"Institut Mathematische, Naturwissenschaftliche und Technische Bildung - PHSG Forschungsbericht 2022\/23\",\"isPartOf\":{\"@id\":\"https:\/\/phsg-forschungsbericht.ch\/2022-2023\/#website\"},\"primaryImageOfPage\":{\"@id\":\"https:\/\/phsg-forschungsbericht.ch\/2022-2023\/fokus\/institut-mathematische-naturwissenschaftliche-und-technische-bildung\/#primaryimage\"},\"image\":{\"@id\":\"https:\/\/phsg-forschungsbericht.ch\/2022-2023\/fokus\/institut-mathematische-naturwissenschaftliche-und-technische-bildung\/#primaryimage\"},\"thumbnailUrl\":\"https:\/\/phsg-forschungsbericht.ch\/2022-2023\/wp-content\/uploads\/sites\/3\/phsg-forschungsbericht-weitere-themen-fokus-imnt.jpg\",\"datePublished\":\"2022-04-26T08:34:50+00:00\",\"dateModified\":\"2024-04-26T07:30:31+00:00\",\"breadcrumb\":{\"@id\":\"https:\/\/phsg-forschungsbericht.ch\/2022-2023\/fokus\/institut-mathematische-naturwissenschaftliche-und-technische-bildung\/#breadcrumb\"},\"inLanguage\":\"de\",\"potentialAction\":[{\"@type\":\"ReadAction\",\"target\":[\"https:\/\/phsg-forschungsbericht.ch\/2022-2023\/fokus\/institut-mathematische-naturwissenschaftliche-und-technische-bildung\/\"]}]},{\"@type\":\"ImageObject\",\"inLanguage\":\"de\",\"@id\":\"https:\/\/phsg-forschungsbericht.ch\/2022-2023\/fokus\/institut-mathematische-naturwissenschaftliche-und-technische-bildung\/#primaryimage\",\"url\":\"https:\/\/phsg-forschungsbericht.ch\/2022-2023\/wp-content\/uploads\/sites\/3\/phsg-forschungsbericht-weitere-themen-fokus-imnt.jpg\",\"contentUrl\":\"https:\/\/phsg-forschungsbericht.ch\/2022-2023\/wp-content\/uploads\/sites\/3\/phsg-forschungsbericht-weitere-themen-fokus-imnt.jpg\",\"width\":1200,\"height\":630},{\"@type\":\"BreadcrumbList\",\"@id\":\"https:\/\/phsg-forschungsbericht.ch\/2022-2023\/fokus\/institut-mathematische-naturwissenschaftliche-und-technische-bildung\/#breadcrumb\",\"itemListElement\":[{\"@type\":\"ListItem\",\"position\":1,\"name\":\"Startseite\",\"item\":\"https:\/\/phsg-forschungsbericht.ch\/2022-2023\/\"},{\"@type\":\"ListItem\",\"position\":2,\"name\":\"Fokus\",\"item\":\"https:\/\/phsg-forschungsbericht.ch\/2022-2023\/fokus\/\"},{\"@type\":\"ListItem\",\"position\":3,\"name\":\"Institut Mathematische, Naturwissenschaftliche und Technische Bildung\"}]},{\"@type\":\"WebSite\",\"@id\":\"https:\/\/phsg-forschungsbericht.ch\/2022-2023\/#website\",\"url\":\"https:\/\/phsg-forschungsbericht.ch\/2022-2023\/\",\"name\":\"PHSG Forschungsbericht 2022\/23\",\"description\":\"\",\"potentialAction\":[{\"@type\":\"SearchAction\",\"target\":{\"@type\":\"EntryPoint\",\"urlTemplate\":\"https:\/\/phsg-forschungsbericht.ch\/2022-2023\/?s={search_term_string}\"},\"query-input\":\"required name=search_term_string\"}],\"inLanguage\":\"de\"}]}<\/script>\n<!-- \/ Yoast SEO plugin. -->","yoast_head_json":{"title":"Institut Mathematische, Naturwissenschaftliche und Technische Bildung - PHSG Forschungsbericht 2022\/23","robots":{"index":"index","follow":"follow","max-snippet":"max-snippet:-1","max-image-preview":"max-image-preview:large","max-video-preview":"max-video-preview:-1"},"canonical":"https:\/\/phsg-forschungsbericht.ch\/2022-2023\/fokus\/institut-mathematische-naturwissenschaftliche-und-technische-bildung\/","og_locale":"de_DE","og_type":"article","og_title":"Institut Mathematische, Naturwissenschaftliche und Technische Bildung - PHSG Forschungsbericht 2022\/23","og_description":"Fokus Institut Mathematische, Naturwissen&shy;schaftliche und Technische Bildung Das Institut Mathematische, Naturwissenschaftliche und Technische Bildung (IMNT) ist die Anlaufstelle f\u00fcr Themen der F\u00e4cher Mathematik, NT (Natur und Technik) und NMG (Natur, Mensch, Gesellschaft). Neben der Aus- und Weiterbildung von Lehrpersonen der Volksschule besch\u00e4ftigt sich das Institut in diversen und vielf\u00e4ltigen Projekten mit praxisrelevanten Fragen der entsprechenden [&hellip;]","og_url":"https:\/\/phsg-forschungsbericht.ch\/2022-2023\/fokus\/institut-mathematische-naturwissenschaftliche-und-technische-bildung\/","og_site_name":"PHSG Forschungsbericht 2022\/23","article_modified_time":"2024-04-26T07:30:31+00:00","og_image":[{"width":1200,"height":630,"url":"https:\/\/phsg-forschungsbericht.ch\/2022-2023\/wp-content\/uploads\/sites\/3\/phsg-forschungsbericht-weitere-themen-fokus-imnt.jpg","type":"image\/jpeg"}],"twitter_card":"summary_large_image","twitter_misc":{"Gesch\u00e4tzte Lesezeit":"11\u00a0Minuten"},"schema":{"@context":"https:\/\/schema.org","@graph":[{"@type":"WebPage","@id":"https:\/\/phsg-forschungsbericht.ch\/2022-2023\/fokus\/institut-mathematische-naturwissenschaftliche-und-technische-bildung\/","url":"https:\/\/phsg-forschungsbericht.ch\/2022-2023\/fokus\/institut-mathematische-naturwissenschaftliche-und-technische-bildung\/","name":"Institut Mathematische, Naturwissenschaftliche und Technische Bildung - PHSG Forschungsbericht 2022\/23","isPartOf":{"@id":"https:\/\/phsg-forschungsbericht.ch\/2022-2023\/#website"},"primaryImageOfPage":{"@id":"https:\/\/phsg-forschungsbericht.ch\/2022-2023\/fokus\/institut-mathematische-naturwissenschaftliche-und-technische-bildung\/#primaryimage"},"image":{"@id":"https:\/\/phsg-forschungsbericht.ch\/2022-2023\/fokus\/institut-mathematische-naturwissenschaftliche-und-technische-bildung\/#primaryimage"},"thumbnailUrl":"https:\/\/phsg-forschungsbericht.ch\/2022-2023\/wp-content\/uploads\/sites\/3\/phsg-forschungsbericht-weitere-themen-fokus-imnt.jpg","datePublished":"2022-04-26T08:34:50+00:00","dateModified":"2024-04-26T07:30:31+00:00","breadcrumb":{"@id":"https:\/\/phsg-forschungsbericht.ch\/2022-2023\/fokus\/institut-mathematische-naturwissenschaftliche-und-technische-bildung\/#breadcrumb"},"inLanguage":"de","potentialAction":[{"@type":"ReadAction","target":["https:\/\/phsg-forschungsbericht.ch\/2022-2023\/fokus\/institut-mathematische-naturwissenschaftliche-und-technische-bildung\/"]}]},{"@type":"ImageObject","inLanguage":"de","@id":"https:\/\/phsg-forschungsbericht.ch\/2022-2023\/fokus\/institut-mathematische-naturwissenschaftliche-und-technische-bildung\/#primaryimage","url":"https:\/\/phsg-forschungsbericht.ch\/2022-2023\/wp-content\/uploads\/sites\/3\/phsg-forschungsbericht-weitere-themen-fokus-imnt.jpg","contentUrl":"https:\/\/phsg-forschungsbericht.ch\/2022-2023\/wp-content\/uploads\/sites\/3\/phsg-forschungsbericht-weitere-themen-fokus-imnt.jpg","width":1200,"height":630},{"@type":"BreadcrumbList","@id":"https:\/\/phsg-forschungsbericht.ch\/2022-2023\/fokus\/institut-mathematische-naturwissenschaftliche-und-technische-bildung\/#breadcrumb","itemListElement":[{"@type":"ListItem","position":1,"name":"Startseite","item":"https:\/\/phsg-forschungsbericht.ch\/2022-2023\/"},{"@type":"ListItem","position":2,"name":"Fokus","item":"https:\/\/phsg-forschungsbericht.ch\/2022-2023\/fokus\/"},{"@type":"ListItem","position":3,"name":"Institut Mathematische, Naturwissenschaftliche und Technische Bildung"}]},{"@type":"WebSite","@id":"https:\/\/phsg-forschungsbericht.ch\/2022-2023\/#website","url":"https:\/\/phsg-forschungsbericht.ch\/2022-2023\/","name":"PHSG Forschungsbericht 2022\/23","description":"","potentialAction":[{"@type":"SearchAction","target":{"@type":"EntryPoint","urlTemplate":"https:\/\/phsg-forschungsbericht.ch\/2022-2023\/?s={search_term_string}"},"query-input":"required name=search_term_string"}],"inLanguage":"de"}]}},"_links":{"self":[{"href":"https:\/\/phsg-forschungsbericht.ch\/2022-2023\/wp-json\/wp\/v2\/pages\/1100"}],"collection":[{"href":"https:\/\/phsg-forschungsbericht.ch\/2022-2023\/wp-json\/wp\/v2\/pages"}],"about":[{"href":"https:\/\/phsg-forschungsbericht.ch\/2022-2023\/wp-json\/wp\/v2\/types\/page"}],"author":[{"embeddable":true,"href":"https:\/\/phsg-forschungsbericht.ch\/2022-2023\/wp-json\/wp\/v2\/users\/1"}],"replies":[{"embeddable":true,"href":"https:\/\/phsg-forschungsbericht.ch\/2022-2023\/wp-json\/wp\/v2\/comments?post=1100"}],"version-history":[{"count":147,"href":"https:\/\/phsg-forschungsbericht.ch\/2022-2023\/wp-json\/wp\/v2\/pages\/1100\/revisions"}],"predecessor-version":[{"id":4588,"href":"https:\/\/phsg-forschungsbericht.ch\/2022-2023\/wp-json\/wp\/v2\/pages\/1100\/revisions\/4588"}],"up":[{"embeddable":true,"href":"https:\/\/phsg-forschungsbericht.ch\/2022-2023\/wp-json\/wp\/v2\/pages\/302"}],"wp:featuredmedia":[{"embeddable":true,"href":"https:\/\/phsg-forschungsbericht.ch\/2022-2023\/wp-json\/wp\/v2\/media\/4097"}],"wp:attachment":[{"href":"https:\/\/phsg-forschungsbericht.ch\/2022-2023\/wp-json\/wp\/v2\/media?parent=1100"}],"curies":[{"name":"wp","href":"https:\/\/api.w.org\/{rel}","templated":true}]}}