{"id":2885,"date":"2024-03-01T10:11:00","date_gmt":"2024-03-01T09:11:00","guid":{"rendered":"https:\/\/phsg-forschungsbericht.ch\/24-25\/?page_id=2885"},"modified":"2024-04-26T09:33:57","modified_gmt":"2024-04-26T07:33:57","slug":"institut-sprachliche-und-literarische-bildung","status":"publish","type":"page","link":"https:\/\/phsg-forschungsbericht.ch\/2022-2023\/fokus\/institut-sprachliche-und-literarische-bildung\/","title":{"rendered":"Institut Sprachliche und Literarische Bildung"},"content":{"rendered":"\t\t<div data-elementor-type=\"wp-page\" data-elementor-id=\"2885\" class=\"elementor elementor-2885\" data-elementor-post-type=\"page\">\n\t\t\t\t<div class=\"elementor-element elementor-element-a9ca67d e-flex e-con-boxed e-con e-parent\" data-id=\"a9ca67d\" data-element_type=\"container\" data-settings=\"{&quot;jet_parallax_layout_list&quot;:[]}\">\n\t\t\t\t\t<div class=\"e-con-inner\">\n\t\t<div class=\"elementor-element elementor-element-e5dd14a e-con-full e-flex e-con e-child\" data-id=\"e5dd14a\" data-element_type=\"container\" data-settings=\"{&quot;jet_parallax_layout_list&quot;:[]}\">\n\t\t\t\t<div class=\"elementor-element elementor-element-1831cea elementor-widget elementor-widget-heading\" data-id=\"1831cea\" data-element_type=\"widget\" data-widget_type=\"heading.default\">\n\t\t\t\t<div class=\"elementor-widget-container\">\n\t\t\t<h3 class=\"elementor-heading-title elementor-size-default\">Fokus<\/h3>\t\t<\/div>\n\t\t\t\t<\/div>\n\t\t\t\t<div class=\"elementor-element elementor-element-d9d3f44 elementor-widget-divider--view-line elementor-widget elementor-widget-divider\" data-id=\"d9d3f44\" data-element_type=\"widget\" data-widget_type=\"divider.default\">\n\t\t\t\t<div class=\"elementor-widget-container\">\n\t\t\t\t\t<div class=\"elementor-divider\">\n\t\t\t<span class=\"elementor-divider-separator\">\n\t\t\t\t\t\t<\/span>\n\t\t<\/div>\n\t\t\t\t<\/div>\n\t\t\t\t<\/div>\n\t\t\t\t<div class=\"elementor-element elementor-element-98b754f elementor-widget elementor-widget-heading\" data-id=\"98b754f\" data-element_type=\"widget\" data-widget_type=\"heading.default\">\n\t\t\t\t<div class=\"elementor-widget-container\">\n\t\t\t<h3 class=\"elementor-heading-title elementor-size-default\">Die Arbeitsschwerpunkte des Instituts Sprachliche und Literarische Bildung (ISLB) umfassen die F\u00f6rderung von Mehrsprachigkeit und Interkulturalit\u00e4t sowie die Beurteilung sprachlicher und kultureller Kompetenzen. Das ISLB strebt eine enge Verbindung von Forschung, Entwicklung und Berufsfeld an: Wissenschaftliche Erkenntnisse fliessen in die Entwicklung von Lehrmitteln, Lehrpl\u00e4nen und Materialien f\u00fcr die Praxis sowie in die Aus- und Weiterbildung von Lehrpersonen ein.<\/h3>\t\t<\/div>\n\t\t\t\t<\/div>\n\t\t\t\t<\/div>\n\t\t\t\t\t<\/div>\n\t\t\t\t<\/div>\n\t\t<div class=\"elementor-element elementor-element-7362e72 e-con-full e-flex e-con e-parent\" data-id=\"7362e72\" data-element_type=\"container\" data-settings=\"{&quot;jet_parallax_layout_list&quot;:[],&quot;background_background&quot;:&quot;classic&quot;}\">\n\t\t<div class=\"elementor-element elementor-element-f53534b e-con-full e-flex e-con e-child\" data-id=\"f53534b\" data-element_type=\"container\" data-settings=\"{&quot;jet_parallax_layout_list&quot;:[]}\">\n\t\t\t\t<\/div>\n\t\t\t\t<\/div>\n\t\t<div class=\"elementor-element elementor-element-95df1a1 e-flex e-con-boxed e-con e-parent\" data-id=\"95df1a1\" data-element_type=\"container\" data-settings=\"{&quot;jet_parallax_layout_list&quot;:[]}\">\n\t\t\t\t\t<div class=\"e-con-inner\">\n\t\t<div class=\"elementor-element elementor-element-20e65f0 e-con-full e-flex e-con e-child\" data-id=\"20e65f0\" data-element_type=\"container\" data-settings=\"{&quot;jet_parallax_layout_list&quot;:[]}\">\n\t\t\t\t<div class=\"elementor-element elementor-element-a1ab1a2 elementor-widget elementor-widget-heading\" data-id=\"a1ab1a2\" data-element_type=\"widget\" data-widget_type=\"heading.default\">\n\t\t\t\t<div class=\"elementor-widget-container\">\n\t\t\t<h2 class=\"elementor-heading-title elementor-size-default\">Welche sprach&shy;bezogenen professio&shy;nellen Kompe&shy;tenzen sind allen Lehr&shy;personen gemeinsam?<\/h2>\t\t<\/div>\n\t\t\t\t<\/div>\n\t\t\t\t<div class=\"elementor-element elementor-element-72e51ce elementor-widget elementor-widget-text-editor\" data-id=\"72e51ce\" data-element_type=\"widget\" data-widget_type=\"text-editor.default\">\n\t\t\t\t<div class=\"elementor-widget-container\">\n\t\t\t\t\t\t\t<p>Das Lehren und Lernen aller F\u00e4cher ist von Sprache durchdrungen. Dies bedingt von allen Lehrpersonen sprachbezogene professionelle Kompetenzen, die teilweise f\u00e4cher\u00fcbergreifend sind und in der Lehrpersonenbildung so vermittelt werden k\u00f6nnen.<\/p><p>Bisherige Kompetenzkataloge fokussierten oft auf einzelne Kompetenzdimensionen oder Zielstufen und behandelten metasprachliche Kompetenzen nur am Rande. Eine L\u00fccke bestand in einem sprachbezogenen Kompetenzmodell, das gleichzeitig f\u00e4cher- und stufenunabh\u00e4ngig ist und Hilfe zur \u00dcbertragung auf spezifische Kontexte bietet.<\/p><p>Ziel der Untersuchung war die Erstellung gut abgest\u00fctzter und f\u00fcr verschiedene Zielgruppen anschaulich illustrierter Kompetenzdimensionen und Deskriptoren. Dazu wurden zun\u00e4chst bestehende Referenzrahmen professioneller Kompetenzen von Lehrpersonen systematisch analysiert. Anschliessend wurden auf der Grundlage der Resultate der Analyse in einem kollaborativen Schreibprozess neue Teildimensionen und Deskriptoren entwickelt. Erste Entw\u00fcrfe wurden im Rahmen nationaler und internationaler Workshops sowie in mehreren internationalen Online-Umfragen validiert. Eine zentrale Einsicht bezog sich auf die Bedeutung der Verst\u00e4ndlichkeit und die Eignung der Kompetenzdeskriptoren f\u00fcr verschiedene Einsatzm\u00f6glichkeiten, die von der Selbstreflexion von Lehrpersonen bis zu deren Bewertung, zum Beispiel in der Berufspraxis, reichen.<\/p><p>Das Kompetenzmodell besteht aus sieben Dimensionen. Dimension\u00a01 beinhaltet professionelle Werte und Prinzipien f\u00fcr die Rolle der Sprache in allen F\u00e4chern. Sprachlich-kommunikative Kompetenzen sowie digitale Kompetenzen pr\u00e4gen die Dimensionen\u00a02 und\u00a03, welche die darauffolgenden vier Dimensionen \u00fcberschneiden, zumal diese Kompetenzen in unterschiedlichen Kontexten aktiviert werden. Dimension\u00a04 bezieht sich auf metalinguistische, metadiskursive und metakulturelle Kompetenzen, die in die methodisch-didaktischen Kompetenzen von Dimension\u00a05 m\u00fcnden. Kollaboration ist Gegenstand von Dimension\u00a06, w\u00e4hrend Dimension\u00a07 Kompetenzen zur professionellen Entwicklung in der Aus- und Weiterbildung enth\u00e4lt, wozu auch der Umgang mit der mentalen Gesundheit geh\u00f6rt. Die Deskriptoren wurden f\u00fcr Lehrpersonen verschiedener F\u00e4cher (darunter Sachf\u00e4cher oder Fremdsprachen) ausdifferenziert und mit Reflexionsaufgaben f\u00fcr die Lehrpersonenbildung erg\u00e4nzt.<\/p>\t\t\t\t\t\t<\/div>\n\t\t\t\t<\/div>\n\t\t\t\t<div class=\"elementor-element elementor-element-1d31786 elementor-widget elementor-widget-spacer\" data-id=\"1d31786\" data-element_type=\"widget\" data-widget_type=\"spacer.default\">\n\t\t\t\t<div class=\"elementor-widget-container\">\n\t\t\t\t\t<div class=\"elementor-spacer\">\n\t\t\t<div class=\"elementor-spacer-inner\"><\/div>\n\t\t<\/div>\n\t\t\t\t<\/div>\n\t\t\t\t<\/div>\n\t\t\t\t<div class=\"elementor-element elementor-element-bd2695b elementor-widget elementor-widget-text-editor\" data-id=\"bd2695b\" data-element_type=\"widget\" data-widget_type=\"text-editor.default\">\n\t\t\t\t<div class=\"elementor-widget-container\">\n\t\t\t\t\t\t\t<p><strong>Kooperation<br \/><\/strong>Eaquals, Universit\u00e4t Ljubljana, Tempus Serbien<\/p>\t\t\t\t\t\t<\/div>\n\t\t\t\t<\/div>\n\t\t\t\t<div class=\"elementor-element elementor-element-091947e elementor-widget elementor-widget-text-editor\" data-id=\"091947e\" data-element_type=\"widget\" data-widget_type=\"text-editor.default\">\n\t\t\t\t<div class=\"elementor-widget-container\">\n\t\t\t\t\t\t\t<p><strong>Laufzeit<br \/><\/strong>2022 bis 2023<\/p>\t\t\t\t\t\t<\/div>\n\t\t\t\t<\/div>\n\t\t\t\t<div class=\"elementor-element elementor-element-bdbc4e1 elementor-widget elementor-widget-text-editor\" data-id=\"bdbc4e1\" data-element_type=\"widget\" data-widget_type=\"text-editor.default\">\n\t\t\t\t<div class=\"elementor-widget-container\">\n\t\t\t\t\t\t\t<p><strong>Finanzierung<\/strong><br \/>Europ\u00e4isches Fremdsprachenzentrum des Europarats<\/p>\t\t\t\t\t\t<\/div>\n\t\t\t\t<\/div>\n\t\t\t\t<div class=\"elementor-element elementor-element-0adab17 elementor-widget elementor-widget-text-editor\" data-id=\"0adab17\" data-element_type=\"widget\" data-widget_type=\"text-editor.default\">\n\t\t\t\t<div class=\"elementor-widget-container\">\n\t\t\t\t\t\t\t<p><strong>Leitung<\/strong><br \/>Lukas Bleichenbacher (PHSG)<\/p>\t\t\t\t\t\t<\/div>\n\t\t\t\t<\/div>\n\t\t\t\t<div class=\"elementor-element elementor-element-5d11a1d elementor-widget elementor-widget-text-editor\" data-id=\"5d11a1d\" data-element_type=\"widget\" data-widget_type=\"text-editor.default\">\n\t\t\t\t<div class=\"elementor-widget-container\">\n\t\t\t\t\t\t\t<p><strong>Team<br \/><\/strong>Catherine Ferris (PHSG), Alsu Hug (PHSG), Wilfrid Kuster (PHSG), Nata\u0161a Pirih Svetina (Universit\u00e4t Ljubljana), Richard Rossner (Eaquals), Anna Schr\u00f6der-Sura (PHSG)<\/p>\t\t\t\t\t\t<\/div>\n\t\t\t\t<\/div>\n\t\t\t\t<div class=\"elementor-element elementor-element-448c7e2 elementor-widget elementor-widget-text-editor\" data-id=\"448c7e2\" data-element_type=\"widget\" data-widget_type=\"text-editor.default\">\n\t\t\t\t<div class=\"elementor-widget-container\">\n\t\t\t\t\t\t\t<p><strong>Literaturhinweise\/Publikationen<br \/><\/strong>Bleichenbacher, L., Pirih Svetina, N. F., Rossner, R., Schr\u00f6der-Sura, A., Hug, A., Ferris, C. &amp; Kuster, W. (2023). <em>Building blocks for planning language-sensitive teacher education<\/em>. Strasbourg: European Centre for Modern Languages.\u00a0<\/p>\t\t\t\t\t\t<\/div>\n\t\t\t\t<\/div>\n\t\t\t\t<div class=\"elementor-element elementor-element-e33b17f elementor-widget elementor-widget-heading\" data-id=\"e33b17f\" data-element_type=\"widget\" data-widget_type=\"heading.default\">\n\t\t\t\t<div class=\"elementor-widget-container\">\n\t\t\t<p class=\"elementor-heading-title elementor-size-default\"><a href=\"https:\/\/www.ecml.at\/languagesensitiveteachereducation\" target=\"_blank\">Zum Projekt<\/a><\/p>\t\t<\/div>\n\t\t\t\t<\/div>\n\t\t\t\t<\/div>\n\t\t\t\t\t<\/div>\n\t\t\t\t<\/div>\n\t\t<div class=\"elementor-element elementor-element-00e0d54 e-flex e-con-boxed e-con e-parent\" data-id=\"00e0d54\" data-element_type=\"container\" data-settings=\"{&quot;jet_parallax_layout_list&quot;:[]}\">\n\t\t\t\t\t<div class=\"e-con-inner\">\n\t\t<div class=\"elementor-element elementor-element-0f25d7d e-con-full e-flex e-con e-child\" data-id=\"0f25d7d\" data-element_type=\"container\" data-settings=\"{&quot;jet_parallax_layout_list&quot;:[]}\">\n\t\t\t\t<div class=\"elementor-element elementor-element-f2ada9f elementor-widget elementor-widget-image\" data-id=\"f2ada9f\" data-element_type=\"widget\" data-widget_type=\"image.default\">\n\t\t\t\t<div class=\"elementor-widget-container\">\n\t\t\t\t\t\t\t\t\t\t\t\t\t\t<a href=\"https:\/\/phsg-forschungsbericht.ch\/24-25\/wp-content\/uploads\/phsg-forschungsbericht-fokus-islb-bild-01.png\" data-elementor-open-lightbox=\"yes\" data-elementor-lightbox-title=\"phsg-forschungsbericht-fokus-islb-bild-01\" data-e-action-hash=\"#elementor-action%3Aaction%3Dlightbox%26settings%3DeyJpZCI6MzIyMCwidXJsIjoiaHR0cHM6XC9cL3Boc2ctZm9yc2NodW5nc2JlcmljaHQuY2hcLzIwMjItMjAyM1wvd3AtY29udGVudFwvdXBsb2Fkc1wvc2l0ZXNcLzNcL3Boc2ctZm9yc2NodW5nc2JlcmljaHQtZm9rdXMtaXNsYi1iaWxkLTAxLnBuZyJ9\">\n\t\t\t\t\t\t\t<img fetchpriority=\"high\" decoding=\"async\" width=\"706\" height=\"704\" src=\"https:\/\/phsg-forschungsbericht.ch\/2022-2023\/wp-content\/uploads\/sites\/3\/phsg-forschungsbericht-fokus-islb-bild-01.png\" class=\"attachment-large size-large wp-image-3220\" alt=\"\" \/>\t\t\t\t\t\t\t\t<\/a>\n\t\t\t\t\t\t\t\t\t\t\t\t\t<\/div>\n\t\t\t\t<\/div>\n\t\t\t\t<\/div>\n\t\t\t\t\t<\/div>\n\t\t\t\t<\/div>\n\t\t<div class=\"elementor-element elementor-element-79e63c8 e-flex e-con-boxed e-con e-parent\" data-id=\"79e63c8\" data-element_type=\"container\" data-settings=\"{&quot;jet_parallax_layout_list&quot;:[]}\">\n\t\t\t\t\t<div class=\"e-con-inner\">\n\t\t<div class=\"elementor-element elementor-element-6824a10 e-con-full e-flex e-con e-child\" data-id=\"6824a10\" data-element_type=\"container\" data-settings=\"{&quot;jet_parallax_layout_list&quot;:[]}\">\n\t\t\t\t<div class=\"elementor-element elementor-element-c4894da elementor-widget elementor-widget-image\" data-id=\"c4894da\" data-element_type=\"widget\" data-widget_type=\"image.default\">\n\t\t\t\t<div class=\"elementor-widget-container\">\n\t\t\t\t\t\t\t\t\t\t\t\t\t<img decoding=\"async\" width=\"332\" height=\"204\" src=\"https:\/\/phsg-forschungsbericht.ch\/2022-2023\/wp-content\/uploads\/sites\/3\/phsg-forschungsbericht-fokus-islb-bild-02.png\" class=\"attachment-large size-large wp-image-3224\" alt=\"\" \/>\t\t\t\t\t\t\t\t\t\t\t\t\t<\/div>\n\t\t\t\t<\/div>\n\t\t\t\t<\/div>\n\t\t\t\t\t<\/div>\n\t\t\t\t<\/div>\n\t\t<div class=\"elementor-element elementor-element-2455c6e e-flex e-con-boxed e-con e-parent\" data-id=\"2455c6e\" data-element_type=\"container\" data-settings=\"{&quot;jet_parallax_layout_list&quot;:[]}\">\n\t\t\t\t\t<div class=\"e-con-inner\">\n\t\t<div class=\"elementor-element elementor-element-073f51b e-con-full e-flex e-con e-child\" data-id=\"073f51b\" data-element_type=\"container\" data-settings=\"{&quot;jet_parallax_layout_list&quot;:[]}\">\n\t\t\t\t<div class=\"elementor-element elementor-element-8c62f55 elementor-widget elementor-widget-heading\" data-id=\"8c62f55\" data-element_type=\"widget\" data-widget_type=\"heading.default\">\n\t\t\t\t<div class=\"elementor-widget-container\">\n\t\t\t<h2 class=\"elementor-heading-title elementor-size-default\">Mehrsprachig&shy;keits&shy;f\u00f6rdernde Module f\u00fcr den Fremd&shy;sprachen&shy;unterricht (MEMO) \u2013 Beispiele f\u00fcr einen sprachen- und kulturen&shy;sensiblen Anfangs&shy;unterricht Franz\u00f6sisch<\/h2>\t\t<\/div>\n\t\t\t\t<\/div>\n\t\t\t\t<div class=\"elementor-element elementor-element-bf1f6b6 elementor-widget elementor-widget-text-editor\" data-id=\"bf1f6b6\" data-element_type=\"widget\" data-widget_type=\"text-editor.default\">\n\t\t\t\t<div class=\"elementor-widget-container\">\n\t\t\t\t\t\t\t<p>Im Projekt \u00abMEMO\u00bb werden mehrsprachigkeitsf\u00f6rdernde Module (MEMOs) f\u00fcr den Anfangsunterricht Franz\u00f6sisch entwickelt und in vier deutschsprachigen Lernkontexten erprobt. Erkenntnisse zur Wirksamkeit derartiger Materialien im Hinblick auf die systematische Ber\u00fccksichtigung der mehrsprachigen Repertoires der Lernenden sind f\u00fcr Forschende und Lehrpersonen relevant.<\/p><p>Im Zentrum des Projekts stehen die folgenden Fragen:<\/p><ul><li>Wie werden mehrsprachigkeitsdidaktische Elemente in Lehrpl\u00e4nen und Lehrmitteln in deutschsprachigen L\u00e4ndern abgebildet?<\/li><li>Wie gelingt die Umsetzbarkeit der Module aus der Sicht der Lehrpersonen?<\/li><li>Wie bew\u00e4ltigen Lernende unterschiedlicher Altersgruppen die Aktivit\u00e4ten im Anfangsunterricht Franz\u00f6sisch?<\/li><\/ul><p>\u00abMEMO\u00bb ist prim\u00e4r ein Entwicklungsprojekt zur F\u00f6rderung von mehrsprachigen und interkulturellen Kompetenzen sowie von Sprachenbewusstheit und Sprachlernstrategien im Franz\u00f6sischunterricht. Daf\u00fcr werden Lehrpl\u00e4ne sowie Franz\u00f6sischlehrmittel aus Deutschland, Liechtenstein, \u00d6sterreich und der Schweiz im Hinblick auf mehrsprachige und interkulturelle Kompetenzen respektive Aktivit\u00e4ten analysiert. Die Ergebnisse der Analysen fliessen in die Erstellung der MEMOs ein. Die Erprobung der Materialien ist f\u00fcr Fr\u00fchjahr 2024 in verschiedenen Schulen und Schulstufen der beteiligten L\u00e4nder angesetzt. Die Begleitforschung dient dazu, die Reaktionen und Perspektiven von Lehrpersonen und Lernenden in vier L\u00e4ndern zu erheben und sie f\u00fcr eine kontextbezogene \u00dcberarbeitung der Unterrichtsmaterialien zu nutzen.<\/p><p>Die bisherigen qualitativen Datenanalysen umfassen die Auswertung der Lehrmittel und der Lehrpl\u00e4ne. Die Lehrmittelanalysen wurden mit der Software MAXQDA durchgef\u00fchrt und best\u00e4tigen, dass mehrsprachigkeitsorientierte Aktivit\u00e4ten in den Bereichen \u00abWortschatz\u00bb und \u00abWissen \u00fcber Sprache\u00bb in einem l\u00e4nder\u00fcbergreifenden Vergleich die meisten Fundstellen aufweisen. Die Analysen deuten darauf hin, dass mehrsprachige Formate bei rezeptiven Kompetenzen im schweizerischen Kontext durchaus vorhanden sind, w\u00e4hrend nur wenige Fundstellen den produktiven Kompetenzen und dem interkulturellen Lernen zugeordnet werden k\u00f6nnen. Im Gegensatz dazu hat die Analyse der Lehrpl\u00e4ne ergeben, dass mehrsprachige und lernstrategische Kompetenzen im Lehrplan\u00a021 am ausf\u00fchrlichsten beschrieben werden. Im n\u00e4chsten Schritt werden im Zuge der Materialerprobung semistrukturierte Interviews mit Lehrpersonen gef\u00fchrt. Des Weiteren werden die den Sch\u00fclerinnen und Sch\u00fclern vorgelegten Frageb\u00f6gen ausgewertet. \u00a0<\/p>\t\t\t\t\t\t<\/div>\n\t\t\t\t<\/div>\n\t\t\t\t<div class=\"elementor-element elementor-element-c3c7bfe elementor-widget elementor-widget-spacer\" data-id=\"c3c7bfe\" data-element_type=\"widget\" data-widget_type=\"spacer.default\">\n\t\t\t\t<div class=\"elementor-widget-container\">\n\t\t\t\t\t<div class=\"elementor-spacer\">\n\t\t\t<div class=\"elementor-spacer-inner\"><\/div>\n\t\t<\/div>\n\t\t\t\t<\/div>\n\t\t\t\t<\/div>\n\t\t\t\t<div class=\"elementor-element elementor-element-90c6011 elementor-widget elementor-widget-text-editor\" data-id=\"90c6011\" data-element_type=\"widget\" data-widget_type=\"text-editor.default\">\n\t\t\t\t<div class=\"elementor-widget-container\">\n\t\t\t\t\t\t\t<p><strong>Kooperation<br \/><\/strong>PHSG, Schulamt des F\u00fcrstentums Liechtenstein (LLV), Universit\u00e4t Graz, Universit\u00e4t Innsbruck, Universit\u00e4t Leipzig, Universit\u00e4t Rostock, H\u00f6here Lehranstalt f\u00fcr wirtschaftliche Berufe (HLWest), Marion D\u00f6nhoff Gymnasium Hamburg (MDG)<\/p>\t\t\t\t\t\t<\/div>\n\t\t\t\t<\/div>\n\t\t\t\t<div class=\"elementor-element elementor-element-150eaa5 elementor-widget elementor-widget-text-editor\" data-id=\"150eaa5\" data-element_type=\"widget\" data-widget_type=\"text-editor.default\">\n\t\t\t\t<div class=\"elementor-widget-container\">\n\t\t\t\t\t\t\t<p><strong>Laufzeit<br \/><\/strong>2022 bis 2025<\/p>\t\t\t\t\t\t<\/div>\n\t\t\t\t<\/div>\n\t\t\t\t<div class=\"elementor-element elementor-element-295c4d5 elementor-widget elementor-widget-text-editor\" data-id=\"295c4d5\" data-element_type=\"widget\" data-widget_type=\"text-editor.default\">\n\t\t\t\t<div class=\"elementor-widget-container\">\n\t\t\t\t\t\t\t<p><strong>Finanzierung<\/strong><br \/>Erasmus+, Movetia <\/p>\t\t\t\t\t\t<\/div>\n\t\t\t\t<\/div>\n\t\t\t\t<div class=\"elementor-element elementor-element-1595925 elementor-widget elementor-widget-text-editor\" data-id=\"1595925\" data-element_type=\"widget\" data-widget_type=\"text-editor.default\">\n\t\t\t\t<div class=\"elementor-widget-container\">\n\t\t\t\t\t\t\t<p><strong>Leitung<\/strong><br \/>Belgin Amann (LLV, Erasmus+), Linda Grimm (PHSG, CH-Projekt), Anna Schr\u00f6der-Sura (PHSG, CH-Projekt) <\/p>\t\t\t\t\t\t<\/div>\n\t\t\t\t<\/div>\n\t\t\t\t<div class=\"elementor-element elementor-element-ab211bf elementor-widget elementor-widget-text-editor\" data-id=\"ab211bf\" data-element_type=\"widget\" data-widget_type=\"text-editor.default\">\n\t\t\t\t<div class=\"elementor-widget-container\">\n\t\t\t\t\t\t\t<p><strong>Team<br \/><\/strong>Astrid Daucher (HLWest), Barbara Hinger (Universit\u00e4t Graz), Eva Hirzinger-Unterrainer (Universit\u00e4t Innsbruck), Carmen Konzett-Firth (Universit\u00e4t Innsbruck), Steffi Mork\u00f6tter (Universit\u00e4t Rostock), Fabian Neumeister (Universit\u00e4t Leipzig), Christiane Neveling (Universit\u00e4t Leipzig), Bettina Tengler (Universit\u00e4t Graz), Jana Tichauer (Universit\u00e4t Rostock), Julia von Rosen (MDG), Sira Weber (Universit\u00e4t Innsbruck)<\/p>\t\t\t\t\t\t<\/div>\n\t\t\t\t<\/div>\n\t\t\t\t<div class=\"elementor-element elementor-element-963d6b9 elementor-widget elementor-widget-heading\" data-id=\"963d6b9\" data-element_type=\"widget\" data-widget_type=\"heading.default\">\n\t\t\t\t<div class=\"elementor-widget-container\">\n\t\t\t<p class=\"elementor-heading-title elementor-size-default\"><a href=\"https:\/\/memo-project.com\/\" target=\"_blank\">Zum Projekt<\/a><\/p>\t\t<\/div>\n\t\t\t\t<\/div>\n\t\t\t\t<\/div>\n\t\t\t\t\t<\/div>\n\t\t\t\t<\/div>\n\t\t<div class=\"elementor-element elementor-element-5fce27c e-flex e-con-boxed e-con e-parent\" data-id=\"5fce27c\" data-element_type=\"container\" data-settings=\"{&quot;jet_parallax_layout_list&quot;:[]}\">\n\t\t\t\t\t<div class=\"e-con-inner\">\n\t\t<div class=\"elementor-element elementor-element-eabfba2 e-con-full e-flex e-con e-child\" data-id=\"eabfba2\" data-element_type=\"container\" data-settings=\"{&quot;jet_parallax_layout_list&quot;:[]}\">\n\t\t\t\t<div class=\"elementor-element elementor-element-7bbd79a elementor-widget elementor-widget-jet-accordion\" data-id=\"7bbd79a\" data-element_type=\"widget\" data-widget_type=\"jet-accordion.default\">\n\t\t\t\t<div class=\"elementor-widget-container\">\n\t\t\t\t\t<div class=\"jet-accordion\" data-settings=\"{&quot;collapsible&quot;:false,&quot;ajaxTemplate&quot;:false,&quot;switchScrolling&quot;:false,&quot;switchScrollingOffset&quot;:0,&quot;switchScrollingDelay&quot;:500}\">\n\t\t\t<div class=\"jet-accordion__inner\">\n\t\t\t\t<div class=\"jet-accordion__item jet-toggle jet-toggle-move-up-effect \">\n\t\t\t\t\t\t\t<div id=\"jet-toggle-control-1291\" class=\"jet-toggle__control elementor-menu-anchor\" data-toggle=\"1\" role=\"button\" tabindex=\"0\" aria-controls=\"jet-toggle-content-1291\" aria-expanded=\"false\" data-template-id=\"1465\">\n\t\t\t\t\t\t\t\t<div class=\"jet-toggle__label-icon jet-toggle-icon-position-left\"><span class=\"jet-toggle__icon icon-normal jet-tabs-icon\"><i class=\"fas fa-plus\"><\/i><\/span><span class=\"jet-toggle__icon icon-active jet-tabs-icon\"><i class=\"fas fa-minus\"><\/i><\/span><\/div><div class=\"jet-toggle__label-text\">Fachstelle f\u00fcr sprachliche Professionalisierung von Lehrpersonen<\/div>\t\t\t\t\t\t\t<\/div>\n\t\t\t\t\t\t\t<div id=\"jet-toggle-content-1291\" class=\"jet-toggle__content\" data-toggle=\"1\" role=\"region\" data-template-id=\"1465\">\n\t\t\t\t\t\t\t\t<div class=\"jet-toggle__content-inner\">\t\t<div data-elementor-type=\"page\" data-elementor-id=\"1465\" class=\"elementor elementor-1465\" data-elementor-post-type=\"elementor_library\">\n\t\t\t\t\t\t<section class=\"elementor-section elementor-top-section elementor-element elementor-element-3bd2024 elementor-section-boxed elementor-section-height-default elementor-section-height-default\" data-id=\"3bd2024\" data-element_type=\"section\" data-settings=\"{&quot;jet_parallax_layout_list&quot;:[],&quot;background_background&quot;:&quot;classic&quot;}\">\n\t\t\t\t\t\t<div class=\"elementor-container elementor-column-gap-default\">\n\t\t\t\t\t<div class=\"elementor-column elementor-col-100 elementor-top-column elementor-element elementor-element-7853b75\" data-id=\"7853b75\" data-element_type=\"column\">\n\t\t\t<div class=\"elementor-widget-wrap elementor-element-populated\">\n\t\t\t\t\t\t<div class=\"elementor-element elementor-element-93146ba elementor-widget elementor-widget-text-editor\" data-id=\"93146ba\" data-element_type=\"widget\" data-widget_type=\"text-editor.default\">\n\t\t\t\t<div class=\"elementor-widget-container\">\n\t\t\t\t\t\t\t<p>Die Fachstelle ist ein Netzwerk bestehend aus Fachdidaktikerinnen und Fachdidaktikern, die sich mit professionellen Kompetenzen f\u00fcr den Sprachenunterricht und der Rolle der Sprache in allen F\u00e4chern besch\u00e4ftigen. Sie dient dem Austausch zu Projekten in allen Leistungsbereichen der Partnerhochschulen sowie der F\u00f6rderung des wissenschaftlichen Nachwuchses in der Fachdidaktik Sprachen. Dazu geh\u00f6ren Projektinitiativen am Europ\u00e4ischen Fremdsprachenzentrum des Europarats sowie die Initiierung eines Projekts zur Pr\u00fcfung und Zertifizierung berufsspezifischer Sprachkompetenzen von Fremdsprachenlehrpersonen.<\/p>\t\t\t\t\t\t<\/div>\n\t\t\t\t<\/div>\n\t\t\t\t<div class=\"elementor-element elementor-element-c6d6ec5 elementor-widget elementor-widget-text-editor\" data-id=\"c6d6ec5\" data-element_type=\"widget\" data-widget_type=\"text-editor.default\">\n\t\t\t\t<div class=\"elementor-widget-container\">\n\t\t\t\t\t\t\t<p class=\"p1\"><strong>Laufzeit<\/strong><br \/>2021 bis 2024<\/p>\t\t\t\t\t\t<\/div>\n\t\t\t\t<\/div>\n\t\t\t\t<div class=\"elementor-element elementor-element-040f904 elementor-widget elementor-widget-text-editor\" data-id=\"040f904\" data-element_type=\"widget\" data-widget_type=\"text-editor.default\">\n\t\t\t\t<div class=\"elementor-widget-container\">\n\t\t\t\t\t\t\t<p><b>Finanzierung<br \/><\/b>Staatssekretariat f\u00fcr Bildung, Forschung und Innovation (gem\u00e4ss HFKG Art. 59)<\/p>\t\t\t\t\t\t<\/div>\n\t\t\t\t<\/div>\n\t\t\t\t<div class=\"elementor-element elementor-element-8edbfc4 elementor-widget elementor-widget-text-editor\" data-id=\"8edbfc4\" data-element_type=\"widget\" data-widget_type=\"text-editor.default\">\n\t\t\t\t<div class=\"elementor-widget-container\">\n\t\t\t\t\t\t\t<p><strong>Leitung<\/strong><br \/>Lukas Bleichenbacher (PHSG)<\/p>\t\t\t\t\t\t<\/div>\n\t\t\t\t<\/div>\n\t\t\t\t<div class=\"elementor-element elementor-element-5912812 elementor-widget elementor-widget-heading\" data-id=\"5912812\" data-element_type=\"widget\" data-widget_type=\"heading.default\">\n\t\t\t\t<div class=\"elementor-widget-container\">\n\t\t\t<p class=\"elementor-heading-title elementor-size-default\"><a href=\"https:\/\/www.phsg.ch\/de\/institute\/institut-sprachliche-und-literarische-bildung\/fachstelle-fuer-sprachliche-professionalisierung-von-lehrpersonen\" target=\"_blank\">Zum Projekt<\/a><\/p>\t\t<\/div>\n\t\t\t\t<\/div>\n\t\t\t\t\t<\/div>\n\t\t<\/div>\n\t\t\t\t\t<\/div>\n\t\t<\/section>\n\t\t\t\t<\/div>\n\t\t<\/div>\n\t\t\t\t\t\t\t<\/div>\n\t\t\t\t\t\t<\/div><div class=\"jet-accordion__item jet-toggle jet-toggle-move-up-effect \">\n\t\t\t\t\t\t\t<div id=\"jet-toggle-control-1292\" class=\"jet-toggle__control elementor-menu-anchor\" data-toggle=\"2\" role=\"button\" tabindex=\"0\" aria-controls=\"jet-toggle-content-1292\" aria-expanded=\"false\" data-template-id=\"1468\">\n\t\t\t\t\t\t\t\t<div class=\"jet-toggle__label-icon jet-toggle-icon-position-left\"><span class=\"jet-toggle__icon icon-normal jet-tabs-icon\"><i class=\"fas fa-plus\"><\/i><\/span><span class=\"jet-toggle__icon icon-active jet-tabs-icon\"><i class=\"fas fa-minus\"><\/i><\/span><\/div><div class=\"jet-toggle__label-text\">AMoVo \u2013 Austausch und Mobilit\u00e4t in den Sprachregionen f\u00fcr die Volksschule<\/div>\t\t\t\t\t\t\t<\/div>\n\t\t\t\t\t\t\t<div id=\"jet-toggle-content-1292\" class=\"jet-toggle__content\" data-toggle=\"2\" role=\"region\" data-template-id=\"1468\">\n\t\t\t\t\t\t\t\t<div class=\"jet-toggle__content-inner\">\t\t<div data-elementor-type=\"page\" data-elementor-id=\"1468\" class=\"elementor elementor-1468\" data-elementor-post-type=\"elementor_library\">\n\t\t\t\t\t\t<section class=\"elementor-section elementor-top-section elementor-element elementor-element-3bd2024 elementor-section-boxed elementor-section-height-default elementor-section-height-default\" data-id=\"3bd2024\" data-element_type=\"section\" data-settings=\"{&quot;jet_parallax_layout_list&quot;:[],&quot;background_background&quot;:&quot;classic&quot;}\">\n\t\t\t\t\t\t<div class=\"elementor-container elementor-column-gap-default\">\n\t\t\t\t\t<div class=\"elementor-column elementor-col-100 elementor-top-column elementor-element elementor-element-7853b75\" data-id=\"7853b75\" data-element_type=\"column\">\n\t\t\t<div class=\"elementor-widget-wrap elementor-element-populated\">\n\t\t\t\t\t\t<div class=\"elementor-element elementor-element-93146ba elementor-widget elementor-widget-text-editor\" data-id=\"93146ba\" data-element_type=\"widget\" data-widget_type=\"text-editor.default\">\n\t\t\t\t<div class=\"elementor-widget-container\">\n\t\t\t\t\t\t\t<p>Projektziel ist die Erh\u00f6hung der Mobilit\u00e4tsaktivit\u00e4ten ab der 5. Klasse. St.Galler Lehrpersonen sollen ihren Sch\u00fclerinnen und Sch\u00fclern vermehrt einen Austausch mit Gleichaltrigen einer anderen Sprachregion, insbesondere in der Romandie, erm\u00f6glichen. M\u00f6gliche Formen sind Drittortbegegnungen, Rotationsaustausch und virtueller Austausch. Dazu soll ein Netzwerk aufgebaut werden, in dem Akteurinnen und Akteure aus Schulen, Bildungsdepartement, der nationalen Agentur \u00abMovetia\u00bb und der PHSG den Aufbau und die Implementierung der Mobilit\u00e4t weiterentwickeln. Im Projekt werden Schulen und Lehrpersonen auch durch die Regionalen Didaktischen Zentren unterst\u00fctzt.<\/p>\t\t\t\t\t\t<\/div>\n\t\t\t\t<\/div>\n\t\t\t\t<div class=\"elementor-element elementor-element-c6d6ec5 elementor-widget elementor-widget-text-editor\" data-id=\"c6d6ec5\" data-element_type=\"widget\" data-widget_type=\"text-editor.default\">\n\t\t\t\t<div class=\"elementor-widget-container\">\n\t\t\t\t\t\t\t<p class=\"p1\"><strong>Laufzeit<\/strong><br \/>2019 bis 2023<\/p>\t\t\t\t\t\t<\/div>\n\t\t\t\t<\/div>\n\t\t\t\t<div class=\"elementor-element elementor-element-040f904 elementor-widget elementor-widget-text-editor\" data-id=\"040f904\" data-element_type=\"widget\" data-widget_type=\"text-editor.default\">\n\t\t\t\t<div class=\"elementor-widget-container\">\n\t\t\t\t\t\t\t<p><b>Finanzierung<br \/><\/b>Bildungsdepartement Kanton St.Gallen, Verband St.Galler Volksschultr\u00e4ger<\/p>\t\t\t\t\t\t<\/div>\n\t\t\t\t<\/div>\n\t\t\t\t<div class=\"elementor-element elementor-element-8edbfc4 elementor-widget elementor-widget-text-editor\" data-id=\"8edbfc4\" data-element_type=\"widget\" data-widget_type=\"text-editor.default\">\n\t\t\t\t<div class=\"elementor-widget-container\">\n\t\t\t\t\t\t\t<p><strong>Leitung<\/strong><br \/>Barbara Wolfer (PHSG)<\/p>\t\t\t\t\t\t<\/div>\n\t\t\t\t<\/div>\n\t\t\t\t<div class=\"elementor-element elementor-element-5912812 elementor-widget elementor-widget-heading\" data-id=\"5912812\" data-element_type=\"widget\" data-widget_type=\"heading.default\">\n\t\t\t\t<div class=\"elementor-widget-container\">\n\t\t\t<p class=\"elementor-heading-title elementor-size-default\"><a href=\"https:\/\/www.phsg.ch\/de\/forschung\/projekte\/amovo-austausch-und-mobilitaet-den-sprachregionen-fuer-die-volksschule\" target=\"_blank\">Zum Projekt<\/a><\/p>\t\t<\/div>\n\t\t\t\t<\/div>\n\t\t\t\t\t<\/div>\n\t\t<\/div>\n\t\t\t\t\t<\/div>\n\t\t<\/section>\n\t\t\t\t<\/div>\n\t\t<\/div>\n\t\t\t\t\t\t\t<\/div>\n\t\t\t\t\t\t<\/div>\t\t\t\t\t\t\t\t<\/div>\n\t\t<\/div>\n\t\t\t\t<\/div>\n\t\t\t\t<\/div>\n\t\t\t\t<div class=\"elementor-element elementor-element-0709889 elementor-widget elementor-widget-spacer\" data-id=\"0709889\" data-element_type=\"widget\" data-widget_type=\"spacer.default\">\n\t\t\t\t<div class=\"elementor-widget-container\">\n\t\t\t\t\t<div class=\"elementor-spacer\">\n\t\t\t<div class=\"elementor-spacer-inner\"><\/div>\n\t\t<\/div>\n\t\t\t\t<\/div>\n\t\t\t\t<\/div>\n\t\t\t\t<\/div>\n\t\t\t\t\t<\/div>\n\t\t\t\t<\/div>\n\t\t<div class=\"elementor-element elementor-element-8bd6578 e-flex e-con-boxed e-con e-parent\" data-id=\"8bd6578\" data-element_type=\"container\" data-settings=\"{&quot;jet_parallax_layout_list&quot;:[]}\">\n\t\t\t\t\t<div class=\"e-con-inner\">\n\t\t<div class=\"elementor-element elementor-element-55c034b e-con-full e-flex e-con e-child\" data-id=\"55c034b\" data-element_type=\"container\" data-settings=\"{&quot;jet_parallax_layout_list&quot;:[]}\">\n\t\t\t\t<div class=\"elementor-element elementor-element-8bba0ea elementor-widget elementor-widget-template\" data-id=\"8bba0ea\" data-element_type=\"widget\" data-widget_type=\"template.default\">\n\t\t\t\t<div class=\"elementor-widget-container\">\n\t\t\t\t\t<div class=\"elementor-template\">\n\t\t\t\t\t<div data-elementor-type=\"section\" data-elementor-id=\"725\" class=\"elementor elementor-725\" data-elementor-post-type=\"elementor_library\">\n\t\t\t<div class=\"elementor-element elementor-element-e3892ea e-flex e-con-boxed e-con e-child\" data-id=\"e3892ea\" data-element_type=\"container\" data-settings=\"{&quot;jet_parallax_layout_list&quot;:[]}\">\n\t\t\t\t\t<div class=\"e-con-inner\">\n\t\t\t\t<div class=\"elementor-element elementor-element-887b501 elementor-widget elementor-widget-spacer\" data-id=\"887b501\" data-element_type=\"widget\" data-widget_type=\"spacer.default\">\n\t\t\t\t<div class=\"elementor-widget-container\">\n\t\t\t\t\t<div class=\"elementor-spacer\">\n\t\t\t<div class=\"elementor-spacer-inner\"><\/div>\n\t\t<\/div>\n\t\t\t\t<\/div>\n\t\t\t\t<\/div>\n\t\t\t\t<div class=\"elementor-element elementor-element-db30c76 elementor-widget elementor-widget-heading\" data-id=\"db30c76\" data-element_type=\"widget\" data-widget_type=\"heading.default\">\n\t\t\t\t<div class=\"elementor-widget-container\">\n\t\t\t<h3 class=\"elementor-heading-title elementor-size-default\">Weitere Themen, die Sie interessieren k\u00f6nnten<\/h3>\t\t<\/div>\n\t\t\t\t<\/div>\n\t\t\t\t<div class=\"elementor-element elementor-element-7d3c3e5 elementor-hidden-tablet elementor-widget elementor-widget-raven-posts\" data-id=\"7d3c3e5\" data-element_type=\"widget\" data-settings=\"{&quot;classic_columns&quot;:&quot;4&quot;,&quot;query_posts_per_page&quot;:4,&quot;classic_columns_tablet&quot;:&quot;3&quot;,&quot;_skin&quot;:&quot;classic&quot;,&quot;classic_layout&quot;:&quot;grid&quot;,&quot;classic_columns_mobile&quot;:&quot;1&quot;,&quot;query_offset&quot;:0}\" data-widget_type=\"raven-posts.classic\">\n\t\t\t\t<div class=\"elementor-widget-container\">\n\t\t\t\t\t<div class=\"raven-posts raven-grid raven-grid-4 raven-grid-mobile-1 raven-grid-tablet-3\" data-post-id=\"725\" data-archive-query=\"\" data-lang=\"\">\n\t\t\t\t<div class=\"raven-grid-item raven-post-item post-3093 page type-page status-publish has-post-thumbnail hentry\">\n\t\t\t<div class=\"raven-post elementor-animation-grow\">\n\t\t\t\t\t\t<div class=\"raven-post-image-wrap\">\n\t\t\t<a class=\"raven-post-image raven-image-fit\" href=\"https:\/\/phsg-forschungsbericht.ch\/2022-2023\/zahlen-fakten\/\"><img decoding=\"async\" width=\"1200\" height=\"630\" src=\"https:\/\/phsg-forschungsbericht.ch\/2022-2023\/wp-content\/uploads\/sites\/3\/phsg-forschungsbericht-weitere-themen-zahlen-fakten.jpg\" class=\"attachment-large size-large wp-image-4057\" alt=\"\" srcset=\"https:\/\/phsg-forschungsbericht.ch\/2022-2023\/wp-content\/uploads\/sites\/3\/phsg-forschungsbericht-weitere-themen-zahlen-fakten.jpg 1200w, https:\/\/phsg-forschungsbericht.ch\/2022-2023\/wp-content\/uploads\/sites\/3\/phsg-forschungsbericht-weitere-themen-zahlen-fakten-768x403.jpg 768w\" sizes=\"(max-width: 1200px) 100vw, 1200px\" \/> <span class=\"raven-post-image-overlay\"><\/span><\/a>\t\t<\/div>\n\t\t\t\t\t\t<div class=\"raven-post-content\">\n\t\t\t\t\t<h3 class=\"raven-post-title\"><a class=\"raven-post-title-link\" href=\"https:\/\/phsg-forschungsbericht.ch\/2022-2023\/zahlen-fakten\/\">Zahlen &#038; Fakten<\/a><\/h3>\t\t\t\t<\/div>\n\t\t\t<\/div>\n\t\t<\/div>\n\t\t\t\t<div class=\"raven-grid-item raven-post-item post-2904 page type-page status-publish has-post-thumbnail hentry\">\n\t\t\t<div class=\"raven-post elementor-animation-grow\">\n\t\t\t\t\t\t<div class=\"raven-post-image-wrap\">\n\t\t\t<a class=\"raven-post-image raven-image-fit\" href=\"https:\/\/phsg-forschungsbericht.ch\/2022-2023\/fokus\/institut-digitale-und-informatische-bildung\/\"><img loading=\"lazy\" decoding=\"async\" width=\"583\" height=\"306\" src=\"https:\/\/phsg-forschungsbericht.ch\/2022-2023\/wp-content\/uploads\/sites\/3\/phsg-forschungsbericht-weitere-themen-fokus-idib.jpg\" class=\"attachment-large size-large wp-image-4059\" alt=\"\" \/> <span class=\"raven-post-image-overlay\"><\/span><\/a>\t\t<\/div>\n\t\t\t\t\t\t<div class=\"raven-post-content\">\n\t\t\t\t\t<h3 class=\"raven-post-title\"><a class=\"raven-post-title-link\" href=\"https:\/\/phsg-forschungsbericht.ch\/2022-2023\/fokus\/institut-digitale-und-informatische-bildung\/\">Institut Digitale und Informatische Bildung<\/a><\/h3>\t\t\t\t<\/div>\n\t\t\t<\/div>\n\t\t<\/div>\n\t\t\t\t<div class=\"raven-grid-item raven-post-item post-2987 page type-page status-publish has-post-thumbnail hentry\">\n\t\t\t<div class=\"raven-post elementor-animation-grow\">\n\t\t\t\t\t\t<div class=\"raven-post-image-wrap\">\n\t\t\t<a class=\"raven-post-image raven-image-fit\" href=\"https:\/\/phsg-forschungsbericht.ch\/2022-2023\/wissenschaftlicher-nachwuchs\/\"><img loading=\"lazy\" decoding=\"async\" width=\"1200\" height=\"630\" src=\"https:\/\/phsg-forschungsbericht.ch\/2022-2023\/wp-content\/uploads\/sites\/3\/phsg-forschungsbericht-weitere-themen-wissenschaftlicher-nachwuchs.jpg\" class=\"attachment-large size-large wp-image-4054\" alt=\"\" srcset=\"https:\/\/phsg-forschungsbericht.ch\/2022-2023\/wp-content\/uploads\/sites\/3\/phsg-forschungsbericht-weitere-themen-wissenschaftlicher-nachwuchs.jpg 1200w, https:\/\/phsg-forschungsbericht.ch\/2022-2023\/wp-content\/uploads\/sites\/3\/phsg-forschungsbericht-weitere-themen-wissenschaftlicher-nachwuchs-768x403.jpg 768w\" sizes=\"(max-width: 1200px) 100vw, 1200px\" \/> <span class=\"raven-post-image-overlay\"><\/span><\/a>\t\t<\/div>\n\t\t\t\t\t\t<div class=\"raven-post-content\">\n\t\t\t\t\t<h3 class=\"raven-post-title\"><a class=\"raven-post-title-link\" href=\"https:\/\/phsg-forschungsbericht.ch\/2022-2023\/wissenschaftlicher-nachwuchs\/\">Wissenschaftlicher Nachwuchs<\/a><\/h3>\t\t\t\t<\/div>\n\t\t\t<\/div>\n\t\t<\/div>\n\t\t\t\t<div class=\"raven-grid-item raven-post-item post-3044 page type-page status-publish has-post-thumbnail hentry\">\n\t\t\t<div class=\"raven-post elementor-animation-grow\">\n\t\t\t\t\t\t<div class=\"raven-post-image-wrap\">\n\t\t\t<a class=\"raven-post-image raven-image-fit\" href=\"https:\/\/phsg-forschungsbericht.ch\/2022-2023\/fokus\/institut-kulturelle-und-aesthetische-bildung\/\"><img loading=\"lazy\" decoding=\"async\" width=\"1200\" height=\"630\" src=\"https:\/\/phsg-forschungsbericht.ch\/2022-2023\/wp-content\/uploads\/sites\/3\/phsg-forschungsbericht-weitere-themen-fokus-ikaeb.jpg\" class=\"attachment-large size-large wp-image-4051\" alt=\"\" srcset=\"https:\/\/phsg-forschungsbericht.ch\/2022-2023\/wp-content\/uploads\/sites\/3\/phsg-forschungsbericht-weitere-themen-fokus-ikaeb.jpg 1200w, https:\/\/phsg-forschungsbericht.ch\/2022-2023\/wp-content\/uploads\/sites\/3\/phsg-forschungsbericht-weitere-themen-fokus-ikaeb-768x403.jpg 768w\" sizes=\"(max-width: 1200px) 100vw, 1200px\" \/> <span class=\"raven-post-image-overlay\"><\/span><\/a>\t\t<\/div>\n\t\t\t\t\t\t<div class=\"raven-post-content\">\n\t\t\t\t\t<h3 class=\"raven-post-title\"><a class=\"raven-post-title-link\" href=\"https:\/\/phsg-forschungsbericht.ch\/2022-2023\/fokus\/institut-kulturelle-und-aesthetische-bildung\/\">Institut Kulturelle und \u00c4sthetische Bildung<\/a><\/h3>\t\t\t\t<\/div>\n\t\t\t<\/div>\n\t\t<\/div>\n\t\t\t\t<\/div>\n\t\t\t\t<\/div>\n\t\t\t\t<\/div>\n\t\t\t\t<div class=\"elementor-element elementor-element-e933b79 elementor-hidden-desktop elementor-hidden-mobile elementor-widget elementor-widget-raven-posts\" data-id=\"e933b79\" data-element_type=\"widget\" data-settings=\"{&quot;classic_columns&quot;:&quot;4&quot;,&quot;query_posts_per_page&quot;:3,&quot;classic_columns_tablet&quot;:&quot;3&quot;,&quot;_skin&quot;:&quot;classic&quot;,&quot;classic_layout&quot;:&quot;grid&quot;,&quot;classic_columns_mobile&quot;:&quot;1&quot;,&quot;query_offset&quot;:0}\" data-widget_type=\"raven-posts.classic\">\n\t\t\t\t<div class=\"elementor-widget-container\">\n\t\t\t\t\t<div class=\"raven-posts raven-grid raven-grid-4 raven-grid-mobile-1 raven-grid-tablet-3\" data-post-id=\"725\" data-archive-query=\"\" data-lang=\"\">\n\t\t\t\t<div class=\"raven-grid-item raven-post-item post-3097 page type-page status-publish has-post-thumbnail hentry\">\n\t\t\t<div class=\"raven-post elementor-animation-grow\">\n\t\t\t\t\t\t<div class=\"raven-post-image-wrap\">\n\t\t\t<a class=\"raven-post-image raven-image-fit\" href=\"https:\/\/phsg-forschungsbericht.ch\/2022-2023\/fokus\/zentrum-wissenschaftsberatung\/\"><img loading=\"lazy\" decoding=\"async\" width=\"1200\" height=\"630\" src=\"https:\/\/phsg-forschungsbericht.ch\/2022-2023\/wp-content\/uploads\/sites\/3\/phsg-forschungsbericht-weitere-themen-fokus-zwib.jpg\" class=\"attachment-large size-large wp-image-4053\" alt=\"\" srcset=\"https:\/\/phsg-forschungsbericht.ch\/2022-2023\/wp-content\/uploads\/sites\/3\/phsg-forschungsbericht-weitere-themen-fokus-zwib.jpg 1200w, https:\/\/phsg-forschungsbericht.ch\/2022-2023\/wp-content\/uploads\/sites\/3\/phsg-forschungsbericht-weitere-themen-fokus-zwib-768x403.jpg 768w\" sizes=\"(max-width: 1200px) 100vw, 1200px\" \/> <span class=\"raven-post-image-overlay\"><\/span><\/a>\t\t<\/div>\n\t\t\t\t\t\t<div class=\"raven-post-content\">\n\t\t\t\t\t<h3 class=\"raven-post-title\"><a class=\"raven-post-title-link\" href=\"https:\/\/phsg-forschungsbericht.ch\/2022-2023\/fokus\/zentrum-wissenschaftsberatung\/\">Zentrum Wissenschaftsberatung<\/a><\/h3>\t\t\t\t<\/div>\n\t\t\t<\/div>\n\t\t<\/div>\n\t\t\t\t<div class=\"raven-grid-item raven-post-item post-3095 page type-page status-publish has-post-thumbnail hentry\">\n\t\t\t<div class=\"raven-post elementor-animation-grow\">\n\t\t\t\t\t\t<div class=\"raven-post-image-wrap\">\n\t\t\t<a class=\"raven-post-image raven-image-fit\" href=\"https:\/\/phsg-forschungsbericht.ch\/2022-2023\/wissenschaftssupport\/fundraising-office-der-phsg\/\"><img loading=\"lazy\" decoding=\"async\" width=\"1200\" height=\"630\" src=\"https:\/\/phsg-forschungsbericht.ch\/2022-2023\/wp-content\/uploads\/sites\/3\/phsg-forschungsbericht-weitere-themen-wissenschaftssuport-fundraising-office.jpg\" class=\"attachment-large size-large wp-image-4055\" alt=\"\" srcset=\"https:\/\/phsg-forschungsbericht.ch\/2022-2023\/wp-content\/uploads\/sites\/3\/phsg-forschungsbericht-weitere-themen-wissenschaftssuport-fundraising-office.jpg 1200w, https:\/\/phsg-forschungsbericht.ch\/2022-2023\/wp-content\/uploads\/sites\/3\/phsg-forschungsbericht-weitere-themen-wissenschaftssuport-fundraising-office-768x403.jpg 768w\" sizes=\"(max-width: 1200px) 100vw, 1200px\" \/> <span class=\"raven-post-image-overlay\"><\/span><\/a>\t\t<\/div>\n\t\t\t\t\t\t<div class=\"raven-post-content\">\n\t\t\t\t\t<h3 class=\"raven-post-title\"><a class=\"raven-post-title-link\" href=\"https:\/\/phsg-forschungsbericht.ch\/2022-2023\/wissenschaftssupport\/fundraising-office-der-phsg\/\">Fundraising Office der PHSG<\/a><\/h3>\t\t\t\t<\/div>\n\t\t\t<\/div>\n\t\t<\/div>\n\t\t\t\t<div class=\"raven-grid-item raven-post-item post-3027 page type-page status-publish has-post-thumbnail hentry\">\n\t\t\t<div class=\"raven-post elementor-animation-grow\">\n\t\t\t\t\t\t<div class=\"raven-post-image-wrap\">\n\t\t\t<a class=\"raven-post-image raven-image-fit\" href=\"https:\/\/phsg-forschungsbericht.ch\/2022-2023\/wissenschaftssupport\/gemeinsames-grants-office-der-st-galler-hochschulen\/\"><img loading=\"lazy\" decoding=\"async\" width=\"1200\" height=\"630\" src=\"https:\/\/phsg-forschungsbericht.ch\/2022-2023\/wp-content\/uploads\/sites\/3\/phsg-forschungsbericht-weitere-themen-wissenschaftssuport-grants-office.jpg\" class=\"attachment-large size-large wp-image-4104\" alt=\"\" srcset=\"https:\/\/phsg-forschungsbericht.ch\/2022-2023\/wp-content\/uploads\/sites\/3\/phsg-forschungsbericht-weitere-themen-wissenschaftssuport-grants-office.jpg 1200w, https:\/\/phsg-forschungsbericht.ch\/2022-2023\/wp-content\/uploads\/sites\/3\/phsg-forschungsbericht-weitere-themen-wissenschaftssuport-grants-office-768x403.jpg 768w\" sizes=\"(max-width: 1200px) 100vw, 1200px\" \/> <span class=\"raven-post-image-overlay\"><\/span><\/a>\t\t<\/div>\n\t\t\t\t\t\t<div class=\"raven-post-content\">\n\t\t\t\t\t<h3 class=\"raven-post-title\"><a class=\"raven-post-title-link\" href=\"https:\/\/phsg-forschungsbericht.ch\/2022-2023\/wissenschaftssupport\/gemeinsames-grants-office-der-st-galler-hochschulen\/\">Gemeinsames Grants Office der St.Galler Hochschulen<\/a><\/h3>\t\t\t\t<\/div>\n\t\t\t<\/div>\n\t\t<\/div>\n\t\t\t\t<\/div>\n\t\t\t\t<\/div>\n\t\t\t\t<\/div>\n\t\t\t\t<div class=\"elementor-element elementor-element-80ca684 elementor-widget elementor-widget-spacer\" data-id=\"80ca684\" data-element_type=\"widget\" data-widget_type=\"spacer.default\">\n\t\t\t\t<div class=\"elementor-widget-container\">\n\t\t\t\t\t<div class=\"elementor-spacer\">\n\t\t\t<div class=\"elementor-spacer-inner\"><\/div>\n\t\t<\/div>\n\t\t\t\t<\/div>\n\t\t\t\t<\/div>\n\t\t\t\t\t<\/div>\n\t\t\t\t<\/div>\n\t\t\t\t<\/div>\n\t\t\t\t<\/div>\n\t\t\t\t<\/div>\n\t\t\t\t<\/div>\n\t\t\t\t<\/div>\n\t\t\t\t\t<\/div>\n\t\t\t\t<\/div>\n\t\t\t\t<\/div>\n\t\t","protected":false},"excerpt":{"rendered":"<p>Fokus Die Arbeitsschwerpunkte des Instituts Sprachliche und Literarische Bildung (ISLB) umfassen die F\u00f6rderung von Mehrsprachigkeit und Interkulturalit\u00e4t sowie die Beurteilung sprachlicher und kultureller Kompetenzen. Das ISLB strebt eine enge Verbindung von Forschung, Entwicklung und Berufsfeld an: Wissenschaftliche Erkenntnisse fliessen in die Entwicklung von Lehrmitteln, Lehrpl\u00e4nen und Materialien f\u00fcr die Praxis sowie in die Aus- und [&hellip;]<\/p>\n","protected":false},"author":1,"featured_media":2514,"parent":302,"menu_order":0,"comment_status":"closed","ping_status":"closed","template":"elementor_header_footer","meta":{"_acf_changed":false,"footnotes":""},"acf":[],"yoast_head":"<!-- This site is optimized with the Yoast SEO plugin v22.5 - https:\/\/yoast.com\/wordpress\/plugins\/seo\/ -->\n<title>Institut Sprachliche und Literarische Bildung - PHSG Forschungsbericht 2022\/23<\/title>\n<meta name=\"robots\" content=\"index, follow, max-snippet:-1, max-image-preview:large, max-video-preview:-1\" \/>\n<link rel=\"canonical\" href=\"https:\/\/phsg-forschungsbericht.ch\/2022-2023\/fokus\/institut-sprachliche-und-literarische-bildung\/\" \/>\n<meta property=\"og:locale\" content=\"de_DE\" \/>\n<meta property=\"og:type\" content=\"article\" \/>\n<meta property=\"og:title\" content=\"Institut Sprachliche und Literarische Bildung - PHSG Forschungsbericht 2022\/23\" \/>\n<meta property=\"og:description\" content=\"Fokus Die Arbeitsschwerpunkte des Instituts Sprachliche und Literarische Bildung (ISLB) umfassen die F\u00f6rderung von Mehrsprachigkeit und Interkulturalit\u00e4t sowie die Beurteilung sprachlicher und kultureller Kompetenzen. Das ISLB strebt eine enge Verbindung von Forschung, Entwicklung und Berufsfeld an: Wissenschaftliche Erkenntnisse fliessen in die Entwicklung von Lehrmitteln, Lehrpl\u00e4nen und Materialien f\u00fcr die Praxis sowie in die Aus- und [&hellip;]\" \/>\n<meta property=\"og:url\" content=\"https:\/\/phsg-forschungsbericht.ch\/2022-2023\/fokus\/institut-sprachliche-und-literarische-bildung\/\" \/>\n<meta property=\"og:site_name\" content=\"PHSG Forschungsbericht 2022\/23\" \/>\n<meta property=\"article:modified_time\" content=\"2024-04-26T07:33:57+00:00\" \/>\n<meta property=\"og:image\" content=\"https:\/\/phsg-forschungsbericht.ch\/2022-2023\/wp-content\/uploads\/sites\/3\/Institut-Fachdidaktik-Sprachen-Weitere-Themen-PHSG-Forschungsbericht-20202021.jpg\" \/>\n\t<meta property=\"og:image:width\" content=\"1200\" \/>\n\t<meta property=\"og:image:height\" content=\"630\" \/>\n\t<meta property=\"og:image:type\" content=\"image\/jpeg\" \/>\n<meta name=\"twitter:card\" content=\"summary_large_image\" \/>\n<meta name=\"twitter:label1\" content=\"Gesch\u00e4tzte Lesezeit\" \/>\n\t<meta name=\"twitter:data1\" content=\"6\u00a0Minuten\" \/>\n<script type=\"application\/ld+json\" class=\"yoast-schema-graph\">{\"@context\":\"https:\/\/schema.org\",\"@graph\":[{\"@type\":\"WebPage\",\"@id\":\"https:\/\/phsg-forschungsbericht.ch\/2022-2023\/fokus\/institut-sprachliche-und-literarische-bildung\/\",\"url\":\"https:\/\/phsg-forschungsbericht.ch\/2022-2023\/fokus\/institut-sprachliche-und-literarische-bildung\/\",\"name\":\"Institut Sprachliche und Literarische Bildung - PHSG Forschungsbericht 2022\/23\",\"isPartOf\":{\"@id\":\"https:\/\/phsg-forschungsbericht.ch\/2022-2023\/#website\"},\"primaryImageOfPage\":{\"@id\":\"https:\/\/phsg-forschungsbericht.ch\/2022-2023\/fokus\/institut-sprachliche-und-literarische-bildung\/#primaryimage\"},\"image\":{\"@id\":\"https:\/\/phsg-forschungsbericht.ch\/2022-2023\/fokus\/institut-sprachliche-und-literarische-bildung\/#primaryimage\"},\"thumbnailUrl\":\"https:\/\/phsg-forschungsbericht.ch\/2022-2023\/wp-content\/uploads\/sites\/3\/Institut-Fachdidaktik-Sprachen-Weitere-Themen-PHSG-Forschungsbericht-20202021.jpg\",\"datePublished\":\"2024-03-01T09:11:00+00:00\",\"dateModified\":\"2024-04-26T07:33:57+00:00\",\"breadcrumb\":{\"@id\":\"https:\/\/phsg-forschungsbericht.ch\/2022-2023\/fokus\/institut-sprachliche-und-literarische-bildung\/#breadcrumb\"},\"inLanguage\":\"de\",\"potentialAction\":[{\"@type\":\"ReadAction\",\"target\":[\"https:\/\/phsg-forschungsbericht.ch\/2022-2023\/fokus\/institut-sprachliche-und-literarische-bildung\/\"]}]},{\"@type\":\"ImageObject\",\"inLanguage\":\"de\",\"@id\":\"https:\/\/phsg-forschungsbericht.ch\/2022-2023\/fokus\/institut-sprachliche-und-literarische-bildung\/#primaryimage\",\"url\":\"https:\/\/phsg-forschungsbericht.ch\/2022-2023\/wp-content\/uploads\/sites\/3\/Institut-Fachdidaktik-Sprachen-Weitere-Themen-PHSG-Forschungsbericht-20202021.jpg\",\"contentUrl\":\"https:\/\/phsg-forschungsbericht.ch\/2022-2023\/wp-content\/uploads\/sites\/3\/Institut-Fachdidaktik-Sprachen-Weitere-Themen-PHSG-Forschungsbericht-20202021.jpg\",\"width\":1200,\"height\":630},{\"@type\":\"BreadcrumbList\",\"@id\":\"https:\/\/phsg-forschungsbericht.ch\/2022-2023\/fokus\/institut-sprachliche-und-literarische-bildung\/#breadcrumb\",\"itemListElement\":[{\"@type\":\"ListItem\",\"position\":1,\"name\":\"Startseite\",\"item\":\"https:\/\/phsg-forschungsbericht.ch\/2022-2023\/\"},{\"@type\":\"ListItem\",\"position\":2,\"name\":\"Fokus\",\"item\":\"https:\/\/phsg-forschungsbericht.ch\/2022-2023\/fokus\/\"},{\"@type\":\"ListItem\",\"position\":3,\"name\":\"Institut Sprachliche und Literarische Bildung\"}]},{\"@type\":\"WebSite\",\"@id\":\"https:\/\/phsg-forschungsbericht.ch\/2022-2023\/#website\",\"url\":\"https:\/\/phsg-forschungsbericht.ch\/2022-2023\/\",\"name\":\"PHSG Forschungsbericht 2022\/23\",\"description\":\"\",\"potentialAction\":[{\"@type\":\"SearchAction\",\"target\":{\"@type\":\"EntryPoint\",\"urlTemplate\":\"https:\/\/phsg-forschungsbericht.ch\/2022-2023\/?s={search_term_string}\"},\"query-input\":\"required name=search_term_string\"}],\"inLanguage\":\"de\"}]}<\/script>\n<!-- \/ Yoast SEO plugin. -->","yoast_head_json":{"title":"Institut Sprachliche und Literarische Bildung - PHSG Forschungsbericht 2022\/23","robots":{"index":"index","follow":"follow","max-snippet":"max-snippet:-1","max-image-preview":"max-image-preview:large","max-video-preview":"max-video-preview:-1"},"canonical":"https:\/\/phsg-forschungsbericht.ch\/2022-2023\/fokus\/institut-sprachliche-und-literarische-bildung\/","og_locale":"de_DE","og_type":"article","og_title":"Institut Sprachliche und Literarische Bildung - PHSG Forschungsbericht 2022\/23","og_description":"Fokus Die Arbeitsschwerpunkte des Instituts Sprachliche und Literarische Bildung (ISLB) umfassen die F\u00f6rderung von Mehrsprachigkeit und Interkulturalit\u00e4t sowie die Beurteilung sprachlicher und kultureller Kompetenzen. Das ISLB strebt eine enge Verbindung von Forschung, Entwicklung und Berufsfeld an: Wissenschaftliche Erkenntnisse fliessen in die Entwicklung von Lehrmitteln, Lehrpl\u00e4nen und Materialien f\u00fcr die Praxis sowie in die Aus- und [&hellip;]","og_url":"https:\/\/phsg-forschungsbericht.ch\/2022-2023\/fokus\/institut-sprachliche-und-literarische-bildung\/","og_site_name":"PHSG Forschungsbericht 2022\/23","article_modified_time":"2024-04-26T07:33:57+00:00","og_image":[{"width":1200,"height":630,"url":"https:\/\/phsg-forschungsbericht.ch\/2022-2023\/wp-content\/uploads\/sites\/3\/Institut-Fachdidaktik-Sprachen-Weitere-Themen-PHSG-Forschungsbericht-20202021.jpg","type":"image\/jpeg"}],"twitter_card":"summary_large_image","twitter_misc":{"Gesch\u00e4tzte Lesezeit":"6\u00a0Minuten"},"schema":{"@context":"https:\/\/schema.org","@graph":[{"@type":"WebPage","@id":"https:\/\/phsg-forschungsbericht.ch\/2022-2023\/fokus\/institut-sprachliche-und-literarische-bildung\/","url":"https:\/\/phsg-forschungsbericht.ch\/2022-2023\/fokus\/institut-sprachliche-und-literarische-bildung\/","name":"Institut Sprachliche und Literarische Bildung - PHSG Forschungsbericht 2022\/23","isPartOf":{"@id":"https:\/\/phsg-forschungsbericht.ch\/2022-2023\/#website"},"primaryImageOfPage":{"@id":"https:\/\/phsg-forschungsbericht.ch\/2022-2023\/fokus\/institut-sprachliche-und-literarische-bildung\/#primaryimage"},"image":{"@id":"https:\/\/phsg-forschungsbericht.ch\/2022-2023\/fokus\/institut-sprachliche-und-literarische-bildung\/#primaryimage"},"thumbnailUrl":"https:\/\/phsg-forschungsbericht.ch\/2022-2023\/wp-content\/uploads\/sites\/3\/Institut-Fachdidaktik-Sprachen-Weitere-Themen-PHSG-Forschungsbericht-20202021.jpg","datePublished":"2024-03-01T09:11:00+00:00","dateModified":"2024-04-26T07:33:57+00:00","breadcrumb":{"@id":"https:\/\/phsg-forschungsbericht.ch\/2022-2023\/fokus\/institut-sprachliche-und-literarische-bildung\/#breadcrumb"},"inLanguage":"de","potentialAction":[{"@type":"ReadAction","target":["https:\/\/phsg-forschungsbericht.ch\/2022-2023\/fokus\/institut-sprachliche-und-literarische-bildung\/"]}]},{"@type":"ImageObject","inLanguage":"de","@id":"https:\/\/phsg-forschungsbericht.ch\/2022-2023\/fokus\/institut-sprachliche-und-literarische-bildung\/#primaryimage","url":"https:\/\/phsg-forschungsbericht.ch\/2022-2023\/wp-content\/uploads\/sites\/3\/Institut-Fachdidaktik-Sprachen-Weitere-Themen-PHSG-Forschungsbericht-20202021.jpg","contentUrl":"https:\/\/phsg-forschungsbericht.ch\/2022-2023\/wp-content\/uploads\/sites\/3\/Institut-Fachdidaktik-Sprachen-Weitere-Themen-PHSG-Forschungsbericht-20202021.jpg","width":1200,"height":630},{"@type":"BreadcrumbList","@id":"https:\/\/phsg-forschungsbericht.ch\/2022-2023\/fokus\/institut-sprachliche-und-literarische-bildung\/#breadcrumb","itemListElement":[{"@type":"ListItem","position":1,"name":"Startseite","item":"https:\/\/phsg-forschungsbericht.ch\/2022-2023\/"},{"@type":"ListItem","position":2,"name":"Fokus","item":"https:\/\/phsg-forschungsbericht.ch\/2022-2023\/fokus\/"},{"@type":"ListItem","position":3,"name":"Institut Sprachliche und Literarische Bildung"}]},{"@type":"WebSite","@id":"https:\/\/phsg-forschungsbericht.ch\/2022-2023\/#website","url":"https:\/\/phsg-forschungsbericht.ch\/2022-2023\/","name":"PHSG Forschungsbericht 2022\/23","description":"","potentialAction":[{"@type":"SearchAction","target":{"@type":"EntryPoint","urlTemplate":"https:\/\/phsg-forschungsbericht.ch\/2022-2023\/?s={search_term_string}"},"query-input":"required name=search_term_string"}],"inLanguage":"de"}]}},"_links":{"self":[{"href":"https:\/\/phsg-forschungsbericht.ch\/2022-2023\/wp-json\/wp\/v2\/pages\/2885"}],"collection":[{"href":"https:\/\/phsg-forschungsbericht.ch\/2022-2023\/wp-json\/wp\/v2\/pages"}],"about":[{"href":"https:\/\/phsg-forschungsbericht.ch\/2022-2023\/wp-json\/wp\/v2\/types\/page"}],"author":[{"embeddable":true,"href":"https:\/\/phsg-forschungsbericht.ch\/2022-2023\/wp-json\/wp\/v2\/users\/1"}],"replies":[{"embeddable":true,"href":"https:\/\/phsg-forschungsbericht.ch\/2022-2023\/wp-json\/wp\/v2\/comments?post=2885"}],"version-history":[{"count":92,"href":"https:\/\/phsg-forschungsbericht.ch\/2022-2023\/wp-json\/wp\/v2\/pages\/2885\/revisions"}],"predecessor-version":[{"id":4600,"href":"https:\/\/phsg-forschungsbericht.ch\/2022-2023\/wp-json\/wp\/v2\/pages\/2885\/revisions\/4600"}],"up":[{"embeddable":true,"href":"https:\/\/phsg-forschungsbericht.ch\/2022-2023\/wp-json\/wp\/v2\/pages\/302"}],"wp:featuredmedia":[{"embeddable":true,"href":"https:\/\/phsg-forschungsbericht.ch\/2022-2023\/wp-json\/wp\/v2\/media\/2514"}],"wp:attachment":[{"href":"https:\/\/phsg-forschungsbericht.ch\/2022-2023\/wp-json\/wp\/v2\/media?parent=2885"}],"curies":[{"name":"wp","href":"https:\/\/api.w.org\/{rel}","templated":true}]}}