{"id":2968,"date":"2024-03-01T11:06:10","date_gmt":"2024-03-01T10:06:10","guid":{"rendered":"https:\/\/phsg-forschungsbericht.ch\/24-25\/?page_id=2968"},"modified":"2024-05-06T11:09:20","modified_gmt":"2024-05-06T09:09:20","slug":"institut-schule-und-profession","status":"publish","type":"page","link":"https:\/\/phsg-forschungsbericht.ch\/2022-2023\/fokus\/institut-schule-und-profession\/","title":{"rendered":"Institut Schule und Profession"},"content":{"rendered":"\t\t<div data-elementor-type=\"wp-page\" data-elementor-id=\"2968\" class=\"elementor elementor-2968\" data-elementor-post-type=\"page\">\n\t\t\t\t<div class=\"elementor-element elementor-element-52f386d e-flex e-con-boxed e-con e-parent\" data-id=\"52f386d\" data-element_type=\"container\" data-settings=\"{&quot;jet_parallax_layout_list&quot;:[]}\">\n\t\t\t\t\t<div class=\"e-con-inner\">\n\t\t<div class=\"elementor-element elementor-element-aba3629 e-con-full e-flex e-con e-child\" data-id=\"aba3629\" data-element_type=\"container\" data-settings=\"{&quot;jet_parallax_layout_list&quot;:[]}\">\n\t\t\t\t<div class=\"elementor-element elementor-element-4ee2036 elementor-widget elementor-widget-heading\" data-id=\"4ee2036\" data-element_type=\"widget\" data-widget_type=\"heading.default\">\n\t\t\t\t<div class=\"elementor-widget-container\">\n\t\t\t<h3 class=\"elementor-heading-title elementor-size-default\">Fokus<\/h3>\t\t<\/div>\n\t\t\t\t<\/div>\n\t\t\t\t<div class=\"elementor-element elementor-element-d38b306 elementor-widget-divider--view-line elementor-widget elementor-widget-divider\" data-id=\"d38b306\" data-element_type=\"widget\" data-widget_type=\"divider.default\">\n\t\t\t\t<div class=\"elementor-widget-container\">\n\t\t\t\t\t<div class=\"elementor-divider\">\n\t\t\t<span class=\"elementor-divider-separator\">\n\t\t\t\t\t\t<\/span>\n\t\t<\/div>\n\t\t\t\t<\/div>\n\t\t\t\t<\/div>\n\t\t\t\t<div class=\"elementor-element elementor-element-2738bae elementor-widget elementor-widget-heading\" data-id=\"2738bae\" data-element_type=\"widget\" data-widget_type=\"heading.default\">\n\t\t\t\t<div class=\"elementor-widget-container\">\n\t\t\t<h3 class=\"elementor-heading-title elementor-size-default\">Das Institut Schule und Profession (ISP-PHSG) f\u00fchrt empirische Forschungs- und Entwicklungsprojekte zu Aspekten von Unterricht, Schule und Professionalit\u00e4t durch. Es befasst sich mit der Frage, wie das Lernen und die Pers\u00f6nlichkeitsentwicklung von Sch\u00fclerinnen und Sch\u00fclern, aber auch die Professionalisierung und die berufliche Weiterentwicklung von Lehrpersonen unterst\u00fctzt und gef\u00f6rdert werden k\u00f6nnen. Im Vordergrund stehen die Generierung und die Vertiefung von Wissen, das der Aus- und Weiterbildung von Lehrpersonen dient.<\/h3>\t\t<\/div>\n\t\t\t\t<\/div>\n\t\t\t\t<\/div>\n\t\t\t\t\t<\/div>\n\t\t\t\t<\/div>\n\t\t<div class=\"elementor-element elementor-element-5826f73 e-con-full e-flex e-con e-parent\" data-id=\"5826f73\" data-element_type=\"container\" data-settings=\"{&quot;jet_parallax_layout_list&quot;:[],&quot;background_background&quot;:&quot;classic&quot;}\">\n\t\t<div class=\"elementor-element elementor-element-cfaee73 e-con-full e-flex e-con e-child\" data-id=\"cfaee73\" data-element_type=\"container\" data-settings=\"{&quot;jet_parallax_layout_list&quot;:[]}\">\n\t\t\t\t<\/div>\n\t\t\t\t<\/div>\n\t\t<div class=\"elementor-element elementor-element-23492ce e-flex e-con-boxed e-con e-parent\" data-id=\"23492ce\" data-element_type=\"container\" data-settings=\"{&quot;jet_parallax_layout_list&quot;:[]}\">\n\t\t\t\t\t<div class=\"e-con-inner\">\n\t\t<div class=\"elementor-element elementor-element-5eb781b e-con-full e-flex e-con e-child\" data-id=\"5eb781b\" data-element_type=\"container\" data-settings=\"{&quot;jet_parallax_layout_list&quot;:[]}\">\n\t\t\t\t<div class=\"elementor-element elementor-element-29622aa elementor-widget elementor-widget-heading\" data-id=\"29622aa\" data-element_type=\"widget\" data-widget_type=\"heading.default\">\n\t\t\t\t<div class=\"elementor-widget-container\">\n\t\t\t<h2 class=\"elementor-heading-title elementor-size-default\">Entwickeln des inte&shy;grativen, hetero&shy;genen Unterrichts mittels Videos \u2013 Projekt \u00abLIMIVE\u00bb<\/h2>\t\t<\/div>\n\t\t\t\t<\/div>\n\t\t\t\t<div class=\"elementor-element elementor-element-bc83b72 elementor-widget elementor-widget-text-editor\" data-id=\"bc83b72\" data-element_type=\"widget\" data-widget_type=\"text-editor.default\">\n\t\t\t\t<div class=\"elementor-widget-container\">\n\t\t\t\t\t\t\t<p>Im laufenden Kooperationsprojekt der PHSG und der PH\u00a0Vorarlberg \u00abLIMIVE \u2013 l\u00e4nder\u00fcbergreifend inklusive Settings mit Videos entwickeln\u00bb soll der inklusive Unterricht in St.Gallen und in Vorarlberg gemeinsam mit Lehrpersonen anhand von Unterrichtsvideos weiterentwickelt werden.<\/p><p>Die beiden Regionen verfolgen das Ziel der Implementierung eines inklusiven Schulsystems vor dem Hintergrund unterschiedlicher Rahmenbedingungen. In \u00d6sterreich ist die Umstellung auf den inklusiven Unterricht landesweit vorgesehen und vielerorts bereits umgesetzt, woraus sich aufschlussreiche Austauschm\u00f6glichkeiten f\u00fcr Schweizer Lehrpersonen ergeben. Didaktisch geht es darum, auf multiplen Wegen allen Lernenden einen Zugang zu Inhalten und Methoden des Unterrichts zu erm\u00f6glichen (Schl\u00fcter et al., 2016). Als theoretischer Hintergrund dienen das Konzept \u00abenable \u2013 involve \u2013 enhance\u00bb (Suter, 2019), das heisst \u00abbef\u00e4higen \u2013 involvieren \u2013 verst\u00e4rken\u00bb, und das Universal Design of Learning (Schl\u00fcter et al., 2016).<\/p><p>In sieben Weiterbildungsveranstaltungen treffen sich jeweils drei Tandems von Lehrpersonen und heilp\u00e4dagogischen Fachpersonen zur Beobachtung und Diskussion von Videos aus dem eigenen Unterricht. In diesen Treffen entstehen Umsetzungsideen, die konkret ausprobiert und wiederum reflektiert werden, wobei eine Verlagerung von \u00ablehrseits\u00bb zu \u00ablernseits\u00bb zu erwarten ist. Erste Ergebnisse zeigen beispielsweise eine leichte Steigerung der Wahrnehmung der Themen \u00abenable \u2013 involve \u2013 enhance\u00bb vom ersten zum zweiten Schweizer Videoclub. Bisher lag der Fokus deutlich auf den Sch\u00fclerinnen und Sch\u00fclern, was positiv zu werten ist, da deren Lernen im Vordergrund stehen sollte. Ferner finden sich Aussagen zu (lern)organisatorischen Merkmalen des Unterrichts. Auch ein Bewusstsein f\u00fcr das Lernen am gemeinsamen Gegenstand zeichnet sich ab. Die Resultate weisen auf das Potenzial gemeinsamer Unterrichtsentwicklung in heterogenen Lernsituationen hin.<\/p>\t\t\t\t\t\t<\/div>\n\t\t\t\t<\/div>\n\t\t\t\t<div class=\"elementor-element elementor-element-ecbdb3a elementor-widget elementor-widget-spacer\" data-id=\"ecbdb3a\" data-element_type=\"widget\" data-widget_type=\"spacer.default\">\n\t\t\t\t<div class=\"elementor-widget-container\">\n\t\t\t\t\t<div class=\"elementor-spacer\">\n\t\t\t<div class=\"elementor-spacer-inner\"><\/div>\n\t\t<\/div>\n\t\t\t\t<\/div>\n\t\t\t\t<\/div>\n\t\t\t\t<div class=\"elementor-element elementor-element-b8f7df7 elementor-widget elementor-widget-text-editor\" data-id=\"b8f7df7\" data-element_type=\"widget\" data-widget_type=\"text-editor.default\">\n\t\t\t\t<div class=\"elementor-widget-container\">\n\t\t\t\t\t\t\t<p>Methodik: Videoanalyse, qualitative Inhaltsanalyse nach Mayring\/Kuckartz, Gruppenvergleiche, L\u00e4ngsschnittanalyse<\/p>\t\t\t\t\t\t<\/div>\n\t\t\t\t<\/div>\n\t\t\t\t<div class=\"elementor-element elementor-element-3235ae4 elementor-widget elementor-widget-spacer\" data-id=\"3235ae4\" data-element_type=\"widget\" data-widget_type=\"spacer.default\">\n\t\t\t\t<div class=\"elementor-widget-container\">\n\t\t\t\t\t<div class=\"elementor-spacer\">\n\t\t\t<div class=\"elementor-spacer-inner\"><\/div>\n\t\t<\/div>\n\t\t\t\t<\/div>\n\t\t\t\t<\/div>\n\t\t\t\t<div class=\"elementor-element elementor-element-415642a elementor-widget elementor-widget-text-editor\" data-id=\"415642a\" data-element_type=\"widget\" data-widget_type=\"text-editor.default\">\n\t\t\t\t<div class=\"elementor-widget-container\">\n\t\t\t\t\t\t\t<p><strong>Kooperation<br \/><\/strong>PH Vorarlberg<\/p>\t\t\t\t\t\t<\/div>\n\t\t\t\t<\/div>\n\t\t\t\t<div class=\"elementor-element elementor-element-3c77bba elementor-widget elementor-widget-text-editor\" data-id=\"3c77bba\" data-element_type=\"widget\" data-widget_type=\"text-editor.default\">\n\t\t\t\t<div class=\"elementor-widget-container\">\n\t\t\t\t\t\t\t<p><strong>Laufzeit<br \/><\/strong>2022 bis 2024<\/p>\t\t\t\t\t\t<\/div>\n\t\t\t\t<\/div>\n\t\t\t\t<div class=\"elementor-element elementor-element-169272d elementor-widget elementor-widget-text-editor\" data-id=\"169272d\" data-element_type=\"widget\" data-widget_type=\"text-editor.default\">\n\t\t\t\t<div class=\"elementor-widget-container\">\n\t\t\t\t\t\t\t<p><strong>Finanzierung<\/strong><br \/>Movetia<\/p>\t\t\t\t\t\t<\/div>\n\t\t\t\t<\/div>\n\t\t\t\t<div class=\"elementor-element elementor-element-99871f6 elementor-widget elementor-widget-text-editor\" data-id=\"99871f6\" data-element_type=\"widget\" data-widget_type=\"text-editor.default\">\n\t\t\t\t<div class=\"elementor-widget-container\">\n\t\t\t\t\t\t\t<p><strong>Leitung<\/strong><br \/>Robbert Smit (PHSG)<\/p>\t\t\t\t\t\t<\/div>\n\t\t\t\t<\/div>\n\t\t\t\t<div class=\"elementor-element elementor-element-cd32788 elementor-widget elementor-widget-text-editor\" data-id=\"cd32788\" data-element_type=\"widget\" data-widget_type=\"text-editor.default\">\n\t\t\t\t<div class=\"elementor-widget-container\">\n\t\t\t\t\t\t\t<p><strong>Team<br \/><\/strong>Alexandra Roggensinger (PHSG)<\/p>\t\t\t\t\t\t<\/div>\n\t\t\t\t<\/div>\n\t\t\t\t<div class=\"elementor-element elementor-element-8e1f71b elementor-widget elementor-widget-text-editor\" data-id=\"8e1f71b\" data-element_type=\"widget\" data-widget_type=\"text-editor.default\">\n\t\t\t\t<div class=\"elementor-widget-container\">\n\t\t\t\t\t\t\t<p><strong>Literaturhinweise\/Publikationen<br \/><\/strong>Schl\u00fcter, A.-K., Melle, I. &amp; Wember, F.\u00a0B. (2016). Unterrichtsgestaltung in Klassen des Gemeinsamen Lernens: Universal Design for Learning. <em>Sonderp\u00e4dagogische F\u00f6rderung heute, 61<\/em>(3), 270\u2013285.<\/p><p>Sherin, M.\u00a0G. &amp; van Es, E.\u00a0A. (2009). Effects of video club participation on teachers\u2019 professional vision. <em>Journal of Teacher Education, 60<\/em>(1), 20\u201337.<\/p><p>Suter, C. (2019). <em>Inklusiver aufgabenorientierter Englischunterricht<\/em>. Stuttgart: JB Metzler.<\/p>\t\t\t\t\t\t<\/div>\n\t\t\t\t<\/div>\n\t\t\t\t<div class=\"elementor-element elementor-element-c8c2491 elementor-widget elementor-widget-heading\" data-id=\"c8c2491\" data-element_type=\"widget\" data-widget_type=\"heading.default\">\n\t\t\t\t<div class=\"elementor-widget-container\">\n\t\t\t<p class=\"elementor-heading-title elementor-size-default\"><a href=\"https:\/\/www.phsg.ch\/de\/laenderuebergreifend-inklusive-settings-mit-videos-entwickeln-limive\" target=\"_blank\">Zum Projekt<\/a><\/p>\t\t<\/div>\n\t\t\t\t<\/div>\n\t\t\t\t<\/div>\n\t\t\t\t\t<\/div>\n\t\t\t\t<\/div>\n\t\t<div class=\"elementor-element elementor-element-38b0b0f e-flex e-con-boxed e-con e-parent\" data-id=\"38b0b0f\" data-element_type=\"container\" data-settings=\"{&quot;jet_parallax_layout_list&quot;:[]}\">\n\t\t\t\t\t<div class=\"e-con-inner\">\n\t\t<div class=\"elementor-element elementor-element-d43cea4 e-con-full e-flex e-con e-child\" data-id=\"d43cea4\" data-element_type=\"container\" data-settings=\"{&quot;jet_parallax_layout_list&quot;:[]}\">\n\t\t\t\t<div class=\"elementor-element elementor-element-c685e55 elementor-widget elementor-widget-image\" data-id=\"c685e55\" data-element_type=\"widget\" data-widget_type=\"image.default\">\n\t\t\t\t<div class=\"elementor-widget-container\">\n\t\t\t\t\t\t\t\t\t\t\t\t\t<img fetchpriority=\"high\" decoding=\"async\" width=\"676\" height=\"766\" src=\"https:\/\/phsg-forschungsbericht.ch\/2022-2023\/wp-content\/uploads\/sites\/3\/phsg-forschungsbericht-fokus-isp-bild-01-limive.jpg\" class=\"attachment-large size-large wp-image-3835\" alt=\"\" \/>\t\t\t\t\t\t\t\t\t\t\t\t\t<\/div>\n\t\t\t\t<\/div>\n\t\t\t\t<\/div>\n\t\t\t\t\t<\/div>\n\t\t\t\t<\/div>\n\t\t<div class=\"elementor-element elementor-element-109c5b0 e-flex e-con-boxed e-con e-parent\" data-id=\"109c5b0\" data-element_type=\"container\" data-settings=\"{&quot;jet_parallax_layout_list&quot;:[]}\">\n\t\t\t\t\t<div class=\"e-con-inner\">\n\t\t<div class=\"elementor-element elementor-element-bbe95cd e-con-full e-flex e-con e-child\" data-id=\"bbe95cd\" data-element_type=\"container\" data-settings=\"{&quot;jet_parallax_layout_list&quot;:[]}\">\n\t\t\t\t<div class=\"elementor-element elementor-element-f304c8b elementor-widget elementor-widget-image\" data-id=\"f304c8b\" data-element_type=\"widget\" data-widget_type=\"image.default\">\n\t\t\t\t<div class=\"elementor-widget-container\">\n\t\t\t\t\t\t\t\t\t\t\t\t\t<img decoding=\"async\" width=\"616\" height=\"345\" src=\"https:\/\/phsg-forschungsbericht.ch\/2022-2023\/wp-content\/uploads\/sites\/3\/phsg-forschungsbericht-fokus-idib-bild-01.png\" class=\"attachment-large size-large wp-image-3237\" alt=\"\" \/>\t\t\t\t\t\t\t\t\t\t\t\t\t<\/div>\n\t\t\t\t<\/div>\n\t\t\t\t<\/div>\n\t\t\t\t\t<\/div>\n\t\t\t\t<\/div>\n\t\t<div class=\"elementor-element elementor-element-1db39ef e-flex e-con-boxed e-con e-parent\" data-id=\"1db39ef\" data-element_type=\"container\" data-settings=\"{&quot;jet_parallax_layout_list&quot;:[]}\">\n\t\t\t\t\t<div class=\"e-con-inner\">\n\t\t<div class=\"elementor-element elementor-element-e22d399 e-con-full e-flex e-con e-child\" data-id=\"e22d399\" data-element_type=\"container\" data-settings=\"{&quot;jet_parallax_layout_list&quot;:[]}\">\n\t\t\t\t<div class=\"elementor-element elementor-element-95e8ead elementor-widget elementor-widget-heading\" data-id=\"95e8ead\" data-element_type=\"widget\" data-widget_type=\"heading.default\">\n\t\t\t\t<div class=\"elementor-widget-container\">\n\t\t\t<h2 class=\"elementor-heading-title elementor-size-default\">Innovations&shy;schulen dreier Kantone f\u00f6rdern \u00fcber&shy;fachliche Lebens- und Schl\u00fcssel&shy;kompetenzen mit DIPALOG<\/h2>\t\t<\/div>\n\t\t\t\t<\/div>\n\t\t\t\t<div class=\"elementor-element elementor-element-009ec4d elementor-widget elementor-widget-text-editor\" data-id=\"009ec4d\" data-element_type=\"widget\" data-widget_type=\"text-editor.default\">\n\t\t\t\t<div class=\"elementor-widget-container\">\n\t\t\t\t\t\t\t<p>\u00dcberfachliche Lebens- und Schl\u00fcsselkompetenzen (\u00dcLS) bzw. die 21<sup>st<\/sup> Century Skills haben eine grosse Bedeutung f\u00fcr den l\u00e4ngerfristigen Bildungs- und Lebenserfolg. Im Berufswahlprozess sind sie zu einer zentralen Referenz geworden. Das Hauptziel von DIPALOG ist die \u00dcLS-F\u00f6rderung bei Kindern und Jugendlichen.<\/p><p>DIPALOG steht f\u00fcr den Dialog zwischen Lehrpersonen, Eltern sowie Sch\u00fclerinnen und Sch\u00fclern. Das Projekt wird von diversen Verb\u00e4nden und Institutionen unterst\u00fctzt. Im Kern geht es um die umfassende Einsch\u00e4tzung der Lernenden (inklusive Wohlbefinden und mentaler Gesundheit) und deren F\u00f6rderung.<\/p><p><strong>Warum DIPALOG?<br \/><\/strong>Die Lehrpersonen werden in ihrem Bildungsauftrag (Lehrplan) unterst\u00fctzt, w\u00e4hrend die Eltern in ihrem Erziehungsauftrag (Pers\u00f6nlichkeitsentwicklung ihrer Kinder) Unterst\u00fctzung erhalten. Auch Fachpersonen (schulische Heilp\u00e4dagogik\/Schulsozialarbeit) k\u00f6nnen gezielter f\u00f6rdern. Zudem sorgen die \u00dcLS-Kompetenzprofile f\u00fcr eine verbesserte Berufseignungsabkl\u00e4rung. Durch DIPALOG wird sowohl die Eigenverantwortung der Sch\u00fclerinnen und Sch\u00fcler als auch die Umsetzung des gemeinsamen Auftrags \u00abSchule und Elternhaus\u00bb (Gesundheitsf\u00f6rderung, Erziehung und Wertevermittlung etc.) gest\u00e4rkt.<\/p><p><strong>Der Ablauf von DIPALOG <br \/><\/strong>DIPALOG ist in die \u00fcblichen Unterrichtsabl\u00e4ufe w\u00e4hrend des Schuljahrs eingebettet.<\/p><ol><li>Eltern, Lehrpersonen und Lernende sch\u00e4tzen die \u00dcLS zweimal im Jahr ein (siehe Abbildung).<\/li><li>W\u00e4hrend Eltern und Kinder alle \u00dcLS einsch\u00e4tzen, nehmen die Lehrpersonen eine p\u00e4dagogische Fokussierung vor.<\/li><li>Im Standortgespr\u00e4ch setzen Eltern, Kind und Lehrperson anhand dieses \u00dcLS-Profils Schwerpunkte f\u00fcr das weitere Lernen.<\/li><li>In der acht- bis zw\u00f6lfw\u00f6chigen F\u00f6rderphase stehen zu jeder Kompetenz etwa zehn Trainingsaufgaben zur Verf\u00fcgung.<\/li><li>Nach der F\u00f6rderphase bespricht die Lehrperson mit allen Kindern bzw. Jugendlichen individuell die Fortschritte.<\/li><li>Im Standortgespr\u00e4ch des Folgejahrs beginnt ein neuer F\u00f6rderprozess mit einer anderen oder der gleichen \u00fcberfachlichen Kompetenz.<\/li><\/ol>\t\t\t\t\t\t<\/div>\n\t\t\t\t<\/div>\n\t\t\t\t<div class=\"elementor-element elementor-element-aaa4c50 elementor-widget elementor-widget-spacer\" data-id=\"aaa4c50\" data-element_type=\"widget\" data-widget_type=\"spacer.default\">\n\t\t\t\t<div class=\"elementor-widget-container\">\n\t\t\t\t\t<div class=\"elementor-spacer\">\n\t\t\t<div class=\"elementor-spacer-inner\"><\/div>\n\t\t<\/div>\n\t\t\t\t<\/div>\n\t\t\t\t<\/div>\n\t\t\t\t<div class=\"elementor-element elementor-element-3490ce2 elementor-widget elementor-widget-text-editor\" data-id=\"3490ce2\" data-element_type=\"widget\" data-widget_type=\"text-editor.default\">\n\t\t\t\t<div class=\"elementor-widget-container\">\n\t\t\t\t\t\t\t<p class=\"p1\">Methodik: DIPALOG ist ein interkantonales Schulentwicklungsprojekt, in dessen Rahmen die teilnehmenden Schulen von der Firma CM\u00a0Informatik\u00a0AG mit digitalen Tools (\u00dcLS-Profile etc.) unterst\u00fctzt werden. Die L\u00e4ngsschnittdaten werden mittels eines klassischen Experimental-Kontrollgruppendesigns analysiert. Nach Abschluss des Projekts k\u00f6nnen Schulen mit CMI-Vertrag die \u00dcLS jedes Jahr im CMI-System erheben und profilm\u00e4ssig darstellen lassen. Des Weiteren k\u00f6nnen sie die von der PHSG erstellten Trainingsmaterialien nutzen.<\/p>\t\t\t\t\t\t<\/div>\n\t\t\t\t<\/div>\n\t\t\t\t<div class=\"elementor-element elementor-element-72cca17 elementor-widget elementor-widget-spacer\" data-id=\"72cca17\" data-element_type=\"widget\" data-widget_type=\"spacer.default\">\n\t\t\t\t<div class=\"elementor-widget-container\">\n\t\t\t\t\t<div class=\"elementor-spacer\">\n\t\t\t<div class=\"elementor-spacer-inner\"><\/div>\n\t\t<\/div>\n\t\t\t\t<\/div>\n\t\t\t\t<\/div>\n\t\t\t\t<div class=\"elementor-element elementor-element-59b4b5a elementor-widget elementor-widget-text-editor\" data-id=\"59b4b5a\" data-element_type=\"widget\" data-widget_type=\"text-editor.default\">\n\t\t\t\t<div class=\"elementor-widget-container\">\n\t\t\t\t\t\t\t<p><strong>Kooperation<br \/><\/strong>PHSG, CM Informatik AG, Bildungsdepartemente der Kantone Appenzell Ausserrhoden, Appenzell Innerrhoden und Thurgau, teilnehmende Innovationsschulen<\/p>\t\t\t\t\t\t<\/div>\n\t\t\t\t<\/div>\n\t\t\t\t<div class=\"elementor-element elementor-element-ffd2156 elementor-widget elementor-widget-text-editor\" data-id=\"ffd2156\" data-element_type=\"widget\" data-widget_type=\"text-editor.default\">\n\t\t\t\t<div class=\"elementor-widget-container\">\n\t\t\t\t\t\t\t<p><strong>Laufzeit<br \/><\/strong>2022 bis 2025<\/p>\t\t\t\t\t\t<\/div>\n\t\t\t\t<\/div>\n\t\t\t\t<div class=\"elementor-element elementor-element-12ecff6 elementor-widget elementor-widget-text-editor\" data-id=\"12ecff6\" data-element_type=\"widget\" data-widget_type=\"text-editor.default\">\n\t\t\t\t<div class=\"elementor-widget-container\">\n\t\t\t\t\t\t\t<p><strong>Finanzierung<\/strong><br \/>Innosuisse<\/p>\t\t\t\t\t\t<\/div>\n\t\t\t\t<\/div>\n\t\t\t\t<div class=\"elementor-element elementor-element-7f32752 elementor-widget elementor-widget-text-editor\" data-id=\"7f32752\" data-element_type=\"widget\" data-widget_type=\"text-editor.default\">\n\t\t\t\t<div class=\"elementor-widget-container\">\n\t\t\t\t\t\t\t<p><strong>Leitung<br \/><\/strong>D\u00f6lf Looser (PHSG)<\/p>\t\t\t\t\t\t<\/div>\n\t\t\t\t<\/div>\n\t\t\t\t<div class=\"elementor-element elementor-element-5dc1786 elementor-widget elementor-widget-text-editor\" data-id=\"5dc1786\" data-element_type=\"widget\" data-widget_type=\"text-editor.default\">\n\t\t\t\t<div class=\"elementor-widget-container\">\n\t\t\t\t\t\t\t<p><strong>Team<br \/><\/strong>Elisabeth B\u00e4nziger (PHSG), Traugott Els\u00e4sser (PHSG), Christine Feiss (PHSG), Barbara Frischmann, Daniel Vorburger<\/p>\t\t\t\t\t\t<\/div>\n\t\t\t\t<\/div>\n\t\t\t\t<div class=\"elementor-element elementor-element-5869d4f elementor-widget elementor-widget-text-editor\" data-id=\"5869d4f\" data-element_type=\"widget\" data-widget_type=\"text-editor.default\">\n\t\t\t\t<div class=\"elementor-widget-container\">\n\t\t\t\t\t\t\t<p><strong>Literaturhinweise\/Publikationen<br \/><\/strong>CMI. (2022). <em>Innovationsprojekt der PHSG und CMI: CMI Lehreroffice unterst\u00fctzt das Projekt DIPALOG.<\/em> Blog-Eintrag, 28.\u00a0Juni.<br \/><span style=\"color: #62a8e5;\"><a style=\"color: #62a8e5;\" href=\"https:\/\/cmi-bildung.ch\/bildung-schule\/innovationsprojekt-der-phsg-und-cmi-cmi-lehreroffice-unterstuetzt-das-projekt-dipalog\/\" target=\"_blank\" rel=\"noopener\">Zur Publikation<\/a><\/span><\/p><p>CMI. (2023). Die PH St.\u00a0Gallen und CMI f\u00f6rdern mit dem Projekt DIPALOG junge Menschen. <em>CMI Magazin,<\/em> Artikel\u00a010.<br \/><span style=\"color: #62a8e5;\"><a style=\"color: #62a8e5;\" href=\"https:\/\/magazin.cmiag.ch\/\" target=\"_blank\" rel=\"noopener\">Zur Publikation<\/a><\/span><\/p>\t\t\t\t\t\t<\/div>\n\t\t\t\t<\/div>\n\t\t\t\t<div class=\"elementor-element elementor-element-88960d1 elementor-widget elementor-widget-heading\" data-id=\"88960d1\" data-element_type=\"widget\" data-widget_type=\"heading.default\">\n\t\t\t\t<div class=\"elementor-widget-container\">\n\t\t\t<p class=\"elementor-heading-title elementor-size-default\"><a href=\"http:\/\/www.dipalog.ch\" target=\"_blank\">Zum Projekt (inkl. Pr\u00e4sentationsfilme) <\/a><\/p>\t\t<\/div>\n\t\t\t\t<\/div>\n\t\t\t\t<\/div>\n\t\t\t\t\t<\/div>\n\t\t\t\t<\/div>\n\t\t<div class=\"elementor-element elementor-element-47d8f72 e-flex e-con-boxed e-con e-parent\" data-id=\"47d8f72\" data-element_type=\"container\" data-settings=\"{&quot;jet_parallax_layout_list&quot;:[]}\">\n\t\t\t\t\t<div class=\"e-con-inner\">\n\t\t<div class=\"elementor-element elementor-element-c569861 e-con-full e-flex e-con e-child\" data-id=\"c569861\" data-element_type=\"container\" data-settings=\"{&quot;jet_parallax_layout_list&quot;:[]}\">\n\t\t\t\t<div class=\"elementor-element elementor-element-3755c96 elementor-widget elementor-widget-image\" data-id=\"3755c96\" data-element_type=\"widget\" data-widget_type=\"image.default\">\n\t\t\t\t<div class=\"elementor-widget-container\">\n\t\t\t\t\t\t\t\t\t\t\t\t\t<img decoding=\"async\" width=\"1641\" height=\"964\" src=\"https:\/\/phsg-forschungsbericht.ch\/2022-2023\/wp-content\/uploads\/sites\/3\/phsg-forschungsbericht-fokus-isp-bild-03-dipalog.jpg\" class=\"attachment-large size-large wp-image-3847\" alt=\"\" srcset=\"https:\/\/phsg-forschungsbericht.ch\/2022-2023\/wp-content\/uploads\/sites\/3\/phsg-forschungsbericht-fokus-isp-bild-03-dipalog.jpg 1641w, https:\/\/phsg-forschungsbericht.ch\/2022-2023\/wp-content\/uploads\/sites\/3\/phsg-forschungsbericht-fokus-isp-bild-03-dipalog-768x451.jpg 768w, https:\/\/phsg-forschungsbericht.ch\/2022-2023\/wp-content\/uploads\/sites\/3\/phsg-forschungsbericht-fokus-isp-bild-03-dipalog-1536x902.jpg 1536w\" sizes=\"(max-width: 1641px) 100vw, 1641px\" \/>\t\t\t\t\t\t\t\t\t\t\t\t\t<\/div>\n\t\t\t\t<\/div>\n\t\t\t\t<\/div>\n\t\t<div class=\"elementor-element elementor-element-313f148 e-con-full e-flex e-con e-child\" data-id=\"313f148\" data-element_type=\"container\" data-settings=\"{&quot;jet_parallax_layout_list&quot;:[]}\">\n\t\t\t\t<div class=\"elementor-element elementor-element-b6ecf31 elementor-widget elementor-widget-text-editor\" data-id=\"b6ecf31\" data-element_type=\"widget\" data-widget_type=\"text-editor.default\">\n\t\t\t\t<div class=\"elementor-widget-container\">\n\t\t\t\t\t\t\t<p>Ausschnitt aus einem \u00dcLS-Profil<\/p>\t\t\t\t\t\t<\/div>\n\t\t\t\t<\/div>\n\t\t\t\t<\/div>\n\t\t\t\t\t<\/div>\n\t\t\t\t<\/div>\n\t\t<div class=\"elementor-element elementor-element-9190fd0 e-flex e-con-boxed e-con e-parent\" data-id=\"9190fd0\" data-element_type=\"container\" data-settings=\"{&quot;jet_parallax_layout_list&quot;:[]}\">\n\t\t\t\t\t<div class=\"e-con-inner\">\n\t\t<div class=\"elementor-element elementor-element-2a0d0c3 e-con-full e-flex e-con e-child\" data-id=\"2a0d0c3\" data-element_type=\"container\" data-settings=\"{&quot;jet_parallax_layout_list&quot;:[]}\">\n\t\t\t\t<div class=\"elementor-element elementor-element-189d38d elementor-widget elementor-widget-jet-accordion\" data-id=\"189d38d\" data-element_type=\"widget\" data-widget_type=\"jet-accordion.default\">\n\t\t\t\t<div class=\"elementor-widget-container\">\n\t\t\t\t\t<div class=\"jet-accordion\" data-settings=\"{&quot;collapsible&quot;:false,&quot;ajaxTemplate&quot;:false,&quot;switchScrolling&quot;:false,&quot;switchScrollingOffset&quot;:0,&quot;switchScrollingDelay&quot;:500}\">\n\t\t\t<div class=\"jet-accordion__inner\">\n\t\t\t\t<div class=\"jet-accordion__item jet-toggle jet-toggle-move-up-effect \">\n\t\t\t\t\t\t\t<div id=\"jet-toggle-control-2581\" class=\"jet-toggle__control elementor-menu-anchor\" data-toggle=\"1\" role=\"button\" tabindex=\"0\" aria-controls=\"jet-toggle-content-2581\" aria-expanded=\"false\" data-template-id=\"1601\">\n\t\t\t\t\t\t\t\t<div class=\"jet-toggle__label-icon jet-toggle-icon-position-left\"><span class=\"jet-toggle__icon icon-normal jet-tabs-icon\"><i class=\"fas fa-plus\"><\/i><\/span><span class=\"jet-toggle__icon icon-active jet-tabs-icon\"><i class=\"fas fa-minus\"><\/i><\/span><\/div><div class=\"jet-toggle__label-text\">Professionelle Kompetenz von Lehrkr\u00e4ften f\u00fcr effektive Klassenf\u00fchrung (TCM \u2013 Teacher classroom management)<\/div>\t\t\t\t\t\t\t<\/div>\n\t\t\t\t\t\t\t<div id=\"jet-toggle-content-2581\" class=\"jet-toggle__content\" data-toggle=\"1\" role=\"region\" data-template-id=\"1601\">\n\t\t\t\t\t\t\t\t<div class=\"jet-toggle__content-inner\">\t\t<div data-elementor-type=\"page\" data-elementor-id=\"1601\" class=\"elementor elementor-1601\" data-elementor-post-type=\"elementor_library\">\n\t\t\t\t\t\t<section class=\"elementor-section elementor-top-section elementor-element elementor-element-3bd2024 elementor-section-boxed elementor-section-height-default elementor-section-height-default\" data-id=\"3bd2024\" data-element_type=\"section\" data-settings=\"{&quot;jet_parallax_layout_list&quot;:[],&quot;background_background&quot;:&quot;classic&quot;}\">\n\t\t\t\t\t\t<div class=\"elementor-container elementor-column-gap-default\">\n\t\t\t\t\t<div class=\"elementor-column elementor-col-100 elementor-top-column elementor-element elementor-element-7853b75\" data-id=\"7853b75\" data-element_type=\"column\">\n\t\t\t<div class=\"elementor-widget-wrap elementor-element-populated\">\n\t\t\t\t\t\t<div class=\"elementor-element elementor-element-93146ba elementor-widget elementor-widget-text-editor\" data-id=\"93146ba\" data-element_type=\"widget\" data-widget_type=\"text-editor.default\">\n\t\t\t\t<div class=\"elementor-widget-container\">\n\t\t\t\t\t\t\t<p>Meta-Analysen belegen positive Wirkungen effektiver Klassenf\u00fchrung auf die Lernergebnisse der Sch\u00fclerinnen und Sch\u00fcler. F\u00fcr Berufseinsteigende stellt Klassenf\u00fchrung oft eine der gr\u00f6ssten Schwierigkeiten dar. Diesbez\u00fcglich bestehen hohe, teilweise unerf\u00fcllte Erwartungen an die Lehrpersonenbildung. Das Projekt \u00abTCM\u00bb zielt auf die Generierung neuer Erkenntnisse zur professionellen Kompetenz hinsichtlich einer effektiven Klassenf\u00fchrung. Untersucht werden die Entwicklung der Klassenf\u00fchrungskompetenzen im ersten Berufsjahr und die Frage, welche Lerngelegenheiten w\u00e4hrend der Ausbildung und im ersten Berufsjahr die Kompetenzentwicklung positiv beeinflussen.<\/p>\t\t\t\t\t\t<\/div>\n\t\t\t\t<\/div>\n\t\t\t\t<div class=\"elementor-element elementor-element-c6d6ec5 elementor-widget elementor-widget-text-editor\" data-id=\"c6d6ec5\" data-element_type=\"widget\" data-widget_type=\"text-editor.default\">\n\t\t\t\t<div class=\"elementor-widget-container\">\n\t\t\t\t\t\t\t<p class=\"p1\"><strong>Laufzeit<\/strong><br \/>2023 bis 2026<\/p>\t\t\t\t\t\t<\/div>\n\t\t\t\t<\/div>\n\t\t\t\t<div class=\"elementor-element elementor-element-040f904 elementor-widget elementor-widget-text-editor\" data-id=\"040f904\" data-element_type=\"widget\" data-widget_type=\"text-editor.default\">\n\t\t\t\t<div class=\"elementor-widget-container\">\n\t\t\t\t\t\t\t<p><b>Finanzierung<br \/><\/b>Deutsche Forschungsgemeinschaft, Schweizerischer Nationalfonds<\/p>\t\t\t\t\t\t<\/div>\n\t\t\t\t<\/div>\n\t\t\t\t<div class=\"elementor-element elementor-element-8edbfc4 elementor-widget elementor-widget-text-editor\" data-id=\"8edbfc4\" data-element_type=\"widget\" data-widget_type=\"text-editor.default\">\n\t\t\t\t<div class=\"elementor-widget-container\">\n\t\t\t\t\t\t\t<p><strong>Leitung<\/strong><br \/>Christian Br\u00fchwiler (PHSG), Johannes K\u00f6nig (Universit\u00e4t zu K\u00f6ln)<\/p>\t\t\t\t\t\t<\/div>\n\t\t\t\t<\/div>\n\t\t\t\t<div class=\"elementor-element elementor-element-5912812 elementor-widget elementor-widget-heading\" data-id=\"5912812\" data-element_type=\"widget\" data-widget_type=\"heading.default\">\n\t\t\t\t<div class=\"elementor-widget-container\">\n\t\t\t<p class=\"elementor-heading-title elementor-size-default\"><a href=\"https:\/\/www.phsg.ch\/de\/forschung-entwicklung\/projekte\/tcm-professionelle-kompetenz-von-lehrkraeften-fuer-effektive-klassenfuehrung\" target=\"_blank\">Zum Projekt<\/a><\/p>\t\t<\/div>\n\t\t\t\t<\/div>\n\t\t\t\t\t<\/div>\n\t\t<\/div>\n\t\t\t\t\t<\/div>\n\t\t<\/section>\n\t\t\t\t<\/div>\n\t\t<\/div>\n\t\t\t\t\t\t\t<\/div>\n\t\t\t\t\t\t<\/div><div class=\"jet-accordion__item jet-toggle jet-toggle-move-up-effect \">\n\t\t\t\t\t\t\t<div id=\"jet-toggle-control-2582\" class=\"jet-toggle__control elementor-menu-anchor\" data-toggle=\"2\" role=\"button\" tabindex=\"0\" aria-controls=\"jet-toggle-content-2582\" aria-expanded=\"false\" data-template-id=\"1622\">\n\t\t\t\t\t\t\t\t<div class=\"jet-toggle__label-icon jet-toggle-icon-position-left\"><span class=\"jet-toggle__icon icon-normal jet-tabs-icon\"><i class=\"fas fa-plus\"><\/i><\/span><span class=\"jet-toggle__icon icon-active jet-tabs-icon\"><i class=\"fas fa-minus\"><\/i><\/span><\/div><div class=\"jet-toggle__label-text\">Teacher-led Learning Circles Project<\/div>\t\t\t\t\t\t\t<\/div>\n\t\t\t\t\t\t\t<div id=\"jet-toggle-content-2582\" class=\"jet-toggle__content\" data-toggle=\"2\" role=\"region\" data-template-id=\"1622\">\n\t\t\t\t\t\t\t\t<div class=\"jet-toggle__content-inner\">\t\t<div data-elementor-type=\"page\" data-elementor-id=\"1622\" class=\"elementor elementor-1622\" data-elementor-post-type=\"elementor_library\">\n\t\t\t\t\t\t<section class=\"elementor-section elementor-top-section elementor-element elementor-element-3bd2024 elementor-section-boxed elementor-section-height-default elementor-section-height-default\" data-id=\"3bd2024\" data-element_type=\"section\" data-settings=\"{&quot;jet_parallax_layout_list&quot;:[],&quot;background_background&quot;:&quot;classic&quot;}\">\n\t\t\t\t\t\t<div class=\"elementor-container elementor-column-gap-default\">\n\t\t\t\t\t<div class=\"elementor-column elementor-col-100 elementor-top-column elementor-element elementor-element-7853b75\" data-id=\"7853b75\" data-element_type=\"column\">\n\t\t\t<div class=\"elementor-widget-wrap elementor-element-populated\">\n\t\t\t\t\t\t<div class=\"elementor-element elementor-element-93146ba elementor-widget elementor-widget-text-editor\" data-id=\"93146ba\" data-element_type=\"widget\" data-widget_type=\"text-editor.default\">\n\t\t\t\t<div class=\"elementor-widget-container\">\n\t\t\t\t\t\t\t<p>Das \u00fcbergreifende Ziel des Projekts besteht darin, wirksame Methoden der formativen Beurteilung zu ermitteln, zu klassifizieren und zu verbreiten. Das Projekt wird \u00fcber drei Jahre hinweg in sieben L\u00e4ndern durchgef\u00fchrt. Es beinhaltet die Teilnahme von Lehrpersonen an einem von ihnen selbst geleiteten Professionalisierungsprozess, wobei das Ziel verfolgt wird, die eigene berufliche Entwicklung anzustossen. Konkret geht es um die Anwendung, die Reflexion und die Anpassung von Verfahren zur formativen Beurteilung im eigenen Klassenzimmer.<\/p>\t\t\t\t\t\t<\/div>\n\t\t\t\t<\/div>\n\t\t\t\t<div class=\"elementor-element elementor-element-c6d6ec5 elementor-widget elementor-widget-text-editor\" data-id=\"c6d6ec5\" data-element_type=\"widget\" data-widget_type=\"text-editor.default\">\n\t\t\t\t<div class=\"elementor-widget-container\">\n\t\t\t\t\t\t\t<p class=\"p1\"><strong>Laufzeit<\/strong><br \/>2022 bis 2024<\/p>\t\t\t\t\t\t<\/div>\n\t\t\t\t<\/div>\n\t\t\t\t<div class=\"elementor-element elementor-element-040f904 elementor-widget elementor-widget-text-editor\" data-id=\"040f904\" data-element_type=\"widget\" data-widget_type=\"text-editor.default\">\n\t\t\t\t<div class=\"elementor-widget-container\">\n\t\t\t\t\t\t\t<p><b>Finanzierung<br \/><\/b>Jacobs Foundation<\/p>\t\t\t\t\t\t<\/div>\n\t\t\t\t<\/div>\n\t\t\t\t<div class=\"elementor-element elementor-element-8edbfc4 elementor-widget elementor-widget-text-editor\" data-id=\"8edbfc4\" data-element_type=\"widget\" data-widget_type=\"text-editor.default\">\n\t\t\t\t<div class=\"elementor-widget-container\">\n\t\t\t\t\t\t\t<p><strong>Leitung<\/strong><br \/>Robbert Smit (PHSG, Forschungsteil Schweiz)<\/p>\t\t\t\t\t\t<\/div>\n\t\t\t\t<\/div>\n\t\t\t\t<div class=\"elementor-element elementor-element-5912812 elementor-widget elementor-widget-heading\" data-id=\"5912812\" data-element_type=\"widget\" data-widget_type=\"heading.default\">\n\t\t\t\t<div class=\"elementor-widget-container\">\n\t\t\t<p class=\"elementor-heading-title elementor-size-default\"><a href=\"https:\/\/www.ei-ie.org\/en\/item\/27001:teacher-led-learning-circles-project-research-framewor\" target=\"_blank\">Zum Projekt<\/a><\/p>\t\t<\/div>\n\t\t\t\t<\/div>\n\t\t\t\t\t<\/div>\n\t\t<\/div>\n\t\t\t\t\t<\/div>\n\t\t<\/section>\n\t\t\t\t<\/div>\n\t\t<\/div>\n\t\t\t\t\t\t\t<\/div>\n\t\t\t\t\t\t<\/div><div class=\"jet-accordion__item jet-toggle jet-toggle-move-up-effect \">\n\t\t\t\t\t\t\t<div id=\"jet-toggle-control-2583\" class=\"jet-toggle__control elementor-menu-anchor\" data-toggle=\"3\" role=\"button\" tabindex=\"0\" aria-controls=\"jet-toggle-content-2583\" aria-expanded=\"false\" data-template-id=\"1625\">\n\t\t\t\t\t\t\t\t<div class=\"jet-toggle__label-icon jet-toggle-icon-position-left\"><span class=\"jet-toggle__icon icon-normal jet-tabs-icon\"><i class=\"fas fa-plus\"><\/i><\/span><span class=\"jet-toggle__icon icon-active jet-tabs-icon\"><i class=\"fas fa-minus\"><\/i><\/span><\/div><div class=\"jet-toggle__label-text\">Entwicklung motorischer Basiskompetenzen in der Kindheit (EMOKK)<\/div>\t\t\t\t\t\t\t<\/div>\n\t\t\t\t\t\t\t<div id=\"jet-toggle-content-2583\" class=\"jet-toggle__content\" data-toggle=\"3\" role=\"region\" data-template-id=\"1625\">\n\t\t\t\t\t\t\t\t<div class=\"jet-toggle__content-inner\">\t\t<div data-elementor-type=\"page\" data-elementor-id=\"1625\" class=\"elementor elementor-1625\" data-elementor-post-type=\"elementor_library\">\n\t\t\t\t\t\t<section class=\"elementor-section elementor-top-section elementor-element elementor-element-3bd2024 elementor-section-boxed elementor-section-height-default elementor-section-height-default\" data-id=\"3bd2024\" data-element_type=\"section\" data-settings=\"{&quot;jet_parallax_layout_list&quot;:[],&quot;background_background&quot;:&quot;classic&quot;}\">\n\t\t\t\t\t\t<div class=\"elementor-container elementor-column-gap-default\">\n\t\t\t\t\t<div class=\"elementor-column elementor-col-100 elementor-top-column elementor-element elementor-element-7853b75\" data-id=\"7853b75\" data-element_type=\"column\">\n\t\t\t<div class=\"elementor-widget-wrap elementor-element-populated\">\n\t\t\t\t\t\t<div class=\"elementor-element elementor-element-93146ba elementor-widget elementor-widget-text-editor\" data-id=\"93146ba\" data-element_type=\"widget\" data-widget_type=\"text-editor.default\">\n\t\t\t\t<div class=\"elementor-widget-container\">\n\t\t\t\t\t\t\t<p>Die motorischen Basiskompetenzen von Kindern stellen eine zentrale Voraussetzung f\u00fcr die Teilhabe an der Bewegungs- und Sportkultur dar. Das Forschungsprojekt \u00abEMOKK\u00bb verfolgt das Ziel, die Entwicklung der motorischen Basiskompetenzen von Kindergarten- und Primarschulkindern zu begleiten, bedeutsame schulische und ausserschulische Einflussfaktoren zu identifizieren sowie Zusammenh\u00e4nge mit \u00fcberfachlichen Kompetenzen zu untersuchen.<\/p>\t\t\t\t\t\t<\/div>\n\t\t\t\t<\/div>\n\t\t\t\t<div class=\"elementor-element elementor-element-c6d6ec5 elementor-widget elementor-widget-text-editor\" data-id=\"c6d6ec5\" data-element_type=\"widget\" data-widget_type=\"text-editor.default\">\n\t\t\t\t<div class=\"elementor-widget-container\">\n\t\t\t\t\t\t\t<p class=\"p1\"><strong>Laufzeit<\/strong><br \/>2021 bis 2025<\/p>\t\t\t\t\t\t<\/div>\n\t\t\t\t<\/div>\n\t\t\t\t<div class=\"elementor-element elementor-element-040f904 elementor-widget elementor-widget-text-editor\" data-id=\"040f904\" data-element_type=\"widget\" data-widget_type=\"text-editor.default\">\n\t\t\t\t<div class=\"elementor-widget-container\">\n\t\t\t\t\t\t\t<p><b>Finanzierung<br \/><\/b>Schweizerischer Nationalfonds<\/p>\t\t\t\t\t\t<\/div>\n\t\t\t\t<\/div>\n\t\t\t\t<div class=\"elementor-element elementor-element-8edbfc4 elementor-widget elementor-widget-text-editor\" data-id=\"8edbfc4\" data-element_type=\"widget\" data-widget_type=\"text-editor.default\">\n\t\t\t\t<div class=\"elementor-widget-container\">\n\t\t\t\t\t\t\t<p><strong>Leitung<\/strong><br \/>Marco Barbero (SUPSI), Sonja B\u00fcchel (PHSG), Ilaria Ferrari (PHZH), Christian Herrmann (PHZH), Sebastian Ludyga (DSBG), Nicolas Voisard (HEP BEJUNE) <\/p>\t\t\t\t\t\t<\/div>\n\t\t\t\t<\/div>\n\t\t\t\t<div class=\"elementor-element elementor-element-5912812 elementor-widget elementor-widget-heading\" data-id=\"5912812\" data-element_type=\"widget\" data-widget_type=\"heading.default\">\n\t\t\t\t<div class=\"elementor-widget-container\">\n\t\t\t<p class=\"elementor-heading-title elementor-size-default\"><a href=\"https:\/\/www.phsg.ch\/de\/forschung-entwicklung\/projekte\/entwicklung-motorischer-basiskompetenzen-der-kindheit-emokk-studie-bedeutung-schulischer-und\" target=\"_blank\">Zum Projekt<\/a><\/p>\t\t<\/div>\n\t\t\t\t<\/div>\n\t\t\t\t\t<\/div>\n\t\t<\/div>\n\t\t\t\t\t<\/div>\n\t\t<\/section>\n\t\t\t\t<\/div>\n\t\t<\/div>\n\t\t\t\t\t\t\t<\/div>\n\t\t\t\t\t\t<\/div><div class=\"jet-accordion__item jet-toggle jet-toggle-move-up-effect \">\n\t\t\t\t\t\t\t<div id=\"jet-toggle-control-2584\" class=\"jet-toggle__control elementor-menu-anchor\" data-toggle=\"4\" role=\"button\" tabindex=\"0\" aria-controls=\"jet-toggle-content-2584\" aria-expanded=\"false\" data-template-id=\"1628\">\n\t\t\t\t\t\t\t\t<div class=\"jet-toggle__label-icon jet-toggle-icon-position-left\"><span class=\"jet-toggle__icon icon-normal jet-tabs-icon\"><i class=\"fas fa-plus\"><\/i><\/span><span class=\"jet-toggle__icon icon-active jet-tabs-icon\"><i class=\"fas fa-minus\"><\/i><\/span><\/div><div class=\"jet-toggle__label-text\">ACCOMPAGNA \u2013 Bildungschancen f\u00fcr neu zugewanderte Kinder erh\u00f6hen<\/div>\t\t\t\t\t\t\t<\/div>\n\t\t\t\t\t\t\t<div id=\"jet-toggle-content-2584\" class=\"jet-toggle__content\" data-toggle=\"4\" role=\"region\" data-template-id=\"1628\">\n\t\t\t\t\t\t\t\t<div class=\"jet-toggle__content-inner\">\t\t<div data-elementor-type=\"page\" data-elementor-id=\"1628\" class=\"elementor elementor-1628\" data-elementor-post-type=\"elementor_library\">\n\t\t\t\t\t\t<section class=\"elementor-section elementor-top-section elementor-element elementor-element-3bd2024 elementor-section-boxed elementor-section-height-default elementor-section-height-default\" data-id=\"3bd2024\" data-element_type=\"section\" data-settings=\"{&quot;jet_parallax_layout_list&quot;:[],&quot;background_background&quot;:&quot;classic&quot;}\">\n\t\t\t\t\t\t<div class=\"elementor-container elementor-column-gap-default\">\n\t\t\t\t\t<div class=\"elementor-column elementor-col-100 elementor-top-column elementor-element elementor-element-7853b75\" data-id=\"7853b75\" data-element_type=\"column\">\n\t\t\t<div class=\"elementor-widget-wrap elementor-element-populated\">\n\t\t\t\t\t\t<div class=\"elementor-element elementor-element-93146ba elementor-widget elementor-widget-text-editor\" data-id=\"93146ba\" data-element_type=\"widget\" data-widget_type=\"text-editor.default\">\n\t\t\t\t<div class=\"elementor-widget-container\">\n\t\t\t\t\t\t\t<p>Mit dem Entwicklungsprojekt \u00abACCOMPAGNA\u00bb leistet die PHSG einen Beitrag zur schulischen Integration von neu zugewanderten oder gefl\u00fcchteten Kindern mit hohem Unterst\u00fctzungsbedarf. Studierende der PHSG f\u00f6rdern Kinder im Volksschulalter individuell in fachlichen und schulorganisatorischen Belangen sowie im Bereich der Lernstrategien. Seit Beginn des Projekts im Jahr 2016 wurden bereits \u00fcber 170\u00a0Kinder gef\u00f6rdert. Ziele des Projekts sind die Erh\u00f6hung der Bildungschancen von neu zugewanderten Kindern sowie die St\u00e4rkung der Kompetenzen angehender Lehrpersonen bez\u00fcglich eines diversit\u00e4tssensiblen und ressourcenorientierten Umgangs mit neu zugewanderten Kindern.<\/p>\t\t\t\t\t\t<\/div>\n\t\t\t\t<\/div>\n\t\t\t\t<div class=\"elementor-element elementor-element-c6d6ec5 elementor-widget elementor-widget-text-editor\" data-id=\"c6d6ec5\" data-element_type=\"widget\" data-widget_type=\"text-editor.default\">\n\t\t\t\t<div class=\"elementor-widget-container\">\n\t\t\t\t\t\t\t<p class=\"p1\"><strong>Laufzeit<\/strong><br \/>Seit 2016<\/p>\t\t\t\t\t\t<\/div>\n\t\t\t\t<\/div>\n\t\t\t\t<div class=\"elementor-element elementor-element-040f904 elementor-widget elementor-widget-text-editor\" data-id=\"040f904\" data-element_type=\"widget\" data-widget_type=\"text-editor.default\">\n\t\t\t\t<div class=\"elementor-widget-container\">\n\t\t\t\t\t\t\t<p><b>Finanzierung<br \/><\/b>Staatssekretariat f\u00fcr Migration (2016), Paul Schiller Stiftung, Z\u00fcrich (2016 bis 2021), Kompetenzzentrum Integration und Gleichstellung, Kanton St.Gallen (2018 bis 2021), Dienststelle Schule und Musik, Stadt St.Gallen (seit 2022), PHSG (Strategieprojekt)<\/p>\t\t\t\t\t\t<\/div>\n\t\t\t\t<\/div>\n\t\t\t\t<div class=\"elementor-element elementor-element-8edbfc4 elementor-widget elementor-widget-text-editor\" data-id=\"8edbfc4\" data-element_type=\"widget\" data-widget_type=\"text-editor.default\">\n\t\t\t\t<div class=\"elementor-widget-container\">\n\t\t\t\t\t\t\t<p><strong>Leitung<\/strong><br \/>Sonja Bischoff (PHSG), Christian Br\u00fchwiler (PHSG), Julia Ha (PHSG)<\/p>\t\t\t\t\t\t<\/div>\n\t\t\t\t<\/div>\n\t\t\t\t<div class=\"elementor-element elementor-element-5912812 elementor-widget elementor-widget-heading\" data-id=\"5912812\" data-element_type=\"widget\" data-widget_type=\"heading.default\">\n\t\t\t\t<div class=\"elementor-widget-container\">\n\t\t\t<p class=\"elementor-heading-title elementor-size-default\"><a href=\"https:\/\/www.phsg.ch\/de\/forschung-entwicklung\/projekte\/accompagna\" target=\"_blank\">Zum Projekt<\/a><\/p>\t\t<\/div>\n\t\t\t\t<\/div>\n\t\t\t\t\t<\/div>\n\t\t<\/div>\n\t\t\t\t\t<\/div>\n\t\t<\/section>\n\t\t\t\t<\/div>\n\t\t<\/div>\n\t\t\t\t\t\t\t<\/div>\n\t\t\t\t\t\t<\/div>\t\t\t\t\t\t\t\t<\/div>\n\t\t<\/div>\n\t\t\t\t<\/div>\n\t\t\t\t<\/div>\n\t\t\t\t<div class=\"elementor-element elementor-element-6d580d7 elementor-widget elementor-widget-spacer\" data-id=\"6d580d7\" data-element_type=\"widget\" data-widget_type=\"spacer.default\">\n\t\t\t\t<div class=\"elementor-widget-container\">\n\t\t\t\t\t<div class=\"elementor-spacer\">\n\t\t\t<div class=\"elementor-spacer-inner\"><\/div>\n\t\t<\/div>\n\t\t\t\t<\/div>\n\t\t\t\t<\/div>\n\t\t\t\t<\/div>\n\t\t\t\t\t<\/div>\n\t\t\t\t<\/div>\n\t\t<div class=\"elementor-element elementor-element-17c27ca e-flex e-con-boxed e-con e-parent\" data-id=\"17c27ca\" data-element_type=\"container\" data-settings=\"{&quot;jet_parallax_layout_list&quot;:[]}\">\n\t\t\t\t\t<div class=\"e-con-inner\">\n\t\t<div class=\"elementor-element elementor-element-861a737 e-con-full e-flex e-con e-child\" data-id=\"861a737\" data-element_type=\"container\" data-settings=\"{&quot;jet_parallax_layout_list&quot;:[]}\">\n\t\t\t\t<div class=\"elementor-element elementor-element-ee03ccf elementor-widget elementor-widget-template\" data-id=\"ee03ccf\" data-element_type=\"widget\" data-widget_type=\"template.default\">\n\t\t\t\t<div class=\"elementor-widget-container\">\n\t\t\t\t\t<div class=\"elementor-template\">\n\t\t\t\t\t<div data-elementor-type=\"section\" data-elementor-id=\"725\" class=\"elementor elementor-725\" data-elementor-post-type=\"elementor_library\">\n\t\t\t<div class=\"elementor-element elementor-element-e3892ea e-flex e-con-boxed e-con e-child\" data-id=\"e3892ea\" data-element_type=\"container\" data-settings=\"{&quot;jet_parallax_layout_list&quot;:[]}\">\n\t\t\t\t\t<div class=\"e-con-inner\">\n\t\t\t\t<div class=\"elementor-element elementor-element-887b501 elementor-widget elementor-widget-spacer\" data-id=\"887b501\" data-element_type=\"widget\" data-widget_type=\"spacer.default\">\n\t\t\t\t<div class=\"elementor-widget-container\">\n\t\t\t\t\t<div class=\"elementor-spacer\">\n\t\t\t<div class=\"elementor-spacer-inner\"><\/div>\n\t\t<\/div>\n\t\t\t\t<\/div>\n\t\t\t\t<\/div>\n\t\t\t\t<div class=\"elementor-element elementor-element-db30c76 elementor-widget elementor-widget-heading\" data-id=\"db30c76\" data-element_type=\"widget\" data-widget_type=\"heading.default\">\n\t\t\t\t<div class=\"elementor-widget-container\">\n\t\t\t<h3 class=\"elementor-heading-title elementor-size-default\">Weitere Themen, die Sie interessieren k\u00f6nnten<\/h3>\t\t<\/div>\n\t\t\t\t<\/div>\n\t\t\t\t<div class=\"elementor-element elementor-element-7d3c3e5 elementor-hidden-tablet elementor-widget elementor-widget-raven-posts\" data-id=\"7d3c3e5\" data-element_type=\"widget\" data-settings=\"{&quot;classic_columns&quot;:&quot;4&quot;,&quot;query_posts_per_page&quot;:4,&quot;classic_columns_tablet&quot;:&quot;3&quot;,&quot;_skin&quot;:&quot;classic&quot;,&quot;classic_layout&quot;:&quot;grid&quot;,&quot;classic_columns_mobile&quot;:&quot;1&quot;,&quot;query_offset&quot;:0}\" data-widget_type=\"raven-posts.classic\">\n\t\t\t\t<div class=\"elementor-widget-container\">\n\t\t\t\t\t<div class=\"raven-posts raven-grid raven-grid-4 raven-grid-mobile-1 raven-grid-tablet-3\" data-post-id=\"725\" data-archive-query=\"\" data-lang=\"\">\n\t\t\t\t<div class=\"raven-grid-item raven-post-item post-3042 page type-page status-publish has-post-thumbnail hentry\">\n\t\t\t<div class=\"raven-post elementor-animation-grow\">\n\t\t\t\t\t\t<div class=\"raven-post-image-wrap\">\n\t\t\t<a class=\"raven-post-image raven-image-fit\" href=\"https:\/\/phsg-forschungsbericht.ch\/2022-2023\/fokus\/institut-bewegung-sport-und-gesundheit\/\"><img loading=\"lazy\" decoding=\"async\" width=\"1200\" height=\"630\" src=\"https:\/\/phsg-forschungsbericht.ch\/2022-2023\/wp-content\/uploads\/sites\/3\/phsg-forschungsbericht-weitere-themen-fokus-ibsg.jpg\" class=\"attachment-large size-large wp-image-4058\" alt=\"\" srcset=\"https:\/\/phsg-forschungsbericht.ch\/2022-2023\/wp-content\/uploads\/sites\/3\/phsg-forschungsbericht-weitere-themen-fokus-ibsg.jpg 1200w, https:\/\/phsg-forschungsbericht.ch\/2022-2023\/wp-content\/uploads\/sites\/3\/phsg-forschungsbericht-weitere-themen-fokus-ibsg-768x403.jpg 768w\" sizes=\"(max-width: 1200px) 100vw, 1200px\" \/> <span class=\"raven-post-image-overlay\"><\/span><\/a>\t\t<\/div>\n\t\t\t\t\t\t<div class=\"raven-post-content\">\n\t\t\t\t\t<h3 class=\"raven-post-title\"><a class=\"raven-post-title-link\" href=\"https:\/\/phsg-forschungsbericht.ch\/2022-2023\/fokus\/institut-bewegung-sport-und-gesundheit\/\">Institut Bewegung, Sport und Gesundheit<\/a><\/h3>\t\t\t\t<\/div>\n\t\t\t<\/div>\n\t\t<\/div>\n\t\t\t\t<div class=\"raven-grid-item raven-post-item post-3097 page type-page status-publish has-post-thumbnail hentry\">\n\t\t\t<div class=\"raven-post elementor-animation-grow\">\n\t\t\t\t\t\t<div class=\"raven-post-image-wrap\">\n\t\t\t<a class=\"raven-post-image raven-image-fit\" href=\"https:\/\/phsg-forschungsbericht.ch\/2022-2023\/fokus\/zentrum-wissenschaftsberatung\/\"><img loading=\"lazy\" decoding=\"async\" width=\"1200\" height=\"630\" src=\"https:\/\/phsg-forschungsbericht.ch\/2022-2023\/wp-content\/uploads\/sites\/3\/phsg-forschungsbericht-weitere-themen-fokus-zwib.jpg\" class=\"attachment-large size-large wp-image-4053\" alt=\"\" srcset=\"https:\/\/phsg-forschungsbericht.ch\/2022-2023\/wp-content\/uploads\/sites\/3\/phsg-forschungsbericht-weitere-themen-fokus-zwib.jpg 1200w, https:\/\/phsg-forschungsbericht.ch\/2022-2023\/wp-content\/uploads\/sites\/3\/phsg-forschungsbericht-weitere-themen-fokus-zwib-768x403.jpg 768w\" sizes=\"(max-width: 1200px) 100vw, 1200px\" \/> <span class=\"raven-post-image-overlay\"><\/span><\/a>\t\t<\/div>\n\t\t\t\t\t\t<div class=\"raven-post-content\">\n\t\t\t\t\t<h3 class=\"raven-post-title\"><a class=\"raven-post-title-link\" href=\"https:\/\/phsg-forschungsbericht.ch\/2022-2023\/fokus\/zentrum-wissenschaftsberatung\/\">Zentrum Wissenschaftsberatung<\/a><\/h3>\t\t\t\t<\/div>\n\t\t\t<\/div>\n\t\t<\/div>\n\t\t\t\t<div class=\"raven-grid-item raven-post-item post-3095 page type-page status-publish has-post-thumbnail hentry\">\n\t\t\t<div class=\"raven-post elementor-animation-grow\">\n\t\t\t\t\t\t<div class=\"raven-post-image-wrap\">\n\t\t\t<a class=\"raven-post-image raven-image-fit\" href=\"https:\/\/phsg-forschungsbericht.ch\/2022-2023\/wissenschaftssupport\/fundraising-office-der-phsg\/\"><img loading=\"lazy\" decoding=\"async\" width=\"1200\" height=\"630\" src=\"https:\/\/phsg-forschungsbericht.ch\/2022-2023\/wp-content\/uploads\/sites\/3\/phsg-forschungsbericht-weitere-themen-wissenschaftssuport-fundraising-office.jpg\" class=\"attachment-large size-large wp-image-4055\" alt=\"\" srcset=\"https:\/\/phsg-forschungsbericht.ch\/2022-2023\/wp-content\/uploads\/sites\/3\/phsg-forschungsbericht-weitere-themen-wissenschaftssuport-fundraising-office.jpg 1200w, https:\/\/phsg-forschungsbericht.ch\/2022-2023\/wp-content\/uploads\/sites\/3\/phsg-forschungsbericht-weitere-themen-wissenschaftssuport-fundraising-office-768x403.jpg 768w\" sizes=\"(max-width: 1200px) 100vw, 1200px\" \/> <span class=\"raven-post-image-overlay\"><\/span><\/a>\t\t<\/div>\n\t\t\t\t\t\t<div class=\"raven-post-content\">\n\t\t\t\t\t<h3 class=\"raven-post-title\"><a class=\"raven-post-title-link\" href=\"https:\/\/phsg-forschungsbericht.ch\/2022-2023\/wissenschaftssupport\/fundraising-office-der-phsg\/\">Fundraising Office der PHSG<\/a><\/h3>\t\t\t\t<\/div>\n\t\t\t<\/div>\n\t\t<\/div>\n\t\t\t\t<div class=\"raven-grid-item raven-post-item post-3448 page type-page status-publish has-post-thumbnail hentry\">\n\t\t\t<div class=\"raven-post elementor-animation-grow\">\n\t\t\t\t\t\t<div class=\"raven-post-image-wrap\">\n\t\t\t<a class=\"raven-post-image raven-image-fit\" href=\"https:\/\/phsg-forschungsbericht.ch\/2022-2023\/fokus\/institut-gesellschaftswissenschaftliche-bildung\/\"><img loading=\"lazy\" decoding=\"async\" width=\"1200\" height=\"630\" src=\"https:\/\/phsg-forschungsbericht.ch\/2022-2023\/wp-content\/uploads\/sites\/3\/phsg-forschungsbericht-weitere-themen-fokus-igb.jpg\" class=\"attachment-large size-large wp-image-4050\" alt=\"\" srcset=\"https:\/\/phsg-forschungsbericht.ch\/2022-2023\/wp-content\/uploads\/sites\/3\/phsg-forschungsbericht-weitere-themen-fokus-igb.jpg 1200w, https:\/\/phsg-forschungsbericht.ch\/2022-2023\/wp-content\/uploads\/sites\/3\/phsg-forschungsbericht-weitere-themen-fokus-igb-768x403.jpg 768w\" sizes=\"(max-width: 1200px) 100vw, 1200px\" \/> <span class=\"raven-post-image-overlay\"><\/span><\/a>\t\t<\/div>\n\t\t\t\t\t\t<div class=\"raven-post-content\">\n\t\t\t\t\t<h3 class=\"raven-post-title\"><a class=\"raven-post-title-link\" href=\"https:\/\/phsg-forschungsbericht.ch\/2022-2023\/fokus\/institut-gesellschaftswissenschaftliche-bildung\/\">Institut Gesellschaftswissenschaftliche Bildung<\/a><\/h3>\t\t\t\t<\/div>\n\t\t\t<\/div>\n\t\t<\/div>\n\t\t\t\t<\/div>\n\t\t\t\t<\/div>\n\t\t\t\t<\/div>\n\t\t\t\t<div class=\"elementor-element elementor-element-e933b79 elementor-hidden-desktop elementor-hidden-mobile elementor-widget elementor-widget-raven-posts\" data-id=\"e933b79\" data-element_type=\"widget\" data-settings=\"{&quot;classic_columns&quot;:&quot;4&quot;,&quot;query_posts_per_page&quot;:3,&quot;classic_columns_tablet&quot;:&quot;3&quot;,&quot;_skin&quot;:&quot;classic&quot;,&quot;classic_layout&quot;:&quot;grid&quot;,&quot;classic_columns_mobile&quot;:&quot;1&quot;,&quot;query_offset&quot;:0}\" data-widget_type=\"raven-posts.classic\">\n\t\t\t\t<div class=\"elementor-widget-container\">\n\t\t\t\t\t<div class=\"raven-posts raven-grid raven-grid-4 raven-grid-mobile-1 raven-grid-tablet-3\" data-post-id=\"725\" data-archive-query=\"\" data-lang=\"\">\n\t\t\t\t<div class=\"raven-grid-item raven-post-item post-2862 page type-page status-publish has-post-thumbnail hentry\">\n\t\t\t<div class=\"raven-post elementor-animation-grow\">\n\t\t\t\t\t\t<div class=\"raven-post-image-wrap\">\n\t\t\t<a class=\"raven-post-image raven-image-fit\" href=\"https:\/\/phsg-forschungsbericht.ch\/2022-2023\/fokus\/institut-berufsbildung\/\"><img loading=\"lazy\" decoding=\"async\" width=\"1200\" height=\"630\" src=\"https:\/\/phsg-forschungsbericht.ch\/2022-2023\/wp-content\/uploads\/sites\/3\/phsg-forschungsbericht-weitere-themen-fokus-ibb.jpg\" class=\"attachment-large size-large wp-image-4096\" alt=\"\" srcset=\"https:\/\/phsg-forschungsbericht.ch\/2022-2023\/wp-content\/uploads\/sites\/3\/phsg-forschungsbericht-weitere-themen-fokus-ibb.jpg 1200w, https:\/\/phsg-forschungsbericht.ch\/2022-2023\/wp-content\/uploads\/sites\/3\/phsg-forschungsbericht-weitere-themen-fokus-ibb-768x403.jpg 768w\" sizes=\"(max-width: 1200px) 100vw, 1200px\" \/> <span class=\"raven-post-image-overlay\"><\/span><\/a>\t\t<\/div>\n\t\t\t\t\t\t<div class=\"raven-post-content\">\n\t\t\t\t\t<h3 class=\"raven-post-title\"><a class=\"raven-post-title-link\" href=\"https:\/\/phsg-forschungsbericht.ch\/2022-2023\/fokus\/institut-berufsbildung\/\">Institut Berufsbildung<\/a><\/h3>\t\t\t\t<\/div>\n\t\t\t<\/div>\n\t\t<\/div>\n\t\t\t\t<div class=\"raven-grid-item raven-post-item post-1100 page type-page status-publish has-post-thumbnail hentry\">\n\t\t\t<div class=\"raven-post elementor-animation-grow\">\n\t\t\t\t\t\t<div class=\"raven-post-image-wrap\">\n\t\t\t<a class=\"raven-post-image raven-image-fit\" href=\"https:\/\/phsg-forschungsbericht.ch\/2022-2023\/fokus\/institut-mathematische-naturwissenschaftliche-und-technische-bildung\/\"><img loading=\"lazy\" decoding=\"async\" width=\"1200\" height=\"630\" src=\"https:\/\/phsg-forschungsbericht.ch\/2022-2023\/wp-content\/uploads\/sites\/3\/phsg-forschungsbericht-weitere-themen-fokus-imnt.jpg\" class=\"attachment-large size-large wp-image-4097\" alt=\"\" srcset=\"https:\/\/phsg-forschungsbericht.ch\/2022-2023\/wp-content\/uploads\/sites\/3\/phsg-forschungsbericht-weitere-themen-fokus-imnt.jpg 1200w, https:\/\/phsg-forschungsbericht.ch\/2022-2023\/wp-content\/uploads\/sites\/3\/phsg-forschungsbericht-weitere-themen-fokus-imnt-768x403.jpg 768w\" sizes=\"(max-width: 1200px) 100vw, 1200px\" \/> <span class=\"raven-post-image-overlay\"><\/span><\/a>\t\t<\/div>\n\t\t\t\t\t\t<div class=\"raven-post-content\">\n\t\t\t\t\t<h3 class=\"raven-post-title\"><a class=\"raven-post-title-link\" href=\"https:\/\/phsg-forschungsbericht.ch\/2022-2023\/fokus\/institut-mathematische-naturwissenschaftliche-und-technische-bildung\/\">Institut Mathematische, Naturwissenschaftliche und Technische Bildung<\/a><\/h3>\t\t\t\t<\/div>\n\t\t\t<\/div>\n\t\t<\/div>\n\t\t\t\t<div class=\"raven-grid-item raven-post-item post-2987 page type-page status-publish has-post-thumbnail hentry\">\n\t\t\t<div class=\"raven-post elementor-animation-grow\">\n\t\t\t\t\t\t<div class=\"raven-post-image-wrap\">\n\t\t\t<a class=\"raven-post-image raven-image-fit\" href=\"https:\/\/phsg-forschungsbericht.ch\/2022-2023\/wissenschaftlicher-nachwuchs\/\"><img loading=\"lazy\" decoding=\"async\" width=\"1200\" height=\"630\" src=\"https:\/\/phsg-forschungsbericht.ch\/2022-2023\/wp-content\/uploads\/sites\/3\/phsg-forschungsbericht-weitere-themen-wissenschaftlicher-nachwuchs.jpg\" class=\"attachment-large size-large wp-image-4054\" alt=\"\" srcset=\"https:\/\/phsg-forschungsbericht.ch\/2022-2023\/wp-content\/uploads\/sites\/3\/phsg-forschungsbericht-weitere-themen-wissenschaftlicher-nachwuchs.jpg 1200w, https:\/\/phsg-forschungsbericht.ch\/2022-2023\/wp-content\/uploads\/sites\/3\/phsg-forschungsbericht-weitere-themen-wissenschaftlicher-nachwuchs-768x403.jpg 768w\" sizes=\"(max-width: 1200px) 100vw, 1200px\" \/> <span class=\"raven-post-image-overlay\"><\/span><\/a>\t\t<\/div>\n\t\t\t\t\t\t<div class=\"raven-post-content\">\n\t\t\t\t\t<h3 class=\"raven-post-title\"><a class=\"raven-post-title-link\" href=\"https:\/\/phsg-forschungsbericht.ch\/2022-2023\/wissenschaftlicher-nachwuchs\/\">Wissenschaftlicher Nachwuchs<\/a><\/h3>\t\t\t\t<\/div>\n\t\t\t<\/div>\n\t\t<\/div>\n\t\t\t\t<\/div>\n\t\t\t\t<\/div>\n\t\t\t\t<\/div>\n\t\t\t\t<div class=\"elementor-element elementor-element-80ca684 elementor-widget elementor-widget-spacer\" data-id=\"80ca684\" data-element_type=\"widget\" data-widget_type=\"spacer.default\">\n\t\t\t\t<div class=\"elementor-widget-container\">\n\t\t\t\t\t<div class=\"elementor-spacer\">\n\t\t\t<div class=\"elementor-spacer-inner\"><\/div>\n\t\t<\/div>\n\t\t\t\t<\/div>\n\t\t\t\t<\/div>\n\t\t\t\t\t<\/div>\n\t\t\t\t<\/div>\n\t\t\t\t<\/div>\n\t\t\t\t<\/div>\n\t\t\t\t<\/div>\n\t\t\t\t<\/div>\n\t\t\t\t<\/div>\n\t\t\t\t\t<\/div>\n\t\t\t\t<\/div>\n\t\t\t\t<\/div>\n\t\t","protected":false},"excerpt":{"rendered":"<p>Fokus Das Institut Schule und Profession (ISP-PHSG) f\u00fchrt empirische Forschungs- und Entwicklungsprojekte zu Aspekten von Unterricht, Schule und Professionalit\u00e4t durch. Es befasst sich mit der Frage, wie das Lernen und die Pers\u00f6nlichkeitsentwicklung von Sch\u00fclerinnen und Sch\u00fclern, aber auch die Professionalisierung und die berufliche Weiterentwicklung von Lehrpersonen unterst\u00fctzt und gef\u00f6rdert werden k\u00f6nnen. Im Vordergrund stehen die [&hellip;]<\/p>\n","protected":false},"author":1,"featured_media":4052,"parent":302,"menu_order":0,"comment_status":"closed","ping_status":"closed","template":"elementor_header_footer","meta":{"_acf_changed":false,"footnotes":""},"acf":[],"yoast_head":"<!-- This site is optimized with the Yoast SEO plugin v22.5 - https:\/\/yoast.com\/wordpress\/plugins\/seo\/ -->\n<title>Institut Schule und Profession - PHSG Forschungsbericht 2022\/23<\/title>\n<meta name=\"robots\" content=\"index, follow, max-snippet:-1, max-image-preview:large, max-video-preview:-1\" \/>\n<link rel=\"canonical\" href=\"https:\/\/phsg-forschungsbericht.ch\/2022-2023\/fokus\/institut-schule-und-profession\/\" \/>\n<meta property=\"og:locale\" content=\"de_DE\" \/>\n<meta property=\"og:type\" content=\"article\" \/>\n<meta property=\"og:title\" content=\"Institut Schule und Profession - PHSG Forschungsbericht 2022\/23\" \/>\n<meta property=\"og:description\" content=\"Fokus Das Institut Schule und Profession (ISP-PHSG) f\u00fchrt empirische Forschungs- und Entwicklungsprojekte zu Aspekten von Unterricht, Schule und Professionalit\u00e4t durch. Es befasst sich mit der Frage, wie das Lernen und die Pers\u00f6nlichkeitsentwicklung von Sch\u00fclerinnen und Sch\u00fclern, aber auch die Professionalisierung und die berufliche Weiterentwicklung von Lehrpersonen unterst\u00fctzt und gef\u00f6rdert werden k\u00f6nnen. Im Vordergrund stehen die [&hellip;]\" \/>\n<meta property=\"og:url\" content=\"https:\/\/phsg-forschungsbericht.ch\/2022-2023\/fokus\/institut-schule-und-profession\/\" \/>\n<meta property=\"og:site_name\" content=\"PHSG Forschungsbericht 2022\/23\" \/>\n<meta property=\"article:modified_time\" content=\"2024-05-06T09:09:20+00:00\" \/>\n<meta property=\"og:image\" content=\"https:\/\/phsg-forschungsbericht.ch\/2022-2023\/wp-content\/uploads\/sites\/3\/phsg-forschungsbericht-weitere-themen-fokus-isp.jpg\" \/>\n\t<meta property=\"og:image:width\" content=\"1200\" \/>\n\t<meta property=\"og:image:height\" content=\"630\" \/>\n\t<meta property=\"og:image:type\" content=\"image\/jpeg\" \/>\n<meta name=\"twitter:card\" content=\"summary_large_image\" \/>\n<meta name=\"twitter:label1\" content=\"Gesch\u00e4tzte Lesezeit\" \/>\n\t<meta name=\"twitter:data1\" content=\"13\u00a0Minuten\" \/>\n<script type=\"application\/ld+json\" class=\"yoast-schema-graph\">{\"@context\":\"https:\/\/schema.org\",\"@graph\":[{\"@type\":\"WebPage\",\"@id\":\"https:\/\/phsg-forschungsbericht.ch\/2022-2023\/fokus\/institut-schule-und-profession\/\",\"url\":\"https:\/\/phsg-forschungsbericht.ch\/2022-2023\/fokus\/institut-schule-und-profession\/\",\"name\":\"Institut Schule und Profession - PHSG Forschungsbericht 2022\/23\",\"isPartOf\":{\"@id\":\"https:\/\/phsg-forschungsbericht.ch\/2022-2023\/#website\"},\"primaryImageOfPage\":{\"@id\":\"https:\/\/phsg-forschungsbericht.ch\/2022-2023\/fokus\/institut-schule-und-profession\/#primaryimage\"},\"image\":{\"@id\":\"https:\/\/phsg-forschungsbericht.ch\/2022-2023\/fokus\/institut-schule-und-profession\/#primaryimage\"},\"thumbnailUrl\":\"https:\/\/phsg-forschungsbericht.ch\/2022-2023\/wp-content\/uploads\/sites\/3\/phsg-forschungsbericht-weitere-themen-fokus-isp.jpg\",\"datePublished\":\"2024-03-01T10:06:10+00:00\",\"dateModified\":\"2024-05-06T09:09:20+00:00\",\"breadcrumb\":{\"@id\":\"https:\/\/phsg-forschungsbericht.ch\/2022-2023\/fokus\/institut-schule-und-profession\/#breadcrumb\"},\"inLanguage\":\"de\",\"potentialAction\":[{\"@type\":\"ReadAction\",\"target\":[\"https:\/\/phsg-forschungsbericht.ch\/2022-2023\/fokus\/institut-schule-und-profession\/\"]}]},{\"@type\":\"ImageObject\",\"inLanguage\":\"de\",\"@id\":\"https:\/\/phsg-forschungsbericht.ch\/2022-2023\/fokus\/institut-schule-und-profession\/#primaryimage\",\"url\":\"https:\/\/phsg-forschungsbericht.ch\/2022-2023\/wp-content\/uploads\/sites\/3\/phsg-forschungsbericht-weitere-themen-fokus-isp.jpg\",\"contentUrl\":\"https:\/\/phsg-forschungsbericht.ch\/2022-2023\/wp-content\/uploads\/sites\/3\/phsg-forschungsbericht-weitere-themen-fokus-isp.jpg\",\"width\":1200,\"height\":630},{\"@type\":\"BreadcrumbList\",\"@id\":\"https:\/\/phsg-forschungsbericht.ch\/2022-2023\/fokus\/institut-schule-und-profession\/#breadcrumb\",\"itemListElement\":[{\"@type\":\"ListItem\",\"position\":1,\"name\":\"Startseite\",\"item\":\"https:\/\/phsg-forschungsbericht.ch\/2022-2023\/\"},{\"@type\":\"ListItem\",\"position\":2,\"name\":\"Fokus\",\"item\":\"https:\/\/phsg-forschungsbericht.ch\/2022-2023\/fokus\/\"},{\"@type\":\"ListItem\",\"position\":3,\"name\":\"Institut Schule und Profession\"}]},{\"@type\":\"WebSite\",\"@id\":\"https:\/\/phsg-forschungsbericht.ch\/2022-2023\/#website\",\"url\":\"https:\/\/phsg-forschungsbericht.ch\/2022-2023\/\",\"name\":\"PHSG Forschungsbericht 2022\/23\",\"description\":\"\",\"potentialAction\":[{\"@type\":\"SearchAction\",\"target\":{\"@type\":\"EntryPoint\",\"urlTemplate\":\"https:\/\/phsg-forschungsbericht.ch\/2022-2023\/?s={search_term_string}\"},\"query-input\":\"required name=search_term_string\"}],\"inLanguage\":\"de\"}]}<\/script>\n<!-- \/ Yoast SEO plugin. -->","yoast_head_json":{"title":"Institut Schule und Profession - PHSG Forschungsbericht 2022\/23","robots":{"index":"index","follow":"follow","max-snippet":"max-snippet:-1","max-image-preview":"max-image-preview:large","max-video-preview":"max-video-preview:-1"},"canonical":"https:\/\/phsg-forschungsbericht.ch\/2022-2023\/fokus\/institut-schule-und-profession\/","og_locale":"de_DE","og_type":"article","og_title":"Institut Schule und Profession - PHSG Forschungsbericht 2022\/23","og_description":"Fokus Das Institut Schule und Profession (ISP-PHSG) f\u00fchrt empirische Forschungs- und Entwicklungsprojekte zu Aspekten von Unterricht, Schule und Professionalit\u00e4t durch. Es befasst sich mit der Frage, wie das Lernen und die Pers\u00f6nlichkeitsentwicklung von Sch\u00fclerinnen und Sch\u00fclern, aber auch die Professionalisierung und die berufliche Weiterentwicklung von Lehrpersonen unterst\u00fctzt und gef\u00f6rdert werden k\u00f6nnen. Im Vordergrund stehen die [&hellip;]","og_url":"https:\/\/phsg-forschungsbericht.ch\/2022-2023\/fokus\/institut-schule-und-profession\/","og_site_name":"PHSG Forschungsbericht 2022\/23","article_modified_time":"2024-05-06T09:09:20+00:00","og_image":[{"width":1200,"height":630,"url":"https:\/\/phsg-forschungsbericht.ch\/2022-2023\/wp-content\/uploads\/sites\/3\/phsg-forschungsbericht-weitere-themen-fokus-isp.jpg","type":"image\/jpeg"}],"twitter_card":"summary_large_image","twitter_misc":{"Gesch\u00e4tzte Lesezeit":"13\u00a0Minuten"},"schema":{"@context":"https:\/\/schema.org","@graph":[{"@type":"WebPage","@id":"https:\/\/phsg-forschungsbericht.ch\/2022-2023\/fokus\/institut-schule-und-profession\/","url":"https:\/\/phsg-forschungsbericht.ch\/2022-2023\/fokus\/institut-schule-und-profession\/","name":"Institut Schule und Profession - PHSG Forschungsbericht 2022\/23","isPartOf":{"@id":"https:\/\/phsg-forschungsbericht.ch\/2022-2023\/#website"},"primaryImageOfPage":{"@id":"https:\/\/phsg-forschungsbericht.ch\/2022-2023\/fokus\/institut-schule-und-profession\/#primaryimage"},"image":{"@id":"https:\/\/phsg-forschungsbericht.ch\/2022-2023\/fokus\/institut-schule-und-profession\/#primaryimage"},"thumbnailUrl":"https:\/\/phsg-forschungsbericht.ch\/2022-2023\/wp-content\/uploads\/sites\/3\/phsg-forschungsbericht-weitere-themen-fokus-isp.jpg","datePublished":"2024-03-01T10:06:10+00:00","dateModified":"2024-05-06T09:09:20+00:00","breadcrumb":{"@id":"https:\/\/phsg-forschungsbericht.ch\/2022-2023\/fokus\/institut-schule-und-profession\/#breadcrumb"},"inLanguage":"de","potentialAction":[{"@type":"ReadAction","target":["https:\/\/phsg-forschungsbericht.ch\/2022-2023\/fokus\/institut-schule-und-profession\/"]}]},{"@type":"ImageObject","inLanguage":"de","@id":"https:\/\/phsg-forschungsbericht.ch\/2022-2023\/fokus\/institut-schule-und-profession\/#primaryimage","url":"https:\/\/phsg-forschungsbericht.ch\/2022-2023\/wp-content\/uploads\/sites\/3\/phsg-forschungsbericht-weitere-themen-fokus-isp.jpg","contentUrl":"https:\/\/phsg-forschungsbericht.ch\/2022-2023\/wp-content\/uploads\/sites\/3\/phsg-forschungsbericht-weitere-themen-fokus-isp.jpg","width":1200,"height":630},{"@type":"BreadcrumbList","@id":"https:\/\/phsg-forschungsbericht.ch\/2022-2023\/fokus\/institut-schule-und-profession\/#breadcrumb","itemListElement":[{"@type":"ListItem","position":1,"name":"Startseite","item":"https:\/\/phsg-forschungsbericht.ch\/2022-2023\/"},{"@type":"ListItem","position":2,"name":"Fokus","item":"https:\/\/phsg-forschungsbericht.ch\/2022-2023\/fokus\/"},{"@type":"ListItem","position":3,"name":"Institut Schule und Profession"}]},{"@type":"WebSite","@id":"https:\/\/phsg-forschungsbericht.ch\/2022-2023\/#website","url":"https:\/\/phsg-forschungsbericht.ch\/2022-2023\/","name":"PHSG Forschungsbericht 2022\/23","description":"","potentialAction":[{"@type":"SearchAction","target":{"@type":"EntryPoint","urlTemplate":"https:\/\/phsg-forschungsbericht.ch\/2022-2023\/?s={search_term_string}"},"query-input":"required name=search_term_string"}],"inLanguage":"de"}]}},"_links":{"self":[{"href":"https:\/\/phsg-forschungsbericht.ch\/2022-2023\/wp-json\/wp\/v2\/pages\/2968"}],"collection":[{"href":"https:\/\/phsg-forschungsbericht.ch\/2022-2023\/wp-json\/wp\/v2\/pages"}],"about":[{"href":"https:\/\/phsg-forschungsbericht.ch\/2022-2023\/wp-json\/wp\/v2\/types\/page"}],"author":[{"embeddable":true,"href":"https:\/\/phsg-forschungsbericht.ch\/2022-2023\/wp-json\/wp\/v2\/users\/1"}],"replies":[{"embeddable":true,"href":"https:\/\/phsg-forschungsbericht.ch\/2022-2023\/wp-json\/wp\/v2\/comments?post=2968"}],"version-history":[{"count":79,"href":"https:\/\/phsg-forschungsbericht.ch\/2022-2023\/wp-json\/wp\/v2\/pages\/2968\/revisions"}],"predecessor-version":[{"id":4769,"href":"https:\/\/phsg-forschungsbericht.ch\/2022-2023\/wp-json\/wp\/v2\/pages\/2968\/revisions\/4769"}],"up":[{"embeddable":true,"href":"https:\/\/phsg-forschungsbericht.ch\/2022-2023\/wp-json\/wp\/v2\/pages\/302"}],"wp:featuredmedia":[{"embeddable":true,"href":"https:\/\/phsg-forschungsbericht.ch\/2022-2023\/wp-json\/wp\/v2\/media\/4052"}],"wp:attachment":[{"href":"https:\/\/phsg-forschungsbericht.ch\/2022-2023\/wp-json\/wp\/v2\/media?parent=2968"}],"curies":[{"name":"wp","href":"https:\/\/api.w.org\/{rel}","templated":true}]}}