{"id":3448,"date":"2024-03-08T15:09:38","date_gmt":"2024-03-08T14:09:38","guid":{"rendered":"https:\/\/phsg-forschungsbericht.ch\/24-25\/?page_id=3448"},"modified":"2024-05-06T11:07:07","modified_gmt":"2024-05-06T09:07:07","slug":"institut-gesellschaftswissenschaftliche-bildung","status":"publish","type":"page","link":"https:\/\/phsg-forschungsbericht.ch\/2022-2023\/fokus\/institut-gesellschaftswissenschaftliche-bildung\/","title":{"rendered":"Institut Gesellschaftswissenschaftliche Bildung"},"content":{"rendered":"\t\t<div data-elementor-type=\"wp-page\" data-elementor-id=\"3448\" class=\"elementor elementor-3448\" data-elementor-post-type=\"page\">\n\t\t\t\t<div class=\"elementor-element elementor-element-43df8e9 e-flex e-con-boxed e-con e-parent\" data-id=\"43df8e9\" data-element_type=\"container\" data-settings=\"{&quot;jet_parallax_layout_list&quot;:[]}\">\n\t\t\t\t\t<div class=\"e-con-inner\">\n\t\t<div class=\"elementor-element elementor-element-2cd3a8c e-con-full e-flex e-con e-child\" data-id=\"2cd3a8c\" data-element_type=\"container\" data-settings=\"{&quot;jet_parallax_layout_list&quot;:[]}\">\n\t\t\t\t<div class=\"elementor-element elementor-element-3fd88ea elementor-widget elementor-widget-heading\" data-id=\"3fd88ea\" data-element_type=\"widget\" data-widget_type=\"heading.default\">\n\t\t\t\t<div class=\"elementor-widget-container\">\n\t\t\t<h3 class=\"elementor-heading-title elementor-size-default\">Fokus<\/h3>\t\t<\/div>\n\t\t\t\t<\/div>\n\t\t\t\t<div class=\"elementor-element elementor-element-f445bfc elementor-widget-divider--view-line elementor-widget elementor-widget-divider\" data-id=\"f445bfc\" data-element_type=\"widget\" data-widget_type=\"divider.default\">\n\t\t\t\t<div class=\"elementor-widget-container\">\n\t\t\t\t\t<div class=\"elementor-divider\">\n\t\t\t<span class=\"elementor-divider-separator\">\n\t\t\t\t\t\t<\/span>\n\t\t<\/div>\n\t\t\t\t<\/div>\n\t\t\t\t<\/div>\n\t\t\t\t<div class=\"elementor-element elementor-element-42050b1 elementor-widget elementor-widget-heading\" data-id=\"42050b1\" data-element_type=\"widget\" data-widget_type=\"heading.default\">\n\t\t\t\t<div class=\"elementor-widget-container\">\n\t\t\t<h1 class=\"elementor-heading-title elementor-size-default\">Institut Gesellschafts&shy;wissenschaftliche Bildung<\/h1>\t\t<\/div>\n\t\t\t\t<\/div>\n\t\t\t\t<div class=\"elementor-element elementor-element-8d727a7 elementor-widget elementor-widget-heading\" data-id=\"8d727a7\" data-element_type=\"widget\" data-widget_type=\"heading.default\">\n\t\t\t\t<div class=\"elementor-widget-container\">\n\t\t\t<h3 class=\"elementor-heading-title elementor-size-default\">Das Institut Gesellschaftswissenschaftliche Bildung (IGB-PHSG) verfolgt Forschungs- und Entwicklungsprojekte sowohl in seinen spezifischen Fach- und Themenbereichen (R\u00e4ume, Zeiten, Gesellschaften; Wirtschaft, Haushalt, Arbeit; Ethik, Religionen, Gemeinschaft; Berufliche Orientierung; Bildung und Gesellschaft) als auch f\u00e4cher\u00fcbergreifend. Es achtet auf die Verschr\u00e4nkung fachwissenschaftlicher und fachdidaktischer Perspektiven und legt Wert auf den Wissenstransfer aus der Forschung in die Schule und die Gesellschaft. Die integrierte Fachstelle Demokratiebildung und Menschenrechte sowie das Kompetenzzentrum f\u00fcr ethisches und interreligi\u00f6ses Lernen in der Aus- und Weiterbildung von Lehrpersonen (KIAL) sind wichtige Motoren der Forschungs- und Entwicklungst\u00e4tigkeit.<\/h3>\t\t<\/div>\n\t\t\t\t<\/div>\n\t\t\t\t<\/div>\n\t\t\t\t\t<\/div>\n\t\t\t\t<\/div>\n\t\t<div class=\"elementor-element elementor-element-9f41ff7 e-con-full e-flex e-con e-parent\" data-id=\"9f41ff7\" data-element_type=\"container\" data-settings=\"{&quot;jet_parallax_layout_list&quot;:[],&quot;background_background&quot;:&quot;classic&quot;}\">\n\t\t<div class=\"elementor-element elementor-element-3f02221 e-con-full e-flex e-con e-child\" data-id=\"3f02221\" data-element_type=\"container\" data-settings=\"{&quot;jet_parallax_layout_list&quot;:[]}\">\n\t\t\t\t<\/div>\n\t\t\t\t<\/div>\n\t\t<div class=\"elementor-element elementor-element-c4aab09 e-flex e-con-boxed e-con e-parent\" data-id=\"c4aab09\" data-element_type=\"container\" data-settings=\"{&quot;jet_parallax_layout_list&quot;:[]}\">\n\t\t\t\t\t<div class=\"e-con-inner\">\n\t\t<div class=\"elementor-element elementor-element-a7024c0 e-con-full e-flex e-con e-child\" data-id=\"a7024c0\" data-element_type=\"container\" data-settings=\"{&quot;jet_parallax_layout_list&quot;:[]}\">\n\t\t\t\t<div class=\"elementor-element elementor-element-db47fb7 elementor-widget elementor-widget-heading\" data-id=\"db47fb7\" data-element_type=\"widget\" data-widget_type=\"heading.default\">\n\t\t\t\t<div class=\"elementor-widget-container\">\n\t\t\t<h2 class=\"elementor-heading-title elementor-size-default\">\u00abErz\u00e4hl nochmal\u00bb \u2013 Inter&shy;kulturelle Geschichten&shy;sammlung f\u00fcr den ERG-Unterricht<\/h2>\t\t<\/div>\n\t\t\t\t<\/div>\n\t\t\t\t<div class=\"elementor-element elementor-element-32798cb elementor-widget elementor-widget-text-editor\" data-id=\"32798cb\" data-element_type=\"widget\" data-widget_type=\"text-editor.default\">\n\t\t\t\t<div class=\"elementor-widget-container\">\n\t\t\t\t\t\t\t<p>Das Erz\u00e4hlen und Weitergeben von Geschichten aus unterschiedlichen Zeiten, Religionen und Kulturen geh\u00f6rt in pluralen und s\u00e4kularen Gesellschaften zu den wichtigen T\u00e4tigkeiten gegenseitiger Verst\u00e4ndigung. Durch die Arbeit mit solchen Geschichten leistet das Fach \u00abEthik, Religionen, Gemeinschaft\u00bb (ERG) einen wesentlichen Beitrag zu einer gemeinsamen, interkulturellen Erz\u00e4hlkultur.<\/p><p>Nachdem zwischen den 1970er- und den 1990er-Jahren zahlreiche allgemeine Geschichtensammlungen aufgelegt worden waren, sind heute kaum noch entsprechende Titel greifbar oder sie gen\u00fcgen den Anspr\u00fcchen von modernen interreligi\u00f6sen und interkulturellen Gesellschaften nicht mehr. Das Buch \u00abErz\u00e4hl nochmal\u00bb soll diese L\u00fccke schliessen.<\/p><p>Auswahl und Zusammenstellung der Geschichten erfolgten im Austausch mit einer interdisziplin\u00e4r, interkulturell und interreligi\u00f6s zusammengesetzten Begleitgruppe. Um dem interreligi\u00f6sen Schwerpunkt Rechnung zu tragen, wurde besonderes Gewicht auf Geschichten aus den Heiligen Schriften und dem kulturellen Umfeld der grossen, epochenbildenden Religionen gelegt. Diese verf\u00fcgen in der Regel \u00fcber drei allgemeine Merkmale: 1. Sie weisen eine bestimmte Zeitlosigkeit auf bzw. haben kein bestimmtes Entstehungsdatum. 2. Sie beinhalten eine universelle bzw. keine eindeutig bestimmbare Botschaft, sondern stehen immer neuen Auslegungen und Interpretationen offen. 3. Sie basieren auf m\u00fcndlichen \u00dcberlieferungstraditionen bzw. beinhalten oder bearbeiten entsprechendes Erz\u00e4hlgut.<\/p><p>Nebst interkulturellen Kompetenzen bilden das Erz\u00e4hlen, das H\u00f6ren und das Verarbeiten von Geschichten eine wichtige Grundlage f\u00fcr die Vorstellungskraft von Kindern. Das Zuh\u00f6ren ohne \u00e4ussere Bilder erfordert innere Bilder. Das wiederholte H\u00f6ren von Geschichten st\u00e4rkt innere R\u00e4ume der Vorstellung, die durch jede neue Geschichte weiter verdichtet und ausgestaltet werden. Eng mit der Bildung der Vorstellungskraft verbunden ist die Kompetenz der Artikulation von Gef\u00fchlen. Gef\u00fchle sind narrativ strukturiert: \u00abWir k\u00f6nnen ein Gef\u00fchl nicht (vollst\u00e4ndig) verstehen, ohne seine Geschichte zu erz\u00e4hlen, und eben dies gibt narrativen Kunstwerken eine zentrale Bedeutung im Prozess menschlicher Selbstverst\u00e4ndigung\u00bb (Fr\u00fcchtl, 2021, S. 55). Die Arbeit mit dem Geschichtenbuch im Unterricht f\u00f6rdert auch das freie Erz\u00e4hlen in Zyklus 1 und Zyklus 2 und somit die Artikulationskompetenz durch zielgerichtete Narration.<\/p>\t\t\t\t\t\t<\/div>\n\t\t\t\t<\/div>\n\t\t\t\t<div class=\"elementor-element elementor-element-8201e90 elementor-widget elementor-widget-spacer\" data-id=\"8201e90\" data-element_type=\"widget\" data-widget_type=\"spacer.default\">\n\t\t\t\t<div class=\"elementor-widget-container\">\n\t\t\t\t\t<div class=\"elementor-spacer\">\n\t\t\t<div class=\"elementor-spacer-inner\"><\/div>\n\t\t<\/div>\n\t\t\t\t<\/div>\n\t\t\t\t<\/div>\n\t\t\t\t<div class=\"elementor-element elementor-element-a3ae341 elementor-widget elementor-widget-text-editor\" data-id=\"a3ae341\" data-element_type=\"widget\" data-widget_type=\"text-editor.default\">\n\t\t\t\t<div class=\"elementor-widget-container\">\n\t\t\t\t\t\t\t<p class=\"p1\">Methodik: Das Buch ist in erster Linie eine Sammlung von Geschichten f\u00fcr das freie Erz\u00e4hlen. Die Website erz\u00e4hlnochmal.ch verkn\u00fcpft die Geschichten mit dem ERG-Lehrplan und stellt Material zur didaktischen Erschliessung der Geschichten zur Verf\u00fcgung. Teil davon sind Unterrichtseinheiten, die zusammen mit Studierenden der PHSG im Rahmen eines gemeinsamen Projekts mit der Stiftung \u00abWeltethos\u00bb erarbeitet werden.<\/p>\t\t\t\t\t\t<\/div>\n\t\t\t\t<\/div>\n\t\t\t\t<div class=\"elementor-element elementor-element-623d176 elementor-widget elementor-widget-spacer\" data-id=\"623d176\" data-element_type=\"widget\" data-widget_type=\"spacer.default\">\n\t\t\t\t<div class=\"elementor-widget-container\">\n\t\t\t\t\t<div class=\"elementor-spacer\">\n\t\t\t<div class=\"elementor-spacer-inner\"><\/div>\n\t\t<\/div>\n\t\t\t\t<\/div>\n\t\t\t\t<\/div>\n\t\t\t\t<div class=\"elementor-element elementor-element-041b39f elementor-widget elementor-widget-menu-anchor\" data-id=\"041b39f\" data-element_type=\"widget\" data-widget_type=\"menu-anchor.default\">\n\t\t\t\t<div class=\"elementor-widget-container\">\n\t\t\t\t\t<div class=\"elementor-menu-anchor\" id=\"bildung-partizipation\"><\/div>\n\t\t\t\t<\/div>\n\t\t\t\t<\/div>\n\t\t\t\t<div class=\"elementor-element elementor-element-a0cc94b elementor-widget elementor-widget-text-editor\" data-id=\"a0cc94b\" data-element_type=\"widget\" data-widget_type=\"text-editor.default\">\n\t\t\t\t<div class=\"elementor-widget-container\">\n\t\t\t\t\t\t\t<p><strong>Kooperation<\/strong><br \/>PHSG, Weltethos Schweiz<\/p>\t\t\t\t\t\t<\/div>\n\t\t\t\t<\/div>\n\t\t\t\t<div class=\"elementor-element elementor-element-3d91777 elementor-widget elementor-widget-text-editor\" data-id=\"3d91777\" data-element_type=\"widget\" data-widget_type=\"text-editor.default\">\n\t\t\t\t<div class=\"elementor-widget-container\">\n\t\t\t\t\t\t\t<p><strong>Laufzeit<br \/><\/strong>2021 bis 2023<\/p>\t\t\t\t\t\t<\/div>\n\t\t\t\t<\/div>\n\t\t\t\t<div class=\"elementor-element elementor-element-a143187 elementor-widget elementor-widget-text-editor\" data-id=\"a143187\" data-element_type=\"widget\" data-widget_type=\"text-editor.default\">\n\t\t\t\t<div class=\"elementor-widget-container\">\n\t\t\t\t\t\t\t<p><strong>Finanzierung<\/strong><br \/>PHSG, Weltethos Schweiz, Katholische Kirche SG und ZH, Reformierte Kirche SG<\/p>\t\t\t\t\t\t<\/div>\n\t\t\t\t<\/div>\n\t\t\t\t<div class=\"elementor-element elementor-element-d0293a9 elementor-widget elementor-widget-text-editor\" data-id=\"d0293a9\" data-element_type=\"widget\" data-widget_type=\"text-editor.default\">\n\t\t\t\t<div class=\"elementor-widget-container\">\n\t\t\t\t\t\t\t<p><strong>Leitung<\/strong><br \/>Rolf Bossart (PHSG)<\/p>\t\t\t\t\t\t<\/div>\n\t\t\t\t<\/div>\n\t\t\t\t<div class=\"elementor-element elementor-element-96a84bc elementor-widget elementor-widget-text-editor\" data-id=\"96a84bc\" data-element_type=\"widget\" data-widget_type=\"text-editor.default\">\n\t\t\t\t<div class=\"elementor-widget-container\">\n\t\t\t\t\t\t\t<p><strong>Team<br \/><\/strong>Nadire Mustafi (PHSG), Monika Winter (PHSG), Michael Zahner (PHSG)<\/p>\t\t\t\t\t\t<\/div>\n\t\t\t\t<\/div>\n\t\t\t\t<div class=\"elementor-element elementor-element-b6a85de elementor-widget elementor-widget-text-editor\" data-id=\"b6a85de\" data-element_type=\"widget\" data-widget_type=\"text-editor.default\">\n\t\t\t\t<div class=\"elementor-widget-container\">\n\t\t\t\t\t\t\t<p><strong>Literaturhinweise\/Publikationen<br \/><\/strong>Bossart, R. (2019). Die Welt retten. \u00dcber das Lesen von schwierigen und alten Texten. In ethik-religionen-gemeinschaft.ch (Hrsg.), <em>Materialien zum Fach Ethik, Religionen, Gemeinschaft<\/em> (S. 1\u20137). Z\u00fcrich: Verein ethik-religionen-gemeinschaft.ch.<br \/><span style=\"color: #62a8e5;\"><a style=\"color: #62a8e5;\" href=\"https:\/\/www.ethik-religionen-gemeinschaft.ch\/bossart-die-welt-retten\/\" target=\"_blank\" rel=\"noopener\">Zur Publikation<\/a><\/span><\/p><p>Bossart, R. (2020). Spannungsfelder und Probleme im Fach ERG. Thesen f\u00fcr ein zureichendes Fachverst\u00e4ndnis als Teaching of Existence. In ethik-religionen-gemeinschaft.ch (Hrsg.), <em>Materialien zum Fach Ethik, Religionen, Gemeinschaft<\/em> (S. 1\u201312). Z\u00fcrich: Verein ethik-religionen-gemeinschaft.ch.\u00a0<br \/><span style=\"color: #62a8e5;\"><a style=\"color: #62a8e5;\" href=\"https:\/\/www.ethik-religionen-gemeinschaft.ch\/bossart-spannungsfelder-probleme-erg\/\" target=\"_blank\" rel=\"noopener\">Zur Publikation<\/a><\/span><\/p><p>Fr\u00fcchtl, J. (2021). <em>Demokratie der Gef\u00fchle. Ein \u00e4sthetisches Pl\u00e4doyer<\/em>. Hamburg: Meiner.<\/p>\t\t\t\t\t\t<\/div>\n\t\t\t\t<\/div>\n\t\t\t\t<div class=\"elementor-element elementor-element-8efa135 elementor-widget elementor-widget-heading\" data-id=\"8efa135\" data-element_type=\"widget\" data-widget_type=\"heading.default\">\n\t\t\t\t<div class=\"elementor-widget-container\">\n\t\t\t<p class=\"elementor-heading-title elementor-size-default\"><a href=\"http:\/\/erz\u00e4hlnochmal.ch\" target=\"_blank\">Zum Projekt<\/a><\/p>\t\t<\/div>\n\t\t\t\t<\/div>\n\t\t\t\t<\/div>\n\t\t\t\t\t<\/div>\n\t\t\t\t<\/div>\n\t\t<div class=\"elementor-element elementor-element-3395103 e-flex e-con-boxed e-con e-parent\" data-id=\"3395103\" data-element_type=\"container\" data-settings=\"{&quot;jet_parallax_layout_list&quot;:[]}\">\n\t\t\t\t\t<div class=\"e-con-inner\">\n\t\t<div class=\"elementor-element elementor-element-091c905 e-con-full e-flex e-con e-child\" data-id=\"091c905\" data-element_type=\"container\" data-settings=\"{&quot;jet_parallax_layout_list&quot;:[]}\">\n\t\t\t\t<div class=\"elementor-element elementor-element-95abcd5 elementor-widget elementor-widget-heading\" data-id=\"95abcd5\" data-element_type=\"widget\" data-widget_type=\"heading.default\">\n\t\t\t\t<div class=\"elementor-widget-container\">\n\t\t\t<h2 class=\"elementor-heading-title elementor-size-default\">Pilotstudie zum Projekt \u00abZug in die Freiheit\u00bb \u2013 Aufbau einer digitalen Forschungsdatenbank <\/h2>\t\t<\/div>\n\t\t\t\t<\/div>\n\t\t\t\t<div class=\"elementor-element elementor-element-3440fd6 elementor-widget elementor-widget-text-editor\" data-id=\"3440fd6\" data-element_type=\"widget\" data-widget_type=\"text-editor.default\">\n\t\t\t\t<div class=\"elementor-widget-container\">\n\t\t\t\t\t\t\t<p>Die Pilotstudie dient als Grundlage f\u00fcr die anschliessenden Forschungs- und Vermittlungsprojekte, die unter anderem eine Website, digitale Rundg\u00e4nge, Unterrichtsmaterialien und Erinnerungsorte mit Ausstellungen umfassen. Damit soll ein Beitrag zur Erinnerungskultur geleistet und ein Zeichen gegen Antisemitismus und f\u00fcr Toleranz gesetzt werden.<\/p><p>Das Projekt \u00abZug in die Freiheit\u00bb verfolgt einen akteurszentrierten Zugang und interessiert sich f\u00fcr die Handlungsspielr\u00e4ume und das subjektive Erleben der von (Zwangs-)Migration Betroffenen innerhalb der herrschenden Migrationsregime und Netzwerke. Damit greift es ein Postulat der zeitgen\u00f6ssischen Migrationsforschung auf.<\/p><p>1200\u00a0Befreite aus dem Konzentrationslager Theresienstadt gelangten im Februar\u00a01945 per Zug \u00fcber Kreuzlingen nach St.Gallen ins Hadwig-Geb\u00e4ude. Nur wenig ist \u00fcber ihre Lebenswege und die Befreiungsaktion bekannt. In der Pilotstudie des internationalen Forschungs- und Public-History-Projekts wurden gemeinsam mit Studierenden Akten zu allen 1200\u00a0Befreiten in Archiven in der Schweiz, Deutschland, Tschechien, den USA und Israel digitalisiert und teilweise indexiert. Zudem wurden Oral-History-Interviews mit zwei noch lebenden Passagieren des \u00abZugs in die Freiheit\u00bb durchgef\u00fchrt und aufgezeichnet. Entstanden ist eine digitale Datenbank, die quantitative und qualitative Aussagen \u00fcber die Befreiten erm\u00f6glicht und dereinst einer breiten \u00d6ffentlichkeit zur Verf\u00fcgung stehen soll.<\/p><p>Erste quantitative Auswertungen von Selbstangaben der Befreiten gegen\u00fcber den Schweizer Beh\u00f6rden aus dem Jahr\u00a01945 ergaben unter anderem Folgendes: 507\u00a0Personen stammten aus dem \u00abDeutschen Reich\u00bb, 142\u00a0aus \u00d6sterreich bzw. \u00d6sterreich-Ungarn, 433\u00a0aus den Niederlanden und 102\u00a0aus der Tschechoslowakei. 99\u00a0der 1200\u00a0Personen waren zum Zeitpunkt ihrer Befreiung 18\u00a0Jahre und j\u00fcnger, w\u00e4hrend 575\u00a0Personen \u00fcber 66\u00a0Jahre alt waren. Obwohl alle Befreiten im antisemitischen NS-System als J\u00fcdinnen und Juden verfolgt worden waren, bezeichneten sich 117 als evangelisch\/lutherisch oder protestantisch, 77\u00a0als konfessionslos und 5\u00a0als r\u00f6misch-katholisch. Nur wenige erhielten in der Schweiz Dauerasyl: Bereits 1947 hatten 843\u00a0Personen die Schweiz wieder verlassen. Insgesamt verstarben 200\u00a0Personen in der Schweiz, 30 von ihnen bereits im Jahr 1945.<\/p>\t\t\t\t\t\t<\/div>\n\t\t\t\t<\/div>\n\t\t\t\t<div class=\"elementor-element elementor-element-5192d80 elementor-widget elementor-widget-spacer\" data-id=\"5192d80\" data-element_type=\"widget\" data-widget_type=\"spacer.default\">\n\t\t\t\t<div class=\"elementor-widget-container\">\n\t\t\t\t\t<div class=\"elementor-spacer\">\n\t\t\t<div class=\"elementor-spacer-inner\"><\/div>\n\t\t<\/div>\n\t\t\t\t<\/div>\n\t\t\t\t<\/div>\n\t\t\t\t<div class=\"elementor-element elementor-element-12483cb elementor-widget elementor-widget-text-editor\" data-id=\"12483cb\" data-element_type=\"widget\" data-widget_type=\"text-editor.default\">\n\t\t\t\t<div class=\"elementor-widget-container\">\n\t\t\t\t\t\t\t<p class=\"p1\">Methodik: Oral History, Recherche in verschiedenen Archiven: Bundesarchiv, Archiv f\u00fcr Zeitgeschichte, Arolsen Archives (Deutschland), J\u00fcdisches Museum Prag (Tschechien), Visual History Archive (USA), National Archives (USA), Beit Terezin (Israel).<\/p>\t\t\t\t\t\t<\/div>\n\t\t\t\t<\/div>\n\t\t\t\t<div class=\"elementor-element elementor-element-75df6f6 elementor-widget elementor-widget-spacer\" data-id=\"75df6f6\" data-element_type=\"widget\" data-widget_type=\"spacer.default\">\n\t\t\t\t<div class=\"elementor-widget-container\">\n\t\t\t\t\t<div class=\"elementor-spacer\">\n\t\t\t<div class=\"elementor-spacer-inner\"><\/div>\n\t\t<\/div>\n\t\t\t\t<\/div>\n\t\t\t\t<\/div>\n\t\t\t\t<div class=\"elementor-element elementor-element-40b6931 elementor-widget elementor-widget-text-editor\" data-id=\"40b6931\" data-element_type=\"widget\" data-widget_type=\"text-editor.default\">\n\t\t\t\t<div class=\"elementor-widget-container\">\n\t\t\t\t\t\t\t<p><strong>Kooperation<br \/><\/strong>Freie Universit\u00e4t Berlin, Karls-Universit\u00e4t in Prag<\/p>\t\t\t\t\t\t<\/div>\n\t\t\t\t<\/div>\n\t\t\t\t<div class=\"elementor-element elementor-element-e1aec4d elementor-widget elementor-widget-text-editor\" data-id=\"e1aec4d\" data-element_type=\"widget\" data-widget_type=\"text-editor.default\">\n\t\t\t\t<div class=\"elementor-widget-container\">\n\t\t\t\t\t\t\t<p><strong>Laufzeit<br \/><\/strong>2021 bis 2022<\/p>\t\t\t\t\t\t<\/div>\n\t\t\t\t<\/div>\n\t\t\t\t<div class=\"elementor-element elementor-element-715539a elementor-widget elementor-widget-text-editor\" data-id=\"715539a\" data-element_type=\"widget\" data-widget_type=\"text-editor.default\">\n\t\t\t\t<div class=\"elementor-widget-container\">\n\t\t\t\t\t\t\t<p><strong>Finanzierung<\/strong><br \/>Ernst G\u00f6hner Stiftung u.a.<\/p>\t\t\t\t\t\t<\/div>\n\t\t\t\t<\/div>\n\t\t\t\t<div class=\"elementor-element elementor-element-757773c elementor-widget elementor-widget-text-editor\" data-id=\"757773c\" data-element_type=\"widget\" data-widget_type=\"text-editor.default\">\n\t\t\t\t<div class=\"elementor-widget-container\">\n\t\t\t\t\t\t\t<p><strong>Leitung<\/strong><br \/>Johannes Gunzenreiner (PHSG), Thomas Metzger (PHSG) <\/p>\t\t\t\t\t\t<\/div>\n\t\t\t\t<\/div>\n\t\t\t\t<div class=\"elementor-element elementor-element-f42c07e elementor-widget elementor-widget-text-editor\" data-id=\"f42c07e\" data-element_type=\"widget\" data-widget_type=\"text-editor.default\">\n\t\t\t\t<div class=\"elementor-widget-container\">\n\t\t\t\t\t\t\t<p><strong>Team<\/strong><br \/>Helen Kaufmann (PHSG), Alessandro Renna (PHSG), studentische Mitarbeitende<\/p>\t\t\t\t\t\t<\/div>\n\t\t\t\t<\/div>\n\t\t\t\t<div class=\"elementor-element elementor-element-7b2e93f elementor-widget elementor-widget-text-editor\" data-id=\"7b2e93f\" data-element_type=\"widget\" data-widget_type=\"text-editor.default\">\n\t\t\t\t<div class=\"elementor-widget-container\">\n\t\t\t\t\t\t\t<p><strong>Literaturhinweise\/Publikationen<br \/><\/strong>Kaufmann, H. &amp; Metzger, T. (2024). Crossing borders in history education. Reflections of students from Prague and St.\u00a0Gallen on their conceptualizations of a virtual tour based on a Holocaust survivor\u2019s transnational life trajectory. <em>Historical Thinking, Culture, and Education, 1<\/em>(1), im Erscheinen.<\/p><p>Kaufmann, H. &amp; Metzger, T. (Hrsg.). (erscheint 2025). <em>Lebenswege der Befreiten aus dem KZ Theresienstadt.<\/em> Z\u00fcrich: Chronos.<\/p>\t\t\t\t\t\t<\/div>\n\t\t\t\t<\/div>\n\t\t\t\t<div class=\"elementor-element elementor-element-7b1c4be elementor-widget elementor-widget-heading\" data-id=\"7b1c4be\" data-element_type=\"widget\" data-widget_type=\"heading.default\">\n\t\t\t\t<div class=\"elementor-widget-container\">\n\t\t\t<p class=\"elementor-heading-title elementor-size-default\"><a href=\"http:\/\/bit.ly\/zugindiefreiheit\" target=\"_blank\">Zum Projekt<\/a><\/p>\t\t<\/div>\n\t\t\t\t<\/div>\n\t\t\t\t<\/div>\n\t\t\t\t\t<\/div>\n\t\t\t\t<\/div>\n\t\t<div class=\"elementor-element elementor-element-4aa8689 e-flex e-con-boxed e-con e-parent\" data-id=\"4aa8689\" data-element_type=\"container\" data-settings=\"{&quot;jet_parallax_layout_list&quot;:[]}\">\n\t\t\t\t\t<div class=\"e-con-inner\">\n\t\t<div class=\"elementor-element elementor-element-a35af32 e-con-full e-flex e-con e-child\" data-id=\"a35af32\" data-element_type=\"container\" data-settings=\"{&quot;jet_parallax_layout_list&quot;:[]}\">\n\t\t\t\t<div class=\"elementor-element elementor-element-4d21514 elementor-widget elementor-widget-image\" data-id=\"4d21514\" data-element_type=\"widget\" data-widget_type=\"image.default\">\n\t\t\t\t<div class=\"elementor-widget-container\">\n\t\t\t\t\t\t\t\t\t\t\t\t\t<img fetchpriority=\"high\" decoding=\"async\" width=\"2160\" height=\"2211\" src=\"https:\/\/phsg-forschungsbericht.ch\/2022-2023\/wp-content\/uploads\/sites\/3\/phsg-forschungsbericht-fokus-igb-bild-01.jpg\" class=\"attachment-large size-large wp-image-3499\" alt=\"\" srcset=\"https:\/\/phsg-forschungsbericht.ch\/2022-2023\/wp-content\/uploads\/sites\/3\/phsg-forschungsbericht-fokus-igb-bild-01.jpg 2160w, https:\/\/phsg-forschungsbericht.ch\/2022-2023\/wp-content\/uploads\/sites\/3\/phsg-forschungsbericht-fokus-igb-bild-01-768x786.jpg 768w, https:\/\/phsg-forschungsbericht.ch\/2022-2023\/wp-content\/uploads\/sites\/3\/phsg-forschungsbericht-fokus-igb-bild-01-1501x1536.jpg 1501w, https:\/\/phsg-forschungsbericht.ch\/2022-2023\/wp-content\/uploads\/sites\/3\/phsg-forschungsbericht-fokus-igb-bild-01-2001x2048.jpg 2001w\" sizes=\"(max-width: 2160px) 100vw, 2160px\" \/>\t\t\t\t\t\t\t\t\t\t\t\t\t<\/div>\n\t\t\t\t<\/div>\n\t\t\t\t<\/div>\n\t\t<div class=\"elementor-element elementor-element-f130b56 e-con-full e-flex e-con e-child\" data-id=\"f130b56\" data-element_type=\"container\" data-settings=\"{&quot;jet_parallax_layout_list&quot;:[]}\">\n\t\t\t\t<div class=\"elementor-element elementor-element-4400b36 elementor-widget elementor-widget-text-editor\" data-id=\"4400b36\" data-element_type=\"widget\" data-widget_type=\"text-editor.default\">\n\t\t\t\t<div class=\"elementor-widget-container\">\n\t\t\t\t\t\t\t<p class=\"p1\">Gerette aus dem KZ Theresienstadt im Hadwig Geb\u00e4ude, Februar 1945. (StadtASG PA Scheiwiller Walter 03)<\/p>\t\t\t\t\t\t<\/div>\n\t\t\t\t<\/div>\n\t\t\t\t<\/div>\n\t\t\t\t\t<\/div>\n\t\t\t\t<\/div>\n\t\t<div class=\"elementor-element elementor-element-16fd9e6 e-flex e-con-boxed e-con e-parent\" data-id=\"16fd9e6\" data-element_type=\"container\" data-settings=\"{&quot;jet_parallax_layout_list&quot;:[]}\">\n\t\t\t\t\t<div class=\"e-con-inner\">\n\t\t<div class=\"elementor-element elementor-element-4d8ba10 e-con-full e-flex e-con e-child\" data-id=\"4d8ba10\" data-element_type=\"container\" data-settings=\"{&quot;jet_parallax_layout_list&quot;:[]}\">\n\t\t\t\t<div class=\"elementor-element elementor-element-706bd54 elementor-widget elementor-widget-jet-accordion\" data-id=\"706bd54\" data-element_type=\"widget\" data-widget_type=\"jet-accordion.default\">\n\t\t\t\t<div class=\"elementor-widget-container\">\n\t\t\t\t\t<div class=\"jet-accordion\" data-settings=\"{&quot;collapsible&quot;:false,&quot;ajaxTemplate&quot;:false,&quot;switchScrolling&quot;:false,&quot;switchScrollingOffset&quot;:0,&quot;switchScrollingDelay&quot;:500}\">\n\t\t\t<div class=\"jet-accordion__inner\">\n\t\t\t\t<div class=\"jet-accordion__item jet-toggle jet-toggle-move-up-effect \">\n\t\t\t\t\t\t\t<div id=\"jet-toggle-control-1171\" class=\"jet-toggle__control elementor-menu-anchor\" data-toggle=\"1\" role=\"button\" tabindex=\"0\" aria-controls=\"jet-toggle-content-1171\" aria-expanded=\"false\" data-template-id=\"1845\">\n\t\t\t\t\t\t\t\t<div class=\"jet-toggle__label-icon jet-toggle-icon-position-left\"><span class=\"jet-toggle__icon icon-normal jet-tabs-icon\"><i class=\"fas fa-plus\"><\/i><\/span><span class=\"jet-toggle__icon icon-active jet-tabs-icon\"><i class=\"fas fa-minus\"><\/i><\/span><\/div><div class=\"jet-toggle__label-text\">DemoS Gemeinsam Demokratie erleben: Dialog f\u00fcr mehr Mitbestimmung in Schule und Unterricht<\/div>\t\t\t\t\t\t\t<\/div>\n\t\t\t\t\t\t\t<div id=\"jet-toggle-content-1171\" class=\"jet-toggle__content\" data-toggle=\"1\" role=\"region\" data-template-id=\"1845\">\n\t\t\t\t\t\t\t\t<div class=\"jet-toggle__content-inner\">\t\t<div data-elementor-type=\"page\" data-elementor-id=\"1845\" class=\"elementor elementor-1845\" data-elementor-post-type=\"elementor_library\">\n\t\t\t\t\t\t<section class=\"elementor-section elementor-top-section elementor-element elementor-element-3bd2024 elementor-section-boxed elementor-section-height-default elementor-section-height-default\" data-id=\"3bd2024\" data-element_type=\"section\" data-settings=\"{&quot;jet_parallax_layout_list&quot;:[],&quot;background_background&quot;:&quot;classic&quot;}\">\n\t\t\t\t\t\t<div class=\"elementor-container elementor-column-gap-default\">\n\t\t\t\t\t<div class=\"elementor-column elementor-col-100 elementor-top-column elementor-element elementor-element-7853b75\" data-id=\"7853b75\" data-element_type=\"column\">\n\t\t\t<div class=\"elementor-widget-wrap elementor-element-populated\">\n\t\t\t\t\t\t<div class=\"elementor-element elementor-element-93146ba elementor-widget elementor-widget-text-editor\" data-id=\"93146ba\" data-element_type=\"widget\" data-widget_type=\"text-editor.default\">\n\t\t\t\t<div class=\"elementor-widget-container\">\n\t\t\t\t\t\t\t<p>Das Projekt baut auf der trinationalen Jugendstudie \u00abBildung und Partizipation\u00bb auf und fokussiert den Transfer zentraler Ergebnisse sowie deren konstruktive Umsetzung in der Praxis. Sch\u00fclerinnen und Sch\u00fcler wollen vor allem dort mehr mitbestimmen, wo sie es bisher am wenigsten tun konnten, n\u00e4mlich im Unterricht. Die Ergebnisse zeigen des Weiteren, dass Mitbestimmung den Erwerb vielf\u00e4ltiger demokratischer Kompetenzen erm\u00f6glicht, zum Beispiel das Artikulieren eigener Anliegen. Um die Beteiligungsm\u00f6glichkeiten f\u00fcr Sch\u00fclerinnen und Sch\u00fcler zu erh\u00f6hen, gilt es, gezielt Strukturen zu schaffen, die diese Beteiligung im schulischen Bereich st\u00e4rken.<\/p>\t\t\t\t\t\t<\/div>\n\t\t\t\t<\/div>\n\t\t\t\t<div class=\"elementor-element elementor-element-c6d6ec5 elementor-widget elementor-widget-text-editor\" data-id=\"c6d6ec5\" data-element_type=\"widget\" data-widget_type=\"text-editor.default\">\n\t\t\t\t<div class=\"elementor-widget-container\">\n\t\t\t\t\t\t\t<p class=\"p1\"><strong>Laufzeit<\/strong><br \/>2023 bis 2025<\/p>\t\t\t\t\t\t<\/div>\n\t\t\t\t<\/div>\n\t\t\t\t<div class=\"elementor-element elementor-element-040f904 elementor-widget elementor-widget-text-editor\" data-id=\"040f904\" data-element_type=\"widget\" data-widget_type=\"text-editor.default\">\n\t\t\t\t<div class=\"elementor-widget-container\">\n\t\t\t\t\t\t\t<p><strong>Finanzierung<\/strong><br \/>Wissenschaftsverbund Vierl\u00e4nderregion Bodensee<\/p>\t\t\t\t\t\t<\/div>\n\t\t\t\t<\/div>\n\t\t\t\t<div class=\"elementor-element elementor-element-8edbfc4 elementor-widget elementor-widget-text-editor\" data-id=\"8edbfc4\" data-element_type=\"widget\" data-widget_type=\"text-editor.default\">\n\t\t\t\t<div class=\"elementor-widget-container\">\n\t\t\t\t\t\t\t<p><strong>Leitung<\/strong><br \/>Gudrun Quenzel (Gesamtprojektleitung, PH Vorarlberg), Julia Ha (PHSG), Axinja Hachfeld (Universit\u00e4t Konstanz)<\/p>\t\t\t\t\t\t<\/div>\n\t\t\t\t<\/div>\n\t\t\t\t<div class=\"elementor-element elementor-element-5912812 elementor-widget elementor-widget-heading\" data-id=\"5912812\" data-element_type=\"widget\" data-widget_type=\"heading.default\">\n\t\t\t\t<div class=\"elementor-widget-container\">\n\t\t\t<p class=\"elementor-heading-title elementor-size-default\"><a href=\"https:\/\/www.demokratie-erleben.at\/\" target=\"_blank\">Zum Projekt<\/a><\/p>\t\t<\/div>\n\t\t\t\t<\/div>\n\t\t\t\t\t<\/div>\n\t\t<\/div>\n\t\t\t\t\t<\/div>\n\t\t<\/section>\n\t\t\t\t<\/div>\n\t\t<\/div>\n\t\t\t\t\t\t\t<\/div>\n\t\t\t\t\t\t<\/div><div class=\"jet-accordion__item jet-toggle jet-toggle-move-up-effect \">\n\t\t\t\t\t\t\t<div id=\"jet-toggle-control-1172\" class=\"jet-toggle__control elementor-menu-anchor\" data-toggle=\"2\" role=\"button\" tabindex=\"0\" aria-controls=\"jet-toggle-content-1172\" aria-expanded=\"false\" data-template-id=\"1821\">\n\t\t\t\t\t\t\t\t<div class=\"jet-toggle__label-icon jet-toggle-icon-position-left\"><span class=\"jet-toggle__icon icon-normal jet-tabs-icon\"><i class=\"fas fa-plus\"><\/i><\/span><span class=\"jet-toggle__icon icon-active jet-tabs-icon\"><i class=\"fas fa-minus\"><\/i><\/span><\/div><div class=\"jet-toggle__label-text\">Pilotstudie zum Projekt \u00abZug in die Freiheit\u00bb<\/div>\t\t\t\t\t\t\t<\/div>\n\t\t\t\t\t\t\t<div id=\"jet-toggle-content-1172\" class=\"jet-toggle__content\" data-toggle=\"2\" role=\"region\" data-template-id=\"1821\">\n\t\t\t\t\t\t\t\t<div class=\"jet-toggle__content-inner\">\t\t<div data-elementor-type=\"page\" data-elementor-id=\"1821\" class=\"elementor elementor-1821\" data-elementor-post-type=\"elementor_library\">\n\t\t\t\t\t\t<section class=\"elementor-section elementor-top-section elementor-element elementor-element-3bd2024 elementor-section-boxed elementor-section-height-default elementor-section-height-default\" data-id=\"3bd2024\" data-element_type=\"section\" data-settings=\"{&quot;jet_parallax_layout_list&quot;:[],&quot;background_background&quot;:&quot;classic&quot;}\">\n\t\t\t\t\t\t<div class=\"elementor-container elementor-column-gap-default\">\n\t\t\t\t\t<div class=\"elementor-column elementor-col-100 elementor-top-column elementor-element elementor-element-7853b75\" data-id=\"7853b75\" data-element_type=\"column\">\n\t\t\t<div class=\"elementor-widget-wrap elementor-element-populated\">\n\t\t\t\t\t\t<div class=\"elementor-element elementor-element-93146ba elementor-widget elementor-widget-text-editor\" data-id=\"93146ba\" data-element_type=\"widget\" data-widget_type=\"text-editor.default\">\n\t\t\t\t<div class=\"elementor-widget-container\">\n\t\t\t\t\t\t\t<p>In der Pilotstudie zum internationalen Forschungs- und Vermittlungsprojekt \u00abZug in die Freiheit\u00bb der Fachstelle Demokratiebildung und Menschenrechte, das sich mit der Befreiung von 1200\u00a0J\u00fcdinnen und Juden aus dem KZ Theresienstadt im Februar\u00a01945 befasst, wurde eine digitale Forschungsdatenbank aufgebaut. Diese umfasst die digitalisierten Akten aus dem Schweizerischen Bundesarchiv zu allen befreiten Personen, erg\u00e4nzt um Akten aus weiteren nationalen und internationalen Archiven. Die teilweise bereits indexierte Datenbank ist zentral f\u00fcr die weiteren Forschungsvorhaben sowie die Vermittlungsprojekte von \u00abZug in die Freiheit\u00bb.<\/p>\t\t\t\t\t\t<\/div>\n\t\t\t\t<\/div>\n\t\t\t\t<div class=\"elementor-element elementor-element-c6d6ec5 elementor-widget elementor-widget-text-editor\" data-id=\"c6d6ec5\" data-element_type=\"widget\" data-widget_type=\"text-editor.default\">\n\t\t\t\t<div class=\"elementor-widget-container\">\n\t\t\t\t\t\t\t<p class=\"p1\"><strong>Laufzeit<\/strong><br \/>2021 bis 2022<\/p>\t\t\t\t\t\t<\/div>\n\t\t\t\t<\/div>\n\t\t\t\t<div class=\"elementor-element elementor-element-040f904 elementor-widget elementor-widget-text-editor\" data-id=\"040f904\" data-element_type=\"widget\" data-widget_type=\"text-editor.default\">\n\t\t\t\t<div class=\"elementor-widget-container\">\n\t\t\t\t\t\t\t<p><strong>Finanzierung<\/strong><br \/>Ernst G\u00f6hner Stiftung, Paul Gr\u00fcninger Stiftung, Eva und Herbert Wohlmann-Bloch Stiftung u.a.<\/p>\t\t\t\t\t\t<\/div>\n\t\t\t\t<\/div>\n\t\t\t\t<div class=\"elementor-element elementor-element-8edbfc4 elementor-widget elementor-widget-text-editor\" data-id=\"8edbfc4\" data-element_type=\"widget\" data-widget_type=\"text-editor.default\">\n\t\t\t\t<div class=\"elementor-widget-container\">\n\t\t\t\t\t\t\t<p><strong>Leitung<\/strong><br \/>Johannes Gunzenreiner (PHSG), Thomas Metzger (PHSG)<\/p>\t\t\t\t\t\t<\/div>\n\t\t\t\t<\/div>\n\t\t\t\t<div class=\"elementor-element elementor-element-5912812 elementor-widget elementor-widget-heading\" data-id=\"5912812\" data-element_type=\"widget\" data-widget_type=\"heading.default\">\n\t\t\t\t<div class=\"elementor-widget-container\">\n\t\t\t<p class=\"elementor-heading-title elementor-size-default\"><a href=\"http:\/\/bit.ly\/zugindiefreiheit\" target=\"_blank\">Zum Projekt<\/a><\/p>\t\t<\/div>\n\t\t\t\t<\/div>\n\t\t\t\t\t<\/div>\n\t\t<\/div>\n\t\t\t\t\t<\/div>\n\t\t<\/section>\n\t\t\t\t<\/div>\n\t\t<\/div>\n\t\t\t\t\t\t\t<\/div>\n\t\t\t\t\t\t<\/div><div class=\"jet-accordion__item jet-toggle jet-toggle-move-up-effect \">\n\t\t\t\t\t\t\t<div id=\"jet-toggle-control-1173\" class=\"jet-toggle__control elementor-menu-anchor\" data-toggle=\"3\" role=\"button\" tabindex=\"0\" aria-controls=\"jet-toggle-content-1173\" aria-expanded=\"false\" data-template-id=\"1811\">\n\t\t\t\t\t\t\t\t<div class=\"jet-toggle__label-icon jet-toggle-icon-position-left\"><span class=\"jet-toggle__icon icon-normal jet-tabs-icon\"><i class=\"fas fa-plus\"><\/i><\/span><span class=\"jet-toggle__icon icon-active jet-tabs-icon\"><i class=\"fas fa-minus\"><\/i><\/span><\/div><div class=\"jet-toggle__label-text\">Grundlagenforschung zum Projekt \u00abZug in die Freiheit\u00bb<\/div>\t\t\t\t\t\t\t<\/div>\n\t\t\t\t\t\t\t<div id=\"jet-toggle-content-1173\" class=\"jet-toggle__content\" data-toggle=\"3\" role=\"region\" data-template-id=\"1811\">\n\t\t\t\t\t\t\t\t<div class=\"jet-toggle__content-inner\">\t\t<div data-elementor-type=\"page\" data-elementor-id=\"1811\" class=\"elementor elementor-1811\" data-elementor-post-type=\"elementor_library\">\n\t\t\t\t\t\t<section class=\"elementor-section elementor-top-section elementor-element elementor-element-3bd2024 elementor-section-boxed elementor-section-height-default elementor-section-height-default\" data-id=\"3bd2024\" data-element_type=\"section\" data-settings=\"{&quot;jet_parallax_layout_list&quot;:[],&quot;background_background&quot;:&quot;classic&quot;}\">\n\t\t\t\t\t\t<div class=\"elementor-container elementor-column-gap-default\">\n\t\t\t\t\t<div class=\"elementor-column elementor-col-100 elementor-top-column elementor-element elementor-element-7853b75\" data-id=\"7853b75\" data-element_type=\"column\">\n\t\t\t<div class=\"elementor-widget-wrap elementor-element-populated\">\n\t\t\t\t\t\t<div class=\"elementor-element elementor-element-93146ba elementor-widget elementor-widget-text-editor\" data-id=\"93146ba\" data-element_type=\"widget\" data-widget_type=\"text-editor.default\">\n\t\t\t\t<div class=\"elementor-widget-container\">\n\t\t\t\t\t\t\t<p>Auf der Grundlage der Pilotstudie zum internationalen Forschungs- und Vermittlungsprojekt \u00abZug in die Freiheit\u00bb werden die Aktion, die zur Befreiung von 1200\u00a0J\u00fcdinnen und Juden aus dem KZ Theresienstadt f\u00fchrte, der historische Kontext und insbesondere die Biografien der Befreiten, die auch einige Tage im Hadwig-Geb\u00e4ude verbrachten, erforscht. Die Beforschung des Themas durch die Fachstelle Demokratiebildung und Menschenrechte ist an den Bed\u00fcrfnissen der f\u00fcr die \u00d6ffentlichkeit und die Volksschulen konzipierten Vermittlungsprojekte des Gesamtprojekts \u00abZug in die Freiheit\u00bb ausgerichtet.<\/p>\t\t\t\t\t\t<\/div>\n\t\t\t\t<\/div>\n\t\t\t\t<div class=\"elementor-element elementor-element-c6d6ec5 elementor-widget elementor-widget-text-editor\" data-id=\"c6d6ec5\" data-element_type=\"widget\" data-widget_type=\"text-editor.default\">\n\t\t\t\t<div class=\"elementor-widget-container\">\n\t\t\t\t\t\t\t<p class=\"p1\"><strong>Laufzeit<\/strong><br \/>2023 bis 2024<\/p>\t\t\t\t\t\t<\/div>\n\t\t\t\t<\/div>\n\t\t\t\t<div class=\"elementor-element elementor-element-040f904 elementor-widget elementor-widget-text-editor\" data-id=\"040f904\" data-element_type=\"widget\" data-widget_type=\"text-editor.default\">\n\t\t\t\t<div class=\"elementor-widget-container\">\n\t\t\t\t\t\t\t<p><strong>Finanzierung<\/strong><br \/>Paul Schiller Stiftung, UBS-Kulturstiftung u.a.<\/p>\t\t\t\t\t\t<\/div>\n\t\t\t\t<\/div>\n\t\t\t\t<div class=\"elementor-element elementor-element-8edbfc4 elementor-widget elementor-widget-text-editor\" data-id=\"8edbfc4\" data-element_type=\"widget\" data-widget_type=\"text-editor.default\">\n\t\t\t\t<div class=\"elementor-widget-container\">\n\t\t\t\t\t\t\t<p><strong>Leitung<\/strong><br \/>Thomas Metzger (PHSG)<\/p>\t\t\t\t\t\t<\/div>\n\t\t\t\t<\/div>\n\t\t\t\t<div class=\"elementor-element elementor-element-5912812 elementor-widget elementor-widget-heading\" data-id=\"5912812\" data-element_type=\"widget\" data-widget_type=\"heading.default\">\n\t\t\t\t<div class=\"elementor-widget-container\">\n\t\t\t<p class=\"elementor-heading-title elementor-size-default\"><a href=\"http:\/\/bit.ly\/zugindiefreiheit\" target=\"_blank\">Zum Projekt<\/a><\/p>\t\t<\/div>\n\t\t\t\t<\/div>\n\t\t\t\t\t<\/div>\n\t\t<\/div>\n\t\t\t\t\t<\/div>\n\t\t<\/section>\n\t\t\t\t<\/div>\n\t\t<\/div>\n\t\t\t\t\t\t\t<\/div>\n\t\t\t\t\t\t<\/div><div class=\"jet-accordion__item jet-toggle jet-toggle-move-up-effect \">\n\t\t\t\t\t\t\t<div id=\"jet-toggle-control-1174\" class=\"jet-toggle__control elementor-menu-anchor\" data-toggle=\"4\" role=\"button\" tabindex=\"0\" aria-controls=\"jet-toggle-content-1174\" aria-expanded=\"false\" data-template-id=\"3455\">\n\t\t\t\t\t\t\t\t<div class=\"jet-toggle__label-icon jet-toggle-icon-position-left\"><span class=\"jet-toggle__icon icon-normal jet-tabs-icon\"><i class=\"fas fa-plus\"><\/i><\/span><span class=\"jet-toggle__icon icon-active jet-tabs-icon\"><i class=\"fas fa-minus\"><\/i><\/span><\/div><div class=\"jet-toggle__label-text\">Publikationsprojekt \u00abLebenswege der Befreiten aus dem KZ Theresienstadt\u00bb<\/div>\t\t\t\t\t\t\t<\/div>\n\t\t\t\t\t\t\t<div id=\"jet-toggle-content-1174\" class=\"jet-toggle__content\" data-toggle=\"4\" role=\"region\" data-template-id=\"3455\">\n\t\t\t\t\t\t\t\t<div class=\"jet-toggle__content-inner\">\t\t<div data-elementor-type=\"page\" data-elementor-id=\"3455\" class=\"elementor elementor-3455\" data-elementor-post-type=\"elementor_library\">\n\t\t\t\t\t\t<section class=\"elementor-section elementor-top-section elementor-element elementor-element-3bd2024 elementor-section-boxed elementor-section-height-default elementor-section-height-default\" data-id=\"3bd2024\" data-element_type=\"section\" data-settings=\"{&quot;jet_parallax_layout_list&quot;:[],&quot;background_background&quot;:&quot;classic&quot;}\">\n\t\t\t\t\t\t<div class=\"elementor-container elementor-column-gap-default\">\n\t\t\t\t\t<div class=\"elementor-column elementor-col-100 elementor-top-column elementor-element elementor-element-7853b75\" data-id=\"7853b75\" data-element_type=\"column\">\n\t\t\t<div class=\"elementor-widget-wrap elementor-element-populated\">\n\t\t\t\t\t\t<div class=\"elementor-element elementor-element-93146ba elementor-widget elementor-widget-text-editor\" data-id=\"93146ba\" data-element_type=\"widget\" data-widget_type=\"text-editor.default\">\n\t\t\t\t<div class=\"elementor-widget-container\">\n\t\t\t\t\t\t\t<p>Die von Helen Kaufmann und Thomas Metzger von der Fachstelle Demokratiebildung und Menschenrechte herausgegebene Publikation vereinigt internationale Autorinnen und Autoren aus dem Forschungs- und Vermittlungsprojekt \u00abZug in die Freiheit\u00bb. Auf der Grundlage der geschaffenen Forschungsdatenbank und der Analyse von Egodokumenten und Selbstpr\u00e4sentationen von Befreiten treffen die Beitr\u00e4ge allgemeine Aussagen zu den Lebenswegen der 1200 im Februar\u00a01945 aus dem KZ Theresienstadt befreiten Personen und vertiefen einzelne Aspekte wie etwa deren religi\u00f6se Identit\u00e4t oder deren Erinnerung und Umgang mit der Vergangenheit anhand von Einzelbiografien.<\/p>\t\t\t\t\t\t<\/div>\n\t\t\t\t<\/div>\n\t\t\t\t<div class=\"elementor-element elementor-element-c6d6ec5 elementor-widget elementor-widget-text-editor\" data-id=\"c6d6ec5\" data-element_type=\"widget\" data-widget_type=\"text-editor.default\">\n\t\t\t\t<div class=\"elementor-widget-container\">\n\t\t\t\t\t\t\t<p class=\"p1\"><strong>Laufzeit<\/strong><br \/>2023 bis 2024<\/p>\t\t\t\t\t\t<\/div>\n\t\t\t\t<\/div>\n\t\t\t\t<div class=\"elementor-element elementor-element-040f904 elementor-widget elementor-widget-text-editor\" data-id=\"040f904\" data-element_type=\"widget\" data-widget_type=\"text-editor.default\">\n\t\t\t\t<div class=\"elementor-widget-container\">\n\t\t\t\t\t\t\t<p><strong>Finanzierung<\/strong><br \/>Paul Schiller Stiftung, UBS-Kulturstiftung, Paul Gr\u00fcninger Stiftung, J\u00fcdische Gemeinde St.Gallen, Bistum St.Gallen, Evangelisch-reformierte Kirche des Kantons St.Gallen<\/p>\t\t\t\t\t\t<\/div>\n\t\t\t\t<\/div>\n\t\t\t\t<div class=\"elementor-element elementor-element-8edbfc4 elementor-widget elementor-widget-text-editor\" data-id=\"8edbfc4\" data-element_type=\"widget\" data-widget_type=\"text-editor.default\">\n\t\t\t\t<div class=\"elementor-widget-container\">\n\t\t\t\t\t\t\t<p><strong>Leitung<\/strong><br \/>Thomas Metzger (PHSG)<\/p>\t\t\t\t\t\t<\/div>\n\t\t\t\t<\/div>\n\t\t\t\t<div class=\"elementor-element elementor-element-5912812 elementor-widget elementor-widget-heading\" data-id=\"5912812\" data-element_type=\"widget\" data-widget_type=\"heading.default\">\n\t\t\t\t<div class=\"elementor-widget-container\">\n\t\t\t<p class=\"elementor-heading-title elementor-size-default\"><a href=\"http:\/\/bit.ly\/zugindiefreiheit\" target=\"_blank\">Zum Projekt<\/a><\/p>\t\t<\/div>\n\t\t\t\t<\/div>\n\t\t\t\t\t<\/div>\n\t\t<\/div>\n\t\t\t\t\t<\/div>\n\t\t<\/section>\n\t\t\t\t<\/div>\n\t\t<\/div>\n\t\t\t\t\t\t\t<\/div>\n\t\t\t\t\t\t<\/div><div class=\"jet-accordion__item jet-toggle jet-toggle-move-up-effect \">\n\t\t\t\t\t\t\t<div id=\"jet-toggle-control-1175\" class=\"jet-toggle__control elementor-menu-anchor\" data-toggle=\"5\" role=\"button\" tabindex=\"0\" aria-controls=\"jet-toggle-content-1175\" aria-expanded=\"false\" data-template-id=\"3458\">\n\t\t\t\t\t\t\t\t<div class=\"jet-toggle__label-icon jet-toggle-icon-position-left\"><span class=\"jet-toggle__icon icon-normal jet-tabs-icon\"><i class=\"fas fa-plus\"><\/i><\/span><span class=\"jet-toggle__icon icon-active jet-tabs-icon\"><i class=\"fas fa-minus\"><\/i><\/span><\/div><div class=\"jet-toggle__label-text\">Didaktische Umsetzung Sozialgeschichte Kanton St.Gallen<\/div>\t\t\t\t\t\t\t<\/div>\n\t\t\t\t\t\t\t<div id=\"jet-toggle-content-1175\" class=\"jet-toggle__content\" data-toggle=\"5\" role=\"region\" data-template-id=\"3458\">\n\t\t\t\t\t\t\t\t<div class=\"jet-toggle__content-inner\">\t\t<div data-elementor-type=\"page\" data-elementor-id=\"3458\" class=\"elementor elementor-3458\" data-elementor-post-type=\"elementor_library\">\n\t\t\t\t\t\t<section class=\"elementor-section elementor-top-section elementor-element elementor-element-3bd2024 elementor-section-boxed elementor-section-height-default elementor-section-height-default\" data-id=\"3bd2024\" data-element_type=\"section\" data-settings=\"{&quot;jet_parallax_layout_list&quot;:[],&quot;background_background&quot;:&quot;classic&quot;}\">\n\t\t\t\t\t\t<div class=\"elementor-container elementor-column-gap-default\">\n\t\t\t\t\t<div class=\"elementor-column elementor-col-100 elementor-top-column elementor-element elementor-element-7853b75\" data-id=\"7853b75\" data-element_type=\"column\">\n\t\t\t<div class=\"elementor-widget-wrap elementor-element-populated\">\n\t\t\t\t\t\t<div class=\"elementor-element elementor-element-93146ba elementor-widget elementor-widget-text-editor\" data-id=\"93146ba\" data-element_type=\"widget\" data-widget_type=\"text-editor.default\">\n\t\t\t\t<div class=\"elementor-widget-container\">\n\t\t\t\t\t\t\t<p>In ganzj\u00e4hrigen Forschungs- und Projektmodulen erarbeiten Studierende mit dem Schwerpunkt \u00abGeschichte\u00bb in intensivem Austausch mit Dozierenden sozialgeschichtliche Themen mit St.Galler Bezug und bereiten sie f\u00fcr die \u00f6ffentliche Geschichtsvermittlung \u00fcber eine Website und f\u00fcr den Einsatz im Unterricht auf der Sekundarstufe\u00a0I didaktisch auf. Das Projekt der Fachstelle Demokratiebildung und Menschenrechte ist in das Jubil\u00e4umsprojekt zum 200-j\u00e4hrigen Bestehen der Gemeinn\u00fctzigen Gesellschaft des Kantons St.Gallen eingebunden. J\u00e4hrlich werden zwei Themen bearbeitet, die in jeweils vier Unterthemen aufgef\u00e4chert werden.<\/p>\t\t\t\t\t\t<\/div>\n\t\t\t\t<\/div>\n\t\t\t\t<div class=\"elementor-element elementor-element-c6d6ec5 elementor-widget elementor-widget-text-editor\" data-id=\"c6d6ec5\" data-element_type=\"widget\" data-widget_type=\"text-editor.default\">\n\t\t\t\t<div class=\"elementor-widget-container\">\n\t\t\t\t\t\t\t<p class=\"p1\"><strong>Laufzeit<\/strong><br \/>2017 bis 2024<\/p>\t\t\t\t\t\t<\/div>\n\t\t\t\t<\/div>\n\t\t\t\t<div class=\"elementor-element elementor-element-040f904 elementor-widget elementor-widget-text-editor\" data-id=\"040f904\" data-element_type=\"widget\" data-widget_type=\"text-editor.default\">\n\t\t\t\t<div class=\"elementor-widget-container\">\n\t\t\t\t\t\t\t<p><strong>Finanzierung<\/strong><br \/>Gemeinn\u00fctzige Gesellschaft des Kantons St.Gallen, Ria &amp; Arthur Dietschweiler Stiftung u.a.<\/p>\t\t\t\t\t\t<\/div>\n\t\t\t\t<\/div>\n\t\t\t\t<div class=\"elementor-element elementor-element-8edbfc4 elementor-widget elementor-widget-text-editor\" data-id=\"8edbfc4\" data-element_type=\"widget\" data-widget_type=\"text-editor.default\">\n\t\t\t\t<div class=\"elementor-widget-container\">\n\t\t\t\t\t\t\t<p><strong>Leitung<\/strong><br \/>Thomas Metzger (PHSG)<\/p>\t\t\t\t\t\t<\/div>\n\t\t\t\t<\/div>\n\t\t\t\t<div class=\"elementor-element elementor-element-5912812 elementor-widget elementor-widget-heading\" data-id=\"5912812\" data-element_type=\"widget\" data-widget_type=\"heading.default\">\n\t\t\t\t<div class=\"elementor-widget-container\">\n\t\t\t<p class=\"elementor-heading-title elementor-size-default\"><a href=\"http:\/\/www.sozialgeschichte.ch\" target=\"_blank\">Zum Projekt<\/a><\/p>\t\t<\/div>\n\t\t\t\t<\/div>\n\t\t\t\t\t<\/div>\n\t\t<\/div>\n\t\t\t\t\t<\/div>\n\t\t<\/section>\n\t\t\t\t<\/div>\n\t\t<\/div>\n\t\t\t\t\t\t\t<\/div>\n\t\t\t\t\t\t<\/div><div class=\"jet-accordion__item jet-toggle jet-toggle-move-up-effect \">\n\t\t\t\t\t\t\t<div id=\"jet-toggle-control-1176\" class=\"jet-toggle__control elementor-menu-anchor\" data-toggle=\"6\" role=\"button\" tabindex=\"0\" aria-controls=\"jet-toggle-content-1176\" aria-expanded=\"false\" data-template-id=\"3460\">\n\t\t\t\t\t\t\t\t<div class=\"jet-toggle__label-icon jet-toggle-icon-position-left\"><span class=\"jet-toggle__icon icon-normal jet-tabs-icon\"><i class=\"fas fa-plus\"><\/i><\/span><span class=\"jet-toggle__icon icon-active jet-tabs-icon\"><i class=\"fas fa-minus\"><\/i><\/span><\/div><div class=\"jet-toggle__label-text\">Jugendkonferenz! SGAIAR*<\/div>\t\t\t\t\t\t\t<\/div>\n\t\t\t\t\t\t\t<div id=\"jet-toggle-content-1176\" class=\"jet-toggle__content\" data-toggle=\"6\" role=\"region\" data-template-id=\"3460\">\n\t\t\t\t\t\t\t\t<div class=\"jet-toggle__content-inner\">\t\t<div data-elementor-type=\"page\" data-elementor-id=\"3460\" class=\"elementor elementor-3460\" data-elementor-post-type=\"elementor_library\">\n\t\t\t\t\t\t<section class=\"elementor-section elementor-top-section elementor-element elementor-element-3bd2024 elementor-section-boxed elementor-section-height-default elementor-section-height-default\" data-id=\"3bd2024\" data-element_type=\"section\" data-settings=\"{&quot;jet_parallax_layout_list&quot;:[],&quot;background_background&quot;:&quot;classic&quot;}\">\n\t\t\t\t\t\t<div class=\"elementor-container elementor-column-gap-default\">\n\t\t\t\t\t<div class=\"elementor-column elementor-col-100 elementor-top-column elementor-element elementor-element-7853b75\" data-id=\"7853b75\" data-element_type=\"column\">\n\t\t\t<div class=\"elementor-widget-wrap elementor-element-populated\">\n\t\t\t\t\t\t<div class=\"elementor-element elementor-element-93146ba elementor-widget elementor-widget-text-editor\" data-id=\"93146ba\" data-element_type=\"widget\" data-widget_type=\"text-editor.default\">\n\t\t\t\t<div class=\"elementor-widget-container\">\n\t\t\t\t\t\t\t<p>Die Jugendkonferenz wurde von der Fachstelle Demokratiebildung und Menschenrechte veranstaltet und von der Stiftung Kinderdorf Pestalozzi umgesetzt. Nach langen Vorarbeiten fand sie vom 27.\u00a0November bis 1.\u00a0Dezember 2023 im Kinderdorf statt. Jugendliche aus vier Schulklassen der Sekundarstufe\u00a0I aus den Kantonen St.Gallen, Appenzell Innerrhoden und Appenzell Ausserrhoden fanden sich zu einem Parlament zusammen, diskutierten verschiedene politische und gesellschaftliche Themen und entwickelten konkrete Aktionen, die sie im Nachgang in ihren Schulgemeinden umsetzten. Angeleitet wurden sie von erfahrenen P\u00e4dagoginnen und P\u00e4dagogen des Kinderdorfs und der PHSG.<\/p>\t\t\t\t\t\t<\/div>\n\t\t\t\t<\/div>\n\t\t\t\t<div class=\"elementor-element elementor-element-c6d6ec5 elementor-widget elementor-widget-text-editor\" data-id=\"c6d6ec5\" data-element_type=\"widget\" data-widget_type=\"text-editor.default\">\n\t\t\t\t<div class=\"elementor-widget-container\">\n\t\t\t\t\t\t\t<p class=\"p1\"><strong>Laufzeit<\/strong><br \/>2021 bis 2023<\/p>\t\t\t\t\t\t<\/div>\n\t\t\t\t<\/div>\n\t\t\t\t<div class=\"elementor-element elementor-element-040f904 elementor-widget elementor-widget-text-editor\" data-id=\"040f904\" data-element_type=\"widget\" data-widget_type=\"text-editor.default\">\n\t\t\t\t<div class=\"elementor-widget-container\">\n\t\t\t\t\t\t\t<p><strong>Finanzierung<\/strong><br \/>Lotteriefonds Appenzell Ausserrhoden, Beisheim-Stiftung, Lienhard-Stiftung, Gemeinn\u00fctzige Gesellschaft des Kantons St.Gallen, Appenzellische Gemeinn\u00fctzige Gesellschaft<\/p>\t\t\t\t\t\t<\/div>\n\t\t\t\t<\/div>\n\t\t\t\t<div class=\"elementor-element elementor-element-8edbfc4 elementor-widget elementor-widget-text-editor\" data-id=\"8edbfc4\" data-element_type=\"widget\" data-widget_type=\"text-editor.default\">\n\t\t\t\t<div class=\"elementor-widget-container\">\n\t\t\t\t\t\t\t<p><strong>Leitung<\/strong><br \/>Nicolai Kozakiewicz (PHSG)<\/p>\t\t\t\t\t\t<\/div>\n\t\t\t\t<\/div>\n\t\t\t\t<div class=\"elementor-element elementor-element-5912812 elementor-widget elementor-widget-heading\" data-id=\"5912812\" data-element_type=\"widget\" data-widget_type=\"heading.default\">\n\t\t\t\t<div class=\"elementor-widget-container\">\n\t\t\t<p class=\"elementor-heading-title elementor-size-default\"><a href=\"https:\/\/www.phsg.ch\/de\/institute\/institut-gesellschaftswissenschaftliche-bildung\/fachstelle-demokratiebildung-und-menschenrechte\/jugendkonferenzsgaiar\" target=\"_blank\">Zum Projekt<\/a><\/p>\t\t<\/div>\n\t\t\t\t<\/div>\n\t\t\t\t\t<\/div>\n\t\t<\/div>\n\t\t\t\t\t<\/div>\n\t\t<\/section>\n\t\t\t\t<\/div>\n\t\t<\/div>\n\t\t\t\t\t\t\t<\/div>\n\t\t\t\t\t\t<\/div><div class=\"jet-accordion__item jet-toggle jet-toggle-move-up-effect \">\n\t\t\t\t\t\t\t<div id=\"jet-toggle-control-1177\" class=\"jet-toggle__control elementor-menu-anchor\" data-toggle=\"7\" role=\"button\" tabindex=\"0\" aria-controls=\"jet-toggle-content-1177\" aria-expanded=\"false\" data-template-id=\"3462\">\n\t\t\t\t\t\t\t\t<div class=\"jet-toggle__label-icon jet-toggle-icon-position-left\"><span class=\"jet-toggle__icon icon-normal jet-tabs-icon\"><i class=\"fas fa-plus\"><\/i><\/span><span class=\"jet-toggle__icon icon-active jet-tabs-icon\"><i class=\"fas fa-minus\"><\/i><\/span><\/div><div class=\"jet-toggle__label-text\">Geschichtenbuch \u00abErz\u00e4hl nochmal\u00bb mit erg\u00e4nzender Website <\/div>\t\t\t\t\t\t\t<\/div>\n\t\t\t\t\t\t\t<div id=\"jet-toggle-content-1177\" class=\"jet-toggle__content\" data-toggle=\"7\" role=\"region\" data-template-id=\"3462\">\n\t\t\t\t\t\t\t\t<div class=\"jet-toggle__content-inner\">\t\t<div data-elementor-type=\"page\" data-elementor-id=\"3462\" class=\"elementor elementor-3462\" data-elementor-post-type=\"elementor_library\">\n\t\t\t\t\t\t<section class=\"elementor-section elementor-top-section elementor-element elementor-element-3bd2024 elementor-section-boxed elementor-section-height-default elementor-section-height-default\" data-id=\"3bd2024\" data-element_type=\"section\" data-settings=\"{&quot;jet_parallax_layout_list&quot;:[],&quot;background_background&quot;:&quot;classic&quot;}\">\n\t\t\t\t\t\t<div class=\"elementor-container elementor-column-gap-default\">\n\t\t\t\t\t<div class=\"elementor-column elementor-col-100 elementor-top-column elementor-element elementor-element-7853b75\" data-id=\"7853b75\" data-element_type=\"column\">\n\t\t\t<div class=\"elementor-widget-wrap elementor-element-populated\">\n\t\t\t\t\t\t<div class=\"elementor-element elementor-element-93146ba elementor-widget elementor-widget-text-editor\" data-id=\"93146ba\" data-element_type=\"widget\" data-widget_type=\"text-editor.default\">\n\t\t\t\t<div class=\"elementor-widget-container\">\n\t\t\t\t\t\t\t<p>Sorgf\u00e4ltig ausgew\u00e4hlte Geschichten aus unterschiedlichen Zeiten, Kulturen und Religionen bilden den Inhalt des Geschichtenbuches. Es soll nicht nur als Lehrmittel im ERG-Unterricht dazu dienen, Sch\u00fclerinnen und Sch\u00fcler f\u00fcr ethische, religi\u00f6se und existenzielle Fragen zu sensibilisieren, sondern auch als Lesebuch f\u00fcr Familien attraktiv sein. Lehrpersonen k\u00f6nnen mithilfe von Ideen auf der erg\u00e4nzenden Website die Kreativit\u00e4t bei Sch\u00fclerinnen und Sch\u00fclern f\u00f6rdern und potenzielle Konfliktfelder des Zusammenlebens mit der Klasse er\u00f6rtern. Innovativ ist insbesondere die Verbindung der schon bekannten Geschichten mit den Kompetenzen aus dem Lehrplan\u00a021.<\/p>\t\t\t\t\t\t<\/div>\n\t\t\t\t<\/div>\n\t\t\t\t<div class=\"elementor-element elementor-element-c6d6ec5 elementor-widget elementor-widget-text-editor\" data-id=\"c6d6ec5\" data-element_type=\"widget\" data-widget_type=\"text-editor.default\">\n\t\t\t\t<div class=\"elementor-widget-container\">\n\t\t\t\t\t\t\t<p class=\"p1\"><strong>Laufzeit<\/strong><br \/>2020 bis 2023<\/p>\t\t\t\t\t\t<\/div>\n\t\t\t\t<\/div>\n\t\t\t\t<div class=\"elementor-element elementor-element-040f904 elementor-widget elementor-widget-text-editor\" data-id=\"040f904\" data-element_type=\"widget\" data-widget_type=\"text-editor.default\">\n\t\t\t\t<div class=\"elementor-widget-container\">\n\t\t\t\t\t\t\t<p><strong>Finanzierung<\/strong><br \/>Stiftung Weltethos, Katholische Kirche des Bistums St.Gallen, Katholische Kirche im Kanton Z\u00fcrich, Evangelisch-Reformierte Kirche des Kantons St.Gallen<\/p>\t\t\t\t\t\t<\/div>\n\t\t\t\t<\/div>\n\t\t\t\t<div class=\"elementor-element elementor-element-8edbfc4 elementor-widget elementor-widget-text-editor\" data-id=\"8edbfc4\" data-element_type=\"widget\" data-widget_type=\"text-editor.default\">\n\t\t\t\t<div class=\"elementor-widget-container\">\n\t\t\t\t\t\t\t<p><strong>Leitung<\/strong><br \/>Rolf Bossart (PHSG)<\/p>\t\t\t\t\t\t<\/div>\n\t\t\t\t<\/div>\n\t\t\t\t<div class=\"elementor-element elementor-element-5912812 elementor-widget elementor-widget-heading\" data-id=\"5912812\" data-element_type=\"widget\" data-widget_type=\"heading.default\">\n\t\t\t\t<div class=\"elementor-widget-container\">\n\t\t\t<p class=\"elementor-heading-title elementor-size-default\"><a href=\"https:\/\/erzaehlnochmal.ch\" target=\"_blank\">Zum Projekt<\/a><\/p>\t\t<\/div>\n\t\t\t\t<\/div>\n\t\t\t\t\t<\/div>\n\t\t<\/div>\n\t\t\t\t\t<\/div>\n\t\t<\/section>\n\t\t\t\t<\/div>\n\t\t<\/div>\n\t\t\t\t\t\t\t<\/div>\n\t\t\t\t\t\t<\/div><div class=\"jet-accordion__item jet-toggle jet-toggle-move-up-effect \">\n\t\t\t\t\t\t\t<div id=\"jet-toggle-control-1178\" class=\"jet-toggle__control elementor-menu-anchor\" data-toggle=\"8\" role=\"button\" tabindex=\"0\" aria-controls=\"jet-toggle-content-1178\" aria-expanded=\"false\" data-template-id=\"3464\">\n\t\t\t\t\t\t\t\t<div class=\"jet-toggle__label-icon jet-toggle-icon-position-left\"><span class=\"jet-toggle__icon icon-normal jet-tabs-icon\"><i class=\"fas fa-plus\"><\/i><\/span><span class=\"jet-toggle__icon icon-active jet-tabs-icon\"><i class=\"fas fa-minus\"><\/i><\/span><\/div><div class=\"jet-toggle__label-text\">Fachdidaktische Entwicklung in \u00abEthik, Religionen, Gemeinschaft\u00bb anhand konkreter Unterrichtseinheiten<\/div>\t\t\t\t\t\t\t<\/div>\n\t\t\t\t\t\t\t<div id=\"jet-toggle-content-1178\" class=\"jet-toggle__content\" data-toggle=\"8\" role=\"region\" data-template-id=\"3464\">\n\t\t\t\t\t\t\t\t<div class=\"jet-toggle__content-inner\">\t\t<div data-elementor-type=\"page\" data-elementor-id=\"3464\" class=\"elementor elementor-3464\" data-elementor-post-type=\"elementor_library\">\n\t\t\t\t\t\t<section class=\"elementor-section elementor-top-section elementor-element elementor-element-3bd2024 elementor-section-boxed elementor-section-height-default elementor-section-height-default\" data-id=\"3bd2024\" data-element_type=\"section\" data-settings=\"{&quot;jet_parallax_layout_list&quot;:[],&quot;background_background&quot;:&quot;classic&quot;}\">\n\t\t\t\t\t\t<div class=\"elementor-container elementor-column-gap-default\">\n\t\t\t\t\t<div class=\"elementor-column elementor-col-100 elementor-top-column elementor-element elementor-element-7853b75\" data-id=\"7853b75\" data-element_type=\"column\">\n\t\t\t<div class=\"elementor-widget-wrap elementor-element-populated\">\n\t\t\t\t\t\t<div class=\"elementor-element elementor-element-93146ba elementor-widget elementor-widget-text-editor\" data-id=\"93146ba\" data-element_type=\"widget\" data-widget_type=\"text-editor.default\">\n\t\t\t\t<div class=\"elementor-widget-container\">\n\t\t\t\t\t\t\t<p>In Zusammenarbeit mit der Stiftung \u00abWeltethos\u00bb werden Unterrichtseinheiten f\u00fcr das Fach \u00abEthik, Religionen, Gemeinschaft\u00bb (ERG) entwickelt. Diese basieren auf dem Lehrplan\u00a021 und werden f\u00fcr alle Stufen der Volksschule entwickelt. In den Zyklen\u00a01 und\u00a02 stellen sie Unterrichtshilfen zu den Geschichten aus \u00abErz\u00e4hl nochmal\u00bb bereit. In Zyklus\u00a03 erg\u00e4nzen sie schwerpunktm\u00e4ssig die Lehrmittel \u00abSchauplatz\u00bb und \u00abSchritte ins Leben\u00bb mit Inhalten aus dem Fokus \u00abReligionen\u00bb, behandeln aber auch weitere gesellschaftsrelevante, soziale sowie ethische Themen. Die Unterrichtseinheiten werden auf der Website der Stiftung \u00abWeltethos\u00bb gratis zur Verf\u00fcgung gestellt.<\/p>\t\t\t\t\t\t<\/div>\n\t\t\t\t<\/div>\n\t\t\t\t<div class=\"elementor-element elementor-element-c6d6ec5 elementor-widget elementor-widget-text-editor\" data-id=\"c6d6ec5\" data-element_type=\"widget\" data-widget_type=\"text-editor.default\">\n\t\t\t\t<div class=\"elementor-widget-container\">\n\t\t\t\t\t\t\t<p class=\"p1\"><strong>Laufzeit<\/strong><br \/>2017 bis 2025<\/p>\t\t\t\t\t\t<\/div>\n\t\t\t\t<\/div>\n\t\t\t\t<div class=\"elementor-element elementor-element-040f904 elementor-widget elementor-widget-text-editor\" data-id=\"040f904\" data-element_type=\"widget\" data-widget_type=\"text-editor.default\">\n\t\t\t\t<div class=\"elementor-widget-container\">\n\t\t\t\t\t\t\t<p><strong>Finanzierung<\/strong><br \/>Stiftung Weltethos<\/p>\t\t\t\t\t\t<\/div>\n\t\t\t\t<\/div>\n\t\t\t\t<div class=\"elementor-element elementor-element-8edbfc4 elementor-widget elementor-widget-text-editor\" data-id=\"8edbfc4\" data-element_type=\"widget\" data-widget_type=\"text-editor.default\">\n\t\t\t\t<div class=\"elementor-widget-container\">\n\t\t\t\t\t\t\t<p><strong>Leitung<\/strong><br \/>Monika Winter-Pf\u00e4ndler (PHSG)<\/p>\t\t\t\t\t\t<\/div>\n\t\t\t\t<\/div>\n\t\t\t\t<div class=\"elementor-element elementor-element-5912812 elementor-widget elementor-widget-heading\" data-id=\"5912812\" data-element_type=\"widget\" data-widget_type=\"heading.default\">\n\t\t\t\t<div class=\"elementor-widget-container\">\n\t\t\t<p class=\"elementor-heading-title elementor-size-default\"><a href=\"https:\/\/www.weltethos.ch\/weltethos-und-bildung\/\" target=\"_blank\">Zum Projekt<\/a><\/p>\t\t<\/div>\n\t\t\t\t<\/div>\n\t\t\t\t\t<\/div>\n\t\t<\/div>\n\t\t\t\t\t<\/div>\n\t\t<\/section>\n\t\t\t\t<\/div>\n\t\t<\/div>\n\t\t\t\t\t\t\t<\/div>\n\t\t\t\t\t\t<\/div><div class=\"jet-accordion__item jet-toggle jet-toggle-move-up-effect \">\n\t\t\t\t\t\t\t<div id=\"jet-toggle-control-1179\" class=\"jet-toggle__control elementor-menu-anchor\" data-toggle=\"9\" role=\"button\" tabindex=\"0\" aria-controls=\"jet-toggle-content-1179\" aria-expanded=\"false\" data-template-id=\"3466\">\n\t\t\t\t\t\t\t\t<div class=\"jet-toggle__label-icon jet-toggle-icon-position-left\"><span class=\"jet-toggle__icon icon-normal jet-tabs-icon\"><i class=\"fas fa-plus\"><\/i><\/span><span class=\"jet-toggle__icon icon-active jet-tabs-icon\"><i class=\"fas fa-minus\"><\/i><\/span><\/div><div class=\"jet-toggle__label-text\">Planungstool ERG<\/div>\t\t\t\t\t\t\t<\/div>\n\t\t\t\t\t\t\t<div id=\"jet-toggle-content-1179\" class=\"jet-toggle__content\" data-toggle=\"9\" role=\"region\" data-template-id=\"3466\">\n\t\t\t\t\t\t\t\t<div class=\"jet-toggle__content-inner\">\t\t<div data-elementor-type=\"page\" data-elementor-id=\"3466\" class=\"elementor elementor-3466\" data-elementor-post-type=\"elementor_library\">\n\t\t\t\t\t\t<section class=\"elementor-section elementor-top-section elementor-element elementor-element-3bd2024 elementor-section-boxed elementor-section-height-default elementor-section-height-default\" data-id=\"3bd2024\" data-element_type=\"section\" data-settings=\"{&quot;jet_parallax_layout_list&quot;:[],&quot;background_background&quot;:&quot;classic&quot;}\">\n\t\t\t\t\t\t<div class=\"elementor-container elementor-column-gap-default\">\n\t\t\t\t\t<div class=\"elementor-column elementor-col-100 elementor-top-column elementor-element elementor-element-7853b75\" data-id=\"7853b75\" data-element_type=\"column\">\n\t\t\t<div class=\"elementor-widget-wrap elementor-element-populated\">\n\t\t\t\t\t\t<div class=\"elementor-element elementor-element-93146ba elementor-widget elementor-widget-text-editor\" data-id=\"93146ba\" data-element_type=\"widget\" data-widget_type=\"text-editor.default\">\n\t\t\t\t<div class=\"elementor-widget-container\">\n\t\t\t\t\t\t\t<p>Das Planungstool bringt Lehrmittel, Inhalte und Unterrichtsideen aus dem Fachbereich \u00abEthik, Religionen, Gemeinschaft\u00bb (ERG) zusammen und stellt dadurch eine Planungshilfe f\u00fcr Lehrpersonen dar. ERG-Kompetenzen aus dem Lehrplan\u00a021 werden durch das Planungstool konkretisiert. Die Themen sind nach Zyklen und Klassenstufen sortiert, indem Unterrichtsvorschl\u00e4ge unterbreitet werden. Durch konkrete Inhalte und Handlungsvorschl\u00e4ge wird der Lebensweltbezug hergestellt und Kompetenzen werden aufgebaut. Das Planungstool ERG dient der Jahresvorbereitung und bietet eine Auswahl an Unterrichtsgegenst\u00e4nden f\u00fcr den ERG-Unterricht.<\/p>\t\t\t\t\t\t<\/div>\n\t\t\t\t<\/div>\n\t\t\t\t<div class=\"elementor-element elementor-element-c6d6ec5 elementor-widget elementor-widget-text-editor\" data-id=\"c6d6ec5\" data-element_type=\"widget\" data-widget_type=\"text-editor.default\">\n\t\t\t\t<div class=\"elementor-widget-container\">\n\t\t\t\t\t\t\t<p class=\"p1\"><strong>Laufzeit<\/strong><br \/>2022 bis 2023<\/p>\t\t\t\t\t\t<\/div>\n\t\t\t\t<\/div>\n\t\t\t\t<div class=\"elementor-element elementor-element-040f904 elementor-widget elementor-widget-text-editor\" data-id=\"040f904\" data-element_type=\"widget\" data-widget_type=\"text-editor.default\">\n\t\t\t\t<div class=\"elementor-widget-container\">\n\t\t\t\t\t\t\t<p><strong>Finanzierung<\/strong><br \/>PHSG<\/p>\t\t\t\t\t\t<\/div>\n\t\t\t\t<\/div>\n\t\t\t\t<div class=\"elementor-element elementor-element-8edbfc4 elementor-widget elementor-widget-text-editor\" data-id=\"8edbfc4\" data-element_type=\"widget\" data-widget_type=\"text-editor.default\">\n\t\t\t\t<div class=\"elementor-widget-container\">\n\t\t\t\t\t\t\t<p><strong>Leitung<\/strong><br \/>Monika Winter-Pf\u00e4ndler (PHSG), Michael Zahner (PHSG)<\/p>\t\t\t\t\t\t<\/div>\n\t\t\t\t<\/div>\n\t\t\t\t<div class=\"elementor-element elementor-element-5912812 elementor-widget elementor-widget-heading\" data-id=\"5912812\" data-element_type=\"widget\" data-widget_type=\"heading.default\">\n\t\t\t\t<div class=\"elementor-widget-container\">\n\t\t\t<p class=\"elementor-heading-title elementor-size-default\"><a href=\"https:\/\/www.phsg.ch\/de\/institute\/institut-gesellschaftswissenschaftliche-bildung\/fachstelle-kial\/planungstool-erg\" target=\"_blank\">Zum Projekt<\/a><\/p>\t\t<\/div>\n\t\t\t\t<\/div>\n\t\t\t\t\t<\/div>\n\t\t<\/div>\n\t\t\t\t\t<\/div>\n\t\t<\/section>\n\t\t\t\t<\/div>\n\t\t<\/div>\n\t\t\t\t\t\t\t<\/div>\n\t\t\t\t\t\t<\/div><div class=\"jet-accordion__item jet-toggle jet-toggle-move-up-effect \">\n\t\t\t\t\t\t\t<div id=\"jet-toggle-control-11710\" class=\"jet-toggle__control elementor-menu-anchor\" data-toggle=\"10\" role=\"button\" tabindex=\"0\" aria-controls=\"jet-toggle-content-11710\" aria-expanded=\"false\" data-template-id=\"3468\">\n\t\t\t\t\t\t\t\t<div class=\"jet-toggle__label-icon jet-toggle-icon-position-left\"><span class=\"jet-toggle__icon icon-normal jet-tabs-icon\"><i class=\"fas fa-plus\"><\/i><\/span><span class=\"jet-toggle__icon icon-active jet-tabs-icon\"><i class=\"fas fa-minus\"><\/i><\/span><\/div><div class=\"jet-toggle__label-text\">Interreligi\u00f6ses Lernen im Fach ERG an der PHSG<\/div>\t\t\t\t\t\t\t<\/div>\n\t\t\t\t\t\t\t<div id=\"jet-toggle-content-11710\" class=\"jet-toggle__content\" data-toggle=\"10\" role=\"region\" data-template-id=\"3468\">\n\t\t\t\t\t\t\t\t<div class=\"jet-toggle__content-inner\">\t\t<div data-elementor-type=\"page\" data-elementor-id=\"3468\" class=\"elementor elementor-3468\" data-elementor-post-type=\"elementor_library\">\n\t\t\t\t\t\t<section class=\"elementor-section elementor-top-section elementor-element elementor-element-3bd2024 elementor-section-boxed elementor-section-height-default elementor-section-height-default\" data-id=\"3bd2024\" data-element_type=\"section\" data-settings=\"{&quot;jet_parallax_layout_list&quot;:[],&quot;background_background&quot;:&quot;classic&quot;}\">\n\t\t\t\t\t\t<div class=\"elementor-container elementor-column-gap-default\">\n\t\t\t\t\t<div class=\"elementor-column elementor-col-100 elementor-top-column elementor-element elementor-element-7853b75\" data-id=\"7853b75\" data-element_type=\"column\">\n\t\t\t<div class=\"elementor-widget-wrap elementor-element-populated\">\n\t\t\t\t\t\t<div class=\"elementor-element elementor-element-93146ba elementor-widget elementor-widget-text-editor\" data-id=\"93146ba\" data-element_type=\"widget\" data-widget_type=\"text-editor.default\">\n\t\t\t\t<div class=\"elementor-widget-container\">\n\t\t\t\t\t\t\t<p>Die Wirksamkeit interreligi\u00f6sen Lernens wurde aufbauend auf eine vorg\u00e4ngige Studie untersucht, indem die Stichprobe vergr\u00f6ssert wurde. Die Dimensionen von Religion und die Religionserschliessungsmodi nach Karlo Meyer spielen eine wichtige Rolle bei der Analyse des Datenmaterials und der Darstellung der Ergebnisse. Basierend auf den Erkenntnissen dieser Arbeit k\u00f6nnen an der PHSG zuk\u00fcnftig Ausbildungsmodule zu interreligi\u00f6sem Lernen optimiert werden und weitere Forschungsdesiderate als m\u00f6gliche Anschlussprojekte formuliert werden.<\/p>\t\t\t\t\t\t<\/div>\n\t\t\t\t<\/div>\n\t\t\t\t<div class=\"elementor-element elementor-element-c6d6ec5 elementor-widget elementor-widget-text-editor\" data-id=\"c6d6ec5\" data-element_type=\"widget\" data-widget_type=\"text-editor.default\">\n\t\t\t\t<div class=\"elementor-widget-container\">\n\t\t\t\t\t\t\t<p class=\"p1\"><strong>Laufzeit<\/strong><br \/>2022 bis 2023<\/p>\t\t\t\t\t\t<\/div>\n\t\t\t\t<\/div>\n\t\t\t\t<div class=\"elementor-element elementor-element-040f904 elementor-widget elementor-widget-text-editor\" data-id=\"040f904\" data-element_type=\"widget\" data-widget_type=\"text-editor.default\">\n\t\t\t\t<div class=\"elementor-widget-container\">\n\t\t\t\t\t\t\t<p><strong>Finanzierung<\/strong><br \/>PHSG-KIAL<\/p>\t\t\t\t\t\t<\/div>\n\t\t\t\t<\/div>\n\t\t\t\t<div class=\"elementor-element elementor-element-8edbfc4 elementor-widget elementor-widget-text-editor\" data-id=\"8edbfc4\" data-element_type=\"widget\" data-widget_type=\"text-editor.default\">\n\t\t\t\t<div class=\"elementor-widget-container\">\n\t\t\t\t\t\t\t<p><strong>Leitung<\/strong><br \/>Nadire Mustafi (PHSG)<\/p>\t\t\t\t\t\t<\/div>\n\t\t\t\t<\/div>\n\t\t\t\t<div class=\"elementor-element elementor-element-5912812 elementor-widget elementor-widget-heading\" data-id=\"5912812\" data-element_type=\"widget\" data-widget_type=\"heading.default\">\n\t\t\t\t<div class=\"elementor-widget-container\">\n\t\t\t<p class=\"elementor-heading-title elementor-size-default\"><a href=\"https:\/\/www.phsg.ch\/de\/institute\/institut-gesellschaftswissenschaftliche-bildung\/fachstelle-kial\/aktivitaeten-und-publikationen\" target=\"_blank\">Zum Projekt<\/a><\/p>\t\t<\/div>\n\t\t\t\t<\/div>\n\t\t\t\t\t<\/div>\n\t\t<\/div>\n\t\t\t\t\t<\/div>\n\t\t<\/section>\n\t\t\t\t<\/div>\n\t\t<\/div>\n\t\t\t\t\t\t\t<\/div>\n\t\t\t\t\t\t<\/div><div class=\"jet-accordion__item jet-toggle jet-toggle-move-up-effect \">\n\t\t\t\t\t\t\t<div id=\"jet-toggle-control-11711\" class=\"jet-toggle__control elementor-menu-anchor\" data-toggle=\"11\" role=\"button\" tabindex=\"0\" aria-controls=\"jet-toggle-content-11711\" aria-expanded=\"false\" data-template-id=\"3470\">\n\t\t\t\t\t\t\t\t<div class=\"jet-toggle__label-icon jet-toggle-icon-position-left\"><span class=\"jet-toggle__icon icon-normal jet-tabs-icon\"><i class=\"fas fa-plus\"><\/i><\/span><span class=\"jet-toggle__icon icon-active jet-tabs-icon\"><i class=\"fas fa-minus\"><\/i><\/span><\/div><div class=\"jet-toggle__label-text\">Fachdidaktische Grundlegungen f\u00fcr einen kompetenz&shy;orientierten Unterricht in Ethik, Religionskunde und Sozialkunde mit Bildung f\u00fcr Nachhaltige Entwicklung<\/div>\t\t\t\t\t\t\t<\/div>\n\t\t\t\t\t\t\t<div id=\"jet-toggle-content-11711\" class=\"jet-toggle__content\" data-toggle=\"11\" role=\"region\" data-template-id=\"3470\">\n\t\t\t\t\t\t\t\t<div class=\"jet-toggle__content-inner\">\t\t<div data-elementor-type=\"page\" data-elementor-id=\"3470\" class=\"elementor elementor-3470\" data-elementor-post-type=\"elementor_library\">\n\t\t\t\t\t\t<section class=\"elementor-section elementor-top-section elementor-element elementor-element-3bd2024 elementor-section-boxed elementor-section-height-default elementor-section-height-default\" data-id=\"3bd2024\" data-element_type=\"section\" data-settings=\"{&quot;jet_parallax_layout_list&quot;:[],&quot;background_background&quot;:&quot;classic&quot;}\">\n\t\t\t\t\t\t<div class=\"elementor-container elementor-column-gap-default\">\n\t\t\t\t\t<div class=\"elementor-column elementor-col-100 elementor-top-column elementor-element elementor-element-7853b75\" data-id=\"7853b75\" data-element_type=\"column\">\n\t\t\t<div class=\"elementor-widget-wrap elementor-element-populated\">\n\t\t\t\t\t\t<div class=\"elementor-element elementor-element-93146ba elementor-widget elementor-widget-text-editor\" data-id=\"93146ba\" data-element_type=\"widget\" data-widget_type=\"text-editor.default\">\n\t\t\t\t<div class=\"elementor-widget-container\">\n\t\t\t\t\t\t\t<p>Das Publikationsprojekt \u00abFachdidaktische Grundlegungen ERG mit BNE\u00bb umfasst f\u00fcnf Hefte (je 50\u00a0Seiten) in einem Schuber (auch als E-Book erh\u00e4ltlich), die aktuelle, forschungsbasierte fachdidaktische Grundlagen mit inhaltlichen und praxisorientierten Auslegungen f\u00fcr die Aus- und Weiterbildung zur Verf\u00fcgung stellen. Von der Fachschaft ERG wird in Heft\u00a03 je ein erprobtes Unterrichtsbeispiel f\u00fcr Zyklus\u00a02 und Zyklus\u00a03 publiziert, um fachdidaktische Zug\u00e4nge f\u00fcr Unterricht und Lernen in den drei ERG-Teilbereichen vorzustellen und das mehrperspektivische und ko-konstruktivistische Lehr- und Lernverst\u00e4ndnis des \u00fcbergeordneten Fachbereichs NMG zu implementieren.<\/p>\t\t\t\t\t\t<\/div>\n\t\t\t\t<\/div>\n\t\t\t\t<div class=\"elementor-element elementor-element-c6d6ec5 elementor-widget elementor-widget-text-editor\" data-id=\"c6d6ec5\" data-element_type=\"widget\" data-widget_type=\"text-editor.default\">\n\t\t\t\t<div class=\"elementor-widget-container\">\n\t\t\t\t\t\t\t<p class=\"p1\"><strong>Laufzeit<\/strong><br \/>2022 bis 2023<\/p>\t\t\t\t\t\t<\/div>\n\t\t\t\t<\/div>\n\t\t\t\t<div class=\"elementor-element elementor-element-040f904 elementor-widget elementor-widget-text-editor\" data-id=\"040f904\" data-element_type=\"widget\" data-widget_type=\"text-editor.default\">\n\t\t\t\t<div class=\"elementor-widget-container\">\n\t\t\t\t\t\t\t<p><strong>Finanzierung<\/strong><br \/>PHSG<\/p>\t\t\t\t\t\t<\/div>\n\t\t\t\t<\/div>\n\t\t\t\t<div class=\"elementor-element elementor-element-8edbfc4 elementor-widget elementor-widget-text-editor\" data-id=\"8edbfc4\" data-element_type=\"widget\" data-widget_type=\"text-editor.default\">\n\t\t\t\t<div class=\"elementor-widget-container\">\n\t\t\t\t\t\t\t<p><strong>Leitung<\/strong><br \/>Rolf Bossart (PHSG), Monika Winter-Pf\u00e4ndler (PHSG), Michael Zahner (PHSG)<\/p>\t\t\t\t\t\t<\/div>\n\t\t\t\t<\/div>\n\t\t\t\t<div class=\"elementor-element elementor-element-5912812 elementor-widget elementor-widget-heading\" data-id=\"5912812\" data-element_type=\"widget\" data-widget_type=\"heading.default\">\n\t\t\t\t<div class=\"elementor-widget-container\">\n\t\t\t<p class=\"elementor-heading-title elementor-size-default\"><a href=\"https:\/\/www.phsg.ch\/de\/institute\/institut-gesellschaftswissenschaftliche-bildung\/fachstelle-kial\/aktivitaeten-und-publikationen\" target=\"_blank\">Zum Projekt<\/a><\/p>\t\t<\/div>\n\t\t\t\t<\/div>\n\t\t\t\t\t<\/div>\n\t\t<\/div>\n\t\t\t\t\t<\/div>\n\t\t<\/section>\n\t\t\t\t<\/div>\n\t\t<\/div>\n\t\t\t\t\t\t\t<\/div>\n\t\t\t\t\t\t<\/div><div class=\"jet-accordion__item jet-toggle jet-toggle-move-up-effect \">\n\t\t\t\t\t\t\t<div id=\"jet-toggle-control-11712\" class=\"jet-toggle__control elementor-menu-anchor\" data-toggle=\"12\" role=\"button\" tabindex=\"0\" aria-controls=\"jet-toggle-content-11712\" aria-expanded=\"false\" data-template-id=\"3472\">\n\t\t\t\t\t\t\t\t<div class=\"jet-toggle__label-icon jet-toggle-icon-position-left\"><span class=\"jet-toggle__icon icon-normal jet-tabs-icon\"><i class=\"fas fa-plus\"><\/i><\/span><span class=\"jet-toggle__icon icon-active jet-tabs-icon\"><i class=\"fas fa-minus\"><\/i><\/span><\/div><div class=\"jet-toggle__label-text\">Die Umsetzung des Integrationsfaches RZG im Kanton St.Gallen<\/div>\t\t\t\t\t\t\t<\/div>\n\t\t\t\t\t\t\t<div id=\"jet-toggle-content-11712\" class=\"jet-toggle__content\" data-toggle=\"12\" role=\"region\" data-template-id=\"3472\">\n\t\t\t\t\t\t\t\t<div class=\"jet-toggle__content-inner\">\t\t<div data-elementor-type=\"page\" data-elementor-id=\"3472\" class=\"elementor elementor-3472\" data-elementor-post-type=\"elementor_library\">\n\t\t\t\t\t\t<section class=\"elementor-section elementor-top-section elementor-element elementor-element-3bd2024 elementor-section-boxed elementor-section-height-default elementor-section-height-default\" data-id=\"3bd2024\" data-element_type=\"section\" data-settings=\"{&quot;jet_parallax_layout_list&quot;:[],&quot;background_background&quot;:&quot;classic&quot;}\">\n\t\t\t\t\t\t<div class=\"elementor-container elementor-column-gap-default\">\n\t\t\t\t\t<div class=\"elementor-column elementor-col-100 elementor-top-column elementor-element elementor-element-7853b75\" data-id=\"7853b75\" data-element_type=\"column\">\n\t\t\t<div class=\"elementor-widget-wrap elementor-element-populated\">\n\t\t\t\t\t\t<div class=\"elementor-element elementor-element-93146ba elementor-widget elementor-widget-text-editor\" data-id=\"93146ba\" data-element_type=\"widget\" data-widget_type=\"text-editor.default\">\n\t\t\t\t<div class=\"elementor-widget-container\">\n\t\t\t\t\t\t\t<p>Mit dem Lehrplan\u00a021 wurde im Kanton St.Gallen das Integrationsfach \u00abR\u00e4ume, Zeiten und Gesellschaften\u00bb (RZG) eingef\u00fchrt, das Geschichte und Geografie in einem gemeinsamen Schulfach zusammenf\u00fchrt. \u00dcber die praktische Umsetzung im Unterricht ist bislang aber nichts bekannt. Die Befragung von Lehrpersonen soll Auskunft \u00fcber die Voraussetzungen und die Umsetzung des neuen Schulfachs in der Praxis geben. Die Ergebnisse erm\u00f6glichen R\u00fcckschl\u00fcsse hinsichtlich der Konzeption spezifischer Aus- und Weiterbildungsangebote f\u00fcr Lehrpersonen und erschliessen Forschungsdesiderate.<\/p>\t\t\t\t\t\t<\/div>\n\t\t\t\t<\/div>\n\t\t\t\t<div class=\"elementor-element elementor-element-c6d6ec5 elementor-widget elementor-widget-text-editor\" data-id=\"c6d6ec5\" data-element_type=\"widget\" data-widget_type=\"text-editor.default\">\n\t\t\t\t<div class=\"elementor-widget-container\">\n\t\t\t\t\t\t\t<p class=\"p1\"><strong>Laufzeit<\/strong><br \/>2022 bis 2024<\/p>\t\t\t\t\t\t<\/div>\n\t\t\t\t<\/div>\n\t\t\t\t<div class=\"elementor-element elementor-element-040f904 elementor-widget elementor-widget-text-editor\" data-id=\"040f904\" data-element_type=\"widget\" data-widget_type=\"text-editor.default\">\n\t\t\t\t<div class=\"elementor-widget-container\">\n\t\t\t\t\t\t\t<p><strong>Finanzierung<\/strong><br \/>PHSG<\/p>\t\t\t\t\t\t<\/div>\n\t\t\t\t<\/div>\n\t\t\t\t<div class=\"elementor-element elementor-element-8edbfc4 elementor-widget elementor-widget-text-editor\" data-id=\"8edbfc4\" data-element_type=\"widget\" data-widget_type=\"text-editor.default\">\n\t\t\t\t<div class=\"elementor-widget-container\">\n\t\t\t\t\t\t\t<p><strong>Leitung<\/strong><br \/>Rolf B\u00fcrki (PHSG), Helene M\u00fchlestein (PHSG)<\/p>\t\t\t\t\t\t<\/div>\n\t\t\t\t<\/div>\n\t\t\t\t\t<\/div>\n\t\t<\/div>\n\t\t\t\t\t<\/div>\n\t\t<\/section>\n\t\t\t\t<\/div>\n\t\t<\/div>\n\t\t\t\t\t\t\t<\/div>\n\t\t\t\t\t\t<\/div>\t\t\t\t\t\t\t\t<\/div>\n\t\t<\/div>\n\t\t\t\t<\/div>\n\t\t\t\t<\/div>\n\t\t\t\t<div class=\"elementor-element elementor-element-bfed773 elementor-widget elementor-widget-spacer\" data-id=\"bfed773\" data-element_type=\"widget\" data-widget_type=\"spacer.default\">\n\t\t\t\t<div class=\"elementor-widget-container\">\n\t\t\t\t\t<div class=\"elementor-spacer\">\n\t\t\t<div class=\"elementor-spacer-inner\"><\/div>\n\t\t<\/div>\n\t\t\t\t<\/div>\n\t\t\t\t<\/div>\n\t\t\t\t<\/div>\n\t\t\t\t\t<\/div>\n\t\t\t\t<\/div>\n\t\t<div class=\"elementor-element elementor-element-27f529d e-flex e-con-boxed e-con e-parent\" data-id=\"27f529d\" data-element_type=\"container\" data-settings=\"{&quot;jet_parallax_layout_list&quot;:[]}\">\n\t\t\t\t\t<div class=\"e-con-inner\">\n\t\t<div class=\"elementor-element elementor-element-281684f e-con-full e-flex e-con e-child\" data-id=\"281684f\" data-element_type=\"container\" data-settings=\"{&quot;jet_parallax_layout_list&quot;:[]}\">\n\t\t\t\t<div class=\"elementor-element elementor-element-4007b09 elementor-widget elementor-widget-template\" data-id=\"4007b09\" data-element_type=\"widget\" data-widget_type=\"template.default\">\n\t\t\t\t<div class=\"elementor-widget-container\">\n\t\t\t\t\t<div class=\"elementor-template\">\n\t\t\t\t\t<div data-elementor-type=\"section\" data-elementor-id=\"725\" class=\"elementor elementor-725\" data-elementor-post-type=\"elementor_library\">\n\t\t\t<div class=\"elementor-element elementor-element-e3892ea e-flex e-con-boxed e-con e-child\" data-id=\"e3892ea\" data-element_type=\"container\" data-settings=\"{&quot;jet_parallax_layout_list&quot;:[]}\">\n\t\t\t\t\t<div class=\"e-con-inner\">\n\t\t\t\t<div class=\"elementor-element elementor-element-887b501 elementor-widget elementor-widget-spacer\" data-id=\"887b501\" data-element_type=\"widget\" data-widget_type=\"spacer.default\">\n\t\t\t\t<div class=\"elementor-widget-container\">\n\t\t\t\t\t<div class=\"elementor-spacer\">\n\t\t\t<div class=\"elementor-spacer-inner\"><\/div>\n\t\t<\/div>\n\t\t\t\t<\/div>\n\t\t\t\t<\/div>\n\t\t\t\t<div class=\"elementor-element elementor-element-db30c76 elementor-widget elementor-widget-heading\" data-id=\"db30c76\" data-element_type=\"widget\" data-widget_type=\"heading.default\">\n\t\t\t\t<div class=\"elementor-widget-container\">\n\t\t\t<h3 class=\"elementor-heading-title elementor-size-default\">Weitere Themen, die Sie interessieren k\u00f6nnten<\/h3>\t\t<\/div>\n\t\t\t\t<\/div>\n\t\t\t\t<div class=\"elementor-element elementor-element-7d3c3e5 elementor-hidden-tablet elementor-widget elementor-widget-raven-posts\" data-id=\"7d3c3e5\" data-element_type=\"widget\" data-settings=\"{&quot;classic_columns&quot;:&quot;4&quot;,&quot;query_posts_per_page&quot;:4,&quot;classic_columns_tablet&quot;:&quot;3&quot;,&quot;_skin&quot;:&quot;classic&quot;,&quot;classic_layout&quot;:&quot;grid&quot;,&quot;classic_columns_mobile&quot;:&quot;1&quot;,&quot;query_offset&quot;:0}\" data-widget_type=\"raven-posts.classic\">\n\t\t\t\t<div class=\"elementor-widget-container\">\n\t\t\t\t\t<div class=\"raven-posts raven-grid raven-grid-4 raven-grid-mobile-1 raven-grid-tablet-3\" data-post-id=\"725\" data-archive-query=\"\" data-lang=\"\">\n\t\t\t\t<div class=\"raven-grid-item raven-post-item post-2968 page type-page status-publish has-post-thumbnail hentry\">\n\t\t\t<div class=\"raven-post elementor-animation-grow\">\n\t\t\t\t\t\t<div class=\"raven-post-image-wrap\">\n\t\t\t<a class=\"raven-post-image raven-image-fit\" href=\"https:\/\/phsg-forschungsbericht.ch\/2022-2023\/fokus\/institut-schule-und-profession\/\"><img decoding=\"async\" width=\"1200\" height=\"630\" src=\"https:\/\/phsg-forschungsbericht.ch\/2022-2023\/wp-content\/uploads\/sites\/3\/phsg-forschungsbericht-weitere-themen-fokus-isp.jpg\" class=\"attachment-large size-large wp-image-4052\" alt=\"\" srcset=\"https:\/\/phsg-forschungsbericht.ch\/2022-2023\/wp-content\/uploads\/sites\/3\/phsg-forschungsbericht-weitere-themen-fokus-isp.jpg 1200w, https:\/\/phsg-forschungsbericht.ch\/2022-2023\/wp-content\/uploads\/sites\/3\/phsg-forschungsbericht-weitere-themen-fokus-isp-768x403.jpg 768w\" sizes=\"(max-width: 1200px) 100vw, 1200px\" \/> <span class=\"raven-post-image-overlay\"><\/span><\/a>\t\t<\/div>\n\t\t\t\t\t\t<div class=\"raven-post-content\">\n\t\t\t\t\t<h3 class=\"raven-post-title\"><a class=\"raven-post-title-link\" href=\"https:\/\/phsg-forschungsbericht.ch\/2022-2023\/fokus\/institut-schule-und-profession\/\">Institut Schule und Profession<\/a><\/h3>\t\t\t\t<\/div>\n\t\t\t<\/div>\n\t\t<\/div>\n\t\t\t\t<div class=\"raven-grid-item raven-post-item post-2885 page type-page status-publish has-post-thumbnail hentry\">\n\t\t\t<div class=\"raven-post elementor-animation-grow\">\n\t\t\t\t\t\t<div class=\"raven-post-image-wrap\">\n\t\t\t<a class=\"raven-post-image raven-image-fit\" href=\"https:\/\/phsg-forschungsbericht.ch\/2022-2023\/fokus\/institut-sprachliche-und-literarische-bildung\/\"><img decoding=\"async\" width=\"1200\" height=\"630\" src=\"https:\/\/phsg-forschungsbericht.ch\/2022-2023\/wp-content\/uploads\/sites\/3\/Institut-Fachdidaktik-Sprachen-Weitere-Themen-PHSG-Forschungsbericht-20202021.jpg\" class=\"attachment-large size-large wp-image-2514\" alt=\"\" srcset=\"https:\/\/phsg-forschungsbericht.ch\/2022-2023\/wp-content\/uploads\/sites\/3\/Institut-Fachdidaktik-Sprachen-Weitere-Themen-PHSG-Forschungsbericht-20202021.jpg 1200w, https:\/\/phsg-forschungsbericht.ch\/2022-2023\/wp-content\/uploads\/sites\/3\/Institut-Fachdidaktik-Sprachen-Weitere-Themen-PHSG-Forschungsbericht-20202021-768x403.jpg 768w\" sizes=\"(max-width: 1200px) 100vw, 1200px\" \/> <span class=\"raven-post-image-overlay\"><\/span><\/a>\t\t<\/div>\n\t\t\t\t\t\t<div class=\"raven-post-content\">\n\t\t\t\t\t<h3 class=\"raven-post-title\"><a class=\"raven-post-title-link\" href=\"https:\/\/phsg-forschungsbericht.ch\/2022-2023\/fokus\/institut-sprachliche-und-literarische-bildung\/\">Institut Sprachliche und Literarische Bildung<\/a><\/h3>\t\t\t\t<\/div>\n\t\t\t<\/div>\n\t\t<\/div>\n\t\t\t\t<div class=\"raven-grid-item raven-post-item post-302 page type-page status-publish has-post-thumbnail hentry\">\n\t\t\t<div class=\"raven-post elementor-animation-grow\">\n\t\t\t\t\t\t<div class=\"raven-post-image-wrap\">\n\t\t\t<a class=\"raven-post-image raven-image-fit\" href=\"https:\/\/phsg-forschungsbericht.ch\/2022-2023\/fokus\/\"><img loading=\"lazy\" decoding=\"async\" width=\"1200\" height=\"630\" src=\"https:\/\/phsg-forschungsbericht.ch\/2022-2023\/wp-content\/uploads\/sites\/3\/phsg-forschungsbericht-weitere-themen-fokus.jpg\" class=\"attachment-large size-large wp-image-4095\" alt=\"\" srcset=\"https:\/\/phsg-forschungsbericht.ch\/2022-2023\/wp-content\/uploads\/sites\/3\/phsg-forschungsbericht-weitere-themen-fokus.jpg 1200w, https:\/\/phsg-forschungsbericht.ch\/2022-2023\/wp-content\/uploads\/sites\/3\/phsg-forschungsbericht-weitere-themen-fokus-768x403.jpg 768w\" sizes=\"(max-width: 1200px) 100vw, 1200px\" \/> <span class=\"raven-post-image-overlay\"><\/span><\/a>\t\t<\/div>\n\t\t\t\t\t\t<div class=\"raven-post-content\">\n\t\t\t\t\t<h3 class=\"raven-post-title\"><a class=\"raven-post-title-link\" href=\"https:\/\/phsg-forschungsbericht.ch\/2022-2023\/fokus\/\">Fokus<\/a><\/h3>\t\t\t\t<\/div>\n\t\t\t<\/div>\n\t\t<\/div>\n\t\t\t\t<div class=\"raven-grid-item raven-post-item post-2920 page type-page status-publish has-post-thumbnail hentry\">\n\t\t\t<div class=\"raven-post elementor-animation-grow\">\n\t\t\t\t\t\t<div class=\"raven-post-image-wrap\">\n\t\t\t<a class=\"raven-post-image raven-image-fit\" href=\"https:\/\/phsg-forschungsbericht.ch\/2022-2023\/fokus\/institut-fruehe-bildung-0-bis-8\/\"><img loading=\"lazy\" decoding=\"async\" width=\"1200\" height=\"630\" src=\"https:\/\/phsg-forschungsbericht.ch\/2022-2023\/wp-content\/uploads\/sites\/3\/phsg-forschungsbericht-weitere-themen-fokus-ifb.jpg\" class=\"attachment-large size-large wp-image-4049\" alt=\"\" srcset=\"https:\/\/phsg-forschungsbericht.ch\/2022-2023\/wp-content\/uploads\/sites\/3\/phsg-forschungsbericht-weitere-themen-fokus-ifb.jpg 1200w, https:\/\/phsg-forschungsbericht.ch\/2022-2023\/wp-content\/uploads\/sites\/3\/phsg-forschungsbericht-weitere-themen-fokus-ifb-768x403.jpg 768w\" sizes=\"(max-width: 1200px) 100vw, 1200px\" \/> <span class=\"raven-post-image-overlay\"><\/span><\/a>\t\t<\/div>\n\t\t\t\t\t\t<div class=\"raven-post-content\">\n\t\t\t\t\t<h3 class=\"raven-post-title\"><a class=\"raven-post-title-link\" href=\"https:\/\/phsg-forschungsbericht.ch\/2022-2023\/fokus\/institut-fruehe-bildung-0-bis-8\/\">Institut Fr\u00fche Bildung 0 bis 8<\/a><\/h3>\t\t\t\t<\/div>\n\t\t\t<\/div>\n\t\t<\/div>\n\t\t\t\t<\/div>\n\t\t\t\t<\/div>\n\t\t\t\t<\/div>\n\t\t\t\t<div class=\"elementor-element elementor-element-e933b79 elementor-hidden-desktop elementor-hidden-mobile elementor-widget elementor-widget-raven-posts\" data-id=\"e933b79\" data-element_type=\"widget\" data-settings=\"{&quot;classic_columns&quot;:&quot;4&quot;,&quot;query_posts_per_page&quot;:3,&quot;classic_columns_tablet&quot;:&quot;3&quot;,&quot;_skin&quot;:&quot;classic&quot;,&quot;classic_layout&quot;:&quot;grid&quot;,&quot;classic_columns_mobile&quot;:&quot;1&quot;,&quot;query_offset&quot;:0}\" data-widget_type=\"raven-posts.classic\">\n\t\t\t\t<div class=\"elementor-widget-container\">\n\t\t\t\t\t<div class=\"raven-posts raven-grid raven-grid-4 raven-grid-mobile-1 raven-grid-tablet-3\" data-post-id=\"725\" data-archive-query=\"\" data-lang=\"\">\n\t\t\t\t<div class=\"raven-grid-item raven-post-item post-2987 page type-page status-publish has-post-thumbnail hentry\">\n\t\t\t<div class=\"raven-post elementor-animation-grow\">\n\t\t\t\t\t\t<div class=\"raven-post-image-wrap\">\n\t\t\t<a class=\"raven-post-image raven-image-fit\" href=\"https:\/\/phsg-forschungsbericht.ch\/2022-2023\/wissenschaftlicher-nachwuchs\/\"><img loading=\"lazy\" decoding=\"async\" width=\"1200\" height=\"630\" src=\"https:\/\/phsg-forschungsbericht.ch\/2022-2023\/wp-content\/uploads\/sites\/3\/phsg-forschungsbericht-weitere-themen-wissenschaftlicher-nachwuchs.jpg\" class=\"attachment-large size-large wp-image-4054\" alt=\"\" srcset=\"https:\/\/phsg-forschungsbericht.ch\/2022-2023\/wp-content\/uploads\/sites\/3\/phsg-forschungsbericht-weitere-themen-wissenschaftlicher-nachwuchs.jpg 1200w, https:\/\/phsg-forschungsbericht.ch\/2022-2023\/wp-content\/uploads\/sites\/3\/phsg-forschungsbericht-weitere-themen-wissenschaftlicher-nachwuchs-768x403.jpg 768w\" sizes=\"(max-width: 1200px) 100vw, 1200px\" \/> <span class=\"raven-post-image-overlay\"><\/span><\/a>\t\t<\/div>\n\t\t\t\t\t\t<div class=\"raven-post-content\">\n\t\t\t\t\t<h3 class=\"raven-post-title\"><a class=\"raven-post-title-link\" href=\"https:\/\/phsg-forschungsbericht.ch\/2022-2023\/wissenschaftlicher-nachwuchs\/\">Wissenschaftlicher Nachwuchs<\/a><\/h3>\t\t\t\t<\/div>\n\t\t\t<\/div>\n\t\t<\/div>\n\t\t\t\t<div class=\"raven-grid-item raven-post-item post-3450 page type-page status-publish has-post-thumbnail hentry\">\n\t\t\t<div class=\"raven-post elementor-animation-grow\">\n\t\t\t\t\t\t<div class=\"raven-post-image-wrap\">\n\t\t\t<a class=\"raven-post-image raven-image-fit\" href=\"https:\/\/phsg-forschungsbericht.ch\/2022-2023\/fokus\/zentrum-berufspraktische-studien\/\"><img loading=\"lazy\" decoding=\"async\" width=\"1200\" height=\"630\" src=\"https:\/\/phsg-forschungsbericht.ch\/2022-2023\/wp-content\/uploads\/sites\/3\/phsg-forschungsbericht-weitere-themen-fokus-zbps.jpg\" class=\"attachment-large size-large wp-image-4061\" alt=\"\" srcset=\"https:\/\/phsg-forschungsbericht.ch\/2022-2023\/wp-content\/uploads\/sites\/3\/phsg-forschungsbericht-weitere-themen-fokus-zbps.jpg 1200w, https:\/\/phsg-forschungsbericht.ch\/2022-2023\/wp-content\/uploads\/sites\/3\/phsg-forschungsbericht-weitere-themen-fokus-zbps-768x403.jpg 768w\" sizes=\"(max-width: 1200px) 100vw, 1200px\" \/> <span class=\"raven-post-image-overlay\"><\/span><\/a>\t\t<\/div>\n\t\t\t\t\t\t<div class=\"raven-post-content\">\n\t\t\t\t\t<h3 class=\"raven-post-title\"><a class=\"raven-post-title-link\" href=\"https:\/\/phsg-forschungsbericht.ch\/2022-2023\/fokus\/zentrum-berufspraktische-studien\/\">Zentrum Berufspraktische Studien<\/a><\/h3>\t\t\t\t<\/div>\n\t\t\t<\/div>\n\t\t<\/div>\n\t\t\t\t<div class=\"raven-grid-item raven-post-item post-2885 page type-page status-publish has-post-thumbnail hentry\">\n\t\t\t<div class=\"raven-post elementor-animation-grow\">\n\t\t\t\t\t\t<div class=\"raven-post-image-wrap\">\n\t\t\t<a class=\"raven-post-image raven-image-fit\" href=\"https:\/\/phsg-forschungsbericht.ch\/2022-2023\/fokus\/institut-sprachliche-und-literarische-bildung\/\"><img decoding=\"async\" width=\"1200\" height=\"630\" src=\"https:\/\/phsg-forschungsbericht.ch\/2022-2023\/wp-content\/uploads\/sites\/3\/Institut-Fachdidaktik-Sprachen-Weitere-Themen-PHSG-Forschungsbericht-20202021.jpg\" class=\"attachment-large size-large wp-image-2514\" alt=\"\" srcset=\"https:\/\/phsg-forschungsbericht.ch\/2022-2023\/wp-content\/uploads\/sites\/3\/Institut-Fachdidaktik-Sprachen-Weitere-Themen-PHSG-Forschungsbericht-20202021.jpg 1200w, https:\/\/phsg-forschungsbericht.ch\/2022-2023\/wp-content\/uploads\/sites\/3\/Institut-Fachdidaktik-Sprachen-Weitere-Themen-PHSG-Forschungsbericht-20202021-768x403.jpg 768w\" sizes=\"(max-width: 1200px) 100vw, 1200px\" \/> <span class=\"raven-post-image-overlay\"><\/span><\/a>\t\t<\/div>\n\t\t\t\t\t\t<div class=\"raven-post-content\">\n\t\t\t\t\t<h3 class=\"raven-post-title\"><a class=\"raven-post-title-link\" href=\"https:\/\/phsg-forschungsbericht.ch\/2022-2023\/fokus\/institut-sprachliche-und-literarische-bildung\/\">Institut Sprachliche und Literarische Bildung<\/a><\/h3>\t\t\t\t<\/div>\n\t\t\t<\/div>\n\t\t<\/div>\n\t\t\t\t<\/div>\n\t\t\t\t<\/div>\n\t\t\t\t<\/div>\n\t\t\t\t<div class=\"elementor-element elementor-element-80ca684 elementor-widget elementor-widget-spacer\" data-id=\"80ca684\" data-element_type=\"widget\" data-widget_type=\"spacer.default\">\n\t\t\t\t<div class=\"elementor-widget-container\">\n\t\t\t\t\t<div class=\"elementor-spacer\">\n\t\t\t<div class=\"elementor-spacer-inner\"><\/div>\n\t\t<\/div>\n\t\t\t\t<\/div>\n\t\t\t\t<\/div>\n\t\t\t\t\t<\/div>\n\t\t\t\t<\/div>\n\t\t\t\t<\/div>\n\t\t\t\t<\/div>\n\t\t\t\t<\/div>\n\t\t\t\t<\/div>\n\t\t\t\t<\/div>\n\t\t\t\t\t<\/div>\n\t\t\t\t<\/div>\n\t\t\t\t<\/div>\n\t\t","protected":false},"excerpt":{"rendered":"<p>Fokus Institut Gesellschafts&shy;wissenschaftliche Bildung Das Institut Gesellschaftswissenschaftliche Bildung (IGB-PHSG) verfolgt Forschungs- und Entwicklungsprojekte sowohl in seinen spezifischen Fach- und Themenbereichen (R\u00e4ume, Zeiten, Gesellschaften; Wirtschaft, Haushalt, Arbeit; Ethik, Religionen, Gemeinschaft; Berufliche Orientierung; Bildung und Gesellschaft) als auch f\u00e4cher\u00fcbergreifend. Es achtet auf die Verschr\u00e4nkung fachwissenschaftlicher und fachdidaktischer Perspektiven und legt Wert auf den Wissenstransfer aus der Forschung [&hellip;]<\/p>\n","protected":false},"author":1,"featured_media":4050,"parent":302,"menu_order":0,"comment_status":"closed","ping_status":"closed","template":"elementor_header_footer","meta":{"_acf_changed":false,"footnotes":""},"acf":[],"yoast_head":"<!-- This site is optimized with the Yoast SEO plugin v22.5 - https:\/\/yoast.com\/wordpress\/plugins\/seo\/ -->\n<title>Institut Gesellschaftswissenschaftliche Bildung - PHSG Forschungsbericht 2022\/23<\/title>\n<meta name=\"robots\" content=\"index, follow, max-snippet:-1, max-image-preview:large, max-video-preview:-1\" \/>\n<link rel=\"canonical\" href=\"https:\/\/phsg-forschungsbericht.ch\/2022-2023\/fokus\/institut-gesellschaftswissenschaftliche-bildung\/\" \/>\n<meta property=\"og:locale\" content=\"de_DE\" \/>\n<meta property=\"og:type\" content=\"article\" \/>\n<meta property=\"og:title\" content=\"Institut Gesellschaftswissenschaftliche Bildung - PHSG Forschungsbericht 2022\/23\" \/>\n<meta property=\"og:description\" content=\"Fokus Institut Gesellschafts&shy;wissenschaftliche Bildung Das Institut Gesellschaftswissenschaftliche Bildung (IGB-PHSG) verfolgt Forschungs- und Entwicklungsprojekte sowohl in seinen spezifischen Fach- und Themenbereichen (R\u00e4ume, Zeiten, Gesellschaften; Wirtschaft, Haushalt, Arbeit; Ethik, Religionen, Gemeinschaft; Berufliche Orientierung; Bildung und Gesellschaft) als auch f\u00e4cher\u00fcbergreifend. Es achtet auf die Verschr\u00e4nkung fachwissenschaftlicher und fachdidaktischer Perspektiven und legt Wert auf den Wissenstransfer aus der Forschung [&hellip;]\" \/>\n<meta property=\"og:url\" content=\"https:\/\/phsg-forschungsbericht.ch\/2022-2023\/fokus\/institut-gesellschaftswissenschaftliche-bildung\/\" \/>\n<meta property=\"og:site_name\" content=\"PHSG Forschungsbericht 2022\/23\" \/>\n<meta property=\"article:modified_time\" content=\"2024-05-06T09:07:07+00:00\" \/>\n<meta property=\"og:image\" content=\"https:\/\/phsg-forschungsbericht.ch\/2022-2023\/wp-content\/uploads\/sites\/3\/phsg-forschungsbericht-weitere-themen-fokus-igb.jpg\" \/>\n\t<meta property=\"og:image:width\" content=\"1200\" \/>\n\t<meta property=\"og:image:height\" content=\"630\" \/>\n\t<meta property=\"og:image:type\" content=\"image\/jpeg\" \/>\n<meta name=\"twitter:card\" content=\"summary_large_image\" \/>\n<meta name=\"twitter:label1\" content=\"Gesch\u00e4tzte Lesezeit\" \/>\n\t<meta name=\"twitter:data1\" content=\"23\u00a0Minuten\" \/>\n<script type=\"application\/ld+json\" class=\"yoast-schema-graph\">{\"@context\":\"https:\/\/schema.org\",\"@graph\":[{\"@type\":\"WebPage\",\"@id\":\"https:\/\/phsg-forschungsbericht.ch\/2022-2023\/fokus\/institut-gesellschaftswissenschaftliche-bildung\/\",\"url\":\"https:\/\/phsg-forschungsbericht.ch\/2022-2023\/fokus\/institut-gesellschaftswissenschaftliche-bildung\/\",\"name\":\"Institut Gesellschaftswissenschaftliche Bildung - PHSG Forschungsbericht 2022\/23\",\"isPartOf\":{\"@id\":\"https:\/\/phsg-forschungsbericht.ch\/2022-2023\/#website\"},\"primaryImageOfPage\":{\"@id\":\"https:\/\/phsg-forschungsbericht.ch\/2022-2023\/fokus\/institut-gesellschaftswissenschaftliche-bildung\/#primaryimage\"},\"image\":{\"@id\":\"https:\/\/phsg-forschungsbericht.ch\/2022-2023\/fokus\/institut-gesellschaftswissenschaftliche-bildung\/#primaryimage\"},\"thumbnailUrl\":\"https:\/\/phsg-forschungsbericht.ch\/2022-2023\/wp-content\/uploads\/sites\/3\/phsg-forschungsbericht-weitere-themen-fokus-igb.jpg\",\"datePublished\":\"2024-03-08T14:09:38+00:00\",\"dateModified\":\"2024-05-06T09:07:07+00:00\",\"breadcrumb\":{\"@id\":\"https:\/\/phsg-forschungsbericht.ch\/2022-2023\/fokus\/institut-gesellschaftswissenschaftliche-bildung\/#breadcrumb\"},\"inLanguage\":\"de\",\"potentialAction\":[{\"@type\":\"ReadAction\",\"target\":[\"https:\/\/phsg-forschungsbericht.ch\/2022-2023\/fokus\/institut-gesellschaftswissenschaftliche-bildung\/\"]}]},{\"@type\":\"ImageObject\",\"inLanguage\":\"de\",\"@id\":\"https:\/\/phsg-forschungsbericht.ch\/2022-2023\/fokus\/institut-gesellschaftswissenschaftliche-bildung\/#primaryimage\",\"url\":\"https:\/\/phsg-forschungsbericht.ch\/2022-2023\/wp-content\/uploads\/sites\/3\/phsg-forschungsbericht-weitere-themen-fokus-igb.jpg\",\"contentUrl\":\"https:\/\/phsg-forschungsbericht.ch\/2022-2023\/wp-content\/uploads\/sites\/3\/phsg-forschungsbericht-weitere-themen-fokus-igb.jpg\",\"width\":1200,\"height\":630},{\"@type\":\"BreadcrumbList\",\"@id\":\"https:\/\/phsg-forschungsbericht.ch\/2022-2023\/fokus\/institut-gesellschaftswissenschaftliche-bildung\/#breadcrumb\",\"itemListElement\":[{\"@type\":\"ListItem\",\"position\":1,\"name\":\"Startseite\",\"item\":\"https:\/\/phsg-forschungsbericht.ch\/2022-2023\/\"},{\"@type\":\"ListItem\",\"position\":2,\"name\":\"Fokus\",\"item\":\"https:\/\/phsg-forschungsbericht.ch\/2022-2023\/fokus\/\"},{\"@type\":\"ListItem\",\"position\":3,\"name\":\"Institut Gesellschaftswissenschaftliche Bildung\"}]},{\"@type\":\"WebSite\",\"@id\":\"https:\/\/phsg-forschungsbericht.ch\/2022-2023\/#website\",\"url\":\"https:\/\/phsg-forschungsbericht.ch\/2022-2023\/\",\"name\":\"PHSG Forschungsbericht 2022\/23\",\"description\":\"\",\"potentialAction\":[{\"@type\":\"SearchAction\",\"target\":{\"@type\":\"EntryPoint\",\"urlTemplate\":\"https:\/\/phsg-forschungsbericht.ch\/2022-2023\/?s={search_term_string}\"},\"query-input\":\"required name=search_term_string\"}],\"inLanguage\":\"de\"}]}<\/script>\n<!-- \/ Yoast SEO plugin. -->","yoast_head_json":{"title":"Institut Gesellschaftswissenschaftliche Bildung - PHSG Forschungsbericht 2022\/23","robots":{"index":"index","follow":"follow","max-snippet":"max-snippet:-1","max-image-preview":"max-image-preview:large","max-video-preview":"max-video-preview:-1"},"canonical":"https:\/\/phsg-forschungsbericht.ch\/2022-2023\/fokus\/institut-gesellschaftswissenschaftliche-bildung\/","og_locale":"de_DE","og_type":"article","og_title":"Institut Gesellschaftswissenschaftliche Bildung - PHSG Forschungsbericht 2022\/23","og_description":"Fokus Institut Gesellschafts&shy;wissenschaftliche Bildung Das Institut Gesellschaftswissenschaftliche Bildung (IGB-PHSG) verfolgt Forschungs- und Entwicklungsprojekte sowohl in seinen spezifischen Fach- und Themenbereichen (R\u00e4ume, Zeiten, Gesellschaften; Wirtschaft, Haushalt, Arbeit; Ethik, Religionen, Gemeinschaft; Berufliche Orientierung; Bildung und Gesellschaft) als auch f\u00e4cher\u00fcbergreifend. Es achtet auf die Verschr\u00e4nkung fachwissenschaftlicher und fachdidaktischer Perspektiven und legt Wert auf den Wissenstransfer aus der Forschung [&hellip;]","og_url":"https:\/\/phsg-forschungsbericht.ch\/2022-2023\/fokus\/institut-gesellschaftswissenschaftliche-bildung\/","og_site_name":"PHSG Forschungsbericht 2022\/23","article_modified_time":"2024-05-06T09:07:07+00:00","og_image":[{"width":1200,"height":630,"url":"https:\/\/phsg-forschungsbericht.ch\/2022-2023\/wp-content\/uploads\/sites\/3\/phsg-forschungsbericht-weitere-themen-fokus-igb.jpg","type":"image\/jpeg"}],"twitter_card":"summary_large_image","twitter_misc":{"Gesch\u00e4tzte Lesezeit":"23\u00a0Minuten"},"schema":{"@context":"https:\/\/schema.org","@graph":[{"@type":"WebPage","@id":"https:\/\/phsg-forschungsbericht.ch\/2022-2023\/fokus\/institut-gesellschaftswissenschaftliche-bildung\/","url":"https:\/\/phsg-forschungsbericht.ch\/2022-2023\/fokus\/institut-gesellschaftswissenschaftliche-bildung\/","name":"Institut Gesellschaftswissenschaftliche Bildung - PHSG Forschungsbericht 2022\/23","isPartOf":{"@id":"https:\/\/phsg-forschungsbericht.ch\/2022-2023\/#website"},"primaryImageOfPage":{"@id":"https:\/\/phsg-forschungsbericht.ch\/2022-2023\/fokus\/institut-gesellschaftswissenschaftliche-bildung\/#primaryimage"},"image":{"@id":"https:\/\/phsg-forschungsbericht.ch\/2022-2023\/fokus\/institut-gesellschaftswissenschaftliche-bildung\/#primaryimage"},"thumbnailUrl":"https:\/\/phsg-forschungsbericht.ch\/2022-2023\/wp-content\/uploads\/sites\/3\/phsg-forschungsbericht-weitere-themen-fokus-igb.jpg","datePublished":"2024-03-08T14:09:38+00:00","dateModified":"2024-05-06T09:07:07+00:00","breadcrumb":{"@id":"https:\/\/phsg-forschungsbericht.ch\/2022-2023\/fokus\/institut-gesellschaftswissenschaftliche-bildung\/#breadcrumb"},"inLanguage":"de","potentialAction":[{"@type":"ReadAction","target":["https:\/\/phsg-forschungsbericht.ch\/2022-2023\/fokus\/institut-gesellschaftswissenschaftliche-bildung\/"]}]},{"@type":"ImageObject","inLanguage":"de","@id":"https:\/\/phsg-forschungsbericht.ch\/2022-2023\/fokus\/institut-gesellschaftswissenschaftliche-bildung\/#primaryimage","url":"https:\/\/phsg-forschungsbericht.ch\/2022-2023\/wp-content\/uploads\/sites\/3\/phsg-forschungsbericht-weitere-themen-fokus-igb.jpg","contentUrl":"https:\/\/phsg-forschungsbericht.ch\/2022-2023\/wp-content\/uploads\/sites\/3\/phsg-forschungsbericht-weitere-themen-fokus-igb.jpg","width":1200,"height":630},{"@type":"BreadcrumbList","@id":"https:\/\/phsg-forschungsbericht.ch\/2022-2023\/fokus\/institut-gesellschaftswissenschaftliche-bildung\/#breadcrumb","itemListElement":[{"@type":"ListItem","position":1,"name":"Startseite","item":"https:\/\/phsg-forschungsbericht.ch\/2022-2023\/"},{"@type":"ListItem","position":2,"name":"Fokus","item":"https:\/\/phsg-forschungsbericht.ch\/2022-2023\/fokus\/"},{"@type":"ListItem","position":3,"name":"Institut Gesellschaftswissenschaftliche Bildung"}]},{"@type":"WebSite","@id":"https:\/\/phsg-forschungsbericht.ch\/2022-2023\/#website","url":"https:\/\/phsg-forschungsbericht.ch\/2022-2023\/","name":"PHSG Forschungsbericht 2022\/23","description":"","potentialAction":[{"@type":"SearchAction","target":{"@type":"EntryPoint","urlTemplate":"https:\/\/phsg-forschungsbericht.ch\/2022-2023\/?s={search_term_string}"},"query-input":"required name=search_term_string"}],"inLanguage":"de"}]}},"_links":{"self":[{"href":"https:\/\/phsg-forschungsbericht.ch\/2022-2023\/wp-json\/wp\/v2\/pages\/3448"}],"collection":[{"href":"https:\/\/phsg-forschungsbericht.ch\/2022-2023\/wp-json\/wp\/v2\/pages"}],"about":[{"href":"https:\/\/phsg-forschungsbericht.ch\/2022-2023\/wp-json\/wp\/v2\/types\/page"}],"author":[{"embeddable":true,"href":"https:\/\/phsg-forschungsbericht.ch\/2022-2023\/wp-json\/wp\/v2\/users\/1"}],"replies":[{"embeddable":true,"href":"https:\/\/phsg-forschungsbericht.ch\/2022-2023\/wp-json\/wp\/v2\/comments?post=3448"}],"version-history":[{"count":61,"href":"https:\/\/phsg-forschungsbericht.ch\/2022-2023\/wp-json\/wp\/v2\/pages\/3448\/revisions"}],"predecessor-version":[{"id":4763,"href":"https:\/\/phsg-forschungsbericht.ch\/2022-2023\/wp-json\/wp\/v2\/pages\/3448\/revisions\/4763"}],"up":[{"embeddable":true,"href":"https:\/\/phsg-forschungsbericht.ch\/2022-2023\/wp-json\/wp\/v2\/pages\/302"}],"wp:featuredmedia":[{"embeddable":true,"href":"https:\/\/phsg-forschungsbericht.ch\/2022-2023\/wp-json\/wp\/v2\/media\/4050"}],"wp:attachment":[{"href":"https:\/\/phsg-forschungsbericht.ch\/2022-2023\/wp-json\/wp\/v2\/media?parent=3448"}],"curies":[{"name":"wp","href":"https:\/\/api.w.org\/{rel}","templated":true}]}}